{"id":9908,"date":"2015-09-23T16:53:43","date_gmt":"2015-09-23T16:53:43","guid":{"rendered":"https:\/\/www.canons.es\/ru\/fotodepilacio-laser-medica\/"},"modified":"2026-02-18T13:49:29","modified_gmt":"2026-02-18T11:49:29","slug":"fotodepilacio-laser-medica","status":"publish","type":"page","link":"https:\/\/www.canons.es\/ru\/fotodepilacio-laser-medica\/","title":{"rendered":"\u041c\u0415\u0414\u0418\u0426\u0418\u041d\u0421\u041a\u0410\u042f \u0424\u041e\u0422\u041e\u042d\u041f\u0418\u041b\u042f\u0426\u0418\u042f"},"content":{"rendered":"<div class=\"wpb-content-wrapper\"><p>[vc_row css_animation=&#187;&#187; row_type=&#187;row&#187; use_row_as_full_screen_section=&#187;no&#187; type=&#187;full_width&#187; angled_section=&#187;no&#187; text_align=&#187;left&#187; background_image_as_pattern=&#187;without_pattern&#187;][vc_column]<div class=\"custom_font_holder\" style=\"font-family: Raleway; font-size: 35px; line-height: 26px; font-style: normal; font-weight: 300; color: #1e70b3; text-decoration: none; text-align: left;\">\n<h1 style=\"font-size: inherit; font-weight: inherit; line-height: inherit; color: inherit; margin: 20px 0; display: block; text-align: center;\">DEPILACI\u00d3N L\u00c1SER M\u00c9DICA<\/h1>\n<\/div>[vc_empty_space height=&#187;40px&#187;][\/vc_column][\/vc_row][vc_row css_animation=&#187;&#187; row_type=&#187;row&#187; use_row_as_full_screen_section=&#187;no&#187; type=&#187;full_width&#187; angled_section=&#187;no&#187; text_align=&#187;left&#187; background_image_as_pattern=&#187;without_pattern&#187; section_type=&#187;full-width&#187;][vc_column width=&#187;1\/2&#8243;][vc_single_image image=&#187;22076&#8243; img_size=&#187;full&#187; qode_css_animation=&#187;&#187;][\/vc_column][vc_column width=&#187;1\/2&#8243;][vc_empty_space height=&#187;20px&#187;][vc_column_text]<\/p>\n<p style=\"text-align: justify;\">Desp\u00eddete de la depilaci\u00f3n para siempre. Di stop al vello con nuestro sistema de<strong> depilaci\u00f3n l\u00e1ser<\/strong>.<\/p>\n<p style=\"text-align: justify;\">Nuestro sistema combina el potente l\u00e1ser de alta energ\u00eda Alejandrita con el sistema GentleASE de expulsi\u00f3n de cri\u00f3geno, dando al cliente las m\u00e1ximas garant\u00edas de seguridad en fotodepilaci\u00f3n l\u00e1ser. <strong>Es la opci\u00f3n m\u00e1s eficaz para acabar definitivamente con el vello facial y corporal<\/strong>. Un sistema con el que trabajan las cl\u00ednicas de tratamientos de belleza C\u00e0nons Clinics que te <strong>garantiza los mejores resultados con las m\u00ednimas sesiones, a un precio incre\u00edble y, lo m\u00e1s importante, se mantienen en el tiempo<\/strong>.<\/p>\n<p>[\/vc_column_text][\/vc_column][\/vc_row][vc_row css_animation=&#187;&#187; row_type=&#187;row&#187; use_row_as_full_screen_section=&#187;no&#187; type=&#187;full_width&#187; angled_section=&#187;no&#187; text_align=&#187;left&#187; background_image_as_pattern=&#187;without_pattern&#187; background_color=&#187;#f7f7f7&#8243; section_type=&#187;full-width&#187;][vc_column][vc_empty_space][vc_row_inner row_type=&#187;row&#187; type=&#187;full_width&#187; text_align=&#187;left&#187; css_animation=&#187;&#187;][vc_column_inner width=&#187;1\/4&#8243;][\/vc_column_inner][vc_column_inner width=&#187;1\/4&#8243;][vc_single_image image=&#187;8536&#8243; img_size=&#187;full&#187; alignment=&#187;center&#187; onclick=&#187;custom_link&#187; qode_css_animation=&#187;&#187; qode_hover_animation=&#187;darken&#187; link=&#187;\/depilacion-laser-mujer\/&#187; img_link=&#187;\/depilacion-laser-mujer\/&#187;][vc_empty_space height=&#187;15px&#187;]<div class=\"custom_font_holder\" style=\"font-family: Raleway; font-size: 18px; line-height: 26px; font-style: normal; font-weight: 300; color: #1e70b3; text-decoration: none; text-align: center;\">Depilaci\u00f3n<\/p>\n<p>L\u00e1ser Mujer<\/div>[vc_empty_space height=&#187;50px&#187;][\/vc_column_inner][vc_column_inner width=&#187;1\/4&#8243;][vc_single_image image=&#187;8537&#8243; img_size=&#187;full&#187; alignment=&#187;center&#187; onclick=&#187;custom_link&#187; qode_css_animation=&#187;&#187; qode_hover_animation=&#187;darken&#187; link=&#187;https:\/\/www.canons.es\/fotodepilacion-medica-hombre\/&#187; img_link=&#187;https:\/\/www.canons.es\/fotodepilacion-medica-hombre\/&#187;][vc_empty_space height=&#187;15px&#187;]<div class=\"custom_font_holder\" style=\"font-family: Raleway; font-size: 18px; line-height: 26px; font-style: normal; font-weight: 300; color: #1e70b3; text-decoration: none; text-align: center;\">Depilaci\u00f3n<\/p>\n<p>L\u00e1ser\u00a0Hombre<\/div>[vc_empty_space height=&#187;50px&#187;][\/vc_column_inner][vc_column_inner width=&#187;1\/4&#8243;][\/vc_column_inner][\/vc_row_inner][\/vc_column][\/vc_row]<\/p>\n<\/div><!-- AddThis Advanced Settings generic via filter on the_content --><!-- AddThis Share Buttons generic via filter on the_content -->","protected":false},"excerpt":{"rendered":"<p>[vc_row css_animation=&#187;&#187; row_type=&#187;row&#187; use_row_as_full_screen_section=&#187;no&#187; type=&#187;full_width&#187; angled_section=&#187;no&#187; text_align=&#187;left&#187; background_image_as_pattern=&#187;without_pattern&#187;][vc_column][vc_empty_space height=&#187;40px&#187;][\/vc_column][\/vc_row][vc_row css_animation=&#187;&#187; row_type=&#187;row&#187; use_row_as_full_screen_section=&#187;no&#187; type=&#187;full_width&#187; angled_section=&#187;no&#187; text_align=&#187;left&#187; background_image_as_pattern=&#187;without_pattern&#187; section_type=&#187;full-width&#187;][vc_column width=&#187;1\/2&#8243;][vc_single_image image=&#187;22076&#8243; img_size=&#187;full&#187; qode_css_animation=&#187;&#187;][\/vc_column][vc_column width=&#187;1\/2&#8243;][vc_empty_space height=&#187;20px&#187;][vc_column_text] Desp\u00eddete de la depilaci\u00f3n para siempre. Di stop al vello con nuestro sistema de depilaci\u00f3n l\u00e1ser. Nuestro sistema combina el potente l\u00e1ser&#8230;<!-- AddThis Advanced Settings generic via filter on get_the_excerpt --><!-- AddThis Share Buttons generic via filter on get_the_excerpt --><\/p>\n","protected":false},"author":25,"featured_media":22076,"parent":0,"menu_order":0,"comment_status":"closed","ping_status":"closed","template":"","meta":{"footnotes":""},"class_list":["post-9908","page","type-page","status-publish","has-post-thumbnail","hentry"],"yoast_head":"<!-- This site is optimized with the Yoast SEO Premium plugin v26.9 (Yoast SEO v27.4) - https:\/\/yoast.com\/product\/yoast-seo-premium-wordpress\/ -->\n<title>\u041c\u0415\u0414\u0418\u0426\u0418\u041d\u0421\u041a\u0410\u042f \u0424\u041e\u0422\u041e\u042d\u041f\u0418\u041b\u042f\u0426\u0418\u042f - \u041a\u043b\u0438\u043d\u0438\u043a\u0430 \u041a\u0430\u043d\u043e\u043d\u0441 | \u0425\u0438\u0440\u0443\u0440\u0433\u0438\u044f \u0438 \u044d\u0441\u0442\u0435\u0442\u0438\u0447\u0435\u0441\u043a\u0430\u044f \u043c\u0435\u0434\u0438\u0446\u0438\u043d\u0430 \u0432 \u0411\u0430\u0440\u0441\u0435\u043b\u043e\u043d\u0435, \u0413\u0440\u0430\u043d\u043e\u043b\u044c\u0435\u0440\u0441<\/title>\n<meta name=\"robots\" content=\"index, follow, max-snippet:-1, max-image-preview:large, max-video-preview:-1\" \/>\n<link rel=\"canonical\" href=\"https:\/\/www.canons.es\/ru\/fotodepilacio-laser-medica\/\" \/>\n<meta property=\"og:locale\" content=\"ru_RU\" \/>\n<meta property=\"og:type\" content=\"article\" \/>\n<meta property=\"og:title\" content=\"\u041c\u0415\u0414\u0418\u0426\u0418\u041d\u0421\u041a\u0410\u042f \u0424\u041e\u0422\u041e\u042d\u041f\u0418\u041b\u042f\u0426\u0418\u042f\" \/>\n<meta property=\"og:description\" content=\"[vc_row css_animation=&#187;&#187; row_type=&#187;row&#187; use_row_as_full_screen_section=&#187;no&#187; type=&#187;full_width&#187; angled_section=&#187;no&#187; text_align=&#187;left&#187; background_image_as_pattern=&#187;without_pattern&#187;][vc_column][vc_empty_space height=&#187;40px&#187;][\/vc_column][\/vc_row][vc_row css_animation=&#187;&#187; row_type=&#187;row&#187; use_row_as_full_screen_section=&#187;no&#187; type=&#187;full_width&#187; angled_section=&#187;no&#187; text_align=&#187;left&#187; background_image_as_pattern=&#187;without_pattern&#187; section_type=&#187;full-width&#187;][vc_column width=&#187;1\/2&#8243;][vc_single_image image=&#187;22076&#8243; img_size=&#187;full&#187; qode_css_animation=&#187;&#187;][\/vc_column][vc_column width=&#187;1\/2&#8243;][vc_empty_space height=&#187;20px&#187;][vc_column_text] Desp\u00eddete de la depilaci\u00f3n para siempre. Di stop al vello con nuestro sistema de depilaci\u00f3n l\u00e1ser. Nuestro sistema combina el potente l\u00e1ser...\" \/>\n<meta property=\"og:url\" content=\"https:\/\/www.canons.es\/ru\/fotodepilacio-laser-medica\/\" \/>\n<meta property=\"og:site_name\" content=\"\u041a\u043b\u0438\u043d\u0438\u043a\u0430 \u041a\u0430\u043d\u043e\u043d\u0441 | \u0425\u0438\u0440\u0443\u0440\u0433\u0438\u044f \u0438 \u044d\u0441\u0442\u0435\u0442\u0438\u0447\u0435\u0441\u043a\u0430\u044f \u043c\u0435\u0434\u0438\u0446\u0438\u043d\u0430 \u0432 \u0411\u0430\u0440\u0441\u0435\u043b\u043e\u043d\u0435, \u0413\u0440\u0430\u043d\u043e\u043b\u044c\u0435\u0440\u0441\" \/>\n<meta property=\"article:publisher\" content=\"https:\/\/www.facebook.com\/canonsclinics\/\" \/>\n<meta property=\"article:modified_time\" content=\"2026-02-18T11:49:29+00:00\" \/>\n<meta property=\"og:image\" content=\"https:\/\/www.canons.es\/wp-content\/uploads\/2015\/09\/fotodepilacion-laser-granollers1.jpg\" \/>\n\t<meta property=\"og:image:width\" content=\"510\" \/>\n\t<meta property=\"og:image:height\" content=\"285\" \/>\n\t<meta property=\"og:image:type\" content=\"image\/jpeg\" \/>\n<meta name=\"twitter:card\" content=\"summary_large_image\" \/>\n<meta name=\"twitter:site\" content=\"@canonsclinics\" \/>\n<meta name=\"twitter:label1\" content=\"\u041f\u0440\u0438\u043c\u0435\u0440\u043d\u043e\u0435 \u0432\u0440\u0435\u043c\u044f \u0434\u043b\u044f \u0447\u0442\u0435\u043d\u0438\u044f\" \/>\n\t<meta name=\"twitter:data1\" content=\"2 \u043c\u0438\u043d\u0443\u0442\u044b\" \/>\n<script type=\"application\/ld+json\" class=\"yoast-schema-graph\">{\"@context\":\"https:\\\/\\\/schema.org\",\"@graph\":[{\"@type\":\"WebPage\",\"@id\":\"https:\\\/\\\/www.canons.es\\\/ru\\\/fotodepilacio-laser-medica\\\/\",\"url\":\"https:\\\/\\\/www.canons.es\\\/ru\\\/fotodepilacio-laser-medica\\\/\",\"name\":\"\u041c\u0415\u0414\u0418\u0426\u0418\u041d\u0421\u041a\u0410\u042f \u0424\u041e\u0422\u041e\u042d\u041f\u0418\u041b\u042f\u0426\u0418\u042f - \u041a\u043b\u0438\u043d\u0438\u043a\u0430 \u041a\u0430\u043d\u043e\u043d\u0441 | \u0425\u0438\u0440\u0443\u0440\u0433\u0438\u044f \u0438 \u044d\u0441\u0442\u0435\u0442\u0438\u0447\u0435\u0441\u043a\u0430\u044f \u043c\u0435\u0434\u0438\u0446\u0438\u043d\u0430 \u0432 \u0411\u0430\u0440\u0441\u0435\u043b\u043e\u043d\u0435, \u0413\u0440\u0430\u043d\u043e\u043b\u044c\u0435\u0440\u0441\",\"isPartOf\":{\"@id\":\"https:\\\/\\\/www.canons.es\\\/#website\"},\"primaryImageOfPage\":{\"@id\":\"https:\\\/\\\/www.canons.es\\\/ru\\\/fotodepilacio-laser-medica\\\/#primaryimage\"},\"image\":{\"@id\":\"https:\\\/\\\/www.canons.es\\\/ru\\\/fotodepilacio-laser-medica\\\/#primaryimage\"},\"thumbnailUrl\":\"https:\\\/\\\/www.canons.es\\\/wp-content\\\/uploads\\\/2015\\\/09\\\/fotodepilacion-laser-granollers1.jpg\",\"datePublished\":\"2015-09-23T16:53:43+00:00\",\"dateModified\":\"2026-02-18T11:49:29+00:00\",\"breadcrumb\":{\"@id\":\"https:\\\/\\\/www.canons.es\\\/ru\\\/fotodepilacio-laser-medica\\\/#breadcrumb\"},\"inLanguage\":\"ru-RU\",\"potentialAction\":[{\"@type\":\"ReadAction\",\"target\":[\"https:\\\/\\\/www.canons.es\\\/ru\\\/fotodepilacio-laser-medica\\\/\"]}]},{\"@type\":\"ImageObject\",\"inLanguage\":\"ru-RU\",\"@id\":\"https:\\\/\\\/www.canons.es\\\/ru\\\/fotodepilacio-laser-medica\\\/#primaryimage\",\"url\":\"https:\\\/\\\/www.canons.es\\\/wp-content\\\/uploads\\\/2015\\\/09\\\/fotodepilacion-laser-granollers1.jpg\",\"contentUrl\":\"https:\\\/\\\/www.canons.es\\\/wp-content\\\/uploads\\\/2015\\\/09\\\/fotodepilacion-laser-granollers1.jpg\",\"width\":510,\"height\":285,\"caption\":\"Depilaci\u00f3n l\u00e1ser en Barcelona y Granollers con sesiones seguras, personalizadas y tecnolog\u00eda avanzada para eliminar el vello\"},{\"@type\":\"BreadcrumbList\",\"@id\":\"https:\\\/\\\/www.canons.es\\\/ru\\\/fotodepilacio-laser-medica\\\/#breadcrumb\",\"itemListElement\":[{\"@type\":\"ListItem\",\"position\":1,\"name\":\"Portada\",\"item\":\"https:\\\/\\\/www.canons.es\\\/ru\\\/\"},{\"@type\":\"ListItem\",\"position\":2,\"name\":\"\u041c\u0415\u0414\u0418\u0426\u0418\u041d\u0421\u041a\u0410\u042f \u0424\u041e\u0422\u041e\u042d\u041f\u0418\u041b\u042f\u0426\u0418\u042f\"}]},{\"@type\":\"WebSite\",\"@id\":\"https:\\\/\\\/www.canons.es\\\/#website\",\"url\":\"https:\\\/\\\/www.canons.es\\\/\",\"name\":\"Cirug\u00eda Pl\u00e1stica y Est\u00e9tica Barcelona y Granollers | C\u00e0nons Clinics\",\"description\":\"\",\"publisher\":{\"@id\":\"https:\\\/\\\/www.canons.es\\\/#organization\"},\"potentialAction\":[{\"@type\":\"SearchAction\",\"target\":{\"@type\":\"EntryPoint\",\"urlTemplate\":\"https:\\\/\\\/www.canons.es\\\/?s={search_term_string}\"},\"query-input\":{\"@type\":\"PropertyValueSpecification\",\"valueRequired\":true,\"valueName\":\"search_term_string\"}}],\"inLanguage\":\"ru-RU\"},{\"@type\":\"Organization\",\"@id\":\"https:\\\/\\\/www.canons.es\\\/#organization\",\"name\":\"Cirug\u00eda Pl\u00e1stica y Est\u00e9tica Barcelona y Granollers | C\u00e0nons Clinics\",\"url\":\"https:\\\/\\\/www.canons.es\\\/\",\"logo\":{\"@type\":\"ImageObject\",\"inLanguage\":\"ru-RU\",\"@id\":\"https:\\\/\\\/www.canons.es\\\/#\\\/schema\\\/logo\\\/image\\\/\",\"url\":\"https:\\\/\\\/www.canons.es\\\/wp-content\\\/uploads\\\/2025\\\/04\\\/logo-canons-clinics.jpg\",\"contentUrl\":\"https:\\\/\\\/www.canons.es\\\/wp-content\\\/uploads\\\/2025\\\/04\\\/logo-canons-clinics.jpg\",\"width\":600,\"height\":139,\"caption\":\"Cirug\u00eda Pl\u00e1stica y Est\u00e9tica Barcelona y Granollers | C\u00e0nons Clinics\"},\"image\":{\"@id\":\"https:\\\/\\\/www.canons.es\\\/#\\\/schema\\\/logo\\\/image\\\/\"},\"sameAs\":[\"https:\\\/\\\/www.facebook.com\\\/canonsclinics\\\/\",\"https:\\\/\\\/x.com\\\/canonsclinics\",\"https:\\\/\\\/www.instagram.com\\\/canonsclinics\\\/\",\"https:\\\/\\\/www.youtube.com\\\/channel\\\/UCI1Ia6LjALyo1CuQ0_HwtfQ\",\"https:\\\/\\\/www.linkedin.com\\\/company\\\/canons-clinics\\\/\"]}]}<\/script>\n<!-- \/ Yoast SEO Premium plugin. -->","yoast_head_json":{"title":"\u041c\u0415\u0414\u0418\u0426\u0418\u041d\u0421\u041a\u0410\u042f \u0424\u041e\u0422\u041e\u042d\u041f\u0418\u041b\u042f\u0426\u0418\u042f - \u041a\u043b\u0438\u043d\u0438\u043a\u0430 \u041a\u0430\u043d\u043e\u043d\u0441 | \u0425\u0438\u0440\u0443\u0440\u0433\u0438\u044f \u0438 \u044d\u0441\u0442\u0435\u0442\u0438\u0447\u0435\u0441\u043a\u0430\u044f \u043c\u0435\u0434\u0438\u0446\u0438\u043d\u0430 \u0432 \u0411\u0430\u0440\u0441\u0435\u043b\u043e\u043d\u0435, \u0413\u0440\u0430\u043d\u043e\u043b\u044c\u0435\u0440\u0441","robots":{"index":"index","follow":"follow","max-snippet":"max-snippet:-1","max-image-preview":"max-image-preview:large","max-video-preview":"max-video-preview:-1"},"canonical":"https:\/\/www.canons.es\/ru\/fotodepilacio-laser-medica\/","og_locale":"ru_RU","og_type":"article","og_title":"\u041c\u0415\u0414\u0418\u0426\u0418\u041d\u0421\u041a\u0410\u042f \u0424\u041e\u0422\u041e\u042d\u041f\u0418\u041b\u042f\u0426\u0418\u042f","og_description":"[vc_row css_animation=&#187;&#187; row_type=&#187;row&#187; use_row_as_full_screen_section=&#187;no&#187; type=&#187;full_width&#187; angled_section=&#187;no&#187; text_align=&#187;left&#187; background_image_as_pattern=&#187;without_pattern&#187;][vc_column][vc_empty_space height=&#187;40px&#187;][\/vc_column][\/vc_row][vc_row css_animation=&#187;&#187; row_type=&#187;row&#187; use_row_as_full_screen_section=&#187;no&#187; type=&#187;full_width&#187; angled_section=&#187;no&#187; text_align=&#187;left&#187; background_image_as_pattern=&#187;without_pattern&#187; section_type=&#187;full-width&#187;][vc_column width=&#187;1\/2&#8243;][vc_single_image image=&#187;22076&#8243; img_size=&#187;full&#187; qode_css_animation=&#187;&#187;][\/vc_column][vc_column width=&#187;1\/2&#8243;][vc_empty_space height=&#187;20px&#187;][vc_column_text] Desp\u00eddete de la depilaci\u00f3n para siempre. Di stop al vello con nuestro sistema de depilaci\u00f3n l\u00e1ser. Nuestro sistema combina el potente l\u00e1ser...","og_url":"https:\/\/www.canons.es\/ru\/fotodepilacio-laser-medica\/","og_site_name":"\u041a\u043b\u0438\u043d\u0438\u043a\u0430 \u041a\u0430\u043d\u043e\u043d\u0441 | \u0425\u0438\u0440\u0443\u0440\u0433\u0438\u044f \u0438 \u044d\u0441\u0442\u0435\u0442\u0438\u0447\u0435\u0441\u043a\u0430\u044f \u043c\u0435\u0434\u0438\u0446\u0438\u043d\u0430 \u0432 \u0411\u0430\u0440\u0441\u0435\u043b\u043e\u043d\u0435, \u0413\u0440\u0430\u043d\u043e\u043b\u044c\u0435\u0440\u0441","article_publisher":"https:\/\/www.facebook.com\/canonsclinics\/","article_modified_time":"2026-02-18T11:49:29+00:00","og_image":[{"width":510,"height":285,"url":"https:\/\/www.canons.es\/wp-content\/uploads\/2015\/09\/fotodepilacion-laser-granollers1.jpg","type":"image\/jpeg"}],"twitter_card":"summary_large_image","twitter_site":"@canonsclinics","twitter_misc":{"\u041f\u0440\u0438\u043c\u0435\u0440\u043d\u043e\u0435 \u0432\u0440\u0435\u043c\u044f \u0434\u043b\u044f \u0447\u0442\u0435\u043d\u0438\u044f":"2 \u043c\u0438\u043d\u0443\u0442\u044b"},"schema":{"@context":"https:\/\/schema.org","@graph":[{"@type":"WebPage","@id":"https:\/\/www.canons.es\/ru\/fotodepilacio-laser-medica\/","url":"https:\/\/www.canons.es\/ru\/fotodepilacio-laser-medica\/","name":"\u041c\u0415\u0414\u0418\u0426\u0418\u041d\u0421\u041a\u0410\u042f \u0424\u041e\u0422\u041e\u042d\u041f\u0418\u041b\u042f\u0426\u0418\u042f - \u041a\u043b\u0438\u043d\u0438\u043a\u0430 \u041a\u0430\u043d\u043e\u043d\u0441 | \u0425\u0438\u0440\u0443\u0440\u0433\u0438\u044f \u0438 \u044d\u0441\u0442\u0435\u0442\u0438\u0447\u0435\u0441\u043a\u0430\u044f \u043c\u0435\u0434\u0438\u0446\u0438\u043d\u0430 \u0432 \u0411\u0430\u0440\u0441\u0435\u043b\u043e\u043d\u0435, \u0413\u0440\u0430\u043d\u043e\u043b\u044c\u0435\u0440\u0441","isPartOf":{"@id":"https:\/\/www.canons.es\/#website"},"primaryImageOfPage":{"@id":"https:\/\/www.canons.es\/ru\/fotodepilacio-laser-medica\/#primaryimage"},"image":{"@id":"https:\/\/www.canons.es\/ru\/fotodepilacio-laser-medica\/#primaryimage"},"thumbnailUrl":"https:\/\/www.canons.es\/wp-content\/uploads\/2015\/09\/fotodepilacion-laser-granollers1.jpg","datePublished":"2015-09-23T16:53:43+00:00","dateModified":"2026-02-18T11:49:29+00:00","breadcrumb":{"@id":"https:\/\/www.canons.es\/ru\/fotodepilacio-laser-medica\/#breadcrumb"},"inLanguage":"ru-RU","potentialAction":[{"@type":"ReadAction","target":["https:\/\/www.canons.es\/ru\/fotodepilacio-laser-medica\/"]}]},{"@type":"ImageObject","inLanguage":"ru-RU","@id":"https:\/\/www.canons.es\/ru\/fotodepilacio-laser-medica\/#primaryimage","url":"https:\/\/www.canons.es\/wp-content\/uploads\/2015\/09\/fotodepilacion-laser-granollers1.jpg","contentUrl":"https:\/\/www.canons.es\/wp-content\/uploads\/2015\/09\/fotodepilacion-laser-granollers1.jpg","width":510,"height":285,"caption":"Depilaci\u00f3n l\u00e1ser en Barcelona y Granollers con sesiones seguras, personalizadas y tecnolog\u00eda avanzada para eliminar el vello"},{"@type":"BreadcrumbList","@id":"https:\/\/www.canons.es\/ru\/fotodepilacio-laser-medica\/#breadcrumb","itemListElement":[{"@type":"ListItem","position":1,"name":"Portada","item":"https:\/\/www.canons.es\/ru\/"},{"@type":"ListItem","position":2,"name":"\u041c\u0415\u0414\u0418\u0426\u0418\u041d\u0421\u041a\u0410\u042f \u0424\u041e\u0422\u041e\u042d\u041f\u0418\u041b\u042f\u0426\u0418\u042f"}]},{"@type":"WebSite","@id":"https:\/\/www.canons.es\/#website","url":"https:\/\/www.canons.es\/","name":"Cirug\u00eda Pl\u00e1stica y Est\u00e9tica Barcelona y Granollers | C\u00e0nons Clinics","description":"","publisher":{"@id":"https:\/\/www.canons.es\/#organization"},"potentialAction":[{"@type":"SearchAction","target":{"@type":"EntryPoint","urlTemplate":"https:\/\/www.canons.es\/?s={search_term_string}"},"query-input":{"@type":"PropertyValueSpecification","valueRequired":true,"valueName":"search_term_string"}}],"inLanguage":"ru-RU"},{"@type":"Organization","@id":"https:\/\/www.canons.es\/#organization","name":"Cirug\u00eda Pl\u00e1stica y Est\u00e9tica Barcelona y Granollers | C\u00e0nons Clinics","url":"https:\/\/www.canons.es\/","logo":{"@type":"ImageObject","inLanguage":"ru-RU","@id":"https:\/\/www.canons.es\/#\/schema\/logo\/image\/","url":"https:\/\/www.canons.es\/wp-content\/uploads\/2025\/04\/logo-canons-clinics.jpg","contentUrl":"https:\/\/www.canons.es\/wp-content\/uploads\/2025\/04\/logo-canons-clinics.jpg","width":600,"height":139,"caption":"Cirug\u00eda Pl\u00e1stica y Est\u00e9tica Barcelona y Granollers | C\u00e0nons Clinics"},"image":{"@id":"https:\/\/www.canons.es\/#\/schema\/logo\/image\/"},"sameAs":["https:\/\/www.facebook.com\/canonsclinics\/","https:\/\/x.com\/canonsclinics","https:\/\/www.instagram.com\/canonsclinics\/","https:\/\/www.youtube.com\/channel\/UCI1Ia6LjALyo1CuQ0_HwtfQ","https:\/\/www.linkedin.com\/company\/canons-clinics\/"]}]}},"_links":{"self":[{"href":"https:\/\/www.canons.es\/ru\/wp-json\/wp\/v2\/pages\/9908","targetHints":{"allow":["GET"]}}],"collection":[{"href":"https:\/\/www.canons.es\/ru\/wp-json\/wp\/v2\/pages"}],"about":[{"href":"https:\/\/www.canons.es\/ru\/wp-json\/wp\/v2\/types\/page"}],"author":[{"embeddable":true,"href":"https:\/\/www.canons.es\/ru\/wp-json\/wp\/v2\/users\/25"}],"replies":[{"embeddable":true,"href":"https:\/\/www.canons.es\/ru\/wp-json\/wp\/v2\/comments?post=9908"}],"version-history":[{"count":0,"href":"https:\/\/www.canons.es\/ru\/wp-json\/wp\/v2\/pages\/9908\/revisions"}],"wp:featuredmedia":[{"embeddable":true,"href":"https:\/\/www.canons.es\/ru\/wp-json\/wp\/v2\/media\/22076"}],"wp:attachment":[{"href":"https:\/\/www.canons.es\/ru\/wp-json\/wp\/v2\/media?parent=9908"}],"curies":[{"name":"wp","href":"https:\/\/api.w.org\/{rel}","templated":true}]}}