{"id":9135,"date":"2015-09-02T10:41:49","date_gmt":"2015-09-02T10:41:49","guid":{"rendered":"https:\/\/www.canons.es\/ru\/terapia-facial-estimuladora-de-colageno-con-ondas-de-choque\/"},"modified":"2015-11-26T16:52:59","modified_gmt":"2015-11-26T16:52:59","slug":"terapia-facial-estimuladora-de-colageno-con-ondas-de-choque","status":"publish","type":"page","link":"https:\/\/www.canons.es\/ru\/terapia-facial-estimuladora-de-colageno-con-ondas-de-choque\/","title":{"rendered":"Stimulating Facial Collagen Therapy with Shock Wave"},"content":{"rendered":"<div class=\"wpb-content-wrapper\"><p>[vc_row section_type=&#187;full-width&#187; background_color=&#187;#f7f7f7&#8243;][vc_column][vc_empty_space][vc_row_inner][vc_column_inner width=&#187;1\/2&#8243;][vc_single_image image=&#187;10645&#8243; img_size=&#187;thumb-medium&#187;][\/vc_column_inner][vc_column_inner width=&#187;1\/2&#8243;][vc_empty_space height=&#187;12px&#187;][vc_column_text]<\/p>\n<p style=\"text-align: justify;\">C\u00e0nons Clinics, specialized in surgery and aesthetic medicine, have an innovative and effective treatment with shock waves or acoustic to <strong>reaffirm and to stimulate the facial collagen<\/strong>.<\/p>\n<p style=\"text-align: justify;\">Recent studies have discovered that, in the aesthetic medicine, is one of the professional methods most effective non-invasive to improve blood circulation and skin elasticity.<\/p>\n<p>[\/vc_column_text][\/vc_column_inner][\/vc_row_inner][\/vc_column][\/vc_row][vc_row section_type=&#187;full-width&#187;][vc_column][vc_empty_space][vc_accordion][vc_accordion_tab title=&#187;In what and how is the therapy?&#187;][vc_column_text]<\/p>\n<p style=\"text-align: justify;\">First apply a gel that allows the transmission of waves of shock, or speakers in the area to be treated. Then and through the head of a medical team introduces the high frequency waves, which reaffirm the facial tissue and stimulate the creation of collagen.<\/p>\n<p style=\"text-align: justify;\">This treatment brings brightness and reduces the appearance of wrinkles on the face, allowing a more young, smooth and smooth skin.<\/p>\n<p style=\"text-align: justify;\"><strong>In C\u00e0nons Clinics, clinic of aesthetic medicine and surgery, we work with Awt Storz technology, a Swiss Storz Medical brand, leader in the market of equipment of last generation with aesthetic applications.<\/strong><\/p>\n<p>[\/vc_column_text][vc_empty_space][vc_row_inner][vc_column_inner width=&#187;1\/6&#8243;]<br \/>\n[\/vc_column_inner][vc_column_inner width=&#187;2\/3&#8243;][vc_video link=&#187;https:\/\/www.youtube.com\/watch?v=aOa9spAiqYg&#187;][\/vc_column_inner][vc_column_inner width=&#187;1\/6&#8243;]<br \/>\n[\/vc_column_inner][\/vc_row_inner][\/vc_accordion_tab][vc_accordion_tab title=&#187;Benefits&#187;][vc_row_inner][vc_column_inner width=&#187;1\/1&#8243;][vc_column_text]<\/p>\n<ul>\n<li><strong>Invasive and painless<\/strong>.<\/li>\n<li><strong>Suitable for all skin types<\/strong>, even the bronzed.<\/li>\n<li><strong>Only 5 sessions<\/strong> per area treatment protocol.<\/li>\n<li>Session of <strong>short duration (approximately 20 minutes per zone)<\/strong>.<\/li>\n<li>Depending on the tissue, the results might be <strong>within of the first session<\/strong>.<\/li>\n<\/ul>\n<p>[\/vc_column_text][\/vc_column_inner][\/vc_row_inner][\/vc_accordion_tab][vc_accordion_tab title=&#187;What are the effects?&#187;][vc_column_text]<\/p>\n<ul>\n<li>Increased blood flow.<\/li>\n<li>It prevents aging.<\/li>\n<li>It stimulates the production of collagen.<\/li>\n<li>Reduces wrinkles.<\/li>\n<li>Repairs and reaffirms the mature or damaged tissues.<\/li>\n<li>It improves the elasticity of the skin tissue.<\/li>\n<\/ul>\n<p>[\/vc_column_text][\/vc_accordion_tab][vc_accordion_tab title=&#187;What areas can I treat?&#187;][vc_column_text]With this innovative treatment of cosmetic medicine, you can <strong>reaffirm parts such as Chin and face<\/strong>.[\/vc_column_text][\/vc_accordion_tab][vc_accordion_tab title=&#187;How many sessions are recommended?&#187;][vc_column_text]<\/p>\n<p style=\"text-align: justify;\">It is important that, at a minimum, <strong>5 sessions are carried out<\/strong> to see the first changes in the appearance of the skin. We recommend applying the treatment with a <strong>frequency of 1 to 2 sessions per week<\/strong>.<\/p>\n<p>[\/vc_column_text][\/vc_accordion_tab][vc_accordion_tab title=&#187;Do I get an immediate result?&#187;][vc_column_text]<\/p>\n<p style=\"text-align: justify;\"><strong>In the first session you will already see results<\/strong>. Each session will reduce the signs of maturity and you will better appreciate the reaffirmation of the facial tissue.<\/p>\n<p>[\/vc_column_text][\/vc_accordion_tab][vc_accordion_tab title=&#187;What contraindications have?&#187;][vc_column_text]It is not suitable for:<\/p>\n<ul>\n<li>Cancer tumor diseases<\/li>\n<li>Diseases related to coagulation<\/li>\n<li>Blood-thinning treatments<\/li>\n<li>Neurological diseases<\/li>\n<li>Pregnancy and lactation<\/li>\n<li>Therapy with corticosteroids<\/li>\n<li>Acute inflammations<\/li>\n<\/ul>\n<p>[\/vc_column_text][\/vc_accordion_tab][vc_accordion_tab title=&#187;Is it compatible with my everyday activities?&#187;][vc_column_text]<\/p>\n<p style=\"text-align: justify;\">This treatment of aesthetic medicine allows an <strong>immediate incorporation to everyday life<\/strong>, without the need for special care.<\/p>\n<p>[\/vc_column_text][\/vc_accordion_tab][vc_accordion_tab title=&#187;Can I combine it with other treatments of aesthetic medicine ?&#187;][vc_column_text]<\/p>\n<p style=\"text-align: justify;\">It is <strong>fully compatible with all therapies in aesthetic medicine<\/strong>, following recommendations based by our medical specialists according to each case in particular.<\/p>\n<p>[\/vc_column_text][\/vc_accordion_tab][\/vc_accordion][\/vc_column][\/vc_row]<\/p>\n<\/div><!-- AddThis Advanced Settings generic via filter on the_content --><!-- AddThis Share Buttons generic via filter on the_content -->","protected":false},"excerpt":{"rendered":"<p>[vc_row section_type=&#187;full-width&#187; background_color=&#187;#f7f7f7&#8243;][vc_column][vc_empty_space][vc_row_inner][vc_column_inner width=&#187;1\/2&#8243;][vc_single_image image=&#187;10645&#8243; img_size=&#187;thumb-medium&#187;][\/vc_column_inner][vc_column_inner width=&#187;1\/2&#8243;][vc_empty_space height=&#187;12px&#187;][vc_column_text] C\u00e0nons Clinics, specialized in surgery and aesthetic medicine, have an innovative and effective treatment with shock waves or acoustic to reaffirm and to stimulate the facial collagen. Recent studies have discovered that, in the aesthetic medicine, is&#8230;<!-- AddThis Advanced Settings generic via filter on get_the_excerpt --><!-- AddThis Share Buttons generic via filter on get_the_excerpt --><\/p>\n","protected":false},"author":25,"featured_media":0,"parent":0,"menu_order":0,"comment_status":"closed","ping_status":"closed","template":"","meta":{"footnotes":""},"class_list":["post-9135","page","type-page","status-publish","hentry"],"yoast_head":"<!-- This site is optimized with the Yoast SEO Premium plugin v26.9 (Yoast SEO v27.4) - https:\/\/yoast.com\/product\/yoast-seo-premium-wordpress\/ -->\n<title>Stimulating Facial Collagen Therapy with Shock Wave - \u041a\u043b\u0438\u043d\u0438\u043a\u0430 \u041a\u0430\u043d\u043e\u043d\u0441 | \u0425\u0438\u0440\u0443\u0440\u0433\u0438\u044f \u0438 \u044d\u0441\u0442\u0435\u0442\u0438\u0447\u0435\u0441\u043a\u0430\u044f \u043c\u0435\u0434\u0438\u0446\u0438\u043d\u0430 \u0432 \u0411\u0430\u0440\u0441\u0435\u043b\u043e\u043d\u0435, \u0413\u0440\u0430\u043d\u043e\u043b\u044c\u0435\u0440\u0441<\/title>\n<meta name=\"robots\" content=\"index, follow, max-snippet:-1, max-image-preview:large, max-video-preview:-1\" \/>\n<link rel=\"canonical\" href=\"https:\/\/www.canons.es\/terapia-facial-estimuladora-de-colageno-con-ondas-de-choque\/\" \/>\n<meta property=\"og:locale\" content=\"ru_RU\" \/>\n<meta property=\"og:type\" content=\"article\" \/>\n<meta property=\"og:title\" content=\"Stimulating Facial Collagen Therapy with Shock Wave\" \/>\n<meta property=\"og:description\" content=\"[vc_row section_type=&#187;full-width&#187; background_color=&#187;#f7f7f7&#8243;][vc_column][vc_empty_space][vc_row_inner][vc_column_inner width=&#187;1\/2&#8243;][vc_single_image image=&#187;10645&#8243; img_size=&#187;thumb-medium&#187;][\/vc_column_inner][vc_column_inner width=&#187;1\/2&#8243;][vc_empty_space height=&#187;12px&#187;][vc_column_text] C\u00e0nons Clinics, specialized in surgery and aesthetic medicine, have an innovative and effective treatment with shock waves or acoustic to reaffirm and to stimulate the facial collagen. Recent studies have discovered that, in the aesthetic medicine, is...\" \/>\n<meta property=\"og:url\" content=\"https:\/\/www.canons.es\/terapia-facial-estimuladora-de-colageno-con-ondas-de-choque\/\" \/>\n<meta property=\"og:site_name\" content=\"\u041a\u043b\u0438\u043d\u0438\u043a\u0430 \u041a\u0430\u043d\u043e\u043d\u0441 | \u0425\u0438\u0440\u0443\u0440\u0433\u0438\u044f \u0438 \u044d\u0441\u0442\u0435\u0442\u0438\u0447\u0435\u0441\u043a\u0430\u044f \u043c\u0435\u0434\u0438\u0446\u0438\u043d\u0430 \u0432 \u0411\u0430\u0440\u0441\u0435\u043b\u043e\u043d\u0435, \u0413\u0440\u0430\u043d\u043e\u043b\u044c\u0435\u0440\u0441\" \/>\n<meta property=\"article:publisher\" content=\"https:\/\/www.facebook.com\/canonsclinics\/\" \/>\n<meta property=\"article:modified_time\" content=\"2015-11-26T16:52:59+00:00\" \/>\n<meta name=\"twitter:card\" content=\"summary_large_image\" \/>\n<meta name=\"twitter:site\" content=\"@canonsclinics\" \/>\n<meta name=\"twitter:label1\" content=\"\u041f\u0440\u0438\u043c\u0435\u0440\u043d\u043e\u0435 \u0432\u0440\u0435\u043c\u044f \u0434\u043b\u044f \u0447\u0442\u0435\u043d\u0438\u044f\" \/>\n\t<meta name=\"twitter:data1\" content=\"3 \u043c\u0438\u043d\u0443\u0442\u044b\" \/>\n<script type=\"application\/ld+json\" class=\"yoast-schema-graph\">{\"@context\":\"https:\\\/\\\/schema.org\",\"@graph\":[{\"@type\":\"WebPage\",\"@id\":\"https:\\\/\\\/www.canons.es\\\/terapia-facial-estimuladora-de-colageno-con-ondas-de-choque\\\/\",\"url\":\"https:\\\/\\\/www.canons.es\\\/terapia-facial-estimuladora-de-colageno-con-ondas-de-choque\\\/\",\"name\":\"Stimulating Facial Collagen Therapy with Shock Wave - \u041a\u043b\u0438\u043d\u0438\u043a\u0430 \u041a\u0430\u043d\u043e\u043d\u0441 | \u0425\u0438\u0440\u0443\u0440\u0433\u0438\u044f \u0438 \u044d\u0441\u0442\u0435\u0442\u0438\u0447\u0435\u0441\u043a\u0430\u044f \u043c\u0435\u0434\u0438\u0446\u0438\u043d\u0430 \u0432 \u0411\u0430\u0440\u0441\u0435\u043b\u043e\u043d\u0435, \u0413\u0440\u0430\u043d\u043e\u043b\u044c\u0435\u0440\u0441\",\"isPartOf\":{\"@id\":\"https:\\\/\\\/www.canons.es\\\/#website\"},\"datePublished\":\"2015-09-02T10:41:49+00:00\",\"dateModified\":\"2015-11-26T16:52:59+00:00\",\"breadcrumb\":{\"@id\":\"https:\\\/\\\/www.canons.es\\\/terapia-facial-estimuladora-de-colageno-con-ondas-de-choque\\\/#breadcrumb\"},\"inLanguage\":\"ru-RU\",\"potentialAction\":[{\"@type\":\"ReadAction\",\"target\":[\"https:\\\/\\\/www.canons.es\\\/terapia-facial-estimuladora-de-colageno-con-ondas-de-choque\\\/\"]}]},{\"@type\":\"BreadcrumbList\",\"@id\":\"https:\\\/\\\/www.canons.es\\\/terapia-facial-estimuladora-de-colageno-con-ondas-de-choque\\\/#breadcrumb\",\"itemListElement\":[{\"@type\":\"ListItem\",\"position\":1,\"name\":\"Portada\",\"item\":\"https:\\\/\\\/www.canons.es\\\/ru\\\/\"},{\"@type\":\"ListItem\",\"position\":2,\"name\":\"Stimulating Facial Collagen Therapy with Shock Wave\"}]},{\"@type\":\"WebSite\",\"@id\":\"https:\\\/\\\/www.canons.es\\\/#website\",\"url\":\"https:\\\/\\\/www.canons.es\\\/\",\"name\":\"Cirug\u00eda Pl\u00e1stica y Est\u00e9tica Barcelona y Granollers | C\u00e0nons Clinics\",\"description\":\"\",\"publisher\":{\"@id\":\"https:\\\/\\\/www.canons.es\\\/#organization\"},\"potentialAction\":[{\"@type\":\"SearchAction\",\"target\":{\"@type\":\"EntryPoint\",\"urlTemplate\":\"https:\\\/\\\/www.canons.es\\\/?s={search_term_string}\"},\"query-input\":{\"@type\":\"PropertyValueSpecification\",\"valueRequired\":true,\"valueName\":\"search_term_string\"}}],\"inLanguage\":\"ru-RU\"},{\"@type\":\"Organization\",\"@id\":\"https:\\\/\\\/www.canons.es\\\/#organization\",\"name\":\"Cirug\u00eda Pl\u00e1stica y Est\u00e9tica Barcelona y Granollers | C\u00e0nons Clinics\",\"url\":\"https:\\\/\\\/www.canons.es\\\/\",\"logo\":{\"@type\":\"ImageObject\",\"inLanguage\":\"ru-RU\",\"@id\":\"https:\\\/\\\/www.canons.es\\\/#\\\/schema\\\/logo\\\/image\\\/\",\"url\":\"https:\\\/\\\/www.canons.es\\\/wp-content\\\/uploads\\\/2025\\\/04\\\/logo-canons-clinics.jpg\",\"contentUrl\":\"https:\\\/\\\/www.canons.es\\\/wp-content\\\/uploads\\\/2025\\\/04\\\/logo-canons-clinics.jpg\",\"width\":600,\"height\":139,\"caption\":\"Cirug\u00eda Pl\u00e1stica y Est\u00e9tica Barcelona y Granollers | C\u00e0nons Clinics\"},\"image\":{\"@id\":\"https:\\\/\\\/www.canons.es\\\/#\\\/schema\\\/logo\\\/image\\\/\"},\"sameAs\":[\"https:\\\/\\\/www.facebook.com\\\/canonsclinics\\\/\",\"https:\\\/\\\/x.com\\\/canonsclinics\",\"https:\\\/\\\/www.instagram.com\\\/canonsclinics\\\/\",\"https:\\\/\\\/www.youtube.com\\\/channel\\\/UCI1Ia6LjALyo1CuQ0_HwtfQ\",\"https:\\\/\\\/www.linkedin.com\\\/company\\\/canons-clinics\\\/\"]}]}<\/script>\n<!-- \/ Yoast SEO Premium plugin. -->","yoast_head_json":{"title":"Stimulating Facial Collagen Therapy with Shock Wave - \u041a\u043b\u0438\u043d\u0438\u043a\u0430 \u041a\u0430\u043d\u043e\u043d\u0441 | \u0425\u0438\u0440\u0443\u0440\u0433\u0438\u044f \u0438 \u044d\u0441\u0442\u0435\u0442\u0438\u0447\u0435\u0441\u043a\u0430\u044f \u043c\u0435\u0434\u0438\u0446\u0438\u043d\u0430 \u0432 \u0411\u0430\u0440\u0441\u0435\u043b\u043e\u043d\u0435, \u0413\u0440\u0430\u043d\u043e\u043b\u044c\u0435\u0440\u0441","robots":{"index":"index","follow":"follow","max-snippet":"max-snippet:-1","max-image-preview":"max-image-preview:large","max-video-preview":"max-video-preview:-1"},"canonical":"https:\/\/www.canons.es\/terapia-facial-estimuladora-de-colageno-con-ondas-de-choque\/","og_locale":"ru_RU","og_type":"article","og_title":"Stimulating Facial Collagen Therapy with Shock Wave","og_description":"[vc_row section_type=&#187;full-width&#187; background_color=&#187;#f7f7f7&#8243;][vc_column][vc_empty_space][vc_row_inner][vc_column_inner width=&#187;1\/2&#8243;][vc_single_image image=&#187;10645&#8243; img_size=&#187;thumb-medium&#187;][\/vc_column_inner][vc_column_inner width=&#187;1\/2&#8243;][vc_empty_space height=&#187;12px&#187;][vc_column_text] C\u00e0nons Clinics, specialized in surgery and aesthetic medicine, have an innovative and effective treatment with shock waves or acoustic to reaffirm and to stimulate the facial collagen. Recent studies have discovered that, in the aesthetic medicine, is...","og_url":"https:\/\/www.canons.es\/terapia-facial-estimuladora-de-colageno-con-ondas-de-choque\/","og_site_name":"\u041a\u043b\u0438\u043d\u0438\u043a\u0430 \u041a\u0430\u043d\u043e\u043d\u0441 | \u0425\u0438\u0440\u0443\u0440\u0433\u0438\u044f \u0438 \u044d\u0441\u0442\u0435\u0442\u0438\u0447\u0435\u0441\u043a\u0430\u044f \u043c\u0435\u0434\u0438\u0446\u0438\u043d\u0430 \u0432 \u0411\u0430\u0440\u0441\u0435\u043b\u043e\u043d\u0435, \u0413\u0440\u0430\u043d\u043e\u043b\u044c\u0435\u0440\u0441","article_publisher":"https:\/\/www.facebook.com\/canonsclinics\/","article_modified_time":"2015-11-26T16:52:59+00:00","twitter_card":"summary_large_image","twitter_site":"@canonsclinics","twitter_misc":{"\u041f\u0440\u0438\u043c\u0435\u0440\u043d\u043e\u0435 \u0432\u0440\u0435\u043c\u044f \u0434\u043b\u044f \u0447\u0442\u0435\u043d\u0438\u044f":"3 \u043c\u0438\u043d\u0443\u0442\u044b"},"schema":{"@context":"https:\/\/schema.org","@graph":[{"@type":"WebPage","@id":"https:\/\/www.canons.es\/terapia-facial-estimuladora-de-colageno-con-ondas-de-choque\/","url":"https:\/\/www.canons.es\/terapia-facial-estimuladora-de-colageno-con-ondas-de-choque\/","name":"Stimulating Facial Collagen Therapy with Shock Wave - \u041a\u043b\u0438\u043d\u0438\u043a\u0430 \u041a\u0430\u043d\u043e\u043d\u0441 | \u0425\u0438\u0440\u0443\u0440\u0433\u0438\u044f \u0438 \u044d\u0441\u0442\u0435\u0442\u0438\u0447\u0435\u0441\u043a\u0430\u044f \u043c\u0435\u0434\u0438\u0446\u0438\u043d\u0430 \u0432 \u0411\u0430\u0440\u0441\u0435\u043b\u043e\u043d\u0435, \u0413\u0440\u0430\u043d\u043e\u043b\u044c\u0435\u0440\u0441","isPartOf":{"@id":"https:\/\/www.canons.es\/#website"},"datePublished":"2015-09-02T10:41:49+00:00","dateModified":"2015-11-26T16:52:59+00:00","breadcrumb":{"@id":"https:\/\/www.canons.es\/terapia-facial-estimuladora-de-colageno-con-ondas-de-choque\/#breadcrumb"},"inLanguage":"ru-RU","potentialAction":[{"@type":"ReadAction","target":["https:\/\/www.canons.es\/terapia-facial-estimuladora-de-colageno-con-ondas-de-choque\/"]}]},{"@type":"BreadcrumbList","@id":"https:\/\/www.canons.es\/terapia-facial-estimuladora-de-colageno-con-ondas-de-choque\/#breadcrumb","itemListElement":[{"@type":"ListItem","position":1,"name":"Portada","item":"https:\/\/www.canons.es\/ru\/"},{"@type":"ListItem","position":2,"name":"Stimulating Facial Collagen Therapy with Shock Wave"}]},{"@type":"WebSite","@id":"https:\/\/www.canons.es\/#website","url":"https:\/\/www.canons.es\/","name":"Cirug\u00eda Pl\u00e1stica y Est\u00e9tica Barcelona y Granollers | C\u00e0nons Clinics","description":"","publisher":{"@id":"https:\/\/www.canons.es\/#organization"},"potentialAction":[{"@type":"SearchAction","target":{"@type":"EntryPoint","urlTemplate":"https:\/\/www.canons.es\/?s={search_term_string}"},"query-input":{"@type":"PropertyValueSpecification","valueRequired":true,"valueName":"search_term_string"}}],"inLanguage":"ru-RU"},{"@type":"Organization","@id":"https:\/\/www.canons.es\/#organization","name":"Cirug\u00eda Pl\u00e1stica y Est\u00e9tica Barcelona y Granollers | C\u00e0nons Clinics","url":"https:\/\/www.canons.es\/","logo":{"@type":"ImageObject","inLanguage":"ru-RU","@id":"https:\/\/www.canons.es\/#\/schema\/logo\/image\/","url":"https:\/\/www.canons.es\/wp-content\/uploads\/2025\/04\/logo-canons-clinics.jpg","contentUrl":"https:\/\/www.canons.es\/wp-content\/uploads\/2025\/04\/logo-canons-clinics.jpg","width":600,"height":139,"caption":"Cirug\u00eda Pl\u00e1stica y Est\u00e9tica Barcelona y Granollers | C\u00e0nons Clinics"},"image":{"@id":"https:\/\/www.canons.es\/#\/schema\/logo\/image\/"},"sameAs":["https:\/\/www.facebook.com\/canonsclinics\/","https:\/\/x.com\/canonsclinics","https:\/\/www.instagram.com\/canonsclinics\/","https:\/\/www.youtube.com\/channel\/UCI1Ia6LjALyo1CuQ0_HwtfQ","https:\/\/www.linkedin.com\/company\/canons-clinics\/"]}]}},"_links":{"self":[{"href":"https:\/\/www.canons.es\/ru\/wp-json\/wp\/v2\/pages\/9135","targetHints":{"allow":["GET"]}}],"collection":[{"href":"https:\/\/www.canons.es\/ru\/wp-json\/wp\/v2\/pages"}],"about":[{"href":"https:\/\/www.canons.es\/ru\/wp-json\/wp\/v2\/types\/page"}],"author":[{"embeddable":true,"href":"https:\/\/www.canons.es\/ru\/wp-json\/wp\/v2\/users\/25"}],"replies":[{"embeddable":true,"href":"https:\/\/www.canons.es\/ru\/wp-json\/wp\/v2\/comments?post=9135"}],"version-history":[{"count":0,"href":"https:\/\/www.canons.es\/ru\/wp-json\/wp\/v2\/pages\/9135\/revisions"}],"wp:attachment":[{"href":"https:\/\/www.canons.es\/ru\/wp-json\/wp\/v2\/media?parent=9135"}],"curies":[{"name":"wp","href":"https:\/\/api.w.org\/{rel}","templated":true}]}}