{"id":8990,"date":"2015-07-10T11:31:32","date_gmt":"2015-07-10T11:31:32","guid":{"rendered":"https:\/\/www.canons.es\/ru\/dr-victor-hernandez-machado\/"},"modified":"2015-10-20T15:34:28","modified_gmt":"2015-10-20T15:34:28","slug":"dr-victor-hernandez-machado","status":"publish","type":"page","link":"https:\/\/www.canons.es\/ru\/m%d0%b5%d0%b4%d0%b8%d1%86%d0%b8%d0%bd%d1%81%d0%ba%d0%b0%d1%8f-%d0%ba%d0%be%d0%bc%d0%b0%d0%bd%d0%b4%d0%b0\/dr-victor-hernandez-machado\/","title":{"rendered":"\u041c\u0435\u0434\u0438\u0446\u0438\u043d\u0441\u043a\u0430\u044f \u043a\u043e\u043c\u0430\u043d\u0434\u0430"},"content":{"rendered":"<div class=\"wpb-content-wrapper\"><p>[vc_row section_type=&#187;full-width&#187;][vc_column width=&#187;1\/2&#8243;][vc_single_image image=&#187;7656&#8243; css_animation=&#187;fadeInLeft&#187; img_link_large=&#187;&#187;][\/vc_column][vc_column width=&#187;1\/2&#8243;][vc_heading title=&#187;Dr. V\u00edctor Hern\u00e0ndez Machado&#187; type=&#187;h2&#8243; style=&#187;style1&#8243;][vc_column_text]<\/p>\n<div id=\"stcpDiv\">\n<p><strong>\u0417\u0430\u0440\u0435\u0433\u0438\u0441\u0442\u0440\u0438\u0440\u043e\u0432\u0430\u043d \u0432 \u043a\u043e\u043b\u043b\u0435\u0434\u0436\u0435 \u0432\u0440\u0430\u0447\u0435\u0439 \u0411\u0430\u0440\u0441\u0435\u043b\u043e\u043d\u044b N \u00ba 30493.<\/strong><\/p>\n<p><strong>\u0421\u043f\u0435\u0446\u0438\u0430\u043b\u0438\u0441\u0442 \u043f\u043e \u043f\u043b\u0430\u0441\u0442\u0438\u0447\u0435\u0441\u043a\u043e\u0439, \u0440\u0435\u043a\u043e\u043d\u0441\u0442\u0440\u0443\u043a\u0442\u0438\u0432\u043d\u043e\u0439 \u0438 \u044d\u0441\u0442\u0435\u0442\u0438\u0447\u0435\u0441\u043a\u043e\u0439 \u0445\u0438\u0440\u0443\u0440\u0433\u0438\u0438.<\/strong><\/p>\n<p><strong>\u0414\u0435\u0439\u0441\u0442\u0432\u0438\u0442\u0435\u043b\u044c\u043d\u044b\u0439 \u0447\u043b\u0435\u043d SECPRE, \u0438\u0441\u043f\u0430\u043d\u0441\u043a\u043e\u0433\u043e \u043e\u0431\u0449\u0435\u0441\u0442\u0432\u0430 \u043f\u043b\u0430\u0441\u0442\u0438\u0447\u0435\u0441\u043a\u0438\u043e\u0439, \u0440\u0435\u043a\u043e\u043d\u0441\u0442\u0440\u0443\u043a\u0442\u0438\u0432\u043d\u043e\u0439 \u0438 \u044d\u0441\u0442\u0435\u0442\u0438\u0447\u0435\u0441\u043a\u043e\u0439 \u0445\u0438\u0440\u0443\u0440\u0433\u0438\u0438<\/strong><\/p>\n<\/div>\n<p>[\/vc_column_text][vc_empty_space][vc_column_text css=&#187;.vc_custom_1445354439972{margin-bottom: 30px !important;}&#187;]<\/p>\n<h4><span style=\"color: #6d98dc;\">ACADEMIC INFORMATION<br \/>\n<\/span><\/h4>\n<ul>\n<li id=\"stcpDiv\" style=\"text-align: justify;\">\n<div id=\"stcpDiv\">Basic studies undergraduate training at the Colegio San Miguel, of the Missionaries of the Sacred Heart of Jesus, Barcelona. Third year of high school at the American Institute of Stanley, Wisconsin (USA). Conducted pre-university year at the College Abad Oliva de Barcelona.<\/div>\n<\/li>\n<li style=\"text-align: justify;\">\n<div id=\"stcpDiv\">Degree in Medicine from the University of Barcelona in 1994 (Annex 1), carrying out the same in the Faculty of Medicine of the Hospital Clinic of Barcelona and rotary part of the Faculty of Medicine, Madison (University of Wisconsin, USA).<\/div>\n<\/li>\n<li style=\"text-align: justify;\">\n<div id=\"stcpDiv\">Obtaining MIR (fellowship) space in 1996 to study medicine specializing in Plastic and Reconstructive Surgery at Hospital Germans Trias i Pujol in Badalona.<\/div>\n<\/li>\n<\/ul>\n<p>[\/vc_column_text][\/vc_column][\/vc_row][vc_row section_type=&#187;full-width&#187;][vc_column][vc_empty_space][vc_accordion][vc_accordion_tab title=&#187;ROTATIONS&#187;][vc_column_text]<\/p>\n<ul>\n<li>Burn Unit. Valle Hebr\u00f3n University Hospital\u00a0Hospital Universitario (Barcelona)<\/li>\n<li>Teaching Unit Cosmetic Surgery Dr. Tapia. Chiron Clinic\u00a0(Barcelona)<\/li>\n<li>Laser Center Dr. Brualla Cl\u00ednica Tres Torres\u00a0(Barcelona)<\/li>\n<\/ul>\n<p>[\/vc_column_text][\/vc_accordion_tab][vc_accordion_tab title=&#187;DOCTORAL COURSES 1996-1998&#8243;][vc_column_text]<\/p>\n<div id=\"stcpDiv\">\n<ul>\n<li>Continuing education in general and digestive surgery.<\/li>\n<li>Breast Plastic Surgery.<\/li>\n<li>Aesthetic Plastic Surgery of the Breast.<\/li>\n<li>Traumatic pathology of the hand.<\/li>\n<li>Updates on intensive care \/ intensive care.<\/li>\n<li>Scientific communication in medicine and surgery.<\/li>\n<li>Nutrition surgical patient.<\/li>\n<li>Advances in oculoplastic and orbital surgery.<\/li>\n<li>Clinical Bioethics.<\/li>\n<li>Locoregional anesthesia.<\/li>\n<li>Plastic and Reconstructive Surgery in rhinoplasty and septoplasty.<\/li>\n<li>Update on the treatment of burn patients.<\/li>\n<\/ul>\n<ul>\n<li>Course XIII Microsurgery Vascular and Nervous in May 1997.<\/li>\n<li>VI International Course of skin cancer in the head and neck in October 1997.<\/li>\n<li>III Course in Plastic Surgery Cosmetic Surgery in June 1998.<\/li>\n<li>XII International Course on Aesthetic Plastic Surgery and Planas Clinic in June 2000.<\/li>\n<li><strong><b>Specialist in Plastic, Reconstructive and Aesthetic Surgery in June 2001<\/b>.<\/strong><\/li>\n<li>Training course and therapeutic applications using the Candela GentleLASE laser equipment for hair removal treatment in May 2001.<\/li>\n<li>I Course facelift: new facelift technique in the Dexeus Institute in June 2001.<\/li>\n<li>VI International Conference on laser and intense pulsed light dermocosmetic other techniques in October 2003.<\/li>\n<li>XIV International Course on Aesthetic Plastic Surgery and Planas Clinic in June 2004.<\/li>\n<\/ul>\n<\/div>\n<p>[\/vc_column_text][\/vc_accordion_tab][vc_accordion_tab title=&#187;PROFESSIONAL EXPERIENCE&#187;][vc_column_text]<\/p>\n<ul>\n<li id=\"stcpDiv\">Collaboration in the Service of Plastic and Aesthetic Surgery Hospital General de Catalunya with Dr. V. Gonz\u00e1lez-Mestre during 1999 and 2000.<\/li>\n<li>member of the medical staff of the Centre of Barcelona Dermaclinic during 2000 and 2001.<\/li>\n<li>Fellow Medical Specialist Plastic Surgery Service of Hospital Universitario Son Dureta in Palma de Mallorca from 2001-2004.<\/li>\n<li>Specialist faculty member in the Department of Plastic Surgery of Miramar Polyclinic Palma de Mallorca from 2001 to 2003.<\/li>\n<li>Medical responsible in Esthetic Surgery of Corporaci\u00f3n Dermoest\u00e9ticapalma de Mallorca from January 2004 to January 2005.<\/li>\n<li>Responsible Medical Service of Plastic, Reconstructive and Aesthetic Policlinic Group since January 2005, headquartered in Building Torreblanca de Sant Cugat del Valles, and centers in Cerdanyola, Ruby, Terrassa and Sabadell.<\/li>\n<li>Medical Unit Reponsible Facial Aesthetic Clinic Novovisi\u00f3n Palma de Mallorca from January 2005 to January 2006.<\/li>\n<li>Responsible Medical Unit of Plastic, Reconstructive and Aesthetic Center CG3 since 2005 to 2006.<\/li>\n<li>Medical Director of C\u00e0nons Clinics, aesthetic medicine and surgery from September 2005.<\/li>\n<\/ul>\n<p>[\/vc_column_text][\/vc_accordion_tab][vc_accordion_tab title=&#187;COMMUNICATIONS AND PUBLICATIONS&#187;][vc_column_text]<\/p>\n<ul>\n<li id=\"stcpDiv\">XXXII Congress of the Spanish Society of Plastic, Reconstructive and Aesthetic Surgery in April 1997.<\/li>\n<li>XVII National Congress of the Spanish Society of Breast Pathology Senology and in October 1998.<\/li>\n<li>XXXIV National Congress of the Spanish Society of Plastic, Reconstructive and Aesthetic Surgery in April 1999.<\/li>\n<li>I International Symposium on cosmetic dermatology in June 2000.<\/li>\n<li>Member of the Organizing Committee in the XXXVI National Congress of the Spanish Society of Plastic, Reconstructive and Aesthetic Surgery in Palma de Mallorca in April 2001.<\/li>\n<\/ul>\n<p>[\/vc_column_text][\/vc_accordion_tab][vc_accordion_tab title=&#187;TEACHING EXPERIENCE&#187;][vc_column_text]<\/p>\n<ul>\n<li id=\"stcpDiv\">Teaching collaborator with the Faculty of Medicine at the UAB Monograph on the PhD Course: preoperative assessment, anesthesia, surgery and resuscitation in high risk patients and during June 1999.<\/li>\n<li>Teaching collaborator with the Faculty of Medicine at the UAB course in Plastic, Reconstructive and Cosmetic Medicine 6th Course during the academic year 1999-2000.<\/li>\n<li>Member trainer in the Balearic Institute of Emergency SL Burned in the course taught for CAEB in March 2004.<\/li>\n<\/ul>\n<p>[\/vc_column_text][\/vc_accordion_tab][vc_accordion_tab title=&#187;OTHERS MERITS&#187;][vc_column_text]<\/p>\n<div id=\"stcpDiv\">\n<ul>\n<li>Certificate of Catalan language Curs nivell C issued by the Escola d\u2019Public Administraci\u00f3 Catalunya in August 2000.<\/li>\n<li>Full Member of the Spanish Society of Plastic, Reconstructive and Aesthetic Surgery since 2001.<\/li>\n<li>Full Member of the Spanish LaserSociety since 2005.<\/li>\n<li>Full Member of\u00a0ISAPS (International Society of Asthetic Plastic Surgery).<\/li>\n<\/ul>\n<\/div>\n<p>[\/vc_column_text][\/vc_accordion_tab][\/vc_accordion][\/vc_column][\/vc_row]<\/p>\n<\/div><!-- AddThis Advanced Settings generic via filter on the_content --><!-- AddThis Share Buttons generic via filter on the_content -->","protected":false},"excerpt":{"rendered":"<p>[vc_row section_type=&#187;full-width&#187;][vc_column width=&#187;1\/2&#8243;][vc_single_image image=&#187;7656&#8243; css_animation=&#187;fadeInLeft&#187; img_link_large=&#187;&#187;][\/vc_column][vc_column width=&#187;1\/2&#8243;][vc_heading title=&#187;Dr. V\u00edctor Hern\u00e0ndez Machado&#187; type=&#187;h2&#8243; style=&#187;style1&#8243;][vc_column_text] \u0417\u0430\u0440\u0435\u0433\u0438\u0441\u0442\u0440\u0438\u0440\u043e\u0432\u0430\u043d \u0432 \u043a\u043e\u043b\u043b\u0435\u0434\u0436\u0435 \u0432\u0440\u0430\u0447\u0435\u0439 \u0411\u0430\u0440\u0441\u0435\u043b\u043e\u043d\u044b N \u00ba 30493. \u0421\u043f\u0435\u0446\u0438\u0430\u043b\u0438\u0441\u0442 \u043f\u043e \u043f\u043b\u0430\u0441\u0442\u0438\u0447\u0435\u0441\u043a\u043e\u0439, \u0440\u0435\u043a\u043e\u043d\u0441\u0442\u0440\u0443\u043a\u0442\u0438\u0432\u043d\u043e\u0439 \u0438 \u044d\u0441\u0442\u0435\u0442\u0438\u0447\u0435\u0441\u043a\u043e\u0439 \u0445\u0438\u0440\u0443\u0440\u0433\u0438\u0438. \u0414\u0435\u0439\u0441\u0442\u0432\u0438\u0442\u0435\u043b\u044c\u043d\u044b\u0439 \u0447\u043b\u0435\u043d SECPRE, \u0438\u0441\u043f\u0430\u043d\u0441\u043a\u043e\u0433\u043e \u043e\u0431\u0449\u0435\u0441\u0442\u0432\u0430 \u043f\u043b\u0430\u0441\u0442\u0438\u0447\u0435\u0441\u043a\u0438\u043e\u0439, \u0440\u0435\u043a\u043e\u043d\u0441\u0442\u0440\u0443\u043a\u0442\u0438\u0432\u043d\u043e\u0439 \u0438 \u044d\u0441\u0442\u0435\u0442\u0438\u0447\u0435\u0441\u043a\u043e\u0439 \u0445\u0438\u0440\u0443\u0440\u0433\u0438\u0438 [\/vc_column_text][vc_empty_space][vc_column_text css=&#187;.vc_custom_1445354439972{margin-bottom: 30px !important;}&#187;] ACADEMIC INFORMATION Basic&#8230;<!-- AddThis Advanced Settings generic via filter on get_the_excerpt --><!-- AddThis Share Buttons generic via filter on get_the_excerpt --><\/p>\n","protected":false},"author":25,"featured_media":0,"parent":8978,"menu_order":0,"comment_status":"closed","ping_status":"closed","template":"","meta":{"footnotes":""},"class_list":["post-8990","page","type-page","status-publish","hentry"],"yoast_head":"<!-- This site is optimized with the Yoast SEO Premium plugin v26.9 (Yoast SEO v27.4) - https:\/\/yoast.com\/product\/yoast-seo-premium-wordpress\/ -->\n<title>\u041c\u0435\u0434\u0438\u0446\u0438\u043d\u0441\u043a\u0430\u044f \u043a\u043e\u043c\u0430\u043d\u0434\u0430 - \u041a\u043b\u0438\u043d\u0438\u043a\u0430 \u041a\u0430\u043d\u043e\u043d\u0441 | \u0425\u0438\u0440\u0443\u0440\u0433\u0438\u044f \u0438 \u044d\u0441\u0442\u0435\u0442\u0438\u0447\u0435\u0441\u043a\u0430\u044f \u043c\u0435\u0434\u0438\u0446\u0438\u043d\u0430 \u0432 \u0411\u0430\u0440\u0441\u0435\u043b\u043e\u043d\u0435, \u0413\u0440\u0430\u043d\u043e\u043b\u044c\u0435\u0440\u0441<\/title>\n<meta name=\"robots\" content=\"index, follow, max-snippet:-1, max-image-preview:large, max-video-preview:-1\" \/>\n<link rel=\"canonical\" href=\"https:\/\/www.canons.es\/ru\/m\u0435\u0434\u0438\u0446\u0438\u043d\u0441\u043a\u0430\u044f-\u043a\u043e\u043c\u0430\u043d\u0434\u0430\/dr-victor-hernandez-machado\/\" \/>\n<meta property=\"og:locale\" content=\"ru_RU\" \/>\n<meta property=\"og:type\" content=\"article\" \/>\n<meta property=\"og:title\" content=\"\u041c\u0435\u0434\u0438\u0446\u0438\u043d\u0441\u043a\u0430\u044f \u043a\u043e\u043c\u0430\u043d\u0434\u0430\" \/>\n<meta property=\"og:description\" content=\"[vc_row section_type=&#187;full-width&#187;][vc_column width=&#187;1\/2&#8243;][vc_single_image image=&#187;7656&#8243; css_animation=&#187;fadeInLeft&#187; img_link_large=&#187;&#187;][\/vc_column][vc_column width=&#187;1\/2&#8243;][vc_heading title=&#187;Dr. V\u00edctor Hern\u00e0ndez Machado&#187; type=&#187;h2&#8243; style=&#187;style1&#8243;][vc_column_text] \u0417\u0430\u0440\u0435\u0433\u0438\u0441\u0442\u0440\u0438\u0440\u043e\u0432\u0430\u043d \u0432 \u043a\u043e\u043b\u043b\u0435\u0434\u0436\u0435 \u0432\u0440\u0430\u0447\u0435\u0439 \u0411\u0430\u0440\u0441\u0435\u043b\u043e\u043d\u044b N \u00ba 30493. \u0421\u043f\u0435\u0446\u0438\u0430\u043b\u0438\u0441\u0442 \u043f\u043e \u043f\u043b\u0430\u0441\u0442\u0438\u0447\u0435\u0441\u043a\u043e\u0439, \u0440\u0435\u043a\u043e\u043d\u0441\u0442\u0440\u0443\u043a\u0442\u0438\u0432\u043d\u043e\u0439 \u0438 \u044d\u0441\u0442\u0435\u0442\u0438\u0447\u0435\u0441\u043a\u043e\u0439 \u0445\u0438\u0440\u0443\u0440\u0433\u0438\u0438. \u0414\u0435\u0439\u0441\u0442\u0432\u0438\u0442\u0435\u043b\u044c\u043d\u044b\u0439 \u0447\u043b\u0435\u043d SECPRE, \u0438\u0441\u043f\u0430\u043d\u0441\u043a\u043e\u0433\u043e \u043e\u0431\u0449\u0435\u0441\u0442\u0432\u0430 \u043f\u043b\u0430\u0441\u0442\u0438\u0447\u0435\u0441\u043a\u0438\u043e\u0439, \u0440\u0435\u043a\u043e\u043d\u0441\u0442\u0440\u0443\u043a\u0442\u0438\u0432\u043d\u043e\u0439 \u0438 \u044d\u0441\u0442\u0435\u0442\u0438\u0447\u0435\u0441\u043a\u043e\u0439 \u0445\u0438\u0440\u0443\u0440\u0433\u0438\u0438 [\/vc_column_text][vc_empty_space][vc_column_text css=&#187;.vc_custom_1445354439972{margin-bottom: 30px !important;}&#187;] ACADEMIC INFORMATION Basic...\" \/>\n<meta property=\"og:url\" content=\"https:\/\/www.canons.es\/ru\/m\u0435\u0434\u0438\u0446\u0438\u043d\u0441\u043a\u0430\u044f-\u043a\u043e\u043c\u0430\u043d\u0434\u0430\/dr-victor-hernandez-machado\/\" \/>\n<meta property=\"og:site_name\" content=\"\u041a\u043b\u0438\u043d\u0438\u043a\u0430 \u041a\u0430\u043d\u043e\u043d\u0441 | \u0425\u0438\u0440\u0443\u0440\u0433\u0438\u044f \u0438 \u044d\u0441\u0442\u0435\u0442\u0438\u0447\u0435\u0441\u043a\u0430\u044f \u043c\u0435\u0434\u0438\u0446\u0438\u043d\u0430 \u0432 \u0411\u0430\u0440\u0441\u0435\u043b\u043e\u043d\u0435, \u0413\u0440\u0430\u043d\u043e\u043b\u044c\u0435\u0440\u0441\" \/>\n<meta property=\"article:publisher\" content=\"https:\/\/www.facebook.com\/canonsclinics\/\" \/>\n<meta property=\"article:modified_time\" content=\"2015-10-20T15:34:28+00:00\" \/>\n<meta name=\"twitter:card\" content=\"summary_large_image\" \/>\n<meta name=\"twitter:site\" content=\"@canonsclinics\" \/>\n<meta name=\"twitter:label1\" content=\"\u041f\u0440\u0438\u043c\u0435\u0440\u043d\u043e\u0435 \u0432\u0440\u0435\u043c\u044f \u0434\u043b\u044f \u0447\u0442\u0435\u043d\u0438\u044f\" \/>\n\t<meta name=\"twitter:data1\" content=\"4 \u043c\u0438\u043d\u0443\u0442\u044b\" \/>\n<script type=\"application\/ld+json\" class=\"yoast-schema-graph\">{\"@context\":\"https:\\\/\\\/schema.org\",\"@graph\":[{\"@type\":\"WebPage\",\"@id\":\"https:\\\/\\\/www.canons.es\\\/ru\\\/m%d0%b5%d0%b4%d0%b8%d1%86%d0%b8%d0%bd%d1%81%d0%ba%d0%b0%d1%8f-%d0%ba%d0%be%d0%bc%d0%b0%d0%bd%d0%b4%d0%b0\\\/dr-victor-hernandez-machado\\\/\",\"url\":\"https:\\\/\\\/www.canons.es\\\/ru\\\/m%d0%b5%d0%b4%d0%b8%d1%86%d0%b8%d0%bd%d1%81%d0%ba%d0%b0%d1%8f-%d0%ba%d0%be%d0%bc%d0%b0%d0%bd%d0%b4%d0%b0\\\/dr-victor-hernandez-machado\\\/\",\"name\":\"\u041c\u0435\u0434\u0438\u0446\u0438\u043d\u0441\u043a\u0430\u044f \u043a\u043e\u043c\u0430\u043d\u0434\u0430 - \u041a\u043b\u0438\u043d\u0438\u043a\u0430 \u041a\u0430\u043d\u043e\u043d\u0441 | \u0425\u0438\u0440\u0443\u0440\u0433\u0438\u044f \u0438 \u044d\u0441\u0442\u0435\u0442\u0438\u0447\u0435\u0441\u043a\u0430\u044f \u043c\u0435\u0434\u0438\u0446\u0438\u043d\u0430 \u0432 \u0411\u0430\u0440\u0441\u0435\u043b\u043e\u043d\u0435, \u0413\u0440\u0430\u043d\u043e\u043b\u044c\u0435\u0440\u0441\",\"isPartOf\":{\"@id\":\"https:\\\/\\\/www.canons.es\\\/#website\"},\"datePublished\":\"2015-07-10T11:31:32+00:00\",\"dateModified\":\"2015-10-20T15:34:28+00:00\",\"breadcrumb\":{\"@id\":\"https:\\\/\\\/www.canons.es\\\/ru\\\/m%d0%b5%d0%b4%d0%b8%d1%86%d0%b8%d0%bd%d1%81%d0%ba%d0%b0%d1%8f-%d0%ba%d0%be%d0%bc%d0%b0%d0%bd%d0%b4%d0%b0\\\/dr-victor-hernandez-machado\\\/#breadcrumb\"},\"inLanguage\":\"ru-RU\",\"potentialAction\":[{\"@type\":\"ReadAction\",\"target\":[\"https:\\\/\\\/www.canons.es\\\/ru\\\/m%d0%b5%d0%b4%d0%b8%d1%86%d0%b8%d0%bd%d1%81%d0%ba%d0%b0%d1%8f-%d0%ba%d0%be%d0%bc%d0%b0%d0%bd%d0%b4%d0%b0\\\/dr-victor-hernandez-machado\\\/\"]}]},{\"@type\":\"BreadcrumbList\",\"@id\":\"https:\\\/\\\/www.canons.es\\\/ru\\\/m%d0%b5%d0%b4%d0%b8%d1%86%d0%b8%d0%bd%d1%81%d0%ba%d0%b0%d1%8f-%d0%ba%d0%be%d0%bc%d0%b0%d0%bd%d0%b4%d0%b0\\\/dr-victor-hernandez-machado\\\/#breadcrumb\",\"itemListElement\":[{\"@type\":\"ListItem\",\"position\":1,\"name\":\"Portada\",\"item\":\"https:\\\/\\\/www.canons.es\\\/ru\\\/\"},{\"@type\":\"ListItem\",\"position\":2,\"name\":\"\u041c\u0435\u0434\u0438\u0446\u0438\u043d\u0441\u043a\u0430\u044f \u043a\u043e\u043c\u0430\u043d\u0434\u0430\",\"item\":\"https:\\\/\\\/www.canons.es\\\/ru\\\/m%d0%b5%d0%b4%d0%b8%d1%86%d0%b8%d0%bd%d1%81%d0%ba%d0%b0%d1%8f-%d0%ba%d0%be%d0%bc%d0%b0%d0%bd%d0%b4%d0%b0\\\/\"},{\"@type\":\"ListItem\",\"position\":3,\"name\":\"\u041c\u0435\u0434\u0438\u0446\u0438\u043d\u0441\u043a\u0430\u044f \u043a\u043e\u043c\u0430\u043d\u0434\u0430\"}]},{\"@type\":\"WebSite\",\"@id\":\"https:\\\/\\\/www.canons.es\\\/#website\",\"url\":\"https:\\\/\\\/www.canons.es\\\/\",\"name\":\"Cirug\u00eda Pl\u00e1stica y Est\u00e9tica Barcelona y Granollers | C\u00e0nons Clinics\",\"description\":\"\",\"publisher\":{\"@id\":\"https:\\\/\\\/www.canons.es\\\/#organization\"},\"potentialAction\":[{\"@type\":\"SearchAction\",\"target\":{\"@type\":\"EntryPoint\",\"urlTemplate\":\"https:\\\/\\\/www.canons.es\\\/?s={search_term_string}\"},\"query-input\":{\"@type\":\"PropertyValueSpecification\",\"valueRequired\":true,\"valueName\":\"search_term_string\"}}],\"inLanguage\":\"ru-RU\"},{\"@type\":\"Organization\",\"@id\":\"https:\\\/\\\/www.canons.es\\\/#organization\",\"name\":\"Cirug\u00eda Pl\u00e1stica y Est\u00e9tica Barcelona y Granollers | C\u00e0nons Clinics\",\"url\":\"https:\\\/\\\/www.canons.es\\\/\",\"logo\":{\"@type\":\"ImageObject\",\"inLanguage\":\"ru-RU\",\"@id\":\"https:\\\/\\\/www.canons.es\\\/#\\\/schema\\\/logo\\\/image\\\/\",\"url\":\"https:\\\/\\\/www.canons.es\\\/wp-content\\\/uploads\\\/2025\\\/04\\\/logo-canons-clinics.jpg\",\"contentUrl\":\"https:\\\/\\\/www.canons.es\\\/wp-content\\\/uploads\\\/2025\\\/04\\\/logo-canons-clinics.jpg\",\"width\":600,\"height\":139,\"caption\":\"Cirug\u00eda Pl\u00e1stica y Est\u00e9tica Barcelona y Granollers | C\u00e0nons Clinics\"},\"image\":{\"@id\":\"https:\\\/\\\/www.canons.es\\\/#\\\/schema\\\/logo\\\/image\\\/\"},\"sameAs\":[\"https:\\\/\\\/www.facebook.com\\\/canonsclinics\\\/\",\"https:\\\/\\\/x.com\\\/canonsclinics\",\"https:\\\/\\\/www.instagram.com\\\/canonsclinics\\\/\",\"https:\\\/\\\/www.youtube.com\\\/channel\\\/UCI1Ia6LjALyo1CuQ0_HwtfQ\",\"https:\\\/\\\/www.linkedin.com\\\/company\\\/canons-clinics\\\/\"]}]}<\/script>\n<!-- \/ Yoast SEO Premium plugin. -->","yoast_head_json":{"title":"\u041c\u0435\u0434\u0438\u0446\u0438\u043d\u0441\u043a\u0430\u044f \u043a\u043e\u043c\u0430\u043d\u0434\u0430 - \u041a\u043b\u0438\u043d\u0438\u043a\u0430 \u041a\u0430\u043d\u043e\u043d\u0441 | \u0425\u0438\u0440\u0443\u0440\u0433\u0438\u044f \u0438 \u044d\u0441\u0442\u0435\u0442\u0438\u0447\u0435\u0441\u043a\u0430\u044f \u043c\u0435\u0434\u0438\u0446\u0438\u043d\u0430 \u0432 \u0411\u0430\u0440\u0441\u0435\u043b\u043e\u043d\u0435, \u0413\u0440\u0430\u043d\u043e\u043b\u044c\u0435\u0440\u0441","robots":{"index":"index","follow":"follow","max-snippet":"max-snippet:-1","max-image-preview":"max-image-preview:large","max-video-preview":"max-video-preview:-1"},"canonical":"https:\/\/www.canons.es\/ru\/m\u0435\u0434\u0438\u0446\u0438\u043d\u0441\u043a\u0430\u044f-\u043a\u043e\u043c\u0430\u043d\u0434\u0430\/dr-victor-hernandez-machado\/","og_locale":"ru_RU","og_type":"article","og_title":"\u041c\u0435\u0434\u0438\u0446\u0438\u043d\u0441\u043a\u0430\u044f \u043a\u043e\u043c\u0430\u043d\u0434\u0430","og_description":"[vc_row section_type=&#187;full-width&#187;][vc_column width=&#187;1\/2&#8243;][vc_single_image image=&#187;7656&#8243; css_animation=&#187;fadeInLeft&#187; img_link_large=&#187;&#187;][\/vc_column][vc_column width=&#187;1\/2&#8243;][vc_heading title=&#187;Dr. V\u00edctor Hern\u00e0ndez Machado&#187; type=&#187;h2&#8243; style=&#187;style1&#8243;][vc_column_text] \u0417\u0430\u0440\u0435\u0433\u0438\u0441\u0442\u0440\u0438\u0440\u043e\u0432\u0430\u043d \u0432 \u043a\u043e\u043b\u043b\u0435\u0434\u0436\u0435 \u0432\u0440\u0430\u0447\u0435\u0439 \u0411\u0430\u0440\u0441\u0435\u043b\u043e\u043d\u044b N \u00ba 30493. \u0421\u043f\u0435\u0446\u0438\u0430\u043b\u0438\u0441\u0442 \u043f\u043e \u043f\u043b\u0430\u0441\u0442\u0438\u0447\u0435\u0441\u043a\u043e\u0439, \u0440\u0435\u043a\u043e\u043d\u0441\u0442\u0440\u0443\u043a\u0442\u0438\u0432\u043d\u043e\u0439 \u0438 \u044d\u0441\u0442\u0435\u0442\u0438\u0447\u0435\u0441\u043a\u043e\u0439 \u0445\u0438\u0440\u0443\u0440\u0433\u0438\u0438. \u0414\u0435\u0439\u0441\u0442\u0432\u0438\u0442\u0435\u043b\u044c\u043d\u044b\u0439 \u0447\u043b\u0435\u043d SECPRE, \u0438\u0441\u043f\u0430\u043d\u0441\u043a\u043e\u0433\u043e \u043e\u0431\u0449\u0435\u0441\u0442\u0432\u0430 \u043f\u043b\u0430\u0441\u0442\u0438\u0447\u0435\u0441\u043a\u0438\u043e\u0439, \u0440\u0435\u043a\u043e\u043d\u0441\u0442\u0440\u0443\u043a\u0442\u0438\u0432\u043d\u043e\u0439 \u0438 \u044d\u0441\u0442\u0435\u0442\u0438\u0447\u0435\u0441\u043a\u043e\u0439 \u0445\u0438\u0440\u0443\u0440\u0433\u0438\u0438 [\/vc_column_text][vc_empty_space][vc_column_text css=&#187;.vc_custom_1445354439972{margin-bottom: 30px !important;}&#187;] ACADEMIC INFORMATION Basic...","og_url":"https:\/\/www.canons.es\/ru\/m\u0435\u0434\u0438\u0446\u0438\u043d\u0441\u043a\u0430\u044f-\u043a\u043e\u043c\u0430\u043d\u0434\u0430\/dr-victor-hernandez-machado\/","og_site_name":"\u041a\u043b\u0438\u043d\u0438\u043a\u0430 \u041a\u0430\u043d\u043e\u043d\u0441 | \u0425\u0438\u0440\u0443\u0440\u0433\u0438\u044f \u0438 \u044d\u0441\u0442\u0435\u0442\u0438\u0447\u0435\u0441\u043a\u0430\u044f \u043c\u0435\u0434\u0438\u0446\u0438\u043d\u0430 \u0432 \u0411\u0430\u0440\u0441\u0435\u043b\u043e\u043d\u0435, \u0413\u0440\u0430\u043d\u043e\u043b\u044c\u0435\u0440\u0441","article_publisher":"https:\/\/www.facebook.com\/canonsclinics\/","article_modified_time":"2015-10-20T15:34:28+00:00","twitter_card":"summary_large_image","twitter_site":"@canonsclinics","twitter_misc":{"\u041f\u0440\u0438\u043c\u0435\u0440\u043d\u043e\u0435 \u0432\u0440\u0435\u043c\u044f \u0434\u043b\u044f \u0447\u0442\u0435\u043d\u0438\u044f":"4 \u043c\u0438\u043d\u0443\u0442\u044b"},"schema":{"@context":"https:\/\/schema.org","@graph":[{"@type":"WebPage","@id":"https:\/\/www.canons.es\/ru\/m%d0%b5%d0%b4%d0%b8%d1%86%d0%b8%d0%bd%d1%81%d0%ba%d0%b0%d1%8f-%d0%ba%d0%be%d0%bc%d0%b0%d0%bd%d0%b4%d0%b0\/dr-victor-hernandez-machado\/","url":"https:\/\/www.canons.es\/ru\/m%d0%b5%d0%b4%d0%b8%d1%86%d0%b8%d0%bd%d1%81%d0%ba%d0%b0%d1%8f-%d0%ba%d0%be%d0%bc%d0%b0%d0%bd%d0%b4%d0%b0\/dr-victor-hernandez-machado\/","name":"\u041c\u0435\u0434\u0438\u0446\u0438\u043d\u0441\u043a\u0430\u044f \u043a\u043e\u043c\u0430\u043d\u0434\u0430 - \u041a\u043b\u0438\u043d\u0438\u043a\u0430 \u041a\u0430\u043d\u043e\u043d\u0441 | \u0425\u0438\u0440\u0443\u0440\u0433\u0438\u044f \u0438 \u044d\u0441\u0442\u0435\u0442\u0438\u0447\u0435\u0441\u043a\u0430\u044f \u043c\u0435\u0434\u0438\u0446\u0438\u043d\u0430 \u0432 \u0411\u0430\u0440\u0441\u0435\u043b\u043e\u043d\u0435, \u0413\u0440\u0430\u043d\u043e\u043b\u044c\u0435\u0440\u0441","isPartOf":{"@id":"https:\/\/www.canons.es\/#website"},"datePublished":"2015-07-10T11:31:32+00:00","dateModified":"2015-10-20T15:34:28+00:00","breadcrumb":{"@id":"https:\/\/www.canons.es\/ru\/m%d0%b5%d0%b4%d0%b8%d1%86%d0%b8%d0%bd%d1%81%d0%ba%d0%b0%d1%8f-%d0%ba%d0%be%d0%bc%d0%b0%d0%bd%d0%b4%d0%b0\/dr-victor-hernandez-machado\/#breadcrumb"},"inLanguage":"ru-RU","potentialAction":[{"@type":"ReadAction","target":["https:\/\/www.canons.es\/ru\/m%d0%b5%d0%b4%d0%b8%d1%86%d0%b8%d0%bd%d1%81%d0%ba%d0%b0%d1%8f-%d0%ba%d0%be%d0%bc%d0%b0%d0%bd%d0%b4%d0%b0\/dr-victor-hernandez-machado\/"]}]},{"@type":"BreadcrumbList","@id":"https:\/\/www.canons.es\/ru\/m%d0%b5%d0%b4%d0%b8%d1%86%d0%b8%d0%bd%d1%81%d0%ba%d0%b0%d1%8f-%d0%ba%d0%be%d0%bc%d0%b0%d0%bd%d0%b4%d0%b0\/dr-victor-hernandez-machado\/#breadcrumb","itemListElement":[{"@type":"ListItem","position":1,"name":"Portada","item":"https:\/\/www.canons.es\/ru\/"},{"@type":"ListItem","position":2,"name":"\u041c\u0435\u0434\u0438\u0446\u0438\u043d\u0441\u043a\u0430\u044f \u043a\u043e\u043c\u0430\u043d\u0434\u0430","item":"https:\/\/www.canons.es\/ru\/m%d0%b5%d0%b4%d0%b8%d1%86%d0%b8%d0%bd%d1%81%d0%ba%d0%b0%d1%8f-%d0%ba%d0%be%d0%bc%d0%b0%d0%bd%d0%b4%d0%b0\/"},{"@type":"ListItem","position":3,"name":"\u041c\u0435\u0434\u0438\u0446\u0438\u043d\u0441\u043a\u0430\u044f \u043a\u043e\u043c\u0430\u043d\u0434\u0430"}]},{"@type":"WebSite","@id":"https:\/\/www.canons.es\/#website","url":"https:\/\/www.canons.es\/","name":"Cirug\u00eda Pl\u00e1stica y Est\u00e9tica Barcelona y Granollers | C\u00e0nons Clinics","description":"","publisher":{"@id":"https:\/\/www.canons.es\/#organization"},"potentialAction":[{"@type":"SearchAction","target":{"@type":"EntryPoint","urlTemplate":"https:\/\/www.canons.es\/?s={search_term_string}"},"query-input":{"@type":"PropertyValueSpecification","valueRequired":true,"valueName":"search_term_string"}}],"inLanguage":"ru-RU"},{"@type":"Organization","@id":"https:\/\/www.canons.es\/#organization","name":"Cirug\u00eda Pl\u00e1stica y Est\u00e9tica Barcelona y Granollers | C\u00e0nons Clinics","url":"https:\/\/www.canons.es\/","logo":{"@type":"ImageObject","inLanguage":"ru-RU","@id":"https:\/\/www.canons.es\/#\/schema\/logo\/image\/","url":"https:\/\/www.canons.es\/wp-content\/uploads\/2025\/04\/logo-canons-clinics.jpg","contentUrl":"https:\/\/www.canons.es\/wp-content\/uploads\/2025\/04\/logo-canons-clinics.jpg","width":600,"height":139,"caption":"Cirug\u00eda Pl\u00e1stica y Est\u00e9tica Barcelona y Granollers | C\u00e0nons Clinics"},"image":{"@id":"https:\/\/www.canons.es\/#\/schema\/logo\/image\/"},"sameAs":["https:\/\/www.facebook.com\/canonsclinics\/","https:\/\/x.com\/canonsclinics","https:\/\/www.instagram.com\/canonsclinics\/","https:\/\/www.youtube.com\/channel\/UCI1Ia6LjALyo1CuQ0_HwtfQ","https:\/\/www.linkedin.com\/company\/canons-clinics\/"]}]}},"_links":{"self":[{"href":"https:\/\/www.canons.es\/ru\/wp-json\/wp\/v2\/pages\/8990","targetHints":{"allow":["GET"]}}],"collection":[{"href":"https:\/\/www.canons.es\/ru\/wp-json\/wp\/v2\/pages"}],"about":[{"href":"https:\/\/www.canons.es\/ru\/wp-json\/wp\/v2\/types\/page"}],"author":[{"embeddable":true,"href":"https:\/\/www.canons.es\/ru\/wp-json\/wp\/v2\/users\/25"}],"replies":[{"embeddable":true,"href":"https:\/\/www.canons.es\/ru\/wp-json\/wp\/v2\/comments?post=8990"}],"version-history":[{"count":0,"href":"https:\/\/www.canons.es\/ru\/wp-json\/wp\/v2\/pages\/8990\/revisions"}],"up":[{"embeddable":true,"href":"https:\/\/www.canons.es\/ru\/wp-json\/wp\/v2\/pages\/8978"}],"wp:attachment":[{"href":"https:\/\/www.canons.es\/ru\/wp-json\/wp\/v2\/media?parent=8990"}],"curies":[{"name":"wp","href":"https:\/\/api.w.org\/{rel}","templated":true}]}}