{"id":9971,"date":"2015-09-18T15:56:08","date_gmt":"2015-09-18T15:56:08","guid":{"rendered":"https:\/\/www.canons.es\/en\/balon-intragastrico\/"},"modified":"2026-02-18T14:22:37","modified_gmt":"2026-02-18T12:22:37","slug":"balon-intragastrico","status":"publish","type":"page","link":"https:\/\/www.canons.es\/en\/dietetica-y-nutricion\/balon-intragastrico\/","title":{"rendered":"Bal\u00f3n Intrag\u00e1strico"},"content":{"rendered":"<div class=\"wpb-content-wrapper\"><p>[vc_row css_animation=&#8221;&#8221; row_type=&#8221;row&#8221; use_row_as_full_screen_section=&#8221;no&#8221; type=&#8221;full_width&#8221; angled_section=&#8221;no&#8221; text_align=&#8221;left&#8221; background_image_as_pattern=&#8221;without_pattern&#8221; background_color=&#8221;#f7f7f7&#8243; padding=&#8221;medium&#8221; vpadding=&#8221;medium&#8221; section_type=&#8221;full-width&#8221; sp_top=&#8221;0&#8243; sp_bottom=&#8221;0&#8243; enable_border=&#8221;&#8221; enable_bottom_border=&#8221;&#8221; bg_type=&#8221;image&#8221; equal_height=&#8221;&#8221; background_style=&#8221;stretch&#8221; fixed_bg=&#8221;no&#8221; enable_parallax=&#8221;no&#8221; height=&#8221;content&#8221; bg_overlay=&#8221;&#8221; bg_overlay_opacity=&#8221;0.4&#8243; bg_overlay_dot=&#8221;no&#8221; enable_triangle=&#8221;&#8221; triangle_location=&#8221;top&#8221;][vc_column p_top=&#8221;0&#8243; p_bottom=&#8221;0&#8243; p_left=&#8221;0&#8243; p_right=&#8221;0&#8243; color_scheme=&#8221;&#8221; bg_overlay=&#8221;&#8221; bg_overlay_color=&#8221;&#8221; bg_overlay_opacity=&#8221;0.4&#8243;][vc_empty_space height=&#8221;20px&#8221;]<div class=\"custom_font_holder\" style=\"font-family: Raleway; font-size: 35px; line-height: 26px; font-style: normal; font-weight: 300; color: #1e70b3; text-decoration: none; text-align: left;\">\n<h1 style=\"font-size: inherit; font-weight: inherit; line-height: inherit; color: inherit; margin: 20px 0; display: block; text-align: center;\">BAL\u00d3N INTRAG\u00c1STRICO<\/h1>\n<\/div>[vc_empty_space height=&#8221;40px&#8221;][vc_row_inner row_type=&#8221;row&#8221; type=&#8221;full_width&#8221; text_align=&#8221;left&#8221; css_animation=&#8221;&#8221; padding=&#8221;medium&#8221; vpadding=&#8221;medium&#8221;][vc_column_inner width=&#8221;1\/2&#8243;][vc_single_image image=&#8221;15720&#8243; img_size=&#8221;full&#8221; alignment=&#8221;center&#8221; qode_css_animation=&#8221;&#8221; css_animation_delay=&#8221;100&#8243; img_align=&#8221;none&#8221; target=&#8221;_self&#8221; img_lightbox=&#8221;&#8221;][vc_empty_space height=&#8221;40px&#8221;][\/vc_column_inner][vc_column_inner width=&#8221;1\/2&#8243;][vc_column_text]El bal\u00f3n g\u00e1strico se postula como una de las soluciones m\u00e1s efectivas para gente que sufre de obesidad.<\/p>\n<p>Se trata de\u00a0un <strong>globo g\u00e1strico blando de silicona que se inserta en el est\u00f3mago y se rellena con soluci\u00f3n fisiol\u00f3gica est\u00e9ril<\/strong>.[\/vc_column_text][\/vc_column_inner][\/vc_row_inner][\/vc_column][\/vc_row][vc_row css_animation=&#8221;&#8221; row_type=&#8221;row&#8221; use_row_as_full_screen_section=&#8221;no&#8221; type=&#8221;full_width&#8221; angled_section=&#8221;no&#8221; text_align=&#8221;left&#8221; background_image_as_pattern=&#8221;without_pattern&#8221; padding=&#8221;medium&#8221; vpadding=&#8221;medium&#8221; section_type=&#8221;full-width&#8221; sp_top=&#8221;0&#8243; sp_bottom=&#8221;0&#8243; enable_border=&#8221;&#8221; enable_bottom_border=&#8221;&#8221; bg_type=&#8221;image&#8221; equal_height=&#8221;&#8221; background_style=&#8221;stretch&#8221; fixed_bg=&#8221;no&#8221; enable_parallax=&#8221;no&#8221; height=&#8221;content&#8221; bg_overlay=&#8221;&#8221; bg_overlay_opacity=&#8221;0.4&#8243; bg_overlay_dot=&#8221;no&#8221; enable_triangle=&#8221;&#8221; triangle_location=&#8221;top&#8221;][vc_column p_top=&#8221;0&#8243; p_bottom=&#8221;0&#8243; p_left=&#8221;0&#8243; p_right=&#8221;0&#8243; color_scheme=&#8221;&#8221; bg_overlay=&#8221;&#8221; bg_overlay_color=&#8221;&#8221; bg_overlay_opacity=&#8221;0.4&#8243;][vc_empty_space][vc_accordion style=&#8221;accordion&#8221; disable_keyboard=&#8221;&#8221;][vc_accordion_tab title=&#8221;\u00bfQu\u00e9 efectos tiene?&#8221; title_color=&#8221;#3f3f3f&#8221;][vc_column_text]<\/p>\n<p style=\"text-align: justify;\">Con el bal\u00f3n intrag\u00e1strico <span style=\"color: #6d98dc;\"><strong>tendr\u00e1s una sensaci\u00f3n de saciedad o falta de apetito<\/strong><\/span> que, juntamente con las reuniones programadas regularmente de control y seguimiento m\u00e9dico psicol\u00f3gico con nuestros especialistas, aprender\u00e1s a adoptar unos h\u00e1bitos alimentarios adecuados y de ejercicio f\u00edsico moderado, f\u00e1cilmente adaptables a tu estilo de vida. El bal\u00f3n g\u00e1strico <span style=\"color: #6d98dc;\"><strong>te ayudar\u00e1\u00a0a normalizar tu peso corporal y fomentar una buena salud<\/strong><\/span> a largo plazo durante el tiempo de duraci\u00f3n del tratamiento, aproximadamente <span style=\"color: #6d98dc;\"><strong>6 meses, en el que podr\u00e1s conseguir una p\u00e9rdida de peso entre 15 y 20 Kg.<\/strong><\/span>, aproximadamente, siguiendo las pautas recomendadas.<\/p>\n<p>[\/vc_column_text][\/vc_accordion_tab][vc_accordion_tab title=&#8221;\u00bfPuedo complementar la colocaci\u00f3n del Bal\u00f3n Intrag\u00e1strico con tratamientos de Remodelaci\u00f3n del Contorno Corporal?&#8221; title_color=&#8221;#3f3f3f&#8221;][vc_column_text]<\/p>\n<p style=\"text-align: justify;\">Como tratamiento complementario a las dietas, en algunos casos <span style=\"color: #6d98dc;\"><strong>la disminuci\u00f3n de peso se complementa con otros tratamientos medicoest\u00e9ticos<\/strong><\/span> tales como la <a href=\"http:\/\/www.C\u00e0nons Clinics.es\/mesoterapia-corporal-para-combatir-la-celulitis\/\">Mesoterapia Corporal<\/a> mediante inyecciones intrad\u00e9rmicas de productos homeop\u00e1ticos, la <a href=\"http:\/\/www.C\u00e0nons Clinics.es\/intralipoterapia-con-aqualyx\/\">Intralipoterapia con Aqualyx<\/a>\u00a0o una\u00a0<a href=\"http:\/\/www.C\u00e0nons Clinics.es\/lipoescultura-corporal-asistida-por-laser\/\">Lipoescultura asistida por L\u00e1ser<\/a>, entre otros\u2026<\/p>\n<p style=\"text-align: justify;\">El objetivo principal es una <span style=\"color: #6d98dc;\"><strong>remodelaci\u00f3n del contorno corporal de las zonas que presentan acumulaci\u00f3n de grasa y celulitits localizada<\/strong><\/span> mediante inyecciones intrad\u00e9rmicas de productos homeop\u00e1ticos que activan la circulaci\u00f3n y eliminan contenido graso.<\/p>\n<p>[\/vc_column_text][\/vc_accordion_tab][\/vc_accordion][vc_empty_space height=&#8221;50px&#8221;][\/vc_column][\/vc_row]<\/p>\n<\/div><!-- AddThis Advanced Settings generic via filter on the_content --><!-- AddThis Share Buttons generic via filter on the_content -->","protected":false},"excerpt":{"rendered":"<p>[vc_row css_animation=&#8221;&#8221; row_type=&#8221;row&#8221; use_row_as_full_screen_section=&#8221;no&#8221; type=&#8221;full_width&#8221; angled_section=&#8221;no&#8221; text_align=&#8221;left&#8221; background_image_as_pattern=&#8221;without_pattern&#8221; background_color=&#8221;#f7f7f7&#8243; padding=&#8221;medium&#8221; vpadding=&#8221;medium&#8221; section_type=&#8221;full-width&#8221; sp_top=&#8221;0&#8243; sp_bottom=&#8221;0&#8243; enable_border=&#8221;&#8221; enable_bottom_border=&#8221;&#8221; bg_type=&#8221;image&#8221; equal_height=&#8221;&#8221; background_style=&#8221;stretch&#8221; fixed_bg=&#8221;no&#8221; enable_parallax=&#8221;no&#8221; height=&#8221;content&#8221; bg_overlay=&#8221;&#8221; bg_overlay_opacity=&#8221;0.4&#8243; bg_overlay_dot=&#8221;no&#8221; enable_triangle=&#8221;&#8221; triangle_location=&#8221;top&#8221;][vc_column p_top=&#8221;0&#8243; p_bottom=&#8221;0&#8243; p_left=&#8221;0&#8243; p_right=&#8221;0&#8243; color_scheme=&#8221;&#8221; bg_overlay=&#8221;&#8221; bg_overlay_color=&#8221;&#8221; bg_overlay_opacity=&#8221;0.4&#8243;][vc_empty_space height=&#8221;20px&#8221;][vc_empty_space height=&#8221;40px&#8221;][vc_row_inner row_type=&#8221;row&#8221; type=&#8221;full_width&#8221; text_align=&#8221;left&#8221; css_animation=&#8221;&#8221; padding=&#8221;medium&#8221; vpadding=&#8221;medium&#8221;][vc_column_inner width=&#8221;1\/2&#8243;][vc_single_image image=&#8221;15720&#8243;&#8230;<!-- AddThis Advanced Settings generic via filter on get_the_excerpt --><!-- AddThis Share Buttons generic via filter on get_the_excerpt --><\/p>\n","protected":false},"author":25,"featured_media":15720,"parent":10169,"menu_order":0,"comment_status":"closed","ping_status":"closed","template":"","meta":{"footnotes":""},"class_list":["post-9971","page","type-page","status-publish","has-post-thumbnail","hentry"],"yoast_head":"<!-- This site is optimized with the Yoast SEO Premium plugin v26.9 (Yoast SEO v27.4) - https:\/\/yoast.com\/product\/yoast-seo-premium-wordpress\/ -->\n<title>Bal\u00f3n intrag\u00e1strico | Canons Clinics\u00ae<\/title>\n<meta name=\"description\" content=\"Bal\u00f3n intrag\u00e1strico en Barcelona y Granollers para perder peso con control m\u00e9dico. Tratamiento personalizado con seguimiento y apoyo nutricional.\" \/>\n<meta name=\"robots\" content=\"index, follow, max-snippet:-1, max-image-preview:large, max-video-preview:-1\" \/>\n<link rel=\"canonical\" href=\"https:\/\/www.canons.es\/en\/dietetica-y-nutricion\/balon-intragastrico\/\" \/>\n<meta property=\"og:locale\" content=\"en_US\" \/>\n<meta property=\"og:type\" content=\"article\" \/>\n<meta property=\"og:title\" content=\"Bal\u00f3n Intrag\u00e1strico\" \/>\n<meta property=\"og:description\" content=\"Bal\u00f3n intrag\u00e1strico en Barcelona y Granollers para perder peso con control m\u00e9dico. Tratamiento personalizado con seguimiento y apoyo nutricional.\" \/>\n<meta property=\"og:url\" content=\"https:\/\/www.canons.es\/en\/dietetica-y-nutricion\/balon-intragastrico\/\" \/>\n<meta property=\"og:site_name\" content=\"Canons Clinic | Surgery and Aesthetic Medicine in Barcelona, \u200b\u200bGranollers\" \/>\n<meta property=\"article:publisher\" content=\"https:\/\/www.facebook.com\/canonsclinics\/\" \/>\n<meta property=\"article:modified_time\" content=\"2026-02-18T12:22:37+00:00\" \/>\n<meta property=\"og:image\" content=\"https:\/\/www.canons.es\/wp-content\/uploads\/2015\/09\/balon-gastrico-barcelona.jpg\" \/>\n\t<meta property=\"og:image:width\" content=\"456\" \/>\n\t<meta property=\"og:image:height\" content=\"122\" \/>\n\t<meta property=\"og:image:type\" content=\"image\/jpeg\" \/>\n<meta name=\"twitter:card\" content=\"summary_large_image\" \/>\n<meta name=\"twitter:site\" content=\"@canonsclinics\" \/>\n<meta name=\"twitter:label1\" content=\"Est. reading time\" \/>\n\t<meta name=\"twitter:data1\" content=\"2 minutes\" \/>\n<script type=\"application\/ld+json\" class=\"yoast-schema-graph\">{\"@context\":\"https:\\\/\\\/schema.org\",\"@graph\":[{\"@type\":\"WebPage\",\"@id\":\"https:\\\/\\\/www.canons.es\\\/en\\\/dietetica-y-nutricion\\\/balon-intragastrico\\\/\",\"url\":\"https:\\\/\\\/www.canons.es\\\/en\\\/dietetica-y-nutricion\\\/balon-intragastrico\\\/\",\"name\":\"Bal\u00f3n intrag\u00e1strico | Canons Clinics\u00ae\",\"isPartOf\":{\"@id\":\"https:\\\/\\\/www.canons.es\\\/#website\"},\"primaryImageOfPage\":{\"@id\":\"https:\\\/\\\/www.canons.es\\\/en\\\/dietetica-y-nutricion\\\/balon-intragastrico\\\/#primaryimage\"},\"image\":{\"@id\":\"https:\\\/\\\/www.canons.es\\\/en\\\/dietetica-y-nutricion\\\/balon-intragastrico\\\/#primaryimage\"},\"thumbnailUrl\":\"https:\\\/\\\/www.canons.es\\\/wp-content\\\/uploads\\\/2015\\\/09\\\/balon-gastrico-barcelona.jpg\",\"datePublished\":\"2015-09-18T15:56:08+00:00\",\"dateModified\":\"2026-02-18T12:22:37+00:00\",\"description\":\"Bal\u00f3n intrag\u00e1strico en Barcelona y Granollers para perder peso con control m\u00e9dico. Tratamiento personalizado con seguimiento y apoyo nutricional.\",\"breadcrumb\":{\"@id\":\"https:\\\/\\\/www.canons.es\\\/en\\\/dietetica-y-nutricion\\\/balon-intragastrico\\\/#breadcrumb\"},\"inLanguage\":\"en-US\",\"potentialAction\":[{\"@type\":\"ReadAction\",\"target\":[\"https:\\\/\\\/www.canons.es\\\/en\\\/dietetica-y-nutricion\\\/balon-intragastrico\\\/\"]}]},{\"@type\":\"ImageObject\",\"inLanguage\":\"en-US\",\"@id\":\"https:\\\/\\\/www.canons.es\\\/en\\\/dietetica-y-nutricion\\\/balon-intragastrico\\\/#primaryimage\",\"url\":\"https:\\\/\\\/www.canons.es\\\/wp-content\\\/uploads\\\/2015\\\/09\\\/balon-gastrico-barcelona.jpg\",\"contentUrl\":\"https:\\\/\\\/www.canons.es\\\/wp-content\\\/uploads\\\/2015\\\/09\\\/balon-gastrico-barcelona.jpg\",\"width\":456,\"height\":122,\"caption\":\"Bal\u00f3n intrag\u00e1strico en Barcelona y Granollers para perder peso con control m\u00e9dico, seguimiento y apoyo nutricional en Canons Clinics\u00ae\"},{\"@type\":\"BreadcrumbList\",\"@id\":\"https:\\\/\\\/www.canons.es\\\/en\\\/dietetica-y-nutricion\\\/balon-intragastrico\\\/#breadcrumb\",\"itemListElement\":[{\"@type\":\"ListItem\",\"position\":1,\"name\":\"Portada\",\"item\":\"https:\\\/\\\/www.canons.es\\\/en\\\/\"},{\"@type\":\"ListItem\",\"position\":2,\"name\":\"DIETETICS AND NUTRITION\",\"item\":\"https:\\\/\\\/www.canons.es\\\/en\\\/dietetica-y-nutricion\\\/\"},{\"@type\":\"ListItem\",\"position\":3,\"name\":\"Bal\u00f3n Intrag\u00e1strico\"}]},{\"@type\":\"WebSite\",\"@id\":\"https:\\\/\\\/www.canons.es\\\/#website\",\"url\":\"https:\\\/\\\/www.canons.es\\\/\",\"name\":\"Cirug\u00eda Pl\u00e1stica y Est\u00e9tica Barcelona y Granollers | C\u00e0nons Clinics\",\"description\":\"\",\"publisher\":{\"@id\":\"https:\\\/\\\/www.canons.es\\\/#organization\"},\"potentialAction\":[{\"@type\":\"SearchAction\",\"target\":{\"@type\":\"EntryPoint\",\"urlTemplate\":\"https:\\\/\\\/www.canons.es\\\/?s={search_term_string}\"},\"query-input\":{\"@type\":\"PropertyValueSpecification\",\"valueRequired\":true,\"valueName\":\"search_term_string\"}}],\"inLanguage\":\"en-US\"},{\"@type\":\"Organization\",\"@id\":\"https:\\\/\\\/www.canons.es\\\/#organization\",\"name\":\"Cirug\u00eda Pl\u00e1stica y Est\u00e9tica Barcelona y Granollers | C\u00e0nons Clinics\",\"url\":\"https:\\\/\\\/www.canons.es\\\/\",\"logo\":{\"@type\":\"ImageObject\",\"inLanguage\":\"en-US\",\"@id\":\"https:\\\/\\\/www.canons.es\\\/#\\\/schema\\\/logo\\\/image\\\/\",\"url\":\"https:\\\/\\\/www.canons.es\\\/wp-content\\\/uploads\\\/2025\\\/04\\\/logo-canons-clinics.jpg\",\"contentUrl\":\"https:\\\/\\\/www.canons.es\\\/wp-content\\\/uploads\\\/2025\\\/04\\\/logo-canons-clinics.jpg\",\"width\":600,\"height\":139,\"caption\":\"Cirug\u00eda Pl\u00e1stica y Est\u00e9tica Barcelona y Granollers | C\u00e0nons Clinics\"},\"image\":{\"@id\":\"https:\\\/\\\/www.canons.es\\\/#\\\/schema\\\/logo\\\/image\\\/\"},\"sameAs\":[\"https:\\\/\\\/www.facebook.com\\\/canonsclinics\\\/\",\"https:\\\/\\\/x.com\\\/canonsclinics\",\"https:\\\/\\\/www.instagram.com\\\/canonsclinics\\\/\",\"https:\\\/\\\/www.youtube.com\\\/channel\\\/UCI1Ia6LjALyo1CuQ0_HwtfQ\",\"https:\\\/\\\/www.linkedin.com\\\/company\\\/canons-clinics\\\/\"]}]}<\/script>\n<!-- \/ Yoast SEO Premium plugin. -->","yoast_head_json":{"title":"Bal\u00f3n intrag\u00e1strico | Canons Clinics\u00ae","description":"Bal\u00f3n intrag\u00e1strico en Barcelona y Granollers para perder peso con control m\u00e9dico. Tratamiento personalizado con seguimiento y apoyo nutricional.","robots":{"index":"index","follow":"follow","max-snippet":"max-snippet:-1","max-image-preview":"max-image-preview:large","max-video-preview":"max-video-preview:-1"},"canonical":"https:\/\/www.canons.es\/en\/dietetica-y-nutricion\/balon-intragastrico\/","og_locale":"en_US","og_type":"article","og_title":"Bal\u00f3n Intrag\u00e1strico","og_description":"Bal\u00f3n intrag\u00e1strico en Barcelona y Granollers para perder peso con control m\u00e9dico. Tratamiento personalizado con seguimiento y apoyo nutricional.","og_url":"https:\/\/www.canons.es\/en\/dietetica-y-nutricion\/balon-intragastrico\/","og_site_name":"Canons Clinic | Surgery and Aesthetic Medicine in Barcelona, \u200b\u200bGranollers","article_publisher":"https:\/\/www.facebook.com\/canonsclinics\/","article_modified_time":"2026-02-18T12:22:37+00:00","og_image":[{"width":456,"height":122,"url":"https:\/\/www.canons.es\/wp-content\/uploads\/2015\/09\/balon-gastrico-barcelona.jpg","type":"image\/jpeg"}],"twitter_card":"summary_large_image","twitter_site":"@canonsclinics","twitter_misc":{"Est. reading time":"2 minutes"},"schema":{"@context":"https:\/\/schema.org","@graph":[{"@type":"WebPage","@id":"https:\/\/www.canons.es\/en\/dietetica-y-nutricion\/balon-intragastrico\/","url":"https:\/\/www.canons.es\/en\/dietetica-y-nutricion\/balon-intragastrico\/","name":"Bal\u00f3n intrag\u00e1strico | Canons Clinics\u00ae","isPartOf":{"@id":"https:\/\/www.canons.es\/#website"},"primaryImageOfPage":{"@id":"https:\/\/www.canons.es\/en\/dietetica-y-nutricion\/balon-intragastrico\/#primaryimage"},"image":{"@id":"https:\/\/www.canons.es\/en\/dietetica-y-nutricion\/balon-intragastrico\/#primaryimage"},"thumbnailUrl":"https:\/\/www.canons.es\/wp-content\/uploads\/2015\/09\/balon-gastrico-barcelona.jpg","datePublished":"2015-09-18T15:56:08+00:00","dateModified":"2026-02-18T12:22:37+00:00","description":"Bal\u00f3n intrag\u00e1strico en Barcelona y Granollers para perder peso con control m\u00e9dico. Tratamiento personalizado con seguimiento y apoyo nutricional.","breadcrumb":{"@id":"https:\/\/www.canons.es\/en\/dietetica-y-nutricion\/balon-intragastrico\/#breadcrumb"},"inLanguage":"en-US","potentialAction":[{"@type":"ReadAction","target":["https:\/\/www.canons.es\/en\/dietetica-y-nutricion\/balon-intragastrico\/"]}]},{"@type":"ImageObject","inLanguage":"en-US","@id":"https:\/\/www.canons.es\/en\/dietetica-y-nutricion\/balon-intragastrico\/#primaryimage","url":"https:\/\/www.canons.es\/wp-content\/uploads\/2015\/09\/balon-gastrico-barcelona.jpg","contentUrl":"https:\/\/www.canons.es\/wp-content\/uploads\/2015\/09\/balon-gastrico-barcelona.jpg","width":456,"height":122,"caption":"Bal\u00f3n intrag\u00e1strico en Barcelona y Granollers para perder peso con control m\u00e9dico, seguimiento y apoyo nutricional en Canons Clinics\u00ae"},{"@type":"BreadcrumbList","@id":"https:\/\/www.canons.es\/en\/dietetica-y-nutricion\/balon-intragastrico\/#breadcrumb","itemListElement":[{"@type":"ListItem","position":1,"name":"Portada","item":"https:\/\/www.canons.es\/en\/"},{"@type":"ListItem","position":2,"name":"DIETETICS AND NUTRITION","item":"https:\/\/www.canons.es\/en\/dietetica-y-nutricion\/"},{"@type":"ListItem","position":3,"name":"Bal\u00f3n Intrag\u00e1strico"}]},{"@type":"WebSite","@id":"https:\/\/www.canons.es\/#website","url":"https:\/\/www.canons.es\/","name":"Cirug\u00eda Pl\u00e1stica y Est\u00e9tica Barcelona y Granollers | C\u00e0nons Clinics","description":"","publisher":{"@id":"https:\/\/www.canons.es\/#organization"},"potentialAction":[{"@type":"SearchAction","target":{"@type":"EntryPoint","urlTemplate":"https:\/\/www.canons.es\/?s={search_term_string}"},"query-input":{"@type":"PropertyValueSpecification","valueRequired":true,"valueName":"search_term_string"}}],"inLanguage":"en-US"},{"@type":"Organization","@id":"https:\/\/www.canons.es\/#organization","name":"Cirug\u00eda Pl\u00e1stica y Est\u00e9tica Barcelona y Granollers | C\u00e0nons Clinics","url":"https:\/\/www.canons.es\/","logo":{"@type":"ImageObject","inLanguage":"en-US","@id":"https:\/\/www.canons.es\/#\/schema\/logo\/image\/","url":"https:\/\/www.canons.es\/wp-content\/uploads\/2025\/04\/logo-canons-clinics.jpg","contentUrl":"https:\/\/www.canons.es\/wp-content\/uploads\/2025\/04\/logo-canons-clinics.jpg","width":600,"height":139,"caption":"Cirug\u00eda Pl\u00e1stica y Est\u00e9tica Barcelona y Granollers | C\u00e0nons Clinics"},"image":{"@id":"https:\/\/www.canons.es\/#\/schema\/logo\/image\/"},"sameAs":["https:\/\/www.facebook.com\/canonsclinics\/","https:\/\/x.com\/canonsclinics","https:\/\/www.instagram.com\/canonsclinics\/","https:\/\/www.youtube.com\/channel\/UCI1Ia6LjALyo1CuQ0_HwtfQ","https:\/\/www.linkedin.com\/company\/canons-clinics\/"]}]}},"_links":{"self":[{"href":"https:\/\/www.canons.es\/en\/wp-json\/wp\/v2\/pages\/9971","targetHints":{"allow":["GET"]}}],"collection":[{"href":"https:\/\/www.canons.es\/en\/wp-json\/wp\/v2\/pages"}],"about":[{"href":"https:\/\/www.canons.es\/en\/wp-json\/wp\/v2\/types\/page"}],"author":[{"embeddable":true,"href":"https:\/\/www.canons.es\/en\/wp-json\/wp\/v2\/users\/25"}],"replies":[{"embeddable":true,"href":"https:\/\/www.canons.es\/en\/wp-json\/wp\/v2\/comments?post=9971"}],"version-history":[{"count":0,"href":"https:\/\/www.canons.es\/en\/wp-json\/wp\/v2\/pages\/9971\/revisions"}],"up":[{"embeddable":true,"href":"https:\/\/www.canons.es\/en\/wp-json\/wp\/v2\/pages\/10169"}],"wp:featuredmedia":[{"embeddable":true,"href":"https:\/\/www.canons.es\/en\/wp-json\/wp\/v2\/media\/15720"}],"wp:attachment":[{"href":"https:\/\/www.canons.es\/en\/wp-json\/wp\/v2\/media?parent=9971"}],"curies":[{"name":"wp","href":"https:\/\/api.w.org\/{rel}","templated":true}]}}