{"id":9132,"date":"2015-09-02T10:41:49","date_gmt":"2015-09-02T10:41:49","guid":{"rendered":"https:\/\/www.canons.es\/en\/terapia-facial-estimuladora-de-colageno-con-ondas-de-choque\/"},"modified":"2019-12-12T14:38:44","modified_gmt":"2019-12-12T14:38:44","slug":"terapia-facial-estimuladora-de-colageno-con-ondas-de-choque","status":"publish","type":"page","link":"https:\/\/www.canons.es\/en\/terapia-facial-estimuladora-de-colageno-con-ondas-de-choque\/","title":{"rendered":"Stimulating Facial Collagen Therapy with Shock Wave"},"content":{"rendered":"<div class=\"wpb-content-wrapper\"><p>[vc_row css_animation=&#8221;&#8221; row_type=&#8221;row&#8221; use_row_as_full_screen_section=&#8221;no&#8221; type=&#8221;full_width&#8221; angled_section=&#8221;no&#8221; text_align=&#8221;left&#8221; background_image_as_pattern=&#8221;without_pattern&#8221; background_color=&#8221;#f7f7f7&#8243; section_type=&#8221;full-width&#8221;][vc_column][vc_empty_space height=&#8221;20px&#8221;]<div class=\"custom_font_holder\" style=\"font-family: Raleway; font-size: 35px; line-height: 26px; font-style: normal; font-weight: 300; color: #1e70b3; text-decoration: none; text-align: left;\">COLLAGEN STIMULATING THERAPY WITH SHOCK WAVES<\/div>[vc_empty_space][vc_row_inner row_type=&#8221;row&#8221; type=&#8221;full_width&#8221; text_align=&#8221;left&#8221; css_animation=&#8221;&#8221;][vc_column_inner width=&#8221;1\/2&#8243;][vc_single_image image=&#8221;10645&#8243; img_size=&#8221;thumb-medium&#8221; qode_css_animation=&#8221;&#8221;][\/vc_column_inner][vc_column_inner width=&#8221;1\/2&#8243;][vc_empty_space height=&#8221;12px&#8221;][vc_column_text]In C\u00e0nons Clinics clinics we have a new and effective treatment with shock or acoustic waves <strong>to reaffirm and stimulate facial collagen.<\/strong><\/p>\n<p>It is one of the most effective non-invasive professional methods to improve blood circulation and skin elasticity.[\/vc_column_text][\/vc_column_inner][\/vc_row_inner][\/vc_column][\/vc_row][vc_row css_animation=&#8221;&#8221; row_type=&#8221;row&#8221; use_row_as_full_screen_section=&#8221;no&#8221; type=&#8221;full_width&#8221; angled_section=&#8221;no&#8221; text_align=&#8221;left&#8221; background_image_as_pattern=&#8221;without_pattern&#8221; section_type=&#8221;full-width&#8221;][vc_column][vc_empty_space][vc_accordion style=&#8221;accordion&#8221;][vc_accordion_tab title=&#8221;What is the therapy and what is it?&#8221;][vc_column_text]First, a gel is applied that allows the transmission of shock or acoustic waves in the area to be treated. Next, and through the head of a medical team, high frequency waves are introduced, which reaffirm facial tissue and stimulate the creation of collagen.<\/p>\n<p>This treatment provides luminosity and reduces the appearance of wrinkles on the face, allowing to have a younger, smoother and smoother skin.<\/p>\n<p><strong>At C\u00e0nons Clinics, clinic of Surgery and Aesthetic Medicine, we work with Awt Storz technology, a Swiss brand Storz Medical, the market leader in the latest generation devices with aesthetic applications.<\/strong>[\/vc_column_text][vc_empty_space][vc_row_inner row_type=&#8221;row&#8221; type=&#8221;full_width&#8221; text_align=&#8221;left&#8221; css_animation=&#8221;&#8221;][vc_column_inner width=&#8221;1\/6&#8243;]<br \/>\n[\/vc_column_inner][vc_column_inner width=&#8221;2\/3&#8243;][vc_video link=&#8221;https:\/\/www.youtube.com\/watch?v=aOa9spAiqYg&#8221;][\/vc_column_inner][vc_column_inner width=&#8221;1\/6&#8243;]<br \/>\n[\/vc_column_inner][\/vc_row_inner][\/vc_accordion_tab][vc_accordion_tab title=&#8221;Benefits&#8221;][vc_row_inner row_type=&#8221;row&#8221; type=&#8221;full_width&#8221; text_align=&#8221;left&#8221; css_animation=&#8221;&#8221;][vc_column_inner][vc_column_text]<\/p>\n<ul>\n<li><strong>Invasive and painless<\/strong>.<\/li>\n<li><strong>Suitable for all skin types<\/strong>, even the bronzed.<\/li>\n<li><strong>Only 5 sessions<\/strong> per area treatment protocol.<\/li>\n<li>Session of <strong>short duration (approximately 20 minutes per zone)<\/strong>.<\/li>\n<li>Depending on the tissue, the results might be <strong>within of the first session<\/strong>.<\/li>\n<\/ul>\n<p>[\/vc_column_text][\/vc_column_inner][\/vc_row_inner][\/vc_accordion_tab][vc_accordion_tab title=&#8221;What are the effects?&#8221;][vc_column_text]<\/p>\n<ul>\n<li>Increased blood flow.<\/li>\n<li>It prevents aging.<\/li>\n<li>It stimulates the production of collagen.<\/li>\n<li>Reduces wrinkles.<\/li>\n<li>Repairs and reaffirms the mature or damaged tissues.<\/li>\n<li>It improves the elasticity of the skin tissue.<\/li>\n<\/ul>\n<p>[\/vc_column_text][\/vc_accordion_tab][vc_accordion_tab title=&#8221;What areas can I treat?&#8221;][vc_column_text]With this innovative treatment of cosmetic medicine, you can <strong>reaffirm parts such as Chin and face<\/strong>.[\/vc_column_text][\/vc_accordion_tab][vc_accordion_tab title=&#8221;How many sessions are recommended?&#8221;][vc_column_text]<\/p>\n<p style=\"text-align: justify;\">It is important that, at a minimum, <strong>5 sessions are carried out<\/strong> to see the first changes in the appearance of the skin. We recommend applying the treatment with a <strong>frequency of 1 to 2 sessions per week<\/strong>.<\/p>\n<p>[\/vc_column_text][\/vc_accordion_tab][vc_accordion_tab title=&#8221;Do I get an immediate results?&#8221;][vc_column_text]<\/p>\n<p style=\"text-align: justify;\"><strong>In the first session you will already see results<\/strong>. Each session will reduce the signs of maturity and you will better appreciate the reaffirmation of the facial tissue.<\/p>\n<p>[\/vc_column_text][\/vc_accordion_tab][vc_accordion_tab title=&#8221;What contraindications does it have?&#8221;][vc_column_text]It is not suitable for:<\/p>\n<ul>\n<li>Cancer tumor diseases<\/li>\n<li>Diseases related to coagulation<\/li>\n<li>Blood-thinning treatments<\/li>\n<li>Neurological diseases<\/li>\n<li>Pregnancy and lactation<\/li>\n<li>Therapy with corticosteroids<\/li>\n<li>Acute inflammations<\/li>\n<\/ul>\n<p>[\/vc_column_text][\/vc_accordion_tab][vc_accordion_tab title=&#8221;Is it compatible with my everyday activities?&#8221;][vc_column_text]<\/p>\n<p style=\"text-align: justify;\">This treatment of aesthetic medicine allows an <strong>immediate incorporation to everyday life<\/strong>, without the need for special care.<\/p>\n<p>[\/vc_column_text][\/vc_accordion_tab][vc_accordion_tab title=&#8221;Can I combine it with other treatments of aesthetic medicine?&#8221;][vc_column_text]<\/p>\n<p style=\"text-align: justify;\">It is <strong>fully compatible with all therapies in aesthetic medicine<\/strong>, following recommendations based by our medical specialists according to each case in particular.<\/p>\n<p>[\/vc_column_text][\/vc_accordion_tab][\/vc_accordion][\/vc_column][\/vc_row]<\/p>\n<\/div><!-- AddThis Advanced Settings generic via filter on the_content --><!-- AddThis Share Buttons generic via filter on the_content -->","protected":false},"excerpt":{"rendered":"<p>[vc_row css_animation=&#8221;&#8221; row_type=&#8221;row&#8221; use_row_as_full_screen_section=&#8221;no&#8221; type=&#8221;full_width&#8221; angled_section=&#8221;no&#8221; text_align=&#8221;left&#8221; background_image_as_pattern=&#8221;without_pattern&#8221; background_color=&#8221;#f7f7f7&#8243; section_type=&#8221;full-width&#8221;][vc_column][vc_empty_space height=&#8221;20px&#8221;][vc_empty_space][vc_row_inner row_type=&#8221;row&#8221; type=&#8221;full_width&#8221; text_align=&#8221;left&#8221; css_animation=&#8221;&#8221;][vc_column_inner width=&#8221;1\/2&#8243;][vc_single_image image=&#8221;10645&#8243; img_size=&#8221;thumb-medium&#8221; qode_css_animation=&#8221;&#8221;][\/vc_column_inner][vc_column_inner width=&#8221;1\/2&#8243;][vc_empty_space height=&#8221;12px&#8221;][vc_column_text]In C\u00e0nons Clinics clinics we have a new and effective treatment with shock or acoustic waves to reaffirm and stimulate facial collagen. It is one&#8230;<!-- AddThis Advanced Settings generic via filter on get_the_excerpt --><!-- AddThis Share Buttons generic via filter on get_the_excerpt --><\/p>\n","protected":false},"author":25,"featured_media":0,"parent":0,"menu_order":0,"comment_status":"closed","ping_status":"closed","template":"","meta":{"footnotes":""},"class_list":["post-9132","page","type-page","status-publish","hentry"],"yoast_head":"<!-- This site is optimized with the Yoast SEO Premium plugin v26.9 (Yoast SEO v27.4) - https:\/\/yoast.com\/product\/yoast-seo-premium-wordpress\/ -->\n<title>Stimulating Facial Collagen Therapy with Shock Wave - Canons Clinic | Surgery and Aesthetic Medicine in Barcelona, \u200b\u200bGranollers<\/title>\n<meta name=\"robots\" content=\"index, follow, max-snippet:-1, max-image-preview:large, max-video-preview:-1\" \/>\n<link rel=\"canonical\" href=\"https:\/\/www.canons.es\/terapia-facial-estimuladora-de-colageno-con-ondas-de-choque\/\" \/>\n<meta property=\"og:locale\" content=\"en_US\" \/>\n<meta property=\"og:type\" content=\"article\" \/>\n<meta property=\"og:title\" content=\"Stimulating Facial Collagen Therapy with Shock Wave\" \/>\n<meta property=\"og:description\" content=\"[vc_row css_animation=&#8221;&#8221; row_type=&#8221;row&#8221; use_row_as_full_screen_section=&#8221;no&#8221; type=&#8221;full_width&#8221; angled_section=&#8221;no&#8221; text_align=&#8221;left&#8221; background_image_as_pattern=&#8221;without_pattern&#8221; background_color=&#8221;#f7f7f7&#8243; section_type=&#8221;full-width&#8221;][vc_column][vc_empty_space height=&#8221;20px&#8221;][vc_empty_space][vc_row_inner row_type=&#8221;row&#8221; type=&#8221;full_width&#8221; text_align=&#8221;left&#8221; css_animation=&#8221;&#8221;][vc_column_inner width=&#8221;1\/2&#8243;][vc_single_image image=&#8221;10645&#8243; img_size=&#8221;thumb-medium&#8221; qode_css_animation=&#8221;&#8221;][\/vc_column_inner][vc_column_inner width=&#8221;1\/2&#8243;][vc_empty_space height=&#8221;12px&#8221;][vc_column_text]In C\u00e0nons Clinics clinics we have a new and effective treatment with shock or acoustic waves to reaffirm and stimulate facial collagen. It is one...\" \/>\n<meta property=\"og:url\" content=\"https:\/\/www.canons.es\/terapia-facial-estimuladora-de-colageno-con-ondas-de-choque\/\" \/>\n<meta property=\"og:site_name\" content=\"Canons Clinic | Surgery and Aesthetic Medicine in Barcelona, \u200b\u200bGranollers\" \/>\n<meta property=\"article:publisher\" content=\"https:\/\/www.facebook.com\/canonsclinics\/\" \/>\n<meta property=\"article:modified_time\" content=\"2019-12-12T14:38:44+00:00\" \/>\n<meta name=\"twitter:card\" content=\"summary_large_image\" \/>\n<meta name=\"twitter:site\" content=\"@canonsclinics\" \/>\n<meta name=\"twitter:label1\" content=\"Est. reading time\" \/>\n\t<meta name=\"twitter:data1\" content=\"4 minutes\" \/>\n<script type=\"application\/ld+json\" class=\"yoast-schema-graph\">{\"@context\":\"https:\\\/\\\/schema.org\",\"@graph\":[{\"@type\":\"WebPage\",\"@id\":\"https:\\\/\\\/www.canons.es\\\/terapia-facial-estimuladora-de-colageno-con-ondas-de-choque\\\/\",\"url\":\"https:\\\/\\\/www.canons.es\\\/terapia-facial-estimuladora-de-colageno-con-ondas-de-choque\\\/\",\"name\":\"Stimulating Facial Collagen Therapy with Shock Wave - Canons Clinic | Surgery and Aesthetic Medicine in Barcelona, \u200b\u200bGranollers\",\"isPartOf\":{\"@id\":\"https:\\\/\\\/www.canons.es\\\/#website\"},\"datePublished\":\"2015-09-02T10:41:49+00:00\",\"dateModified\":\"2019-12-12T14:38:44+00:00\",\"breadcrumb\":{\"@id\":\"https:\\\/\\\/www.canons.es\\\/terapia-facial-estimuladora-de-colageno-con-ondas-de-choque\\\/#breadcrumb\"},\"inLanguage\":\"en-US\",\"potentialAction\":[{\"@type\":\"ReadAction\",\"target\":[\"https:\\\/\\\/www.canons.es\\\/terapia-facial-estimuladora-de-colageno-con-ondas-de-choque\\\/\"]}]},{\"@type\":\"BreadcrumbList\",\"@id\":\"https:\\\/\\\/www.canons.es\\\/terapia-facial-estimuladora-de-colageno-con-ondas-de-choque\\\/#breadcrumb\",\"itemListElement\":[{\"@type\":\"ListItem\",\"position\":1,\"name\":\"Portada\",\"item\":\"https:\\\/\\\/www.canons.es\\\/en\\\/\"},{\"@type\":\"ListItem\",\"position\":2,\"name\":\"Stimulating Facial Collagen Therapy with Shock Wave\"}]},{\"@type\":\"WebSite\",\"@id\":\"https:\\\/\\\/www.canons.es\\\/#website\",\"url\":\"https:\\\/\\\/www.canons.es\\\/\",\"name\":\"Cirug\u00eda Pl\u00e1stica y Est\u00e9tica Barcelona y Granollers | C\u00e0nons Clinics\",\"description\":\"\",\"publisher\":{\"@id\":\"https:\\\/\\\/www.canons.es\\\/#organization\"},\"potentialAction\":[{\"@type\":\"SearchAction\",\"target\":{\"@type\":\"EntryPoint\",\"urlTemplate\":\"https:\\\/\\\/www.canons.es\\\/?s={search_term_string}\"},\"query-input\":{\"@type\":\"PropertyValueSpecification\",\"valueRequired\":true,\"valueName\":\"search_term_string\"}}],\"inLanguage\":\"en-US\"},{\"@type\":\"Organization\",\"@id\":\"https:\\\/\\\/www.canons.es\\\/#organization\",\"name\":\"Cirug\u00eda Pl\u00e1stica y Est\u00e9tica Barcelona y Granollers | C\u00e0nons Clinics\",\"url\":\"https:\\\/\\\/www.canons.es\\\/\",\"logo\":{\"@type\":\"ImageObject\",\"inLanguage\":\"en-US\",\"@id\":\"https:\\\/\\\/www.canons.es\\\/#\\\/schema\\\/logo\\\/image\\\/\",\"url\":\"https:\\\/\\\/www.canons.es\\\/wp-content\\\/uploads\\\/2025\\\/04\\\/logo-canons-clinics.jpg\",\"contentUrl\":\"https:\\\/\\\/www.canons.es\\\/wp-content\\\/uploads\\\/2025\\\/04\\\/logo-canons-clinics.jpg\",\"width\":600,\"height\":139,\"caption\":\"Cirug\u00eda Pl\u00e1stica y Est\u00e9tica Barcelona y Granollers | C\u00e0nons Clinics\"},\"image\":{\"@id\":\"https:\\\/\\\/www.canons.es\\\/#\\\/schema\\\/logo\\\/image\\\/\"},\"sameAs\":[\"https:\\\/\\\/www.facebook.com\\\/canonsclinics\\\/\",\"https:\\\/\\\/x.com\\\/canonsclinics\",\"https:\\\/\\\/www.instagram.com\\\/canonsclinics\\\/\",\"https:\\\/\\\/www.youtube.com\\\/channel\\\/UCI1Ia6LjALyo1CuQ0_HwtfQ\",\"https:\\\/\\\/www.linkedin.com\\\/company\\\/canons-clinics\\\/\"]}]}<\/script>\n<!-- \/ Yoast SEO Premium plugin. -->","yoast_head_json":{"title":"Stimulating Facial Collagen Therapy with Shock Wave - Canons Clinic | Surgery and Aesthetic Medicine in Barcelona, \u200b\u200bGranollers","robots":{"index":"index","follow":"follow","max-snippet":"max-snippet:-1","max-image-preview":"max-image-preview:large","max-video-preview":"max-video-preview:-1"},"canonical":"https:\/\/www.canons.es\/terapia-facial-estimuladora-de-colageno-con-ondas-de-choque\/","og_locale":"en_US","og_type":"article","og_title":"Stimulating Facial Collagen Therapy with Shock Wave","og_description":"[vc_row css_animation=&#8221;&#8221; row_type=&#8221;row&#8221; use_row_as_full_screen_section=&#8221;no&#8221; type=&#8221;full_width&#8221; angled_section=&#8221;no&#8221; text_align=&#8221;left&#8221; background_image_as_pattern=&#8221;without_pattern&#8221; background_color=&#8221;#f7f7f7&#8243; section_type=&#8221;full-width&#8221;][vc_column][vc_empty_space height=&#8221;20px&#8221;][vc_empty_space][vc_row_inner row_type=&#8221;row&#8221; type=&#8221;full_width&#8221; text_align=&#8221;left&#8221; css_animation=&#8221;&#8221;][vc_column_inner width=&#8221;1\/2&#8243;][vc_single_image image=&#8221;10645&#8243; img_size=&#8221;thumb-medium&#8221; qode_css_animation=&#8221;&#8221;][\/vc_column_inner][vc_column_inner width=&#8221;1\/2&#8243;][vc_empty_space height=&#8221;12px&#8221;][vc_column_text]In C\u00e0nons Clinics clinics we have a new and effective treatment with shock or acoustic waves to reaffirm and stimulate facial collagen. It is one...","og_url":"https:\/\/www.canons.es\/terapia-facial-estimuladora-de-colageno-con-ondas-de-choque\/","og_site_name":"Canons Clinic | Surgery and Aesthetic Medicine in Barcelona, \u200b\u200bGranollers","article_publisher":"https:\/\/www.facebook.com\/canonsclinics\/","article_modified_time":"2019-12-12T14:38:44+00:00","twitter_card":"summary_large_image","twitter_site":"@canonsclinics","twitter_misc":{"Est. reading time":"4 minutes"},"schema":{"@context":"https:\/\/schema.org","@graph":[{"@type":"WebPage","@id":"https:\/\/www.canons.es\/terapia-facial-estimuladora-de-colageno-con-ondas-de-choque\/","url":"https:\/\/www.canons.es\/terapia-facial-estimuladora-de-colageno-con-ondas-de-choque\/","name":"Stimulating Facial Collagen Therapy with Shock Wave - Canons Clinic | Surgery and Aesthetic Medicine in Barcelona, \u200b\u200bGranollers","isPartOf":{"@id":"https:\/\/www.canons.es\/#website"},"datePublished":"2015-09-02T10:41:49+00:00","dateModified":"2019-12-12T14:38:44+00:00","breadcrumb":{"@id":"https:\/\/www.canons.es\/terapia-facial-estimuladora-de-colageno-con-ondas-de-choque\/#breadcrumb"},"inLanguage":"en-US","potentialAction":[{"@type":"ReadAction","target":["https:\/\/www.canons.es\/terapia-facial-estimuladora-de-colageno-con-ondas-de-choque\/"]}]},{"@type":"BreadcrumbList","@id":"https:\/\/www.canons.es\/terapia-facial-estimuladora-de-colageno-con-ondas-de-choque\/#breadcrumb","itemListElement":[{"@type":"ListItem","position":1,"name":"Portada","item":"https:\/\/www.canons.es\/en\/"},{"@type":"ListItem","position":2,"name":"Stimulating Facial Collagen Therapy with Shock Wave"}]},{"@type":"WebSite","@id":"https:\/\/www.canons.es\/#website","url":"https:\/\/www.canons.es\/","name":"Cirug\u00eda Pl\u00e1stica y Est\u00e9tica Barcelona y Granollers | C\u00e0nons Clinics","description":"","publisher":{"@id":"https:\/\/www.canons.es\/#organization"},"potentialAction":[{"@type":"SearchAction","target":{"@type":"EntryPoint","urlTemplate":"https:\/\/www.canons.es\/?s={search_term_string}"},"query-input":{"@type":"PropertyValueSpecification","valueRequired":true,"valueName":"search_term_string"}}],"inLanguage":"en-US"},{"@type":"Organization","@id":"https:\/\/www.canons.es\/#organization","name":"Cirug\u00eda Pl\u00e1stica y Est\u00e9tica Barcelona y Granollers | C\u00e0nons Clinics","url":"https:\/\/www.canons.es\/","logo":{"@type":"ImageObject","inLanguage":"en-US","@id":"https:\/\/www.canons.es\/#\/schema\/logo\/image\/","url":"https:\/\/www.canons.es\/wp-content\/uploads\/2025\/04\/logo-canons-clinics.jpg","contentUrl":"https:\/\/www.canons.es\/wp-content\/uploads\/2025\/04\/logo-canons-clinics.jpg","width":600,"height":139,"caption":"Cirug\u00eda Pl\u00e1stica y Est\u00e9tica Barcelona y Granollers | C\u00e0nons Clinics"},"image":{"@id":"https:\/\/www.canons.es\/#\/schema\/logo\/image\/"},"sameAs":["https:\/\/www.facebook.com\/canonsclinics\/","https:\/\/x.com\/canonsclinics","https:\/\/www.instagram.com\/canonsclinics\/","https:\/\/www.youtube.com\/channel\/UCI1Ia6LjALyo1CuQ0_HwtfQ","https:\/\/www.linkedin.com\/company\/canons-clinics\/"]}]}},"_links":{"self":[{"href":"https:\/\/www.canons.es\/en\/wp-json\/wp\/v2\/pages\/9132","targetHints":{"allow":["GET"]}}],"collection":[{"href":"https:\/\/www.canons.es\/en\/wp-json\/wp\/v2\/pages"}],"about":[{"href":"https:\/\/www.canons.es\/en\/wp-json\/wp\/v2\/types\/page"}],"author":[{"embeddable":true,"href":"https:\/\/www.canons.es\/en\/wp-json\/wp\/v2\/users\/25"}],"replies":[{"embeddable":true,"href":"https:\/\/www.canons.es\/en\/wp-json\/wp\/v2\/comments?post=9132"}],"version-history":[{"count":0,"href":"https:\/\/www.canons.es\/en\/wp-json\/wp\/v2\/pages\/9132\/revisions"}],"wp:attachment":[{"href":"https:\/\/www.canons.es\/en\/wp-json\/wp\/v2\/media?parent=9132"}],"curies":[{"name":"wp","href":"https:\/\/api.w.org\/{rel}","templated":true}]}}