{"id":8996,"date":"2015-07-13T08:09:56","date_gmt":"2015-07-13T08:09:56","guid":{"rendered":"https:\/\/www.canons.es\/en\/dra-diana-perez-sidelnikova\/"},"modified":"2020-10-29T08:15:43","modified_gmt":"2020-10-29T08:15:43","slug":"dra-diana-perez-sidelnikova","status":"publish","type":"page","link":"https:\/\/www.canons.es\/en\/canons-team\/dra-diana-perez-sidelnikova\/","title":{"rendered":"C\u00e0nons Clinics Team"},"content":{"rendered":"<div class=\"wpb-content-wrapper\"><p>[vc_row css_animation=&#8221;&#8221; row_type=&#8221;row&#8221; use_row_as_full_screen_section=&#8221;no&#8221; type=&#8221;full_width&#8221; angled_section=&#8221;no&#8221; text_align=&#8221;left&#8221; background_image_as_pattern=&#8221;without_pattern&#8221;][vc_column width=&#8221;1\/2&#8243;][vc_single_image image=&#8221;8194&#8243; qode_css_animation=&#8221;&#8221; css_animation=&#8221;fadeInLeft&#8221;][\/vc_column][vc_column width=&#8221;1\/2&#8243;][vc_column_text]<\/p>\n<h1 style=\"color: #6d98dc;\">Dra. Diana P\u00e9rez Sidelnikova<\/h1>\n<p>[\/vc_column_text][vc_empty_space][vc_column_text][vc_heading title=&#8221;Dra. Diana P\u00e9rez Sidelnikova&#8221; type=&#8221;h2&#8243; style=&#8221;style1&#8243;][vc_column_text]<\/p>\n<div id=\"stcpDiv\"><strong>Member of the college of Physicians of Barcelona with\u00a0n\u00ba. 40.020.<\/strong><br \/>\n<strong> Specialistin Plastic, Reconstructive and Aesthetic Surgery.<\/strong><\/div>\n<div>\n<div id=\"stcpDiv\"><strong>Full Member of the Spanish Society of Plastic, Reconstructive and Aesthetic since December 2010.<\/strong><\/div>\n<p><strong><span style=\"color: #6d98dc;\">\u00a0<\/span><\/strong><\/p>\n<\/div>\n<div><\/div>\n<p>[\/vc_column_text][vc_empty_space][vc_column_text css=&#8221;.vc_custom_1571927543228{margin-bottom: 30px !important;}&#8221;]<\/p>\n<h4><span style=\"color: #6d98dc;\">ACADEMIC INFORMATION<\/span><\/h4>\n<p>&nbsp;<\/p>\n<ul>\n<li>Basic studies completed within the IB school Alameda de Osuna, Madrid since 1994 from 1997.<\/li>\n<li>COU Studies in I.B. Alameda de Osuna, Madrid in 1998.<\/li>\n<li>Bachelor of Medicine from the Autonomous University of Madrid in 2004, carrying out \u00a0the theoretical and practical training in the second academic year at the University Hospital of La Princesa, Ni\u00f1o Jesus and Santa Cristina.<\/li>\n<li>Obtaining MIR (fellowship)\u00a0 in 2004 to study medicine in the specialty of Plastic, Reconstructive and Aesthetic Surgery at University Medical City Bellvitge, Hospitalet de Llobregat.<\/li>\n<li><strong>Certified Medical Specialist in Plastic and Reconstructive<\/strong> in C\u00e0nons Clinics since May 2010.<\/li>\n<\/ul>\n<p>[\/vc_column_text][\/vc_column][\/vc_row][vc_row css_animation=&#8221;&#8221; row_type=&#8221;row&#8221; use_row_as_full_screen_section=&#8221;no&#8221; type=&#8221;full_width&#8221; angled_section=&#8221;no&#8221; text_align=&#8221;left&#8221; background_image_as_pattern=&#8221;without_pattern&#8221;][vc_column][vc_empty_space][\/vc_column][\/vc_row][vc_row css_animation=&#8221;&#8221; row_type=&#8221;row&#8221; use_row_as_full_screen_section=&#8221;no&#8221; type=&#8221;full_width&#8221; angled_section=&#8221;no&#8221; text_align=&#8221;left&#8221; background_image_as_pattern=&#8221;without_pattern&#8221; section_type=&#8221;full-width&#8221;][vc_column][vc_accordion style=&#8221;accordion&#8221;][vc_accordion_tab title=&#8221;PROFESSIONAL EXPERIENCE&#8221;][vc_column_text]<\/p>\n<ul>\n<li id=\"stcpDiv\">\n<div id=\"stcpDiv\">Deputy Medical Specialist Plastic Surgery Department, University Hospital of Bellvitge since July 2010.<\/div>\n<\/li>\n<li>\n<div id=\"stcpDiv\">Membre of the Service of Plastic and Aesthetic Surgery Policlinic Group with Dr. Victor Hernandez Machado Da Costa since 2010.<\/div>\n<\/li>\n<li>\n<div id=\"stcpDiv\">Collaboration C\u00e0nons Clinics, aesthetic medicine and surgery located in Granollers and Barcelona since 2011.<\/div>\n<\/li>\n<\/ul>\n<p>[\/vc_column_text][\/vc_accordion_tab][vc_accordion_tab title=&#8221;COMMUNICATIONS AND PUBLICATIONS&#8221;][vc_column_text]<\/p>\n<ul>\n<li>\n<div id=\"stcpDiv\">Certificate of congressman in the XLI National Congress of the Spanish Society of Plastic, Reconstructive and Aesthetic \u201c(SECPRE).Pamplona (poster presentation) in May 2006.<\/div>\n<\/li>\n<li>\n<div id=\"stcpDiv\">Congressman Certificate in XLIII National Congress of the Spanish Society of Plastic, Reconstructive and Aesthetic Surgery (SECPRE) \u201c.Zaragoza. (Oral and poster presentation) in June 2008.<\/div>\n<\/li>\n<\/ul>\n<p>[\/vc_column_text][\/vc_accordion_tab][vc_accordion_tab title=&#8221;OTHER MERITS&#8221;][vc_column_text]<\/p>\n<ul>\n<li id=\"stcpDiv\">\n<div id=\"stcpDiv\">Full Member of the Spanish Society of Plastic, Reconstructive and Aesthetic since December 2010.<\/div>\n<\/li>\n<li>\n<div id=\"stcpDiv\">Russian-Spanish Bilingual.<\/div>\n<\/li>\n<\/ul>\n<p>[\/vc_column_text][\/vc_accordion_tab][\/vc_accordion][\/vc_column][\/vc_row]<\/p>\n<\/div><!-- AddThis Advanced Settings generic via filter on the_content --><!-- AddThis Share Buttons generic via filter on the_content -->","protected":false},"excerpt":{"rendered":"<p>[vc_row css_animation=&#8221;&#8221; row_type=&#8221;row&#8221; use_row_as_full_screen_section=&#8221;no&#8221; type=&#8221;full_width&#8221; angled_section=&#8221;no&#8221; text_align=&#8221;left&#8221; background_image_as_pattern=&#8221;without_pattern&#8221;][vc_column width=&#8221;1\/2&#8243;][vc_single_image image=&#8221;8194&#8243; qode_css_animation=&#8221;&#8221; css_animation=&#8221;fadeInLeft&#8221;][\/vc_column][vc_column width=&#8221;1\/2&#8243;][vc_column_text] Dra. Diana P\u00e9rez Sidelnikova [\/vc_column_text][vc_empty_space][vc_column_text][vc_heading title=&#8221;Dra. Diana P\u00e9rez Sidelnikova&#8221; type=&#8221;h2&#8243; style=&#8221;style1&#8243;][vc_column_text] Member of the college of Physicians of Barcelona with\u00a0n\u00ba. 40.020. Specialistin Plastic, Reconstructive and Aesthetic Surgery. Full Member of the Spanish&#8230;<!-- AddThis Advanced Settings generic via filter on get_the_excerpt --><!-- AddThis Share Buttons generic via filter on get_the_excerpt --><\/p>\n","protected":false},"author":25,"featured_media":0,"parent":8971,"menu_order":0,"comment_status":"closed","ping_status":"closed","template":"","meta":{"footnotes":""},"class_list":["post-8996","page","type-page","status-publish","hentry"],"yoast_head":"<!-- This site is optimized with the Yoast SEO Premium plugin v26.9 (Yoast SEO v27.4) - https:\/\/yoast.com\/product\/yoast-seo-premium-wordpress\/ -->\n<title>C\u00e0nons Clinics Team - Canons Clinic | Surgery and Aesthetic Medicine in Barcelona, \u200b\u200bGranollers<\/title>\n<meta name=\"robots\" content=\"index, follow, max-snippet:-1, max-image-preview:large, max-video-preview:-1\" \/>\n<link rel=\"canonical\" href=\"https:\/\/www.canons.es\/equipo-canons\/dra-diana-perez-sidelnikova\/\" \/>\n<meta property=\"og:locale\" content=\"en_US\" \/>\n<meta property=\"og:type\" content=\"article\" \/>\n<meta property=\"og:title\" content=\"C\u00e0nons Clinics Team\" \/>\n<meta property=\"og:description\" content=\"[vc_row css_animation=&#8221;&#8221; row_type=&#8221;row&#8221; use_row_as_full_screen_section=&#8221;no&#8221; type=&#8221;full_width&#8221; angled_section=&#8221;no&#8221; text_align=&#8221;left&#8221; background_image_as_pattern=&#8221;without_pattern&#8221;][vc_column width=&#8221;1\/2&#8243;][vc_single_image image=&#8221;8194&#8243; qode_css_animation=&#8221;&#8221; css_animation=&#8221;fadeInLeft&#8221;][\/vc_column][vc_column width=&#8221;1\/2&#8243;][vc_column_text] Dra. Diana P\u00e9rez Sidelnikova [\/vc_column_text][vc_empty_space][vc_column_text][vc_heading title=&#8221;Dra. Diana P\u00e9rez Sidelnikova&#8221; type=&#8221;h2&#8243; style=&#8221;style1&#8243;][vc_column_text] Member of the college of Physicians of Barcelona with\u00a0n\u00ba. 40.020. Specialistin Plastic, Reconstructive and Aesthetic Surgery. Full Member of the Spanish...\" \/>\n<meta property=\"og:url\" content=\"https:\/\/www.canons.es\/equipo-canons\/dra-diana-perez-sidelnikova\/\" \/>\n<meta property=\"og:site_name\" content=\"Canons Clinic | Surgery and Aesthetic Medicine in Barcelona, \u200b\u200bGranollers\" \/>\n<meta property=\"article:publisher\" content=\"https:\/\/www.facebook.com\/canonsclinics\/\" \/>\n<meta property=\"article:modified_time\" content=\"2020-10-29T08:15:43+00:00\" \/>\n<meta name=\"twitter:card\" content=\"summary_large_image\" \/>\n<meta name=\"twitter:site\" content=\"@canonsclinics\" \/>\n<meta name=\"twitter:label1\" content=\"Est. reading time\" \/>\n\t<meta name=\"twitter:data1\" content=\"2 minutes\" \/>\n<script type=\"application\/ld+json\" class=\"yoast-schema-graph\">{\"@context\":\"https:\\\/\\\/schema.org\",\"@graph\":[{\"@type\":\"WebPage\",\"@id\":\"https:\\\/\\\/www.canons.es\\\/equipo-canons\\\/dra-diana-perez-sidelnikova\\\/\",\"url\":\"https:\\\/\\\/www.canons.es\\\/equipo-canons\\\/dra-diana-perez-sidelnikova\\\/\",\"name\":\"C\u00e0nons Clinics Team - Canons Clinic | Surgery and Aesthetic Medicine in Barcelona, \u200b\u200bGranollers\",\"isPartOf\":{\"@id\":\"https:\\\/\\\/www.canons.es\\\/#website\"},\"datePublished\":\"2015-07-13T08:09:56+00:00\",\"dateModified\":\"2020-10-29T08:15:43+00:00\",\"breadcrumb\":{\"@id\":\"https:\\\/\\\/www.canons.es\\\/equipo-canons\\\/dra-diana-perez-sidelnikova\\\/#breadcrumb\"},\"inLanguage\":\"en-US\",\"potentialAction\":[{\"@type\":\"ReadAction\",\"target\":[\"https:\\\/\\\/www.canons.es\\\/equipo-canons\\\/dra-diana-perez-sidelnikova\\\/\"]}]},{\"@type\":\"BreadcrumbList\",\"@id\":\"https:\\\/\\\/www.canons.es\\\/equipo-canons\\\/dra-diana-perez-sidelnikova\\\/#breadcrumb\",\"itemListElement\":[{\"@type\":\"ListItem\",\"position\":1,\"name\":\"Portada\",\"item\":\"https:\\\/\\\/www.canons.es\\\/en\\\/\"},{\"@type\":\"ListItem\",\"position\":2,\"name\":\"C\u00e0nons Clinics Team\",\"item\":\"https:\\\/\\\/www.canons.es\\\/equipo-canons\\\/\"},{\"@type\":\"ListItem\",\"position\":3,\"name\":\"C\u00e0nons Clinics Team\"}]},{\"@type\":\"WebSite\",\"@id\":\"https:\\\/\\\/www.canons.es\\\/#website\",\"url\":\"https:\\\/\\\/www.canons.es\\\/\",\"name\":\"Cirug\u00eda Pl\u00e1stica y Est\u00e9tica Barcelona y Granollers | C\u00e0nons Clinics\",\"description\":\"\",\"publisher\":{\"@id\":\"https:\\\/\\\/www.canons.es\\\/#organization\"},\"potentialAction\":[{\"@type\":\"SearchAction\",\"target\":{\"@type\":\"EntryPoint\",\"urlTemplate\":\"https:\\\/\\\/www.canons.es\\\/?s={search_term_string}\"},\"query-input\":{\"@type\":\"PropertyValueSpecification\",\"valueRequired\":true,\"valueName\":\"search_term_string\"}}],\"inLanguage\":\"en-US\"},{\"@type\":\"Organization\",\"@id\":\"https:\\\/\\\/www.canons.es\\\/#organization\",\"name\":\"Cirug\u00eda Pl\u00e1stica y Est\u00e9tica Barcelona y Granollers | C\u00e0nons Clinics\",\"url\":\"https:\\\/\\\/www.canons.es\\\/\",\"logo\":{\"@type\":\"ImageObject\",\"inLanguage\":\"en-US\",\"@id\":\"https:\\\/\\\/www.canons.es\\\/#\\\/schema\\\/logo\\\/image\\\/\",\"url\":\"https:\\\/\\\/www.canons.es\\\/wp-content\\\/uploads\\\/2025\\\/04\\\/logo-canons-clinics.jpg\",\"contentUrl\":\"https:\\\/\\\/www.canons.es\\\/wp-content\\\/uploads\\\/2025\\\/04\\\/logo-canons-clinics.jpg\",\"width\":600,\"height\":139,\"caption\":\"Cirug\u00eda Pl\u00e1stica y Est\u00e9tica Barcelona y Granollers | C\u00e0nons Clinics\"},\"image\":{\"@id\":\"https:\\\/\\\/www.canons.es\\\/#\\\/schema\\\/logo\\\/image\\\/\"},\"sameAs\":[\"https:\\\/\\\/www.facebook.com\\\/canonsclinics\\\/\",\"https:\\\/\\\/x.com\\\/canonsclinics\",\"https:\\\/\\\/www.instagram.com\\\/canonsclinics\\\/\",\"https:\\\/\\\/www.youtube.com\\\/channel\\\/UCI1Ia6LjALyo1CuQ0_HwtfQ\",\"https:\\\/\\\/www.linkedin.com\\\/company\\\/canons-clinics\\\/\"]}]}<\/script>\n<!-- \/ Yoast SEO Premium plugin. -->","yoast_head_json":{"title":"C\u00e0nons Clinics Team - Canons Clinic | Surgery and Aesthetic Medicine in Barcelona, \u200b\u200bGranollers","robots":{"index":"index","follow":"follow","max-snippet":"max-snippet:-1","max-image-preview":"max-image-preview:large","max-video-preview":"max-video-preview:-1"},"canonical":"https:\/\/www.canons.es\/equipo-canons\/dra-diana-perez-sidelnikova\/","og_locale":"en_US","og_type":"article","og_title":"C\u00e0nons Clinics Team","og_description":"[vc_row css_animation=&#8221;&#8221; row_type=&#8221;row&#8221; use_row_as_full_screen_section=&#8221;no&#8221; type=&#8221;full_width&#8221; angled_section=&#8221;no&#8221; text_align=&#8221;left&#8221; background_image_as_pattern=&#8221;without_pattern&#8221;][vc_column width=&#8221;1\/2&#8243;][vc_single_image image=&#8221;8194&#8243; qode_css_animation=&#8221;&#8221; css_animation=&#8221;fadeInLeft&#8221;][\/vc_column][vc_column width=&#8221;1\/2&#8243;][vc_column_text] Dra. Diana P\u00e9rez Sidelnikova [\/vc_column_text][vc_empty_space][vc_column_text][vc_heading title=&#8221;Dra. Diana P\u00e9rez Sidelnikova&#8221; type=&#8221;h2&#8243; style=&#8221;style1&#8243;][vc_column_text] Member of the college of Physicians of Barcelona with\u00a0n\u00ba. 40.020. Specialistin Plastic, Reconstructive and Aesthetic Surgery. Full Member of the Spanish...","og_url":"https:\/\/www.canons.es\/equipo-canons\/dra-diana-perez-sidelnikova\/","og_site_name":"Canons Clinic | Surgery and Aesthetic Medicine in Barcelona, \u200b\u200bGranollers","article_publisher":"https:\/\/www.facebook.com\/canonsclinics\/","article_modified_time":"2020-10-29T08:15:43+00:00","twitter_card":"summary_large_image","twitter_site":"@canonsclinics","twitter_misc":{"Est. reading time":"2 minutes"},"schema":{"@context":"https:\/\/schema.org","@graph":[{"@type":"WebPage","@id":"https:\/\/www.canons.es\/equipo-canons\/dra-diana-perez-sidelnikova\/","url":"https:\/\/www.canons.es\/equipo-canons\/dra-diana-perez-sidelnikova\/","name":"C\u00e0nons Clinics Team - Canons Clinic | Surgery and Aesthetic Medicine in Barcelona, \u200b\u200bGranollers","isPartOf":{"@id":"https:\/\/www.canons.es\/#website"},"datePublished":"2015-07-13T08:09:56+00:00","dateModified":"2020-10-29T08:15:43+00:00","breadcrumb":{"@id":"https:\/\/www.canons.es\/equipo-canons\/dra-diana-perez-sidelnikova\/#breadcrumb"},"inLanguage":"en-US","potentialAction":[{"@type":"ReadAction","target":["https:\/\/www.canons.es\/equipo-canons\/dra-diana-perez-sidelnikova\/"]}]},{"@type":"BreadcrumbList","@id":"https:\/\/www.canons.es\/equipo-canons\/dra-diana-perez-sidelnikova\/#breadcrumb","itemListElement":[{"@type":"ListItem","position":1,"name":"Portada","item":"https:\/\/www.canons.es\/en\/"},{"@type":"ListItem","position":2,"name":"C\u00e0nons Clinics Team","item":"https:\/\/www.canons.es\/equipo-canons\/"},{"@type":"ListItem","position":3,"name":"C\u00e0nons Clinics Team"}]},{"@type":"WebSite","@id":"https:\/\/www.canons.es\/#website","url":"https:\/\/www.canons.es\/","name":"Cirug\u00eda Pl\u00e1stica y Est\u00e9tica Barcelona y Granollers | C\u00e0nons Clinics","description":"","publisher":{"@id":"https:\/\/www.canons.es\/#organization"},"potentialAction":[{"@type":"SearchAction","target":{"@type":"EntryPoint","urlTemplate":"https:\/\/www.canons.es\/?s={search_term_string}"},"query-input":{"@type":"PropertyValueSpecification","valueRequired":true,"valueName":"search_term_string"}}],"inLanguage":"en-US"},{"@type":"Organization","@id":"https:\/\/www.canons.es\/#organization","name":"Cirug\u00eda Pl\u00e1stica y Est\u00e9tica Barcelona y Granollers | C\u00e0nons Clinics","url":"https:\/\/www.canons.es\/","logo":{"@type":"ImageObject","inLanguage":"en-US","@id":"https:\/\/www.canons.es\/#\/schema\/logo\/image\/","url":"https:\/\/www.canons.es\/wp-content\/uploads\/2025\/04\/logo-canons-clinics.jpg","contentUrl":"https:\/\/www.canons.es\/wp-content\/uploads\/2025\/04\/logo-canons-clinics.jpg","width":600,"height":139,"caption":"Cirug\u00eda Pl\u00e1stica y Est\u00e9tica Barcelona y Granollers | C\u00e0nons Clinics"},"image":{"@id":"https:\/\/www.canons.es\/#\/schema\/logo\/image\/"},"sameAs":["https:\/\/www.facebook.com\/canonsclinics\/","https:\/\/x.com\/canonsclinics","https:\/\/www.instagram.com\/canonsclinics\/","https:\/\/www.youtube.com\/channel\/UCI1Ia6LjALyo1CuQ0_HwtfQ","https:\/\/www.linkedin.com\/company\/canons-clinics\/"]}]}},"_links":{"self":[{"href":"https:\/\/www.canons.es\/en\/wp-json\/wp\/v2\/pages\/8996","targetHints":{"allow":["GET"]}}],"collection":[{"href":"https:\/\/www.canons.es\/en\/wp-json\/wp\/v2\/pages"}],"about":[{"href":"https:\/\/www.canons.es\/en\/wp-json\/wp\/v2\/types\/page"}],"author":[{"embeddable":true,"href":"https:\/\/www.canons.es\/en\/wp-json\/wp\/v2\/users\/25"}],"replies":[{"embeddable":true,"href":"https:\/\/www.canons.es\/en\/wp-json\/wp\/v2\/comments?post=8996"}],"version-history":[{"count":0,"href":"https:\/\/www.canons.es\/en\/wp-json\/wp\/v2\/pages\/8996\/revisions"}],"up":[{"embeddable":true,"href":"https:\/\/www.canons.es\/en\/wp-json\/wp\/v2\/pages\/8971"}],"wp:attachment":[{"href":"https:\/\/www.canons.es\/en\/wp-json\/wp\/v2\/media?parent=8996"}],"curies":[{"name":"wp","href":"https:\/\/api.w.org\/{rel}","templated":true}]}}