{"id":8987,"date":"2015-07-10T11:31:32","date_gmt":"2015-07-10T11:31:32","guid":{"rendered":"https:\/\/www.canons.es\/en\/dr-victor-hernandez-machado\/"},"modified":"2025-09-28T16:41:12","modified_gmt":"2025-09-28T16:41:12","slug":"dr-victor-hernandez-machado","status":"publish","type":"page","link":"https:\/\/www.canons.es\/en\/canons-team\/dr-victor-hernandez-machado\/","title":{"rendered":"C\u00e0nons Clinics Team"},"content":{"rendered":"<div class=\"wpb-content-wrapper\"><p>[vc_row css_animation=&#8221;&#8221; row_type=&#8221;row&#8221; use_row_as_full_screen_section=&#8221;no&#8221; type=&#8221;full_width&#8221; angled_section=&#8221;no&#8221; text_align=&#8221;left&#8221; background_image_as_pattern=&#8221;without_pattern&#8221; section_type=&#8221;full-width&#8221;][vc_column width=&#8221;1\/2&#8243;][vc_single_image image=&#8221;7656&#8243; img_size=&#8221;full&#8221; qode_css_animation=&#8221;&#8221; css_animation=&#8221;fadeInLeft&#8221;][\/vc_column][vc_column width=&#8221;1\/2&#8243;][vc_column_text]<\/p>\n<h1 style=\"color: #6d98dc;\">Dr. V\u00edctor Hern\u00e0ndez Machado<\/h1>\n<p>[\/vc_column_text][vc_empty_space][vc_column_text css=&#8221;&#8221;]<\/p>\n<div><span style=\"color: #6d98dc;\"><strong>Member of the College of Physicians of Barcelona n\u00b0 30493. Since 1994<\/strong><\/span><\/div>\n<div><span style=\"color: #6d98dc;\"><strong>Specialist in Plastic, Reconstructive and Aesthetic Surgery. Since 2001<\/strong><\/span><\/div>\n<div><span style=\"color: #6d98dc;\"><strong>Full Member of the Spanish Society of Plastic, Reconstructive and Aesthetic Surgery since 2001, ongoing<\/strong><\/span><\/div>\n<div><span style=\"color: #6d98dc;\"><strong>Full Member of ISAPS (International Society of Aesthetic Plastic Surgery) since 2018, ongoing<\/strong><\/span><\/div>\n<div><span style=\"color: #6d98dc;\"><strong>Member of the SELMQ (Spanish Society of Medical and Surgical Laser) and member of its Directive Board since 2022, ongoing<\/strong><\/span><\/div>\n<div><span style=\"color: #6d98dc;\"><strong>General secretary of the SELMQ (Spanish Society of Laser Medicine) since 2023, ongoing<\/strong><\/span><\/div>\n<p>[\/vc_column_text][vc_empty_space][vc_column_text css=&#8221;.vc_custom_1759077085087{margin-bottom: 30px !important;}&#8221;]<\/p>\n<h4><span style=\"color: #6d98dc;\">ACADEMIC INFORMATION<br \/>\n<\/span><\/h4>\n<ul>\n<li>Basic studies undergraduate training at the Colegio San Miguel, of the Missionaries of the Sacred Heart of Jesus, Barcelona. Third year of high school at the American Institute of Stanley, Wisconsin (USA). Conducted pre-university year at the College Abad Oliva de Barcelona.<\/li>\n<li>Degree in Medicine from the University of Barcelona in 1994 (Annex 1), carrying out the same in the Faculty of Medicine of the Hospital Clinic of Barcelona and fellowship at the School of Medicine of Madison (University of Wisconsin, USA).<\/li>\n<li>Obtaining MIR (fellowship) space in 1996 to study medicine specializing in Plastic and Reconstructive Surgery at Hospital Germans Trias i Pujol in Badalona, Spain. Finished 2001.<\/li>\n<\/ul>\n<p>[\/vc_column_text][\/vc_column][\/vc_row][vc_row css_animation=&#8221;&#8221; row_type=&#8221;row&#8221; use_row_as_full_screen_section=&#8221;no&#8221; type=&#8221;full_width&#8221; angled_section=&#8221;no&#8221; text_align=&#8221;left&#8221; background_image_as_pattern=&#8221;without_pattern&#8221; section_type=&#8221;full-width&#8221;][vc_column][vc_empty_space][vc_accordion style=&#8221;accordion&#8221;][vc_accordion_tab title=&#8221;ROTATIONS&#8221;][vc_column_text]<\/p>\n<ul>\n<li>Burn Unit. Valle Hebr\u00f3n University Hospital\u00a0Hospital Universitario (Barcelona)<\/li>\n<li>Teaching Unit Cosmetic Surgery Dr. Tapia. Chiron Clinic\u00a0(Barcelona)<\/li>\n<li>Laser Center Dr. Brualla Cl\u00ednica Tres Torres\u00a0(Barcelona)<\/li>\n<\/ul>\n<p>[\/vc_column_text][\/vc_accordion_tab][vc_accordion_tab title=&#8221;PROFESSIONAL EXPERIENCE&#8221;][vc_column_text css=&#8221;&#8221;]<\/p>\n<ul>\n<li>Collaboration in the Service of Plastic and Aesthetic Surgery Hospital General de Catalunya with Dr. V. Gonz\u00e1lez-Mestre during 1999 and 2000.<\/li>\n<li>Member of the medical staff of the Centre of Barcelona Dermaclinic during 2000 and 2001.<\/li>\n<li>Fellow Medical Specialist Plastic Surgery Service of Hospital Universitario Son Dureta in Palma de Mallorca from 2001-2004.<\/li>\n<li>Specialist faculty member in the Department of Plastic Surgery of Miramar Polyclinic Palma de Mallorca from 2001 to 2003.<\/li>\n<li>Medical responsible in Aesthetic Surgery of Corporaci\u00f3n Dermoest\u00e9tica Palma de Mallorca from January 2004 to January 2005.<\/li>\n<li>Responsible Medical Service of Plastic, Reconstructive and Aesthetic Policlinic Group since January 2005, headquartered in Torreblanca Building de Sant Cugat del Valles, and centers in Cerdanyola, Ruby, Terrassa and Sabadell.<\/li>\n<li>Medical Unit Responsible Facial Aesthetic Clinic Novovisi\u00f3n Palma de Mallorca from January 2005 to January 2006.<\/li>\n<li>Responsible Medical Unit of Plastic, Reconstructive and Aesthetic center CG3 since 2005 to 2006.<\/li>\n<li><strong>Medical Director of C\u00e0nons Clinics<\/strong>, aesthetic medicine, and surgery from September 2005.<\/li>\n<\/ul>\n<p>[\/vc_column_text][\/vc_accordion_tab][vc_accordion_tab title=&#8221;MEETINGS&#8221;][vc_column_text css=&#8221;&#8221;]<\/p>\n<ul>\n<li>Member of the Organizing Committee at the XXXVI National Congress of the Spanish Society of Plastic, Reconstructive and Aesthetic Surgery (SECPRE) in Palma de Mallorca in April 2001.<\/li>\n<li>XXX National Meeting of the Spanish Society of Medical &amp; Surgical Laser (SELMQ) Moderator of the <strong>Body Contour Session<\/strong>. M\u00e1laga, 26th of May 2023.<\/li>\n<li>Co-director of the Annual Autumn Course of the National Society of Laser Medicine.<br \/>\n<strong>Non-Invasive Approach of Body Contour by Energy Based Devices<\/strong>, 25th of November 2023.<\/li>\n<li>Lecture at the International Society of Aesthetic and Plastic Surgery (ISAPS) Virtual Event, <strong>360\u00ba Body Contour Approach<\/strong>. March 27-28, 2021.<\/li>\n<li>Invited Speaker at the Cutera\u2019s Clinical University Forum. <strong>Trubody\u00ae. 360\u00ba Body Contouring Approach<\/strong>. 26th of November 2021. Barcelona.<\/li>\n<li>Invited Speaker at the 2022 Summit organized by Institute BCN. \u201c<strong>Flaccidity with BCN Tensis &amp; Radiofrequency<\/strong>\u201d. November 11th, 2022, Barcelona.<\/li>\n<li>Invited Speaker to the 2023 Endymed Users Meeting. <strong>Intensif\u00ae Drug Delivery<\/strong>. Madrid, 21st of October 2023.<\/li>\n<li>Invited Speaker at the 3rd National Congress of Functional and Regenerative Gynecology. <strong>25 Years Using Breast Implants. What has changed?<\/strong> Valencia, 26th of September 2024.<\/li>\n<li>XXXI Annual National Meeting of the Spanish Society of Medical &amp; Surgical Laser (SELMQ) Moderator of the <strong>Body Contour Session<\/strong>. M\u00e1laga, 27th of June 2024.<\/li>\n<li>Invited speaker to the 9th Annual International Scientific Conference of VSAPS. Hanoi, 13th of April 2025.\n<ul>\n<li><strong>Breast augmentation with 4\u00b5m ergonomic implants. Towards total breast tissue preservation.<\/strong><\/li>\n<li><strong>25 years after using breast implants, what has changed?<\/strong><\/li>\n<\/ul>\n<\/li>\n<li>XXXII Annual National Meeting of the Spanish Society of Laser Medicine. M\u00e1laga, 29th of May 2025.\n<ul>\n<li><strong>Moderator of the Body Contour session<\/strong><\/li>\n<li><strong>Periorbital approach using Jalupro Young Eyes with EBD<\/strong><\/li>\n<\/ul>\n<\/li>\n<\/ul>\n<p>[\/vc_column_text][\/vc_accordion_tab][vc_accordion_tab title=&#8221;TEACHING&#8221;][vc_column_text css=&#8221;&#8221;]<\/p>\n<ul>\n<li id=\"stcpDiv\">Collaborating professor with the Faculty of Medicine of the U.A.B. in the Monographic Doctorate Course: preoperative assessment, anesthesia, surgery, and resuscitation of the high-risk patient during June 1999.<\/li>\n<li>Collaborating professor with the Faculty of Medicine of the U.A.B. in the subject of Plastic, reconstructive and aesthetic surgery of the 6th year of Medicine during the academic year 1999-2000.<\/li>\n<li>Training member at the Instituto Balear de Emergencias S.L. on the Burns Course<\/li>\n<li>Speaker at <strong>Canons Clinics Masterclass of Breast Surgery with Motiva Implants<\/strong> for Spanish Plastic surgery residents. Barcelona, 20th of June 2024.<\/li>\n<\/ul>\n<p>[\/vc_column_text][\/vc_accordion_tab][vc_accordion_tab title=&#8221;STUDIES&#8221;][vc_column_text css=&#8221;&#8221;]<\/p>\n<div id=\"stcpDiv\">\n<ul>\n<li>\u00a0Investigator in the \u201c<em>A Prospective Clinical Study to Evaluate the Safety and Efficacy of the Essence Joli360TM Device for Treatment &amp; Prevention of Episodes of Mild to Moderate Acne Vulgaris<\/em>\u201d. Finished.<\/li>\n<\/ul>\n<\/div>\n<p>[\/vc_column_text][\/vc_accordion_tab][\/vc_accordion][\/vc_column][\/vc_row]<\/p>\n<\/div><!-- AddThis Advanced Settings generic via filter on the_content --><!-- AddThis Share Buttons generic via filter on the_content -->","protected":false},"excerpt":{"rendered":"<p>[vc_row css_animation=&#8221;&#8221; row_type=&#8221;row&#8221; use_row_as_full_screen_section=&#8221;no&#8221; type=&#8221;full_width&#8221; angled_section=&#8221;no&#8221; text_align=&#8221;left&#8221; background_image_as_pattern=&#8221;without_pattern&#8221; section_type=&#8221;full-width&#8221;][vc_column width=&#8221;1\/2&#8243;][vc_single_image image=&#8221;7656&#8243; img_size=&#8221;full&#8221; qode_css_animation=&#8221;&#8221; css_animation=&#8221;fadeInLeft&#8221;][\/vc_column][vc_column width=&#8221;1\/2&#8243;][vc_column_text] Dr. V\u00edctor Hern\u00e0ndez Machado [\/vc_column_text][vc_empty_space][vc_column_text css=&#8221;&#8221;] Member of the College of Physicians of Barcelona n\u00b0 30493. Since 1994 Specialist in Plastic, Reconstructive and Aesthetic Surgery. Since 2001 Full Member of&#8230;<!-- AddThis Advanced Settings generic via filter on get_the_excerpt --><!-- AddThis Share Buttons generic via filter on get_the_excerpt --><\/p>\n","protected":false},"author":25,"featured_media":0,"parent":8971,"menu_order":0,"comment_status":"closed","ping_status":"closed","template":"","meta":{"footnotes":""},"class_list":["post-8987","page","type-page","status-publish","hentry"],"yoast_head":"<!-- This site is optimized with the Yoast SEO Premium plugin v26.9 (Yoast SEO v27.4) - https:\/\/yoast.com\/product\/yoast-seo-premium-wordpress\/ -->\n<title>C\u00e0nons Clinics Team - Canons Clinic | Surgery and Aesthetic Medicine in Barcelona, \u200b\u200bGranollers<\/title>\n<meta name=\"robots\" content=\"index, follow, max-snippet:-1, max-image-preview:large, max-video-preview:-1\" \/>\n<link rel=\"canonical\" href=\"https:\/\/www.canons.es\/equipo-canons\/dr-victor-hernandez-machado\/\" \/>\n<meta property=\"og:locale\" content=\"en_US\" \/>\n<meta property=\"og:type\" content=\"article\" \/>\n<meta property=\"og:title\" content=\"C\u00e0nons Clinics Team\" \/>\n<meta property=\"og:description\" content=\"[vc_row css_animation=&#8221;&#8221; row_type=&#8221;row&#8221; use_row_as_full_screen_section=&#8221;no&#8221; type=&#8221;full_width&#8221; angled_section=&#8221;no&#8221; text_align=&#8221;left&#8221; background_image_as_pattern=&#8221;without_pattern&#8221; section_type=&#8221;full-width&#8221;][vc_column width=&#8221;1\/2&#8243;][vc_single_image image=&#8221;7656&#8243; img_size=&#8221;full&#8221; qode_css_animation=&#8221;&#8221; css_animation=&#8221;fadeInLeft&#8221;][\/vc_column][vc_column width=&#8221;1\/2&#8243;][vc_column_text] Dr. V\u00edctor Hern\u00e0ndez Machado [\/vc_column_text][vc_empty_space][vc_column_text css=&#8221;&#8221;] Member of the College of Physicians of Barcelona n\u00b0 30493. Since 1994 Specialist in Plastic, Reconstructive and Aesthetic Surgery. Since 2001 Full Member of...\" \/>\n<meta property=\"og:url\" content=\"https:\/\/www.canons.es\/equipo-canons\/dr-victor-hernandez-machado\/\" \/>\n<meta property=\"og:site_name\" content=\"Canons Clinic | Surgery and Aesthetic Medicine in Barcelona, \u200b\u200bGranollers\" \/>\n<meta property=\"article:publisher\" content=\"https:\/\/www.facebook.com\/canonsclinics\/\" \/>\n<meta property=\"article:modified_time\" content=\"2025-09-28T16:41:12+00:00\" \/>\n<meta name=\"twitter:card\" content=\"summary_large_image\" \/>\n<meta name=\"twitter:site\" content=\"@canonsclinics\" \/>\n<meta name=\"twitter:label1\" content=\"Est. reading time\" \/>\n\t<meta name=\"twitter:data1\" content=\"5 minutes\" \/>\n<script type=\"application\/ld+json\" class=\"yoast-schema-graph\">{\"@context\":\"https:\\\/\\\/schema.org\",\"@graph\":[{\"@type\":\"WebPage\",\"@id\":\"https:\\\/\\\/www.canons.es\\\/equipo-canons\\\/dr-victor-hernandez-machado\\\/\",\"url\":\"https:\\\/\\\/www.canons.es\\\/equipo-canons\\\/dr-victor-hernandez-machado\\\/\",\"name\":\"C\u00e0nons Clinics Team - Canons Clinic | Surgery and Aesthetic Medicine in Barcelona, \u200b\u200bGranollers\",\"isPartOf\":{\"@id\":\"https:\\\/\\\/www.canons.es\\\/#website\"},\"datePublished\":\"2015-07-10T11:31:32+00:00\",\"dateModified\":\"2025-09-28T16:41:12+00:00\",\"breadcrumb\":{\"@id\":\"https:\\\/\\\/www.canons.es\\\/equipo-canons\\\/dr-victor-hernandez-machado\\\/#breadcrumb\"},\"inLanguage\":\"en-US\",\"potentialAction\":[{\"@type\":\"ReadAction\",\"target\":[\"https:\\\/\\\/www.canons.es\\\/equipo-canons\\\/dr-victor-hernandez-machado\\\/\"]}]},{\"@type\":\"BreadcrumbList\",\"@id\":\"https:\\\/\\\/www.canons.es\\\/equipo-canons\\\/dr-victor-hernandez-machado\\\/#breadcrumb\",\"itemListElement\":[{\"@type\":\"ListItem\",\"position\":1,\"name\":\"Portada\",\"item\":\"https:\\\/\\\/www.canons.es\\\/en\\\/\"},{\"@type\":\"ListItem\",\"position\":2,\"name\":\"C\u00e0nons Clinics Team\",\"item\":\"https:\\\/\\\/www.canons.es\\\/equipo-canons\\\/\"},{\"@type\":\"ListItem\",\"position\":3,\"name\":\"C\u00e0nons Clinics Team\"}]},{\"@type\":\"WebSite\",\"@id\":\"https:\\\/\\\/www.canons.es\\\/#website\",\"url\":\"https:\\\/\\\/www.canons.es\\\/\",\"name\":\"Cirug\u00eda Pl\u00e1stica y Est\u00e9tica Barcelona y Granollers | C\u00e0nons Clinics\",\"description\":\"\",\"publisher\":{\"@id\":\"https:\\\/\\\/www.canons.es\\\/#organization\"},\"potentialAction\":[{\"@type\":\"SearchAction\",\"target\":{\"@type\":\"EntryPoint\",\"urlTemplate\":\"https:\\\/\\\/www.canons.es\\\/?s={search_term_string}\"},\"query-input\":{\"@type\":\"PropertyValueSpecification\",\"valueRequired\":true,\"valueName\":\"search_term_string\"}}],\"inLanguage\":\"en-US\"},{\"@type\":\"Organization\",\"@id\":\"https:\\\/\\\/www.canons.es\\\/#organization\",\"name\":\"Cirug\u00eda Pl\u00e1stica y Est\u00e9tica Barcelona y Granollers | C\u00e0nons Clinics\",\"url\":\"https:\\\/\\\/www.canons.es\\\/\",\"logo\":{\"@type\":\"ImageObject\",\"inLanguage\":\"en-US\",\"@id\":\"https:\\\/\\\/www.canons.es\\\/#\\\/schema\\\/logo\\\/image\\\/\",\"url\":\"https:\\\/\\\/www.canons.es\\\/wp-content\\\/uploads\\\/2025\\\/04\\\/logo-canons-clinics.jpg\",\"contentUrl\":\"https:\\\/\\\/www.canons.es\\\/wp-content\\\/uploads\\\/2025\\\/04\\\/logo-canons-clinics.jpg\",\"width\":600,\"height\":139,\"caption\":\"Cirug\u00eda Pl\u00e1stica y Est\u00e9tica Barcelona y Granollers | C\u00e0nons Clinics\"},\"image\":{\"@id\":\"https:\\\/\\\/www.canons.es\\\/#\\\/schema\\\/logo\\\/image\\\/\"},\"sameAs\":[\"https:\\\/\\\/www.facebook.com\\\/canonsclinics\\\/\",\"https:\\\/\\\/x.com\\\/canonsclinics\",\"https:\\\/\\\/www.instagram.com\\\/canonsclinics\\\/\",\"https:\\\/\\\/www.youtube.com\\\/channel\\\/UCI1Ia6LjALyo1CuQ0_HwtfQ\",\"https:\\\/\\\/www.linkedin.com\\\/company\\\/canons-clinics\\\/\"]}]}<\/script>\n<!-- \/ Yoast SEO Premium plugin. -->","yoast_head_json":{"title":"C\u00e0nons Clinics Team - Canons Clinic | Surgery and Aesthetic Medicine in Barcelona, \u200b\u200bGranollers","robots":{"index":"index","follow":"follow","max-snippet":"max-snippet:-1","max-image-preview":"max-image-preview:large","max-video-preview":"max-video-preview:-1"},"canonical":"https:\/\/www.canons.es\/equipo-canons\/dr-victor-hernandez-machado\/","og_locale":"en_US","og_type":"article","og_title":"C\u00e0nons Clinics Team","og_description":"[vc_row css_animation=&#8221;&#8221; row_type=&#8221;row&#8221; use_row_as_full_screen_section=&#8221;no&#8221; type=&#8221;full_width&#8221; angled_section=&#8221;no&#8221; text_align=&#8221;left&#8221; background_image_as_pattern=&#8221;without_pattern&#8221; section_type=&#8221;full-width&#8221;][vc_column width=&#8221;1\/2&#8243;][vc_single_image image=&#8221;7656&#8243; img_size=&#8221;full&#8221; qode_css_animation=&#8221;&#8221; css_animation=&#8221;fadeInLeft&#8221;][\/vc_column][vc_column width=&#8221;1\/2&#8243;][vc_column_text] Dr. V\u00edctor Hern\u00e0ndez Machado [\/vc_column_text][vc_empty_space][vc_column_text css=&#8221;&#8221;] Member of the College of Physicians of Barcelona n\u00b0 30493. Since 1994 Specialist in Plastic, Reconstructive and Aesthetic Surgery. Since 2001 Full Member of...","og_url":"https:\/\/www.canons.es\/equipo-canons\/dr-victor-hernandez-machado\/","og_site_name":"Canons Clinic | Surgery and Aesthetic Medicine in Barcelona, \u200b\u200bGranollers","article_publisher":"https:\/\/www.facebook.com\/canonsclinics\/","article_modified_time":"2025-09-28T16:41:12+00:00","twitter_card":"summary_large_image","twitter_site":"@canonsclinics","twitter_misc":{"Est. reading time":"5 minutes"},"schema":{"@context":"https:\/\/schema.org","@graph":[{"@type":"WebPage","@id":"https:\/\/www.canons.es\/equipo-canons\/dr-victor-hernandez-machado\/","url":"https:\/\/www.canons.es\/equipo-canons\/dr-victor-hernandez-machado\/","name":"C\u00e0nons Clinics Team - Canons Clinic | Surgery and Aesthetic Medicine in Barcelona, \u200b\u200bGranollers","isPartOf":{"@id":"https:\/\/www.canons.es\/#website"},"datePublished":"2015-07-10T11:31:32+00:00","dateModified":"2025-09-28T16:41:12+00:00","breadcrumb":{"@id":"https:\/\/www.canons.es\/equipo-canons\/dr-victor-hernandez-machado\/#breadcrumb"},"inLanguage":"en-US","potentialAction":[{"@type":"ReadAction","target":["https:\/\/www.canons.es\/equipo-canons\/dr-victor-hernandez-machado\/"]}]},{"@type":"BreadcrumbList","@id":"https:\/\/www.canons.es\/equipo-canons\/dr-victor-hernandez-machado\/#breadcrumb","itemListElement":[{"@type":"ListItem","position":1,"name":"Portada","item":"https:\/\/www.canons.es\/en\/"},{"@type":"ListItem","position":2,"name":"C\u00e0nons Clinics Team","item":"https:\/\/www.canons.es\/equipo-canons\/"},{"@type":"ListItem","position":3,"name":"C\u00e0nons Clinics Team"}]},{"@type":"WebSite","@id":"https:\/\/www.canons.es\/#website","url":"https:\/\/www.canons.es\/","name":"Cirug\u00eda Pl\u00e1stica y Est\u00e9tica Barcelona y Granollers | C\u00e0nons Clinics","description":"","publisher":{"@id":"https:\/\/www.canons.es\/#organization"},"potentialAction":[{"@type":"SearchAction","target":{"@type":"EntryPoint","urlTemplate":"https:\/\/www.canons.es\/?s={search_term_string}"},"query-input":{"@type":"PropertyValueSpecification","valueRequired":true,"valueName":"search_term_string"}}],"inLanguage":"en-US"},{"@type":"Organization","@id":"https:\/\/www.canons.es\/#organization","name":"Cirug\u00eda Pl\u00e1stica y Est\u00e9tica Barcelona y Granollers | C\u00e0nons Clinics","url":"https:\/\/www.canons.es\/","logo":{"@type":"ImageObject","inLanguage":"en-US","@id":"https:\/\/www.canons.es\/#\/schema\/logo\/image\/","url":"https:\/\/www.canons.es\/wp-content\/uploads\/2025\/04\/logo-canons-clinics.jpg","contentUrl":"https:\/\/www.canons.es\/wp-content\/uploads\/2025\/04\/logo-canons-clinics.jpg","width":600,"height":139,"caption":"Cirug\u00eda Pl\u00e1stica y Est\u00e9tica Barcelona y Granollers | C\u00e0nons Clinics"},"image":{"@id":"https:\/\/www.canons.es\/#\/schema\/logo\/image\/"},"sameAs":["https:\/\/www.facebook.com\/canonsclinics\/","https:\/\/x.com\/canonsclinics","https:\/\/www.instagram.com\/canonsclinics\/","https:\/\/www.youtube.com\/channel\/UCI1Ia6LjALyo1CuQ0_HwtfQ","https:\/\/www.linkedin.com\/company\/canons-clinics\/"]}]}},"_links":{"self":[{"href":"https:\/\/www.canons.es\/en\/wp-json\/wp\/v2\/pages\/8987","targetHints":{"allow":["GET"]}}],"collection":[{"href":"https:\/\/www.canons.es\/en\/wp-json\/wp\/v2\/pages"}],"about":[{"href":"https:\/\/www.canons.es\/en\/wp-json\/wp\/v2\/types\/page"}],"author":[{"embeddable":true,"href":"https:\/\/www.canons.es\/en\/wp-json\/wp\/v2\/users\/25"}],"replies":[{"embeddable":true,"href":"https:\/\/www.canons.es\/en\/wp-json\/wp\/v2\/comments?post=8987"}],"version-history":[{"count":0,"href":"https:\/\/www.canons.es\/en\/wp-json\/wp\/v2\/pages\/8987\/revisions"}],"up":[{"embeddable":true,"href":"https:\/\/www.canons.es\/en\/wp-json\/wp\/v2\/pages\/8971"}],"wp:attachment":[{"href":"https:\/\/www.canons.es\/en\/wp-json\/wp\/v2\/media?parent=8987"}],"curies":[{"name":"wp","href":"https:\/\/api.w.org\/{rel}","templated":true}]}}