{"id":9872,"date":"2015-09-14T10:28:56","date_gmt":"2015-09-14T10:28:56","guid":{"rendered":"https:\/\/www.canons.es\/ca\/cirugia-plastica-corporal\/"},"modified":"2020-06-17T13:25:41","modified_gmt":"2020-06-17T13:25:41","slug":"cirurgia-plastica-corporal","status":"publish","type":"page","link":"https:\/\/www.canons.es\/ca\/cirurgia-plastica-corporal\/","title":{"rendered":"CIRURGIA PL\u00c0STICA CORPORAL"},"content":{"rendered":"<div class=\"wpb-content-wrapper\"><p>[vc_row css_animation=&#8221;&#8221; row_type=&#8221;row&#8221; use_row_as_full_screen_section=&#8221;no&#8221; type=&#8221;full_width&#8221; angled_section=&#8221;no&#8221; text_align=&#8221;left&#8221; background_image_as_pattern=&#8221;without_pattern&#8221;][vc_column]<div class=\"custom_font_holder\" style=\"font-family: Raleway; font-size: 35px; line-height: 26px; font-style: normal; font-weight: 300; color: #1e70b3; text-decoration: none; text-align: left;\">CIRURGIA PL\u00c0STICA CORPORAL<\/div>[vc_empty_space height=&#8221;40px&#8221;][\/vc_column][\/vc_row][vc_row css_animation=&#8221;&#8221; row_type=&#8221;row&#8221; use_row_as_full_screen_section=&#8221;no&#8221; type=&#8221;full_width&#8221; angled_section=&#8221;no&#8221; text_align=&#8221;left&#8221; background_image_as_pattern=&#8221;without_pattern&#8221; section_type=&#8221;full-width&#8221;][vc_column width=&#8221;1\/2&#8243;][vc_single_image image=&#8221;8049&#8243; img_size=&#8221;full&#8221; qode_css_animation=&#8221;&#8221;][\/vc_column][vc_column width=&#8221;1\/2&#8243;][vc_empty_space height=&#8221;40px&#8221;][vc_column_text]A les nostres cl\u00edniques C\u00e0nons Clinics trobar\u00e0s un equip d\u2019experts que t\u2019atendr\u00e0 gratu\u00eftament per assessorar-te i oferir-te aquell tractament de\u00a0<b>cirurgia pl\u00e0stica corporal<\/b>\u00a0que millor respongui a les teves necessitats.<\/p>\n<p>Treballem amb els \u00faltims avan\u00e7os tecnol\u00f2gics en\u00a0<b>Cirurgia pl\u00e0stica i Est\u00e8tica corporal<\/b>, que ens permet realitzar procediments quir\u00fargics sense deixar cicatriu ni marca. Disponem de l\u2019aparatologia m\u00e9s novedosa del mercat que et facilitar\u00e0 la incorporaci\u00f3 a la teva rutina di\u00e0ria de forma immediata. Els nostres materials tenen l\u2019aval de seguretat sanit\u00e0ria de la Comunitat Europea per garantitzar-te el servei de m\u00e0xima qualitat que et mereixes.[\/vc_column_text][\/vc_column][\/vc_row][vc_row css_animation=&#8221;&#8221; row_type=&#8221;row&#8221; use_row_as_full_screen_section=&#8221;no&#8221; type=&#8221;full_width&#8221; angled_section=&#8221;no&#8221; text_align=&#8221;left&#8221; background_image_as_pattern=&#8221;without_pattern&#8221; background_color=&#8221;#f7f7f7&#8243; section_type=&#8221;full-width&#8221;][vc_column][vc_empty_space][vc_row_inner row_type=&#8221;row&#8221; type=&#8221;full_width&#8221; text_align=&#8221;left&#8221; css_animation=&#8221;&#8221;][vc_column_inner width=&#8221;1\/3&#8243;][vc_single_image image=&#8221;8051&#8243; img_size=&#8221;full&#8221; alignment=&#8221;center&#8221; onclick=&#8221;custom_link&#8221; qode_css_animation=&#8221;&#8221; qode_hover_animation=&#8221;darken&#8221; link=&#8221;\/ca\/aumento-de-mamas\/&#8221; img_link=&#8221;\/aumento-de-mamas\/&#8221;][vc_empty_space height=&#8221;15px&#8221;]<div class=\"custom_font_holder\" style=\"font-family: Raleway; font-size: 18px; line-height: 26px; font-style: normal; font-weight: 300; color: #1e70b3; text-decoration: none; text-align: center;\">Augment de mames<\/div>[vc_empty_space height=&#8221;15px&#8221;][\/vc_column_inner][vc_column_inner width=&#8221;1\/3&#8243;][vc_single_image image=&#8221;8052&#8243; img_size=&#8221;full&#8221; alignment=&#8221;center&#8221; onclick=&#8221;custom_link&#8221; qode_css_animation=&#8221;&#8221; qode_hover_animation=&#8221;darken&#8221; link=&#8221;\/ca\/elevacion-de-mamas\/&#8221; img_link=&#8221;\/elevacion-de-mamas\/&#8221;][vc_empty_space height=&#8221;15px&#8221;]<div class=\"custom_font_holder\" style=\"font-family: Raleway; font-size: 18px; line-height: 26px; font-style: normal; font-weight: 300; color: #1e70b3; text-decoration: none; text-align: center;\">Elevaci\u00f3 de mames<\/div>[vc_empty_space height=&#8221;15px&#8221;][\/vc_column_inner][vc_column_inner width=&#8221;1\/3&#8243;][vc_single_image image=&#8221;8053&#8243; img_size=&#8221;full&#8221; alignment=&#8221;center&#8221; onclick=&#8221;custom_link&#8221; qode_css_animation=&#8221;&#8221; qode_hover_animation=&#8221;darken&#8221; link=&#8221;\/ca\/reduccion-de-mamas\/&#8221; img_link=&#8221;\/reduccion-de-mamas\/&#8221;][vc_empty_space height=&#8221;15px&#8221;]<div class=\"custom_font_holder\" style=\"font-family: Raleway; font-size: 18px; line-height: 26px; font-style: normal; font-weight: 300; color: #1e70b3; text-decoration: none; text-align: center;\">Reducci\u00f3 de mames<\/div>[vc_empty_space height=&#8221;15px&#8221;][\/vc_column_inner][\/vc_row_inner][vc_row_inner row_type=&#8221;row&#8221; type=&#8221;full_width&#8221; text_align=&#8221;left&#8221; css_animation=&#8221;&#8221;][vc_column_inner width=&#8221;1\/3&#8243;][vc_single_image image=&#8221;8055&#8243; img_size=&#8221;full&#8221; alignment=&#8221;center&#8221; onclick=&#8221;custom_link&#8221; qode_css_animation=&#8221;&#8221; qode_hover_animation=&#8221;darken&#8221; link=&#8221;\/ca\/ginecomastia\/&#8221; img_link=&#8221;\/ginecomastia\/&#8221;][vc_empty_space height=&#8221;15px&#8221;]<div class=\"custom_font_holder\" style=\"font-family: Raleway; font-size: 18px; line-height: 26px; font-style: normal; font-weight: 300; color: #1e70b3; text-decoration: none; text-align: center;\">Ginecom\u00e0stia<\/div>[vc_empty_space height=&#8221;50px&#8221;][\/vc_column_inner][vc_column_inner width=&#8221;1\/3&#8243;][vc_single_image image=&#8221;8056&#8243; img_size=&#8221;full&#8221; alignment=&#8221;center&#8221; onclick=&#8221;custom_link&#8221; qode_css_animation=&#8221;&#8221; qode_hover_animation=&#8221;darken&#8221; link=&#8221;\/ca\/implante-de-pectorales\/&#8221; img_link=&#8221;\/implante-de-pectorales\/&#8221;][vc_empty_space height=&#8221;15px&#8221;]<div class=\"custom_font_holder\" style=\"font-family: Raleway; font-size: 18px; line-height: 26px; font-style: normal; font-weight: 300; color: #1e70b3; text-decoration: none; text-align: center;\">Implant de pectorals<\/div>[vc_empty_space height=&#8221;50px&#8221;][\/vc_column_inner][vc_column_inner width=&#8221;1\/3&#8243;][vc_single_image image=&#8221;8054&#8243; img_size=&#8221;full&#8221; alignment=&#8221;center&#8221; onclick=&#8221;custom_link&#8221; qode_css_animation=&#8221;&#8221; qode_hover_animation=&#8221;darken&#8221; link=&#8221;\/ca\/lipoescultura-corporal-asistida-por-laser\/&#8221; img_link=&#8221;\/lipoescultura-corporal-asistida-por-laser\/&#8221;][vc_empty_space height=&#8221;15px&#8221;]<div class=\"custom_font_holder\" style=\"font-family: Raleway; font-size: 18px; line-height: 26px; font-style: normal; font-weight: 300; color: #1e70b3; text-decoration: none; text-align: center;\">Lipoescultura corporal<\/p>\n<p>assistida per l\u00e0ser<\/div>[vc_empty_space height=&#8221;15px&#8221;][\/vc_column_inner][\/vc_row_inner][vc_row_inner row_type=&#8221;row&#8221; type=&#8221;full_width&#8221; text_align=&#8221;left&#8221; css_animation=&#8221;&#8221;][vc_column_inner width=&#8221;1\/3&#8243;][vc_single_image image=&#8221;8059&#8243; img_size=&#8221;full&#8221; alignment=&#8221;center&#8221; onclick=&#8221;custom_link&#8221; qode_css_animation=&#8221;&#8221; qode_hover_animation=&#8221;darken&#8221; link=&#8221;\/ca\/miniabdominoplastia-y-abdominoplastia\/&#8221; img_link=&#8221;\/miniabdominoplastia-y-abdominoplastia\/&#8221;][vc_empty_space height=&#8221;15px&#8221;]<div class=\"custom_font_holder\" style=\"font-family: Raleway; font-size: 18px; line-height: 26px; font-style: normal; font-weight: 300; color: #1e70b3; text-decoration: none; text-align: center;\">Miniabdominopl\u00e0stia i<\/p>\n<p>Abdominopl\u00e0stia<\/div>[vc_empty_space height=&#8221;15px&#8221;][\/vc_column_inner][vc_column_inner width=&#8221;1\/3&#8243;][vc_single_image image=&#8221;8058&#8243; img_size=&#8221;full&#8221; alignment=&#8221;center&#8221; onclick=&#8221;custom_link&#8221; qode_css_animation=&#8221;&#8221; qode_hover_animation=&#8221;darken&#8221; link=&#8221;\/ca\/lifting-de-brazos\/&#8221; img_link=&#8221;\/lifting-de-brazos\/&#8221;][vc_empty_space height=&#8221;15px&#8221;]<div class=\"custom_font_holder\" style=\"font-family: Raleway; font-size: 18px; line-height: 26px; font-style: normal; font-weight: 300; color: #1e70b3; text-decoration: none; text-align: center;\">Lifting de bra\u00e7os<\/div>[vc_empty_space height=&#8221;15px&#8221;][\/vc_column_inner][vc_column_inner width=&#8221;1\/3&#8243;][vc_single_image image=&#8221;8062&#8243; img_size=&#8221;full&#8221; alignment=&#8221;center&#8221; onclick=&#8221;custom_link&#8221; qode_css_animation=&#8221;&#8221; qode_hover_animation=&#8221;darken&#8221; link=&#8221;\/ca\/lifting-de-muslos-o-cruroplastia\/&#8221; img_link=&#8221;\/lifting-de-muslos-o-cruroplastia\/&#8221;][vc_empty_space height=&#8221;15px&#8221;]<div class=\"custom_font_holder\" style=\"font-family: Raleway; font-size: 18px; line-height: 26px; font-style: normal; font-weight: 300; color: #1e70b3; text-decoration: none; text-align: center;\">Lifting de cuixes o<\/p>\n<p>curopl\u00e0stia<\/div>[vc_empty_space height=&#8221;15px&#8221;][\/vc_column_inner][\/vc_row_inner][vc_row_inner row_type=&#8221;row&#8221; type=&#8221;full_width&#8221; text_align=&#8221;left&#8221; css_animation=&#8221;&#8221;][vc_column_inner width=&#8221;1\/3&#8243;][vc_single_image image=&#8221;8061&#8243; img_size=&#8221;full&#8221; alignment=&#8221;center&#8221; onclick=&#8221;custom_link&#8221; qode_css_animation=&#8221;&#8221; qode_hover_animation=&#8221;darken&#8221; link=&#8221;\/ca\/implante-de-gluteos\/&#8221; img_link=&#8221;\/implante-de-gluteos\/&#8221;][vc_empty_space height=&#8221;15px&#8221;]<div class=\"custom_font_holder\" style=\"font-family: Raleway; font-size: 18px; line-height: 26px; font-style: normal; font-weight: 300; color: #1e70b3; text-decoration: none; text-align: center;\">Implant de glutis<\/div>[vc_empty_space height=&#8221;15px&#8221;][\/vc_column_inner][vc_column_inner width=&#8221;1\/3&#8243;][vc_single_image image=&#8221;8063&#8243; img_size=&#8221;full&#8221; alignment=&#8221;center&#8221; onclick=&#8221;custom_link&#8221; qode_css_animation=&#8221;&#8221; qode_hover_animation=&#8221;darken&#8221; link=&#8221;\/ca\/implante-de-gemelos\/&#8221; img_link=&#8221;\/implante-de-gemelos\/&#8221;][vc_empty_space height=&#8221;15px&#8221;]<div class=\"custom_font_holder\" style=\"font-family: Raleway; font-size: 18px; line-height: 26px; font-style: normal; font-weight: 300; color: #1e70b3; text-decoration: none; text-align: center;\">Implant de bessons<\/div>[vc_empty_space height=&#8221;15px&#8221;][\/vc_column_inner][vc_column_inner width=&#8221;1\/3&#8243;][\/vc_column_inner][\/vc_row_inner][\/vc_column][\/vc_row]<\/p>\n<\/div><!-- AddThis Advanced Settings generic via filter on the_content --><!-- AddThis Share Buttons generic via filter on the_content -->","protected":false},"excerpt":{"rendered":"<p>[vc_row css_animation=&#8221;&#8221; row_type=&#8221;row&#8221; use_row_as_full_screen_section=&#8221;no&#8221; type=&#8221;full_width&#8221; angled_section=&#8221;no&#8221; text_align=&#8221;left&#8221; background_image_as_pattern=&#8221;without_pattern&#8221;][vc_column][vc_empty_space height=&#8221;40px&#8221;][\/vc_column][\/vc_row][vc_row css_animation=&#8221;&#8221; row_type=&#8221;row&#8221; use_row_as_full_screen_section=&#8221;no&#8221; type=&#8221;full_width&#8221; angled_section=&#8221;no&#8221; text_align=&#8221;left&#8221; background_image_as_pattern=&#8221;without_pattern&#8221; section_type=&#8221;full-width&#8221;][vc_column width=&#8221;1\/2&#8243;][vc_single_image image=&#8221;8049&#8243; img_size=&#8221;full&#8221; qode_css_animation=&#8221;&#8221;][\/vc_column][vc_column width=&#8221;1\/2&#8243;][vc_empty_space height=&#8221;40px&#8221;][vc_column_text]A les nostres cl\u00edniques C\u00e0nons Clinics trobar\u00e0s un equip d\u2019experts que t\u2019atendr\u00e0 gratu\u00eftament per assessorar-te i oferir-te aquell tractament de\u00a0cirurgia pl\u00e0stica corporal\u00a0que millor&#8230;<!-- AddThis Advanced Settings generic via filter on get_the_excerpt --><!-- AddThis Share Buttons generic via filter on get_the_excerpt --><\/p>\n","protected":false},"author":25,"featured_media":14854,"parent":0,"menu_order":0,"comment_status":"closed","ping_status":"closed","template":"","meta":{"footnotes":""},"class_list":["post-9872","page","type-page","status-publish","has-post-thumbnail","hentry"],"yoast_head":"<!-- This site is optimized with the Yoast SEO Premium plugin v26.9 (Yoast SEO v27.4) - https:\/\/yoast.com\/product\/yoast-seo-premium-wordpress\/ -->\n<title>CIRURGIA PL\u00c0STICA CORPORAL - Cl\u00ednica C\u00e0nons | Cirurgia i Medicina Estetica a Barcelona, \u200b\u200bGranollers<\/title>\n<meta name=\"robots\" content=\"index, follow, max-snippet:-1, max-image-preview:large, max-video-preview:-1\" \/>\n<link rel=\"canonical\" href=\"https:\/\/www.canons.es\/ca\/cirurgia-plastica-corporal\/\" \/>\n<meta property=\"og:locale\" content=\"ca_ES\" \/>\n<meta property=\"og:type\" content=\"article\" \/>\n<meta property=\"og:title\" content=\"CIRURGIA PL\u00c0STICA CORPORAL\" \/>\n<meta property=\"og:description\" content=\"[vc_row css_animation=&#8221;&#8221; row_type=&#8221;row&#8221; use_row_as_full_screen_section=&#8221;no&#8221; type=&#8221;full_width&#8221; angled_section=&#8221;no&#8221; text_align=&#8221;left&#8221; background_image_as_pattern=&#8221;without_pattern&#8221;][vc_column][vc_empty_space height=&#8221;40px&#8221;][\/vc_column][\/vc_row][vc_row css_animation=&#8221;&#8221; row_type=&#8221;row&#8221; use_row_as_full_screen_section=&#8221;no&#8221; type=&#8221;full_width&#8221; angled_section=&#8221;no&#8221; text_align=&#8221;left&#8221; background_image_as_pattern=&#8221;without_pattern&#8221; section_type=&#8221;full-width&#8221;][vc_column width=&#8221;1\/2&#8243;][vc_single_image image=&#8221;8049&#8243; img_size=&#8221;full&#8221; qode_css_animation=&#8221;&#8221;][\/vc_column][vc_column width=&#8221;1\/2&#8243;][vc_empty_space height=&#8221;40px&#8221;][vc_column_text]A les nostres cl\u00edniques C\u00e0nons Clinics trobar\u00e0s un equip d\u2019experts que t\u2019atendr\u00e0 gratu\u00eftament per assessorar-te i oferir-te aquell tractament de\u00a0cirurgia pl\u00e0stica corporal\u00a0que millor...\" \/>\n<meta property=\"og:url\" content=\"https:\/\/www.canons.es\/ca\/cirurgia-plastica-corporal\/\" \/>\n<meta property=\"og:site_name\" content=\"Cl\u00ednica C\u00e0nons | Cirurgia i Medicina Estetica a Barcelona, \u200b\u200bGranollers\" \/>\n<meta property=\"article:publisher\" content=\"https:\/\/www.facebook.com\/canonsclinics\/\" \/>\n<meta property=\"article:modified_time\" content=\"2020-06-17T13:25:41+00:00\" \/>\n<meta property=\"og:image\" content=\"https:\/\/www.canons.es\/wp-content\/uploads\/2015\/09\/cirugia-estetica-corporal.jpg\" \/>\n\t<meta property=\"og:image:width\" content=\"500\" \/>\n\t<meta property=\"og:image:height\" content=\"327\" \/>\n\t<meta property=\"og:image:type\" content=\"image\/jpeg\" \/>\n<meta name=\"twitter:card\" content=\"summary_large_image\" \/>\n<meta name=\"twitter:site\" content=\"@canonsclinics\" \/>\n<meta name=\"twitter:label1\" content=\"Temps estimat de lectura\" \/>\n\t<meta name=\"twitter:data1\" content=\"6 minuts\" \/>\n<script type=\"application\/ld+json\" class=\"yoast-schema-graph\">{\"@context\":\"https:\\\/\\\/schema.org\",\"@graph\":[{\"@type\":\"WebPage\",\"@id\":\"https:\\\/\\\/www.canons.es\\\/ca\\\/cirurgia-plastica-corporal\\\/\",\"url\":\"https:\\\/\\\/www.canons.es\\\/ca\\\/cirurgia-plastica-corporal\\\/\",\"name\":\"CIRURGIA PL\u00c0STICA CORPORAL - Cl\u00ednica C\u00e0nons | Cirurgia i Medicina Estetica a Barcelona, \u200b\u200bGranollers\",\"isPartOf\":{\"@id\":\"https:\\\/\\\/www.canons.es\\\/#website\"},\"primaryImageOfPage\":{\"@id\":\"https:\\\/\\\/www.canons.es\\\/ca\\\/cirurgia-plastica-corporal\\\/#primaryimage\"},\"image\":{\"@id\":\"https:\\\/\\\/www.canons.es\\\/ca\\\/cirurgia-plastica-corporal\\\/#primaryimage\"},\"thumbnailUrl\":\"https:\\\/\\\/www.canons.es\\\/wp-content\\\/uploads\\\/2015\\\/09\\\/cirugia-estetica-corporal.jpg\",\"datePublished\":\"2015-09-14T10:28:56+00:00\",\"dateModified\":\"2020-06-17T13:25:41+00:00\",\"breadcrumb\":{\"@id\":\"https:\\\/\\\/www.canons.es\\\/ca\\\/cirurgia-plastica-corporal\\\/#breadcrumb\"},\"inLanguage\":\"ca\",\"potentialAction\":[{\"@type\":\"ReadAction\",\"target\":[\"https:\\\/\\\/www.canons.es\\\/ca\\\/cirurgia-plastica-corporal\\\/\"]}]},{\"@type\":\"ImageObject\",\"inLanguage\":\"ca\",\"@id\":\"https:\\\/\\\/www.canons.es\\\/ca\\\/cirurgia-plastica-corporal\\\/#primaryimage\",\"url\":\"https:\\\/\\\/www.canons.es\\\/wp-content\\\/uploads\\\/2015\\\/09\\\/cirugia-estetica-corporal.jpg\",\"contentUrl\":\"https:\\\/\\\/www.canons.es\\\/wp-content\\\/uploads\\\/2015\\\/09\\\/cirugia-estetica-corporal.jpg\",\"width\":500,\"height\":327,\"caption\":\"Cirug\u00eda pl\u00e1stica corporal en Barcelona y Granollers con intervenciones personalizadas para mejorar la silueta en Canons Clinics\u00ae\"},{\"@type\":\"BreadcrumbList\",\"@id\":\"https:\\\/\\\/www.canons.es\\\/ca\\\/cirurgia-plastica-corporal\\\/#breadcrumb\",\"itemListElement\":[{\"@type\":\"ListItem\",\"position\":1,\"name\":\"Portada\",\"item\":\"https:\\\/\\\/www.canons.es\\\/ca\\\/\"},{\"@type\":\"ListItem\",\"position\":2,\"name\":\"CIRURGIA PL\u00c0STICA CORPORAL\"}]},{\"@type\":\"WebSite\",\"@id\":\"https:\\\/\\\/www.canons.es\\\/#website\",\"url\":\"https:\\\/\\\/www.canons.es\\\/\",\"name\":\"Cirug\u00eda Pl\u00e1stica y Est\u00e9tica Barcelona y Granollers | C\u00e0nons Clinics\",\"description\":\"\",\"publisher\":{\"@id\":\"https:\\\/\\\/www.canons.es\\\/#organization\"},\"potentialAction\":[{\"@type\":\"SearchAction\",\"target\":{\"@type\":\"EntryPoint\",\"urlTemplate\":\"https:\\\/\\\/www.canons.es\\\/?s={search_term_string}\"},\"query-input\":{\"@type\":\"PropertyValueSpecification\",\"valueRequired\":true,\"valueName\":\"search_term_string\"}}],\"inLanguage\":\"ca\"},{\"@type\":\"Organization\",\"@id\":\"https:\\\/\\\/www.canons.es\\\/#organization\",\"name\":\"Cirug\u00eda Pl\u00e1stica y Est\u00e9tica Barcelona y Granollers | C\u00e0nons Clinics\",\"url\":\"https:\\\/\\\/www.canons.es\\\/\",\"logo\":{\"@type\":\"ImageObject\",\"inLanguage\":\"ca\",\"@id\":\"https:\\\/\\\/www.canons.es\\\/#\\\/schema\\\/logo\\\/image\\\/\",\"url\":\"https:\\\/\\\/www.canons.es\\\/wp-content\\\/uploads\\\/2025\\\/04\\\/logo-canons-clinics.jpg\",\"contentUrl\":\"https:\\\/\\\/www.canons.es\\\/wp-content\\\/uploads\\\/2025\\\/04\\\/logo-canons-clinics.jpg\",\"width\":600,\"height\":139,\"caption\":\"Cirug\u00eda Pl\u00e1stica y Est\u00e9tica Barcelona y Granollers | C\u00e0nons Clinics\"},\"image\":{\"@id\":\"https:\\\/\\\/www.canons.es\\\/#\\\/schema\\\/logo\\\/image\\\/\"},\"sameAs\":[\"https:\\\/\\\/www.facebook.com\\\/canonsclinics\\\/\",\"https:\\\/\\\/x.com\\\/canonsclinics\",\"https:\\\/\\\/www.instagram.com\\\/canonsclinics\\\/\",\"https:\\\/\\\/www.youtube.com\\\/channel\\\/UCI1Ia6LjALyo1CuQ0_HwtfQ\",\"https:\\\/\\\/www.linkedin.com\\\/company\\\/canons-clinics\\\/\"]}]}<\/script>\n<!-- \/ Yoast SEO Premium plugin. -->","yoast_head_json":{"title":"CIRURGIA PL\u00c0STICA CORPORAL - Cl\u00ednica C\u00e0nons | Cirurgia i Medicina Estetica a Barcelona, \u200b\u200bGranollers","robots":{"index":"index","follow":"follow","max-snippet":"max-snippet:-1","max-image-preview":"max-image-preview:large","max-video-preview":"max-video-preview:-1"},"canonical":"https:\/\/www.canons.es\/ca\/cirurgia-plastica-corporal\/","og_locale":"ca_ES","og_type":"article","og_title":"CIRURGIA PL\u00c0STICA CORPORAL","og_description":"[vc_row css_animation=&#8221;&#8221; row_type=&#8221;row&#8221; use_row_as_full_screen_section=&#8221;no&#8221; type=&#8221;full_width&#8221; angled_section=&#8221;no&#8221; text_align=&#8221;left&#8221; background_image_as_pattern=&#8221;without_pattern&#8221;][vc_column][vc_empty_space height=&#8221;40px&#8221;][\/vc_column][\/vc_row][vc_row css_animation=&#8221;&#8221; row_type=&#8221;row&#8221; use_row_as_full_screen_section=&#8221;no&#8221; type=&#8221;full_width&#8221; angled_section=&#8221;no&#8221; text_align=&#8221;left&#8221; background_image_as_pattern=&#8221;without_pattern&#8221; section_type=&#8221;full-width&#8221;][vc_column width=&#8221;1\/2&#8243;][vc_single_image image=&#8221;8049&#8243; img_size=&#8221;full&#8221; qode_css_animation=&#8221;&#8221;][\/vc_column][vc_column width=&#8221;1\/2&#8243;][vc_empty_space height=&#8221;40px&#8221;][vc_column_text]A les nostres cl\u00edniques C\u00e0nons Clinics trobar\u00e0s un equip d\u2019experts que t\u2019atendr\u00e0 gratu\u00eftament per assessorar-te i oferir-te aquell tractament de\u00a0cirurgia pl\u00e0stica corporal\u00a0que millor...","og_url":"https:\/\/www.canons.es\/ca\/cirurgia-plastica-corporal\/","og_site_name":"Cl\u00ednica C\u00e0nons | Cirurgia i Medicina Estetica a Barcelona, \u200b\u200bGranollers","article_publisher":"https:\/\/www.facebook.com\/canonsclinics\/","article_modified_time":"2020-06-17T13:25:41+00:00","og_image":[{"width":500,"height":327,"url":"https:\/\/www.canons.es\/wp-content\/uploads\/2015\/09\/cirugia-estetica-corporal.jpg","type":"image\/jpeg"}],"twitter_card":"summary_large_image","twitter_site":"@canonsclinics","twitter_misc":{"Temps estimat de lectura":"6 minuts"},"schema":{"@context":"https:\/\/schema.org","@graph":[{"@type":"WebPage","@id":"https:\/\/www.canons.es\/ca\/cirurgia-plastica-corporal\/","url":"https:\/\/www.canons.es\/ca\/cirurgia-plastica-corporal\/","name":"CIRURGIA PL\u00c0STICA CORPORAL - Cl\u00ednica C\u00e0nons | Cirurgia i Medicina Estetica a Barcelona, \u200b\u200bGranollers","isPartOf":{"@id":"https:\/\/www.canons.es\/#website"},"primaryImageOfPage":{"@id":"https:\/\/www.canons.es\/ca\/cirurgia-plastica-corporal\/#primaryimage"},"image":{"@id":"https:\/\/www.canons.es\/ca\/cirurgia-plastica-corporal\/#primaryimage"},"thumbnailUrl":"https:\/\/www.canons.es\/wp-content\/uploads\/2015\/09\/cirugia-estetica-corporal.jpg","datePublished":"2015-09-14T10:28:56+00:00","dateModified":"2020-06-17T13:25:41+00:00","breadcrumb":{"@id":"https:\/\/www.canons.es\/ca\/cirurgia-plastica-corporal\/#breadcrumb"},"inLanguage":"ca","potentialAction":[{"@type":"ReadAction","target":["https:\/\/www.canons.es\/ca\/cirurgia-plastica-corporal\/"]}]},{"@type":"ImageObject","inLanguage":"ca","@id":"https:\/\/www.canons.es\/ca\/cirurgia-plastica-corporal\/#primaryimage","url":"https:\/\/www.canons.es\/wp-content\/uploads\/2015\/09\/cirugia-estetica-corporal.jpg","contentUrl":"https:\/\/www.canons.es\/wp-content\/uploads\/2015\/09\/cirugia-estetica-corporal.jpg","width":500,"height":327,"caption":"Cirug\u00eda pl\u00e1stica corporal en Barcelona y Granollers con intervenciones personalizadas para mejorar la silueta en Canons Clinics\u00ae"},{"@type":"BreadcrumbList","@id":"https:\/\/www.canons.es\/ca\/cirurgia-plastica-corporal\/#breadcrumb","itemListElement":[{"@type":"ListItem","position":1,"name":"Portada","item":"https:\/\/www.canons.es\/ca\/"},{"@type":"ListItem","position":2,"name":"CIRURGIA PL\u00c0STICA CORPORAL"}]},{"@type":"WebSite","@id":"https:\/\/www.canons.es\/#website","url":"https:\/\/www.canons.es\/","name":"Cirug\u00eda Pl\u00e1stica y Est\u00e9tica Barcelona y Granollers | C\u00e0nons Clinics","description":"","publisher":{"@id":"https:\/\/www.canons.es\/#organization"},"potentialAction":[{"@type":"SearchAction","target":{"@type":"EntryPoint","urlTemplate":"https:\/\/www.canons.es\/?s={search_term_string}"},"query-input":{"@type":"PropertyValueSpecification","valueRequired":true,"valueName":"search_term_string"}}],"inLanguage":"ca"},{"@type":"Organization","@id":"https:\/\/www.canons.es\/#organization","name":"Cirug\u00eda Pl\u00e1stica y Est\u00e9tica Barcelona y Granollers | C\u00e0nons Clinics","url":"https:\/\/www.canons.es\/","logo":{"@type":"ImageObject","inLanguage":"ca","@id":"https:\/\/www.canons.es\/#\/schema\/logo\/image\/","url":"https:\/\/www.canons.es\/wp-content\/uploads\/2025\/04\/logo-canons-clinics.jpg","contentUrl":"https:\/\/www.canons.es\/wp-content\/uploads\/2025\/04\/logo-canons-clinics.jpg","width":600,"height":139,"caption":"Cirug\u00eda Pl\u00e1stica y Est\u00e9tica Barcelona y Granollers | C\u00e0nons Clinics"},"image":{"@id":"https:\/\/www.canons.es\/#\/schema\/logo\/image\/"},"sameAs":["https:\/\/www.facebook.com\/canonsclinics\/","https:\/\/x.com\/canonsclinics","https:\/\/www.instagram.com\/canonsclinics\/","https:\/\/www.youtube.com\/channel\/UCI1Ia6LjALyo1CuQ0_HwtfQ","https:\/\/www.linkedin.com\/company\/canons-clinics\/"]}]}},"_links":{"self":[{"href":"https:\/\/www.canons.es\/ca\/wp-json\/wp\/v2\/pages\/9872","targetHints":{"allow":["GET"]}}],"collection":[{"href":"https:\/\/www.canons.es\/ca\/wp-json\/wp\/v2\/pages"}],"about":[{"href":"https:\/\/www.canons.es\/ca\/wp-json\/wp\/v2\/types\/page"}],"author":[{"embeddable":true,"href":"https:\/\/www.canons.es\/ca\/wp-json\/wp\/v2\/users\/25"}],"replies":[{"embeddable":true,"href":"https:\/\/www.canons.es\/ca\/wp-json\/wp\/v2\/comments?post=9872"}],"version-history":[{"count":0,"href":"https:\/\/www.canons.es\/ca\/wp-json\/wp\/v2\/pages\/9872\/revisions"}],"wp:featuredmedia":[{"embeddable":true,"href":"https:\/\/www.canons.es\/ca\/wp-json\/wp\/v2\/media\/14854"}],"wp:attachment":[{"href":"https:\/\/www.canons.es\/ca\/wp-json\/wp\/v2\/media?parent=9872"}],"curies":[{"name":"wp","href":"https:\/\/api.w.org\/{rel}","templated":true}]}}