{"id":9770,"date":"2015-09-14T11:58:03","date_gmt":"2015-09-14T11:58:03","guid":{"rendered":"https:\/\/www.canons.es\/ca\/aumento-de-mamas\/"},"modified":"2019-12-13T12:31:23","modified_gmt":"2019-12-13T12:31:23","slug":"aumento-de-mamas","status":"publish","type":"page","link":"https:\/\/www.canons.es\/ca\/cirurgia-plastica-corporal\/aumento-de-mamas\/","title":{"rendered":"Augment de Mames"},"content":{"rendered":"<div class=\"wpb-content-wrapper\"><p>[vc_row css_animation=&#8221;&#8221; row_type=&#8221;row&#8221; use_row_as_full_screen_section=&#8221;no&#8221; type=&#8221;full_width&#8221; angled_section=&#8221;no&#8221; text_align=&#8221;left&#8221; background_image_as_pattern=&#8221;without_pattern&#8221; background_color=&#8221;#f7f7f7&#8243; section_type=&#8221;full-width&#8221;][vc_column][vc_empty_space height=&#8221;20px&#8221;]<div class=\"custom_font_holder\" style=\"font-family: Raleway; font-size: 35px; line-height: 26px; font-style: normal; font-weight: 300; color: #1e70b3; text-decoration: none; text-align: left;\">AUGMENT DE MAMES<\/div>[vc_empty_space height=&#8221;40px&#8221;][vc_row_inner row_type=&#8221;row&#8221; type=&#8221;full_width&#8221; text_align=&#8221;left&#8221; css_animation=&#8221;&#8221;][vc_column_inner width=&#8221;1\/2&#8243;][vc_single_image image=&#8221;8076&#8243; img_size=&#8221;full&#8221; alignment=&#8221;center&#8221; qode_css_animation=&#8221;&#8221;][vc_empty_space height=&#8221;40px&#8221;][\/vc_column_inner][vc_column_inner width=&#8221;1\/2&#8243;][vc_column_text]No est\u00e0s a gust amb el teu pit?<\/p>\n<p>\u00c9s l&#8217;operaci\u00f3 indicada per a aquelles dones que desitgen <strong>millorar el tamany i forma dels seus pits<\/strong>, que pensen que els seus pits s\u00f3n massa petits, que volen corregir la reducci\u00f3 del pit que es produeix despr\u00e9s de l&#8217;embar\u00e0s, aix\u00ed com corregir la difer\u00e8ncia de grand\u00e0ria entre ambdues mames.[\/vc_column_text][\/vc_column_inner][\/vc_row_inner][\/vc_column][\/vc_row][vc_row css_animation=&#8221;&#8221; row_type=&#8221;row&#8221; use_row_as_full_screen_section=&#8221;no&#8221; type=&#8221;full_width&#8221; angled_section=&#8221;no&#8221; text_align=&#8221;left&#8221; background_image_as_pattern=&#8221;without_pattern&#8221; section_type=&#8221;full-width&#8221;][vc_column][vc_empty_space][vc_accordion style=&#8221;accordion&#8221;][vc_accordion_tab title=&#8221;En qu\u00e8 consisteix la Cirurgia d\u2019Augment Mamari?&#8221;][vc_column_text]<\/p>\n<p style=\"text-align: justify;\">L\u00b4Augment Mamari, t\u00e8cnicament conegut com Mamopl\u00e0stia o, Mastopl\u00e0stia d\u2019Augment, <strong><span style=\"color: #6d98dc;\">\u00e9s un procediment quir\u00fargic per millorar la mida i, la forma del pit de la dona en diferents situacions amb l\u2019objectiu de millorar el contorn corporal de la dona que pensa que els seus pits s\u00f3n massa petits, de corregir la reducci\u00f3 del pit que es produeix despr\u00e9s dels embarassos, com tamb\u00e9 per corregir una difer\u00e8ncia de grand\u00e0ria entre ambdues mames<\/span>.<\/strong><\/p>\n<p style=\"text-align: justify;\">Es realitza a trav\u00e9s d\u2019una m\u00ednima incisi\u00f3 al voltant de l\u2019aureola, en el solc submamari o, b\u00e9 en l\u2019aixella segons l\u2019anatomia de cada dona i, de les prefer\u00e8ncies del teu cirurgi\u00e0 pl\u00e0stic.<\/p>\n<p style=\"text-align: justify;\">La col\u00b7locaci\u00f3 dels implants mamaris pot ser darrera de la mateixa gl\u00e0ndula i, per davant de la musculatura pectoral o, b\u00e9 per darrera de l\u2019esmentat m\u00fascul, depenent de cada cas concret. Es col\u00b7locar\u00e0 un embenat sobre les mames. <strong><span style=\"color: #6d98dc;\">El procediment m\u00e8dic quir\u00fargic pot durar aproximadament entre 1 i 2 hores<\/span>.<\/strong><\/p>\n<p>[\/vc_column_text][vc_row_inner row_type=&#8221;row&#8221; type=&#8221;full_width&#8221; text_align=&#8221;left&#8221; css_animation=&#8221;&#8221;][vc_column_inner width=&#8221;1\/4&#8243;]<br \/>\n[\/vc_column_inner][vc_column_inner width=&#8221;1\/2&#8243;][vc_video link=&#8221;https:\/\/www.youtube.com\/watch?v=ECLwmVZHNS4&#8243;][\/vc_column_inner][vc_column_inner width=&#8221;1\/4&#8243;]<br \/>\n[\/vc_column_inner][\/vc_row_inner][vc_column_text]<\/p>\n<p style=\"text-align: justify;\">Els implants mamaris utilitzats s\u00f3n de la m\u00e0xima qualitat i seguretat sanit\u00e0ria ja que han superat tots els tests de seguretat europeus. <strong><span style=\"color: #6d98dc;\">Hi ha diversos tipus de models d\u2019implants, gran varietat de volums i diferents textures. L\u2019\u00e0mplia gamma de refer\u00e8ncies ens permet oferir una soluci\u00f3 100% personalitzada segons cada dona<\/span>.<\/strong><\/p>\n<p style=\"text-align: justify;\">La intervenci\u00f3 d\u2019Augment Mamari es realitza sota anest\u00e8sia general i pot durar aproximadament entre 1 i 2 hores. Sol ser necessari l\u2019ingr\u00e9s, donant-se l\u2019alta al dia seg\u00fcent.<\/p>\n<p style=\"text-align: justify;\"><strong><span style=\"color: #6d98dc;\">Els resultats finals s\u00f3n molt satisfactoris ja que les pr\u00f2tesis mam\u00e0ries que utilitzem tenen un tacte molt similar al pit natural<\/span>.<\/strong><\/p>\n<p>[\/vc_column_text][\/vc_accordion_tab][vc_accordion_tab title=&#8221;Qui \u00e9s la candidata ideal per sotmetre a una Mastopl\u00e0stia d\u2019augment?&#8221;][vc_column_text]<\/p>\n<p style=\"text-align: justify;\">Aquelles dones que vulguin sotmetre&#8217;s a aquest proc\u00e9s <span style=\"color: #6d98dc;\"><strong>per motius est\u00e8tics<\/strong><\/span>, per falta de desenvolupament mamari o b\u00e9 per a una reconstrucci\u00f3 mam\u00e0ria.<\/p>\n<p>La col\u00b7locaci\u00f3 d&#8217;una pr\u00f2tesi mam\u00e0ria \u00e9s una t\u00e8cnica m\u00e9s que contrastada i que ofereix molt bons resultats i un alt grau de satisfacci\u00f3.[\/vc_column_text][vc_row_inner row_type=&#8221;row&#8221; type=&#8221;full_width&#8221; text_align=&#8221;left&#8221; css_animation=&#8221;&#8221;][vc_column_inner width=&#8221;1\/3&#8243;][vc_single_image image=&#8221;8069&#8243; qode_css_animation=&#8221;&#8221;][\/vc_column_inner][vc_column_inner width=&#8221;1\/3&#8243;][vc_single_image image=&#8221;8070&#8243; qode_css_animation=&#8221;&#8221;][\/vc_column_inner][vc_column_inner width=&#8221;1\/3&#8243;][vc_single_image image=&#8221;8071&#8243; qode_css_animation=&#8221;&#8221;][\/vc_column_inner][\/vc_row_inner][vc_row_inner row_type=&#8221;row&#8221; type=&#8221;full_width&#8221; text_align=&#8221;left&#8221; css_animation=&#8221;&#8221;][vc_column_inner width=&#8221;1\/4&#8243;]<br \/>\n[\/vc_column_inner][vc_column_inner width=&#8221;1\/2&#8243;][vc_video link=&#8221;https:\/\/www.youtube.com\/watch?v=YpPbdujpVJA&#8221;][\/vc_column_inner][vc_column_inner width=&#8221;1\/4&#8243;]<br \/>\n[\/vc_column_inner][\/vc_row_inner][\/vc_accordion_tab][vc_accordion_tab title=&#8221;Les pr\u00f2tesis s\u00f3n segures?&#8221; icon=&#8221;&#8221;][vc_row_inner row_type=&#8221;row&#8221; type=&#8221;full_width&#8221; text_align=&#8221;left&#8221; css_animation=&#8221;&#8221;][vc_column_inner width=&#8221;1\/4&#8243;]<br \/>\n[\/vc_column_inner][vc_column_inner width=&#8221;1\/2&#8243;][vc_video link=&#8221;https:\/\/www.youtube.com\/watch?v=Dw7JuOxM1hE&#8221;][\/vc_column_inner][vc_column_inner width=&#8221;1\/4&#8243;]<br \/>\n[\/vc_column_inner][\/vc_row_inner][\/vc_accordion_tab][vc_accordion_tab title=&#8221;Podr\u00e9 veure alguna simulaci\u00f3 en 3D abans d\u2019operar-me d\u2019Augment de Mames?&#8221;][vc_column_text]<\/p>\n<p style=\"text-align: justify;\">En els nostres centres C\u00e0nons Clinics, especialitzats en Cirurgia i Medicina Est\u00e8tica oferim la possibilitat de mostrar mitjan\u00e7ant un nou programa 3D E-Stetix <strong><span style=\"color: #6d98dc;\">una simulaci\u00f3 en tres dimensions de la cirurgia d\u2019augment de mames per poder analitzar de forma personalitzada tots els aspectes que desitgis millorar de les teves mames nom\u00e9s fent unes fotografies pr\u00e8vies<\/span>.<\/strong><\/p>\n<p style=\"text-align: justify;\">Podr\u00e0s veure amb claredat diverses simulacions segons el criteri m\u00e8dic del teu cirurgi\u00e0 i, les teves necessitats personals. Et veur\u00e0s amb diferents projeccions de pr\u00f2tesis i, amb varietat de mides de manera que et podr\u00e0s fer una idea, sempre aproximada, de com quedar\u00e0s despr\u00e9s de la cirurgia ja que \u00e9s una simulaci\u00f3 d\u2019una cirurgia mam\u00e0ria en qu\u00e8 intervenen molts factors.<\/p>\n<p>[\/vc_column_text][\/vc_accordion_tab][vc_accordion_tab title=&#8221;Com ser\u00e0 la tornada a la normalitat?&#8221;][vc_column_text]<\/p>\n<p style=\"text-align: justify;\"><strong><span style=\"color: #6d98dc;\">Despr\u00e9s de la cirurgia de mames \u00e9s normal estar cansada i adolorida uns dies, per\u00f2 podr\u00e0s fer vida gaireb\u00e9 normal a les 24-48 hores sense esfor\u00e7 f\u00edsic<\/span>.<\/strong> La majoria de les mol\u00e8sties es controlen b\u00e9 amb la medicaci\u00f3 prescrita pel teu cirurgi\u00e0 pl\u00e0stic, encara que les mames poden estar adolorides durant unes setmanes. L\u2019embenat o, els ap\u00f2sits seran retirats en uns dies, sent substitu\u00efts per un sostenidor de pressoter\u00e0pia a mida, que haur\u00e0s de portar de la manera que t\u2019indiqui el teu cirurgi\u00e0. \u00c9s normal tenir una sensaci\u00f3 d\u2019inflamaci\u00f3 als mugrons durant les dues primeres setmanes. Els punts es retiraran entre els 7 i 14 dies. L\u2019edema no cedeix completament fins a les 4 o 6 setmanes.<\/p>\n<p style=\"text-align: justify;\">Podr\u00e0s tornar a la feina en pocs dies, depenent de l\u2019activitat que realitzis. Seguint les instruccions del teu cirurgi\u00e0 sobre quins exercicis pots fer, haur\u00e0s d\u2019evitar aixecar objectes per sobre del cap durant 2 a 3 setmanes. Les teves mames estaran m\u00e9s sensibles del normal durant aproximadament unes 3 setmanes. Al principi les cicatrius estaran rosades, aspecte que millorar\u00e0 cont\u00ednuament des de les 6 setmanes fins a l\u2019any aproximadament.<\/p>\n<p style=\"text-align: justify;\">Els controls mamogr\u00e0fics apropiats per a cada dona segons l\u2019edat cal continuar realitzant-los, encara que s\u2019ha d\u2019advertir l\u2019exist\u00e8ncia de pr\u00f2tesis mam\u00e0ries.<\/p>\n<p style=\"text-align: justify;\">L\u2019operaci\u00f3 no limitar\u00e0 en la majoria de casos la seva capacitat per donar de mamar si es queda embarassada.<\/p>\n<p>[\/vc_column_text][\/vc_accordion_tab][vc_accordion_tab title=&#8221;Com es planifica la cirurgia d\u2019augment Mamari?&#8221;][vc_column_text]<\/p>\n<p style=\"text-align: justify;\">Durant la primera consulta, el cirurgi\u00e0 pl\u00e0stic avaluar\u00e0 la mida i la forma de les mames, la firmesa de la pell i, el teu estat general de salut. Es realitzar\u00e0 a m\u00e9s una exploraci\u00f3 de mames i, en alguns casos, es sol\u00b7licitar\u00e0 una mamografia. S&#8217;explicaran les diferents t\u00e8cniques quir\u00fargiques, es discutir\u00e0 la mida i, la forma que tindran els teus pits i les opcions o, la combinaci\u00f3 de procediments que sigui millor per a tu.<\/p>\n<p style=\"text-align: justify;\">Haur\u00e0s d\u2019exposar les teves expectatives de manera sincera i franca, perqu\u00e8 el teu cirurgi\u00e0 pl\u00e0stic et mostri les alternatives disponibles segons les teves necessitats.<\/p>\n<p style=\"text-align: justify;\">Tamb\u00e9 s&#8217;explicar\u00e0 quin \u00e9s el tipus d\u2019anest\u00e8sia que s\u2019emprar\u00e0, la necessitat d\u2019ingressar a la cl\u00ednica on es realitzar\u00e0 la cirurgia i els costos de la intervenci\u00f3.<\/p>\n<p style=\"text-align: justify;\">No dubtis en preguntar qualsevol q\u00fcesti\u00f3 que tinguis dubtes, especialment aquelles relacionades amb les teves expectatives sobre els resultats.<\/p>\n<p style=\"text-align: justify;\">El teu cirurgi\u00e0 pl\u00e0stic et donar\u00e0 instruccions sobre com preparar-te per la cirurgia, incloent les pautes a seguir sobre la presa o supressi\u00f3 de medicaments, vitamines, suplements de ferro, aliments, l\u00edquids i, tabac.<\/p>\n<p style=\"text-align: justify;\"><span style=\"color: #6d98dc;\"><strong>Assegura\u2019t tamb\u00e9 que algun familiar o acompanyant et pugui acompanyar quan se\u2019t doni l\u2019alta<\/strong><\/span> i, que en cas necessari, puguin ajudar-te uns dies.<\/p>\n<p>[\/vc_column_text][\/vc_accordion_tab][vc_accordion_tab title=&#8221;Quines precaucions haur\u00e9 prendre?&#8221;][vc_column_text]<\/p>\n<p style=\"text-align: justify;\">Amb l\u2019objectiu de limitar el risc de sagnat i hematomes haur\u00e0s d\u2019evitar prendre en els <strong><span style=\"color: #6d98dc;\">7 dies previs al procediment<\/span><\/strong> antiagregants plaquetaris com Aspirina, Dipiridamol, Ticlopidina\u2026 com tamb\u00e9, en els 3 dies previs prendre antiinflamatoris no estero\u00efdals amb efecte antiagregant com Ibuprof\u00e8, Diclofenac, Indometacina, Piroxicam, Naprox\u00e8\u2026<\/p>\n<p>[\/vc_column_text][\/vc_accordion_tab][\/vc_accordion][\/vc_column][\/vc_row]<\/p>\n<\/div><!-- AddThis Advanced Settings generic via filter on the_content --><!-- AddThis Share Buttons generic via filter on the_content -->","protected":false},"excerpt":{"rendered":"<p>[vc_row css_animation=&#8221;&#8221; row_type=&#8221;row&#8221; use_row_as_full_screen_section=&#8221;no&#8221; type=&#8221;full_width&#8221; angled_section=&#8221;no&#8221; text_align=&#8221;left&#8221; background_image_as_pattern=&#8221;without_pattern&#8221; background_color=&#8221;#f7f7f7&#8243; section_type=&#8221;full-width&#8221;][vc_column][vc_empty_space height=&#8221;20px&#8221;][vc_empty_space height=&#8221;40px&#8221;][vc_row_inner row_type=&#8221;row&#8221; type=&#8221;full_width&#8221; text_align=&#8221;left&#8221; css_animation=&#8221;&#8221;][vc_column_inner width=&#8221;1\/2&#8243;][vc_single_image image=&#8221;8076&#8243; img_size=&#8221;full&#8221; alignment=&#8221;center&#8221; qode_css_animation=&#8221;&#8221;][vc_empty_space height=&#8221;40px&#8221;][\/vc_column_inner][vc_column_inner width=&#8221;1\/2&#8243;][vc_column_text]No est\u00e0s a gust amb el teu pit? \u00c9s l&#8217;operaci\u00f3 indicada per a aquelles dones que desitgen millorar el tamany i forma dels&#8230;<!-- AddThis Advanced Settings generic via filter on get_the_excerpt --><!-- AddThis Share Buttons generic via filter on get_the_excerpt --><\/p>\n","protected":false},"author":25,"featured_media":0,"parent":9872,"menu_order":0,"comment_status":"closed","ping_status":"closed","template":"","meta":{"footnotes":""},"class_list":["post-9770","page","type-page","status-publish","hentry"],"yoast_head":"<!-- This site is optimized with the Yoast SEO Premium plugin v26.9 (Yoast SEO v27.4) - https:\/\/yoast.com\/product\/yoast-seo-premium-wordpress\/ -->\n<title>Augment de Mames - Cl\u00ednica C\u00e0nons | Cirurgia i Medicina Estetica a Barcelona, \u200b\u200bGranollers<\/title>\n<meta name=\"robots\" content=\"index, follow, max-snippet:-1, max-image-preview:large, max-video-preview:-1\" \/>\n<link rel=\"canonical\" href=\"https:\/\/www.canons.es\/cirugia-plastica-corporal-2\/aumento-de-pecho\/\" \/>\n<meta property=\"og:locale\" content=\"ca_ES\" \/>\n<meta property=\"og:type\" content=\"article\" \/>\n<meta property=\"og:title\" content=\"Augment de Mames\" \/>\n<meta property=\"og:description\" content=\"[vc_row css_animation=&#8221;&#8221; row_type=&#8221;row&#8221; use_row_as_full_screen_section=&#8221;no&#8221; type=&#8221;full_width&#8221; angled_section=&#8221;no&#8221; text_align=&#8221;left&#8221; background_image_as_pattern=&#8221;without_pattern&#8221; background_color=&#8221;#f7f7f7&#8243; section_type=&#8221;full-width&#8221;][vc_column][vc_empty_space height=&#8221;20px&#8221;][vc_empty_space height=&#8221;40px&#8221;][vc_row_inner row_type=&#8221;row&#8221; type=&#8221;full_width&#8221; text_align=&#8221;left&#8221; css_animation=&#8221;&#8221;][vc_column_inner width=&#8221;1\/2&#8243;][vc_single_image image=&#8221;8076&#8243; img_size=&#8221;full&#8221; alignment=&#8221;center&#8221; qode_css_animation=&#8221;&#8221;][vc_empty_space height=&#8221;40px&#8221;][\/vc_column_inner][vc_column_inner width=&#8221;1\/2&#8243;][vc_column_text]No est\u00e0s a gust amb el teu pit? \u00c9s l&#8217;operaci\u00f3 indicada per a aquelles dones que desitgen millorar el tamany i forma dels...\" \/>\n<meta property=\"og:url\" content=\"https:\/\/www.canons.es\/cirugia-plastica-corporal-2\/aumento-de-pecho\/\" \/>\n<meta property=\"og:site_name\" content=\"Cl\u00ednica C\u00e0nons | Cirurgia i Medicina Estetica a Barcelona, \u200b\u200bGranollers\" \/>\n<meta property=\"article:publisher\" content=\"https:\/\/www.facebook.com\/canonsclinics\/\" \/>\n<meta property=\"article:modified_time\" content=\"2019-12-13T12:31:23+00:00\" \/>\n<meta name=\"twitter:card\" content=\"summary_large_image\" \/>\n<meta name=\"twitter:site\" content=\"@canonsclinics\" \/>\n<meta name=\"twitter:label1\" content=\"Temps estimat de lectura\" \/>\n\t<meta name=\"twitter:data1\" content=\"8 minuts\" \/>\n<script type=\"application\/ld+json\" class=\"yoast-schema-graph\">{\"@context\":\"https:\\\/\\\/schema.org\",\"@graph\":[{\"@type\":\"WebPage\",\"@id\":\"https:\\\/\\\/www.canons.es\\\/cirugia-plastica-corporal-2\\\/aumento-de-pecho\\\/\",\"url\":\"https:\\\/\\\/www.canons.es\\\/cirugia-plastica-corporal-2\\\/aumento-de-pecho\\\/\",\"name\":\"Augment de Mames - Cl\u00ednica C\u00e0nons | Cirurgia i Medicina Estetica a Barcelona, \u200b\u200bGranollers\",\"isPartOf\":{\"@id\":\"https:\\\/\\\/www.canons.es\\\/#website\"},\"datePublished\":\"2015-09-14T11:58:03+00:00\",\"dateModified\":\"2019-12-13T12:31:23+00:00\",\"breadcrumb\":{\"@id\":\"https:\\\/\\\/www.canons.es\\\/cirugia-plastica-corporal-2\\\/aumento-de-pecho\\\/#breadcrumb\"},\"inLanguage\":\"ca\",\"potentialAction\":[{\"@type\":\"ReadAction\",\"target\":[\"https:\\\/\\\/www.canons.es\\\/cirugia-plastica-corporal-2\\\/aumento-de-pecho\\\/\"]}]},{\"@type\":\"BreadcrumbList\",\"@id\":\"https:\\\/\\\/www.canons.es\\\/cirugia-plastica-corporal-2\\\/aumento-de-pecho\\\/#breadcrumb\",\"itemListElement\":[{\"@type\":\"ListItem\",\"position\":1,\"name\":\"Portada\",\"item\":\"https:\\\/\\\/www.canons.es\\\/ca\\\/\"},{\"@type\":\"ListItem\",\"position\":2,\"name\":\"CIRURGIA PL\u00c0STICA CORPORAL\",\"item\":\"https:\\\/\\\/www.canons.es\\\/ca\\\/cirurgia-plastica-corporal\\\/\"},{\"@type\":\"ListItem\",\"position\":3,\"name\":\"Augment de Mames\"}]},{\"@type\":\"WebSite\",\"@id\":\"https:\\\/\\\/www.canons.es\\\/#website\",\"url\":\"https:\\\/\\\/www.canons.es\\\/\",\"name\":\"Cirug\u00eda Pl\u00e1stica y Est\u00e9tica Barcelona y Granollers | C\u00e0nons Clinics\",\"description\":\"\",\"publisher\":{\"@id\":\"https:\\\/\\\/www.canons.es\\\/#organization\"},\"potentialAction\":[{\"@type\":\"SearchAction\",\"target\":{\"@type\":\"EntryPoint\",\"urlTemplate\":\"https:\\\/\\\/www.canons.es\\\/?s={search_term_string}\"},\"query-input\":{\"@type\":\"PropertyValueSpecification\",\"valueRequired\":true,\"valueName\":\"search_term_string\"}}],\"inLanguage\":\"ca\"},{\"@type\":\"Organization\",\"@id\":\"https:\\\/\\\/www.canons.es\\\/#organization\",\"name\":\"Cirug\u00eda Pl\u00e1stica y Est\u00e9tica Barcelona y Granollers | C\u00e0nons Clinics\",\"url\":\"https:\\\/\\\/www.canons.es\\\/\",\"logo\":{\"@type\":\"ImageObject\",\"inLanguage\":\"ca\",\"@id\":\"https:\\\/\\\/www.canons.es\\\/#\\\/schema\\\/logo\\\/image\\\/\",\"url\":\"https:\\\/\\\/www.canons.es\\\/wp-content\\\/uploads\\\/2025\\\/04\\\/logo-canons-clinics.jpg\",\"contentUrl\":\"https:\\\/\\\/www.canons.es\\\/wp-content\\\/uploads\\\/2025\\\/04\\\/logo-canons-clinics.jpg\",\"width\":600,\"height\":139,\"caption\":\"Cirug\u00eda Pl\u00e1stica y Est\u00e9tica Barcelona y Granollers | C\u00e0nons Clinics\"},\"image\":{\"@id\":\"https:\\\/\\\/www.canons.es\\\/#\\\/schema\\\/logo\\\/image\\\/\"},\"sameAs\":[\"https:\\\/\\\/www.facebook.com\\\/canonsclinics\\\/\",\"https:\\\/\\\/x.com\\\/canonsclinics\",\"https:\\\/\\\/www.instagram.com\\\/canonsclinics\\\/\",\"https:\\\/\\\/www.youtube.com\\\/channel\\\/UCI1Ia6LjALyo1CuQ0_HwtfQ\",\"https:\\\/\\\/www.linkedin.com\\\/company\\\/canons-clinics\\\/\"]}]}<\/script>\n<!-- \/ Yoast SEO Premium plugin. -->","yoast_head_json":{"title":"Augment de Mames - Cl\u00ednica C\u00e0nons | Cirurgia i Medicina Estetica a Barcelona, \u200b\u200bGranollers","robots":{"index":"index","follow":"follow","max-snippet":"max-snippet:-1","max-image-preview":"max-image-preview:large","max-video-preview":"max-video-preview:-1"},"canonical":"https:\/\/www.canons.es\/cirugia-plastica-corporal-2\/aumento-de-pecho\/","og_locale":"ca_ES","og_type":"article","og_title":"Augment de Mames","og_description":"[vc_row css_animation=&#8221;&#8221; row_type=&#8221;row&#8221; use_row_as_full_screen_section=&#8221;no&#8221; type=&#8221;full_width&#8221; angled_section=&#8221;no&#8221; text_align=&#8221;left&#8221; background_image_as_pattern=&#8221;without_pattern&#8221; background_color=&#8221;#f7f7f7&#8243; section_type=&#8221;full-width&#8221;][vc_column][vc_empty_space height=&#8221;20px&#8221;][vc_empty_space height=&#8221;40px&#8221;][vc_row_inner row_type=&#8221;row&#8221; type=&#8221;full_width&#8221; text_align=&#8221;left&#8221; css_animation=&#8221;&#8221;][vc_column_inner width=&#8221;1\/2&#8243;][vc_single_image image=&#8221;8076&#8243; img_size=&#8221;full&#8221; alignment=&#8221;center&#8221; qode_css_animation=&#8221;&#8221;][vc_empty_space height=&#8221;40px&#8221;][\/vc_column_inner][vc_column_inner width=&#8221;1\/2&#8243;][vc_column_text]No est\u00e0s a gust amb el teu pit? \u00c9s l&#8217;operaci\u00f3 indicada per a aquelles dones que desitgen millorar el tamany i forma dels...","og_url":"https:\/\/www.canons.es\/cirugia-plastica-corporal-2\/aumento-de-pecho\/","og_site_name":"Cl\u00ednica C\u00e0nons | Cirurgia i Medicina Estetica a Barcelona, \u200b\u200bGranollers","article_publisher":"https:\/\/www.facebook.com\/canonsclinics\/","article_modified_time":"2019-12-13T12:31:23+00:00","twitter_card":"summary_large_image","twitter_site":"@canonsclinics","twitter_misc":{"Temps estimat de lectura":"8 minuts"},"schema":{"@context":"https:\/\/schema.org","@graph":[{"@type":"WebPage","@id":"https:\/\/www.canons.es\/cirugia-plastica-corporal-2\/aumento-de-pecho\/","url":"https:\/\/www.canons.es\/cirugia-plastica-corporal-2\/aumento-de-pecho\/","name":"Augment de Mames - Cl\u00ednica C\u00e0nons | Cirurgia i Medicina Estetica a Barcelona, \u200b\u200bGranollers","isPartOf":{"@id":"https:\/\/www.canons.es\/#website"},"datePublished":"2015-09-14T11:58:03+00:00","dateModified":"2019-12-13T12:31:23+00:00","breadcrumb":{"@id":"https:\/\/www.canons.es\/cirugia-plastica-corporal-2\/aumento-de-pecho\/#breadcrumb"},"inLanguage":"ca","potentialAction":[{"@type":"ReadAction","target":["https:\/\/www.canons.es\/cirugia-plastica-corporal-2\/aumento-de-pecho\/"]}]},{"@type":"BreadcrumbList","@id":"https:\/\/www.canons.es\/cirugia-plastica-corporal-2\/aumento-de-pecho\/#breadcrumb","itemListElement":[{"@type":"ListItem","position":1,"name":"Portada","item":"https:\/\/www.canons.es\/ca\/"},{"@type":"ListItem","position":2,"name":"CIRURGIA PL\u00c0STICA CORPORAL","item":"https:\/\/www.canons.es\/ca\/cirurgia-plastica-corporal\/"},{"@type":"ListItem","position":3,"name":"Augment de Mames"}]},{"@type":"WebSite","@id":"https:\/\/www.canons.es\/#website","url":"https:\/\/www.canons.es\/","name":"Cirug\u00eda Pl\u00e1stica y Est\u00e9tica Barcelona y Granollers | C\u00e0nons Clinics","description":"","publisher":{"@id":"https:\/\/www.canons.es\/#organization"},"potentialAction":[{"@type":"SearchAction","target":{"@type":"EntryPoint","urlTemplate":"https:\/\/www.canons.es\/?s={search_term_string}"},"query-input":{"@type":"PropertyValueSpecification","valueRequired":true,"valueName":"search_term_string"}}],"inLanguage":"ca"},{"@type":"Organization","@id":"https:\/\/www.canons.es\/#organization","name":"Cirug\u00eda Pl\u00e1stica y Est\u00e9tica Barcelona y Granollers | C\u00e0nons Clinics","url":"https:\/\/www.canons.es\/","logo":{"@type":"ImageObject","inLanguage":"ca","@id":"https:\/\/www.canons.es\/#\/schema\/logo\/image\/","url":"https:\/\/www.canons.es\/wp-content\/uploads\/2025\/04\/logo-canons-clinics.jpg","contentUrl":"https:\/\/www.canons.es\/wp-content\/uploads\/2025\/04\/logo-canons-clinics.jpg","width":600,"height":139,"caption":"Cirug\u00eda Pl\u00e1stica y Est\u00e9tica Barcelona y Granollers | C\u00e0nons Clinics"},"image":{"@id":"https:\/\/www.canons.es\/#\/schema\/logo\/image\/"},"sameAs":["https:\/\/www.facebook.com\/canonsclinics\/","https:\/\/x.com\/canonsclinics","https:\/\/www.instagram.com\/canonsclinics\/","https:\/\/www.youtube.com\/channel\/UCI1Ia6LjALyo1CuQ0_HwtfQ","https:\/\/www.linkedin.com\/company\/canons-clinics\/"]}]}},"_links":{"self":[{"href":"https:\/\/www.canons.es\/ca\/wp-json\/wp\/v2\/pages\/9770","targetHints":{"allow":["GET"]}}],"collection":[{"href":"https:\/\/www.canons.es\/ca\/wp-json\/wp\/v2\/pages"}],"about":[{"href":"https:\/\/www.canons.es\/ca\/wp-json\/wp\/v2\/types\/page"}],"author":[{"embeddable":true,"href":"https:\/\/www.canons.es\/ca\/wp-json\/wp\/v2\/users\/25"}],"replies":[{"embeddable":true,"href":"https:\/\/www.canons.es\/ca\/wp-json\/wp\/v2\/comments?post=9770"}],"version-history":[{"count":0,"href":"https:\/\/www.canons.es\/ca\/wp-json\/wp\/v2\/pages\/9770\/revisions"}],"up":[{"embeddable":true,"href":"https:\/\/www.canons.es\/ca\/wp-json\/wp\/v2\/pages\/9872"}],"wp:attachment":[{"href":"https:\/\/www.canons.es\/ca\/wp-json\/wp\/v2\/media?parent=9770"}],"curies":[{"name":"wp","href":"https:\/\/api.w.org\/{rel}","templated":true}]}}