{"id":9669,"date":"2015-09-08T15:04:27","date_gmt":"2015-09-08T15:04:27","guid":{"rendered":"https:\/\/www.canons.es\/ca\/lifting-cervicofacial\/"},"modified":"2019-12-12T15:53:22","modified_gmt":"2019-12-12T15:53:22","slug":"lifting-cervicofacial","status":"publish","type":"page","link":"https:\/\/www.canons.es\/ca\/cirurgia-plastica-facial\/lifting-cervicofacial\/","title":{"rendered":"Lifting CervicoFacial"},"content":{"rendered":"<div class=\"wpb-content-wrapper\"><p>[vc_row css_animation=&#8221;&#8221; row_type=&#8221;row&#8221; use_row_as_full_screen_section=&#8221;no&#8221; type=&#8221;full_width&#8221; angled_section=&#8221;no&#8221; text_align=&#8221;left&#8221; background_image_as_pattern=&#8221;without_pattern&#8221; background_color=&#8221;#f7f7f7&#8243; section_type=&#8221;full-width&#8221;][vc_column][vc_empty_space height=&#8221;20px&#8221;]<div class=\"custom_font_holder\" style=\"font-family: Raleway; font-size: 35px; line-height: 26px; font-style: normal; font-weight: 300; color: #1e70b3; text-decoration: none; text-align: left;\">LIFTING CERVICOAFACIAL<\/div>[vc_empty_space height=&#8221;40px&#8221;][vc_row_inner row_type=&#8221;row&#8221; type=&#8221;full_width&#8221; text_align=&#8221;left&#8221; css_animation=&#8221;&#8221;][vc_column_inner width=&#8221;1\/2&#8243;][vc_single_image image=&#8221;7981&#8243; img_size=&#8221;full&#8221; alignment=&#8221;center&#8221; qode_css_animation=&#8221;&#8221;][vc_empty_space height=&#8221;40px&#8221;][\/vc_column_inner][vc_column_inner width=&#8221;1\/2&#8243;][vc_column_text]<\/p>\n<p style=\"text-align: justify;\">Els plecs entre la boca i el nas s&#8217;accentuen, la vora mandibular <strong>perd definici\u00f3 i el coll augmenta la seva flaccidesa.<\/strong> El Lifting Frontal com a intervenci\u00f3 pot realitzar-se a\u00eflladament o en combinaci\u00f3 amb altres cirurgies de la cara com a <a href=\"\/ca\/rinoplastia\/\">rinopl\u00e0stia<\/a> o <a href=\"\/ca\/blefaroplastia\/\">blefaropl\u00e0stia<\/a>.<\/p>\n<p>[\/vc_column_text][\/vc_column_inner][\/vc_row_inner][\/vc_column][\/vc_row][vc_row css_animation=&#8221;&#8221; row_type=&#8221;row&#8221; use_row_as_full_screen_section=&#8221;no&#8221; type=&#8221;full_width&#8221; angled_section=&#8221;no&#8221; text_align=&#8221;left&#8221; background_image_as_pattern=&#8221;without_pattern&#8221; section_type=&#8221;full-width&#8221;][vc_column][vc_empty_space][vc_accordion style=&#8221;accordion&#8221;][vc_accordion_tab title=&#8221;Qui \u00e9s el candidat ideal per sotmetre&#8217;s a un Lifting CervicoFacial?&#8221;][vc_column_text]<\/p>\n<p style=\"text-align: justify;\"><strong><span style=\"color: #6d98dc;\">Els millors candidats s\u00f3n aquells homes i dones la pell dels quals ha comen\u00e7at a despenjar-se per\u00f2 segueix mantenint un bon grau d&#8217;elasticitat<\/span>.<\/strong> Un lifting no t\u00e9 per qu\u00e8 rejovenir un determinat nombre d&#8217;anys, per\u00f2 s\u00ed aconseguir\u00e0 retornar un millor aspecte i una aparen\u00e7a m\u00e9s jove.<\/p>\n<p>L&#8217;edat sol estar entre els cinquanta i els setanta anys, per\u00f2 tamb\u00e9 es realitzen liftings en persones majors de setanta anys amb excel\u00b7lents resultats.[\/vc_column_text][\/vc_accordion_tab][vc_accordion_tab title=&#8221;En qu\u00e8 consisteix el Lifting CervicoFacial?&#8221;][vc_column_text]<\/p>\n<p style=\"text-align: justify;\">Els liftings han de ser personalitzats. A la consulta el cirurgi\u00e0 analitzar\u00e0 el teu rostre, la teva qualitat cut\u00e0nia i la teva estructura \u00f2ssia i et comentar\u00e0 les possibilitats que la cirurgia t&#8217;ofereix.<\/p>\n<p>Cada persona presenta una gran varietat de particularitats anat\u00f2miques que ocasionen difer\u00e8ncies en la capacitat de recuperaci\u00f3 i influeixen en el resultat final. <strong><span style=\"color: #6d98dc;\">Cada cas pot variar quant a la col\u00b7locaci\u00f3 i extensi\u00f3 de les incisions, les \u00e0rees de la cara que es vulguin millorar, l&#8217;\u00fas o no de t\u00e8cniques complement\u00e0ries com la cirurgia de parpelles, l&#8217;augment de p\u00f2muls, etc. o la durada de la intervenci\u00f3<\/span>.<\/strong><\/p>\n<p>Actualment, existeixen moltes t\u00e8cniques en les quals hi ha difer\u00e8ncies en la ubicaci\u00f3 i longitud de les cicatrius. Habitualment la incisi\u00f3 comen\u00e7a a la zona del front, en el naixement del cabell, s&#8217;est\u00e9n dins de les l\u00ednies naturals que existeixen davant de l&#8217;orella i continua al voltant del l\u00f2bul, darrere l&#8217;orella i del cuir cabellut. Depenent del cas, el teu cirurgi\u00e0 preferir\u00e0 situar les cicatrius envoltant la patilla i la l\u00ednia del p\u00e8l en les temples, evitant que les cicatrius s&#8217;introdueixin en el p\u00e8l. Quan el coll necessita un tractament especial \u00e9s necessari emprar una incisi\u00f3 just sota el ment\u00f3.<\/p>\n<p><span style=\"color: #6d98dc;\"><strong>El lifting consisteix b\u00e0sicament a tibar les capes musculars i la pell, retirant el teixit sobrant<\/strong><\/span>. Una vegada acabat, les ferides es tanquen, deixant temporalment uns petits drenatges sota la pell perqu\u00e8 no s&#8217;acumuli sang. Finalment, es col\u00b7locar\u00e0 un embenatge.<\/p>\n<p>El lifting ha de ser realitzat en una cl\u00ednica autoritzada ja que es realitza amb sedaci\u00f3 o anest\u00e8sia general depenent del cas en particular.<\/p>\n<p>La seva estada en cl\u00ednica dependr\u00e0 del tipus d&#8217;anest\u00e8sia i de l&#8217;extensi\u00f3 del lifting.[\/vc_column_text][\/vc_accordion_tab][vc_accordion_tab title=&#8221;Podr\u00e9 veure alguna simulaci\u00f3 en 3D abans de la cirurgia de Lifting Facial?&#8221;][vc_column_text]<\/p>\n<p style=\"text-align: justify;\">Als nostres centres C\u00e0nons Clinics, especialitzats en Cirurgia i Medicina Est\u00e8tica, oferim la possibilitat de mostrar mitjan\u00e7ant un nou programa 3D I-Stetix diverses simulacions en tres dimensions de la cirurgia de Lifting Facial. D&#8217;aquesta forma, podem analitzar de forma personalitzada, i segons criteri m\u00e8dic, tots els aspectes que desitgis millorar, solament realitzant unes fotografies pr\u00e8vies. <strong><span style=\"color: #6d98dc;\">Et podr\u00e0s fer una idea, sempre aproximada, de com quedar\u00e0s despr\u00e9s, ja que intervenen gran varietat de factors<\/span>.<\/strong><\/p>\n<p>[\/vc_column_text][\/vc_accordion_tab][vc_accordion_tab title=&#8221;Com ser\u00e0 la tornada a la normalitat?&#8221;][vc_column_text]<\/p>\n<p style=\"text-align: justify;\"><span style=\"color: #6d98dc;\"><strong>El post-operatori no sol ser dolor\u00f3s<\/strong><\/span>. Les mol\u00e8sties que generalment apareixen solen controlar-se b\u00e9 amb analg\u00e8sics habituals. L&#8217;embenatge i els tubs de drenatge normalment es retiren en 24 a 48 hores.<\/p>\n<p>Els primers punts es retiren al voltant d&#8217;una setmana i els punts del cabell i\/o les grapes una mica m\u00e9s tard. \u00c9s normal que senti la pell de la cara \u201cacartronada&#8221;. Aquesta sensaci\u00f3 \u00e9s transit\u00f2ria i desapareix en unes quantes setmanes. Considera com a normal que la cara estar\u00e0 inflamada i tindr\u00e0s alg\u00fan hematoma, aquest aspecte nom\u00e9s durar\u00e0 entre 10 i 15 dies aproximadament.<\/p>\n<p>\u00c9s aconsellable que facis rep\u00f2s relatiu durant les dues primeres setmanes i que evitis els exercicis o activitats violentes durant almenys les dues setmanes seg\u00fcents a l&#8217;operaci\u00f3. La pell de la cara necessitar\u00e0 cures espec\u00edfiques i no haur\u00e0s d&#8217;exposar-la al sol o a rajos UVA durant almenys tres mesos.<\/p>\n<p>Al principi, pots sentir-te preocupat per l&#8217;aspecte de la cara. Pensa que la majoria de les persones tornen a una vida normal, incloent el treball, a partir de les dues setmanes depenent de cada cas. En aquest per\u00edode la inflamaci\u00f3 es normalitza i desapareixen els morats. Les cicatrius triguen algunes setmanes m\u00e9s a dissimular-se, per\u00f2 finalment es fan pr\u00e0cticament imperceptibles.<\/p>\n<p>A partir de la tercera setmana, el teu aspecte ser\u00e0 molt millor. Si has de tornar a treballar, pots aplicar-se maquillatge per camuflar els possibles morats que puguin persistir.<\/p>\n<p style=\"text-align: justify;\"><strong><span style=\"color: #6d98dc;\">Les perspectives del lifting s\u00f3n bones especialment si ets conscient que els resultats no s&#8217;aprecien de forma immediata<\/span>.<\/strong> Despr\u00e9s de la inflamaci\u00f3 i els morats pot ser que el cabell es torni una mica m\u00e9s fi i la pell sol estigui m\u00e9s seca i vermellosa durant uns mesos.<\/p>\n<p>[\/vc_column_text][\/vc_accordion_tab][vc_accordion_tab title=&#8221;Com em planifico el Lifting Cervicofacial?&#8221;][vc_column_text]<\/p>\n<p style=\"text-align: justify;\">El teu cirurgi\u00e0 t&#8217;explicar\u00e0 quina t\u00e8cnica utilitzar\u00e0 en el teu cas, aix\u00ed com l&#8217;anest\u00e8sia m\u00e9s aconsellable. No deixis de preguntar al teu cirurgi\u00e0 pl\u00e0stic qualsevol dubte que tinguis sobre la cirurgia de Lifting CervicoFacial. Tamb\u00e9 has de pensar detingudament en les teves expectatives i comenta-les al teu cirurgi\u00e0.<\/p>\n<p>El doctor t&#8217;indicar\u00e0 quins passos haur\u00e0s de seguir per preparar la intervenci\u00f3. Tamb\u00e9 comprovar\u00e0 tots aquells aspectes m\u00e8dics que poguessin causar problemes durant o, despr\u00e9s de la intervenci\u00f3, com a tensi\u00f3 alta no controlada, problemes de coagulaci\u00f3, etc. Comenta-li si est\u00e0s prenent algun tipus de medicaci\u00f3, especialment aspirines o qualsevol medicament que pugui afectar la coagulaci\u00f3 de la sang.<\/p>\n<p>Haur\u00e0s de seguir acuradament les pautes que et marqui el cirurgi\u00e0 pl\u00e0stic, fet que t&#8217;ajudar\u00e0 en gran manera al fet que la cirurgia es desenvolupi millor. <span style=\"color: #6d98dc;\"><strong>Si<\/strong> <strong>ets fumador\/a \u00e9s fonamental que almenys quatre setmanes abans i despr\u00e9s de la intervenci\u00f3 deixis de fumar<\/strong><\/span>. El tabac dificulta que la sang flueixi cap a la pell i pot interferir en la recuperaci\u00f3 de les cicatrius.<\/p>\n<p>Si tens el cabell curt \u00e9s recomanable que ho deixis cr\u00e9ixer abans de la intervenci\u00f3, ja que el cabell llarg ajuda a dissimular les cicatrius de la cirurgia mentre aquestes romanen visibles. Quan el lifting s&#8217;hagi realitzat recorda que tant si has d&#8217;estar ingressada o ha estat una cirurgia ambulat\u00f2ria haur\u00e0s de comptar amb ajuda tant perqu\u00e8 et portin a casa com per ajudar-te a casa durant els primers dies.<\/p>\n<p><span style=\"color: #6d98dc;\"><strong>Assegura&#8217;t, a m\u00e9s, que algun familiar o acompanyant pugui portar-te a casa quan se&#8217;t doni l&#8217;alta<\/strong><\/span> i que, en cas necessari, puguin ajudar-te uns dies.[\/vc_column_text][\/vc_accordion_tab][vc_accordion_tab title=&#8221;Quines precaucions haur\u00e9 de prendre?&#8221;][vc_column_text]<\/p>\n<p style=\"text-align: justify;\">Amb l&#8217;objectiu de limitar el risc de sagnat i hematomes haur\u00e0s d&#8217;<span style=\"color: #6d98dc;\"><strong>evitar prendre en els 7 dies previs<\/strong><\/span> al procediment antiagregants plaquetaris com l&#8217;Aspirina, Dipiridamol, Ticlopidina\u2026 com tamb\u00e9, en els 3 dies previs, prendre antiinflamatoris no esteroideos amb efecte antiagregant com Ibuprofeno, Diclofenaco, Indometacina, Piroxicam, Naproxeno\u2026<\/p>\n<p>[\/vc_column_text][\/vc_accordion_tab][\/vc_accordion][\/vc_column][\/vc_row]<\/p>\n<\/div><!-- AddThis Advanced Settings generic via filter on the_content --><!-- AddThis Share Buttons generic via filter on the_content -->","protected":false},"excerpt":{"rendered":"<p>[vc_row css_animation=&#8221;&#8221; row_type=&#8221;row&#8221; use_row_as_full_screen_section=&#8221;no&#8221; type=&#8221;full_width&#8221; angled_section=&#8221;no&#8221; text_align=&#8221;left&#8221; background_image_as_pattern=&#8221;without_pattern&#8221; background_color=&#8221;#f7f7f7&#8243; section_type=&#8221;full-width&#8221;][vc_column][vc_empty_space height=&#8221;20px&#8221;][vc_empty_space height=&#8221;40px&#8221;][vc_row_inner row_type=&#8221;row&#8221; type=&#8221;full_width&#8221; text_align=&#8221;left&#8221; css_animation=&#8221;&#8221;][vc_column_inner width=&#8221;1\/2&#8243;][vc_single_image image=&#8221;7981&#8243; img_size=&#8221;full&#8221; alignment=&#8221;center&#8221; qode_css_animation=&#8221;&#8221;][vc_empty_space height=&#8221;40px&#8221;][\/vc_column_inner][vc_column_inner width=&#8221;1\/2&#8243;][vc_column_text] Els plecs entre la boca i el nas s&#8217;accentuen, la vora mandibular perd definici\u00f3 i el coll augmenta la seva flaccidesa. El&#8230;<!-- AddThis Advanced Settings generic via filter on get_the_excerpt --><!-- AddThis Share Buttons generic via filter on get_the_excerpt --><\/p>\n","protected":false},"author":25,"featured_media":0,"parent":9761,"menu_order":0,"comment_status":"closed","ping_status":"closed","template":"","meta":{"footnotes":""},"class_list":["post-9669","page","type-page","status-publish","hentry"],"yoast_head":"<!-- This site is optimized with the Yoast SEO Premium plugin v26.9 (Yoast SEO v27.4) - https:\/\/yoast.com\/product\/yoast-seo-premium-wordpress\/ -->\n<title>Lifting CervicoFacial - Cl\u00ednica C\u00e0nons | Cirurgia i Medicina Estetica a Barcelona, \u200b\u200bGranollers<\/title>\n<meta name=\"robots\" content=\"index, follow, max-snippet:-1, max-image-preview:large, max-video-preview:-1\" \/>\n<link rel=\"canonical\" href=\"https:\/\/www.canons.es\/cirugia-plastica-facial-2\/lifting-cervicofacial\/\" \/>\n<meta property=\"og:locale\" content=\"ca_ES\" \/>\n<meta property=\"og:type\" content=\"article\" \/>\n<meta property=\"og:title\" content=\"Lifting CervicoFacial\" \/>\n<meta property=\"og:description\" content=\"[vc_row css_animation=&#8221;&#8221; row_type=&#8221;row&#8221; use_row_as_full_screen_section=&#8221;no&#8221; type=&#8221;full_width&#8221; angled_section=&#8221;no&#8221; text_align=&#8221;left&#8221; background_image_as_pattern=&#8221;without_pattern&#8221; background_color=&#8221;#f7f7f7&#8243; section_type=&#8221;full-width&#8221;][vc_column][vc_empty_space height=&#8221;20px&#8221;][vc_empty_space height=&#8221;40px&#8221;][vc_row_inner row_type=&#8221;row&#8221; type=&#8221;full_width&#8221; text_align=&#8221;left&#8221; css_animation=&#8221;&#8221;][vc_column_inner width=&#8221;1\/2&#8243;][vc_single_image image=&#8221;7981&#8243; img_size=&#8221;full&#8221; alignment=&#8221;center&#8221; qode_css_animation=&#8221;&#8221;][vc_empty_space height=&#8221;40px&#8221;][\/vc_column_inner][vc_column_inner width=&#8221;1\/2&#8243;][vc_column_text] Els plecs entre la boca i el nas s&#8217;accentuen, la vora mandibular perd definici\u00f3 i el coll augmenta la seva flaccidesa. El...\" \/>\n<meta property=\"og:url\" content=\"https:\/\/www.canons.es\/cirugia-plastica-facial-2\/lifting-cervicofacial\/\" \/>\n<meta property=\"og:site_name\" content=\"Cl\u00ednica C\u00e0nons | Cirurgia i Medicina Estetica a Barcelona, \u200b\u200bGranollers\" \/>\n<meta property=\"article:publisher\" content=\"https:\/\/www.facebook.com\/canonsclinics\/\" \/>\n<meta property=\"article:modified_time\" content=\"2019-12-12T15:53:22+00:00\" \/>\n<meta name=\"twitter:card\" content=\"summary_large_image\" \/>\n<meta name=\"twitter:site\" content=\"@canonsclinics\" \/>\n<meta name=\"twitter:label1\" content=\"Temps estimat de lectura\" \/>\n\t<meta name=\"twitter:data1\" content=\"7 minuts\" \/>\n<script type=\"application\/ld+json\" class=\"yoast-schema-graph\">{\"@context\":\"https:\\\/\\\/schema.org\",\"@graph\":[{\"@type\":\"WebPage\",\"@id\":\"https:\\\/\\\/www.canons.es\\\/cirugia-plastica-facial-2\\\/lifting-cervicofacial\\\/\",\"url\":\"https:\\\/\\\/www.canons.es\\\/cirugia-plastica-facial-2\\\/lifting-cervicofacial\\\/\",\"name\":\"Lifting CervicoFacial - Cl\u00ednica C\u00e0nons | Cirurgia i Medicina Estetica a Barcelona, \u200b\u200bGranollers\",\"isPartOf\":{\"@id\":\"https:\\\/\\\/www.canons.es\\\/#website\"},\"datePublished\":\"2015-09-08T15:04:27+00:00\",\"dateModified\":\"2019-12-12T15:53:22+00:00\",\"breadcrumb\":{\"@id\":\"https:\\\/\\\/www.canons.es\\\/cirugia-plastica-facial-2\\\/lifting-cervicofacial\\\/#breadcrumb\"},\"inLanguage\":\"ca\",\"potentialAction\":[{\"@type\":\"ReadAction\",\"target\":[\"https:\\\/\\\/www.canons.es\\\/cirugia-plastica-facial-2\\\/lifting-cervicofacial\\\/\"]}]},{\"@type\":\"BreadcrumbList\",\"@id\":\"https:\\\/\\\/www.canons.es\\\/cirugia-plastica-facial-2\\\/lifting-cervicofacial\\\/#breadcrumb\",\"itemListElement\":[{\"@type\":\"ListItem\",\"position\":1,\"name\":\"Portada\",\"item\":\"https:\\\/\\\/www.canons.es\\\/ca\\\/\"},{\"@type\":\"ListItem\",\"position\":2,\"name\":\"CIRURGIA PL\u00c0STICA FACIAL\",\"item\":\"https:\\\/\\\/www.canons.es\\\/ca\\\/cirurgia-plastica-facial\\\/\"},{\"@type\":\"ListItem\",\"position\":3,\"name\":\"Lifting CervicoFacial\"}]},{\"@type\":\"WebSite\",\"@id\":\"https:\\\/\\\/www.canons.es\\\/#website\",\"url\":\"https:\\\/\\\/www.canons.es\\\/\",\"name\":\"Cirug\u00eda Pl\u00e1stica y Est\u00e9tica Barcelona y Granollers | C\u00e0nons Clinics\",\"description\":\"\",\"publisher\":{\"@id\":\"https:\\\/\\\/www.canons.es\\\/#organization\"},\"potentialAction\":[{\"@type\":\"SearchAction\",\"target\":{\"@type\":\"EntryPoint\",\"urlTemplate\":\"https:\\\/\\\/www.canons.es\\\/?s={search_term_string}\"},\"query-input\":{\"@type\":\"PropertyValueSpecification\",\"valueRequired\":true,\"valueName\":\"search_term_string\"}}],\"inLanguage\":\"ca\"},{\"@type\":\"Organization\",\"@id\":\"https:\\\/\\\/www.canons.es\\\/#organization\",\"name\":\"Cirug\u00eda Pl\u00e1stica y Est\u00e9tica Barcelona y Granollers | C\u00e0nons Clinics\",\"url\":\"https:\\\/\\\/www.canons.es\\\/\",\"logo\":{\"@type\":\"ImageObject\",\"inLanguage\":\"ca\",\"@id\":\"https:\\\/\\\/www.canons.es\\\/#\\\/schema\\\/logo\\\/image\\\/\",\"url\":\"https:\\\/\\\/www.canons.es\\\/wp-content\\\/uploads\\\/2025\\\/04\\\/logo-canons-clinics.jpg\",\"contentUrl\":\"https:\\\/\\\/www.canons.es\\\/wp-content\\\/uploads\\\/2025\\\/04\\\/logo-canons-clinics.jpg\",\"width\":600,\"height\":139,\"caption\":\"Cirug\u00eda Pl\u00e1stica y Est\u00e9tica Barcelona y Granollers | C\u00e0nons Clinics\"},\"image\":{\"@id\":\"https:\\\/\\\/www.canons.es\\\/#\\\/schema\\\/logo\\\/image\\\/\"},\"sameAs\":[\"https:\\\/\\\/www.facebook.com\\\/canonsclinics\\\/\",\"https:\\\/\\\/x.com\\\/canonsclinics\",\"https:\\\/\\\/www.instagram.com\\\/canonsclinics\\\/\",\"https:\\\/\\\/www.youtube.com\\\/channel\\\/UCI1Ia6LjALyo1CuQ0_HwtfQ\",\"https:\\\/\\\/www.linkedin.com\\\/company\\\/canons-clinics\\\/\"]}]}<\/script>\n<!-- \/ Yoast SEO Premium plugin. -->","yoast_head_json":{"title":"Lifting CervicoFacial - Cl\u00ednica C\u00e0nons | Cirurgia i Medicina Estetica a Barcelona, \u200b\u200bGranollers","robots":{"index":"index","follow":"follow","max-snippet":"max-snippet:-1","max-image-preview":"max-image-preview:large","max-video-preview":"max-video-preview:-1"},"canonical":"https:\/\/www.canons.es\/cirugia-plastica-facial-2\/lifting-cervicofacial\/","og_locale":"ca_ES","og_type":"article","og_title":"Lifting CervicoFacial","og_description":"[vc_row css_animation=&#8221;&#8221; row_type=&#8221;row&#8221; use_row_as_full_screen_section=&#8221;no&#8221; type=&#8221;full_width&#8221; angled_section=&#8221;no&#8221; text_align=&#8221;left&#8221; background_image_as_pattern=&#8221;without_pattern&#8221; background_color=&#8221;#f7f7f7&#8243; section_type=&#8221;full-width&#8221;][vc_column][vc_empty_space height=&#8221;20px&#8221;][vc_empty_space height=&#8221;40px&#8221;][vc_row_inner row_type=&#8221;row&#8221; type=&#8221;full_width&#8221; text_align=&#8221;left&#8221; css_animation=&#8221;&#8221;][vc_column_inner width=&#8221;1\/2&#8243;][vc_single_image image=&#8221;7981&#8243; img_size=&#8221;full&#8221; alignment=&#8221;center&#8221; qode_css_animation=&#8221;&#8221;][vc_empty_space height=&#8221;40px&#8221;][\/vc_column_inner][vc_column_inner width=&#8221;1\/2&#8243;][vc_column_text] Els plecs entre la boca i el nas s&#8217;accentuen, la vora mandibular perd definici\u00f3 i el coll augmenta la seva flaccidesa. El...","og_url":"https:\/\/www.canons.es\/cirugia-plastica-facial-2\/lifting-cervicofacial\/","og_site_name":"Cl\u00ednica C\u00e0nons | Cirurgia i Medicina Estetica a Barcelona, \u200b\u200bGranollers","article_publisher":"https:\/\/www.facebook.com\/canonsclinics\/","article_modified_time":"2019-12-12T15:53:22+00:00","twitter_card":"summary_large_image","twitter_site":"@canonsclinics","twitter_misc":{"Temps estimat de lectura":"7 minuts"},"schema":{"@context":"https:\/\/schema.org","@graph":[{"@type":"WebPage","@id":"https:\/\/www.canons.es\/cirugia-plastica-facial-2\/lifting-cervicofacial\/","url":"https:\/\/www.canons.es\/cirugia-plastica-facial-2\/lifting-cervicofacial\/","name":"Lifting CervicoFacial - Cl\u00ednica C\u00e0nons | Cirurgia i Medicina Estetica a Barcelona, \u200b\u200bGranollers","isPartOf":{"@id":"https:\/\/www.canons.es\/#website"},"datePublished":"2015-09-08T15:04:27+00:00","dateModified":"2019-12-12T15:53:22+00:00","breadcrumb":{"@id":"https:\/\/www.canons.es\/cirugia-plastica-facial-2\/lifting-cervicofacial\/#breadcrumb"},"inLanguage":"ca","potentialAction":[{"@type":"ReadAction","target":["https:\/\/www.canons.es\/cirugia-plastica-facial-2\/lifting-cervicofacial\/"]}]},{"@type":"BreadcrumbList","@id":"https:\/\/www.canons.es\/cirugia-plastica-facial-2\/lifting-cervicofacial\/#breadcrumb","itemListElement":[{"@type":"ListItem","position":1,"name":"Portada","item":"https:\/\/www.canons.es\/ca\/"},{"@type":"ListItem","position":2,"name":"CIRURGIA PL\u00c0STICA FACIAL","item":"https:\/\/www.canons.es\/ca\/cirurgia-plastica-facial\/"},{"@type":"ListItem","position":3,"name":"Lifting CervicoFacial"}]},{"@type":"WebSite","@id":"https:\/\/www.canons.es\/#website","url":"https:\/\/www.canons.es\/","name":"Cirug\u00eda Pl\u00e1stica y Est\u00e9tica Barcelona y Granollers | C\u00e0nons Clinics","description":"","publisher":{"@id":"https:\/\/www.canons.es\/#organization"},"potentialAction":[{"@type":"SearchAction","target":{"@type":"EntryPoint","urlTemplate":"https:\/\/www.canons.es\/?s={search_term_string}"},"query-input":{"@type":"PropertyValueSpecification","valueRequired":true,"valueName":"search_term_string"}}],"inLanguage":"ca"},{"@type":"Organization","@id":"https:\/\/www.canons.es\/#organization","name":"Cirug\u00eda Pl\u00e1stica y Est\u00e9tica Barcelona y Granollers | C\u00e0nons Clinics","url":"https:\/\/www.canons.es\/","logo":{"@type":"ImageObject","inLanguage":"ca","@id":"https:\/\/www.canons.es\/#\/schema\/logo\/image\/","url":"https:\/\/www.canons.es\/wp-content\/uploads\/2025\/04\/logo-canons-clinics.jpg","contentUrl":"https:\/\/www.canons.es\/wp-content\/uploads\/2025\/04\/logo-canons-clinics.jpg","width":600,"height":139,"caption":"Cirug\u00eda Pl\u00e1stica y Est\u00e9tica Barcelona y Granollers | C\u00e0nons Clinics"},"image":{"@id":"https:\/\/www.canons.es\/#\/schema\/logo\/image\/"},"sameAs":["https:\/\/www.facebook.com\/canonsclinics\/","https:\/\/x.com\/canonsclinics","https:\/\/www.instagram.com\/canonsclinics\/","https:\/\/www.youtube.com\/channel\/UCI1Ia6LjALyo1CuQ0_HwtfQ","https:\/\/www.linkedin.com\/company\/canons-clinics\/"]}]}},"_links":{"self":[{"href":"https:\/\/www.canons.es\/ca\/wp-json\/wp\/v2\/pages\/9669","targetHints":{"allow":["GET"]}}],"collection":[{"href":"https:\/\/www.canons.es\/ca\/wp-json\/wp\/v2\/pages"}],"about":[{"href":"https:\/\/www.canons.es\/ca\/wp-json\/wp\/v2\/types\/page"}],"author":[{"embeddable":true,"href":"https:\/\/www.canons.es\/ca\/wp-json\/wp\/v2\/users\/25"}],"replies":[{"embeddable":true,"href":"https:\/\/www.canons.es\/ca\/wp-json\/wp\/v2\/comments?post=9669"}],"version-history":[{"count":0,"href":"https:\/\/www.canons.es\/ca\/wp-json\/wp\/v2\/pages\/9669\/revisions"}],"up":[{"embeddable":true,"href":"https:\/\/www.canons.es\/ca\/wp-json\/wp\/v2\/pages\/9761"}],"wp:attachment":[{"href":"https:\/\/www.canons.es\/ca\/wp-json\/wp\/v2\/media?parent=9669"}],"curies":[{"name":"wp","href":"https:\/\/api.w.org\/{rel}","templated":true}]}}