{"id":9584,"date":"2015-07-17T09:56:46","date_gmt":"2015-07-17T09:56:46","guid":{"rendered":"https:\/\/www.canons.es\/ca\/medicina-estetica-corporal\/"},"modified":"2022-03-09T14:50:15","modified_gmt":"2022-03-09T14:50:15","slug":"medicina-estetica-corporal","status":"publish","type":"page","link":"https:\/\/www.canons.es\/ca\/medicina-estetica-corporal\/","title":{"rendered":"MEDICINA EST\u00c9TICA CORPORAL"},"content":{"rendered":"<div class=\"wpb-content-wrapper\"><p>[vc_row css_animation=&#8221;&#8221; row_type=&#8221;row&#8221; use_row_as_full_screen_section=&#8221;no&#8221; type=&#8221;full_width&#8221; angled_section=&#8221;no&#8221; text_align=&#8221;left&#8221; background_image_as_pattern=&#8221;without_pattern&#8221;][vc_column][vc_empty_space height=&#8221;10px&#8221;]<div class=\"custom_font_holder\" style=\"font-family: Raleway; font-size: 35px; line-height: 26px; font-style: normal; font-weight: 300; color: #1e70b3; text-decoration: none; text-align: left;\">MEDICINA EST\u00c8TICA CORPORAL<\/div>[vc_empty_space height=&#8221;40px&#8221;][\/vc_column][\/vc_row][vc_row css_animation=&#8221;&#8221; row_type=&#8221;row&#8221; use_row_as_full_screen_section=&#8221;no&#8221; type=&#8221;full_width&#8221; angled_section=&#8221;no&#8221; text_align=&#8221;left&#8221; background_image_as_pattern=&#8221;without_pattern&#8221; section_type=&#8221;full-width&#8221;][vc_column width=&#8221;1\/2&#8243;][vc_single_image image=&#8221;7757&#8243; img_size=&#8221;full&#8221; alignment=&#8221;center&#8221; qode_css_animation=&#8221;&#8221;][\/vc_column][vc_column width=&#8221;1\/2&#8243;][vc_empty_space height=&#8221;50px&#8221;][vc_column_text]L\u2019agitat i estresant ritme de vida que portem pot passar factura al nostre cos, desencadenant en ansietat, malalties cardiovasculars, l\u2019aparici\u00f3 de taques o marques a la pell o accelerant l\u2019aparici\u00f3 dels temuts signes de l\u2019envelliment.<\/p>\n<p>&nbsp;<\/p>\n<p>A C\u00e0nons Clinics t\u2019ajudem a parar el pas del temps. Disposem d&#8217;un ampli ventall de<span style=\"color: #1e70b3;\"><strong> tractaments corporals <\/strong><\/span><span style=\"color: #1e70b3;\"><strong>amb els quals podr\u00e0s lluir una figura envejable, sempre tenint en compte les teves necessitats i procurant el millor per a tu.<\/strong><\/span>[\/vc_column_text][\/vc_column][\/vc_row][vc_row css_animation=&#8221;&#8221; row_type=&#8221;row&#8221; use_row_as_full_screen_section=&#8221;no&#8221; type=&#8221;full_width&#8221; angled_section=&#8221;no&#8221; text_align=&#8221;left&#8221; background_image_as_pattern=&#8221;without_pattern&#8221; background_color=&#8221;#f7f7f7&#8243; section_type=&#8221;full-width&#8221;][vc_column][vc_empty_space][vc_row_inner row_type=&#8221;row&#8221; type=&#8221;full_width&#8221; text_align=&#8221;left&#8221; css_animation=&#8221;&#8221;][vc_column_inner width=&#8221;1\/3&#8243;][vc_single_image image=&#8221;18489&#8243; img_size=&#8221;full&#8221; alignment=&#8221;center&#8221; onclick=&#8221;custom_link&#8221; qode_css_animation=&#8221;&#8221; qode_hover_animation=&#8221;darken&#8221; link=&#8221;https:\/\/www.canons.es\/ca\/prfc-prevencion-y-tratamiento-caida-del-cabello\/&#8221; img_link=&#8221;\/rejuvenecimiento-manos-y-escote-con-peelings-quimicos-medicos\/&#8221;][vc_empty_space height=&#8221;15px&#8221;]<div class=\"custom_font_holder\" style=\"font-family: Raleway; font-size: 18px; line-height: 26px; font-style: normal; font-weight: 300; color: #1e70b3; text-decoration: none; text-align: center;\">PRFC prevenci\u00f3 i tractament<\/p>\n<p>caiguda del cabell<\/div>[vc_empty_space height=&#8221;15px&#8221;][\/vc_column_inner][vc_column_inner width=&#8221;1\/3&#8243;][vc_single_image image=&#8221;7789&#8243; img_size=&#8221;full&#8221; alignment=&#8221;center&#8221; onclick=&#8221;custom_link&#8221; qode_css_animation=&#8221;&#8221; qode_hover_animation=&#8221;darken&#8221; link=&#8221;https:\/\/www.canons.es\/ca\/rejuvenecimiento-manos-y-escote-con-peelings-quimicos-medicos\/&#8221; img_link=&#8221;\/rejuvenecimiento-manos-y-escote-con-peelings-quimicos-medicos\/&#8221;][vc_empty_space height=&#8221;15px&#8221;]<div class=\"custom_font_holder\" style=\"font-family: Raleway; font-size: 18px; line-height: 26px; font-style: normal; font-weight: 300; color: #1e70b3; text-decoration: none; text-align: center;\">Rejoveniment mans i escot<\/p>\n<p>amb peelings qu\u00edmics m\u00e8dics<\/div>[vc_empty_space height=&#8221;15px&#8221;][\/vc_column_inner][vc_column_inner width=&#8221;1\/3&#8243;][vc_single_image image=&#8221;7792&#8243; img_size=&#8221;full&#8221; alignment=&#8221;center&#8221; onclick=&#8221;custom_link&#8221; qode_css_animation=&#8221;&#8221; qode_hover_animation=&#8221;darken&#8221; link=&#8221;https:\/\/www.canons.es\/ca\/laser-medico-para-rejuvenecimiento-de-manos-y-escote\/&#8221; img_link=&#8221;\/laser-medico-para-rejuvenecimiento-de-manos-y-escote\/&#8221;][vc_empty_space height=&#8221;15px&#8221;]<div class=\"custom_font_holder\" style=\"font-family: Raleway; font-size: 18px; line-height: 26px; font-style: normal; font-weight: 300; color: #1e70b3; text-decoration: none; text-align: center;\">L\u00e0ser m\u00e8dic per rejoveniment<\/p>\n<p>de mans i escot<\/div>[vc_empty_space height=&#8221;15px&#8221;][\/vc_column_inner][\/vc_row_inner][vc_row_inner row_type=&#8221;row&#8221; type=&#8221;full_width&#8221; text_align=&#8221;left&#8221; css_animation=&#8221;&#8221;][vc_column_inner width=&#8221;1\/3&#8243;][vc_single_image image=&#8221;7793&#8243; img_size=&#8221;full&#8221; alignment=&#8221;center&#8221; onclick=&#8221;custom_link&#8221; qode_css_animation=&#8221;&#8221; qode_hover_animation=&#8221;darken&#8221; link=&#8221;https:\/\/www.canons.es\/ca\/eliminacio-taques-laser-medic-mans-escot\/&#8221; img_link=&#8221;\/eliminacion-de-manchas-con-laser-medico-de-manos-y-escote\/&#8221;][vc_empty_space height=&#8221;15px&#8221;]<div class=\"custom_font_holder\" style=\"font-family: Raleway; font-size: 18px; line-height: 26px; font-style: normal; font-weight: 300; color: #1e70b3; text-decoration: none; text-align: center;\">Eliminaci\u00f3 de taques amb<\/p>\n<p>l\u00e0ser m\u00e8dic mans i escot<\/div>[vc_empty_space height=&#8221;15px&#8221;][\/vc_column_inner][vc_column_inner width=&#8221;1\/3&#8243;][vc_single_image image=&#8221;7783&#8243; img_size=&#8221;full&#8221; alignment=&#8221;center&#8221; onclick=&#8221;custom_link&#8221; qode_css_animation=&#8221;&#8221; qode_hover_animation=&#8221;darken&#8221; link=&#8221;https:\/\/www.canons.es\/ca\/hidratacion-con-acido-hialuronico-y-vitaminas-en-manos-y-escote\/&#8221; img_link=&#8221;\/hidratacion-con-acido-hialuronico-y-vitaminas-en-manos-y-escote\/&#8221;][vc_empty_space height=&#8221;15px&#8221;]<div class=\"custom_font_holder\" style=\"font-family: Raleway; font-size: 18px; line-height: 26px; font-style: normal; font-weight: 300; color: #1e70b3; text-decoration: none; text-align: center;\">Hidrataci\u00f3 amb \u00e0cid hialur\u00f2nic i<\/p>\n<p>vitamines en mans i escot<\/div>[vc_empty_space height=&#8221;15px&#8221;][\/vc_column_inner][vc_column_inner width=&#8221;1\/3&#8243;][vc_single_image image=&#8221;7794&#8243; img_size=&#8221;full&#8221; alignment=&#8221;center&#8221; onclick=&#8221;custom_link&#8221; qode_css_animation=&#8221;&#8221; qode_hover_animation=&#8221;darken&#8221; link=&#8221;https:\/\/www.canons.es\/ca\/eliminacion-de-rojeces-y-couperosi-con-laser-medico\/&#8221; img_link=&#8221;\/eliminacion-de-rojeces-y-couperosi-con-laser-medico\/&#8221;][vc_empty_space height=&#8221;15px&#8221;]<div class=\"custom_font_holder\" style=\"font-family: Raleway; font-size: 18px; line-height: 26px; font-style: normal; font-weight: 300; color: #1e70b3; text-decoration: none; text-align: center;\">Eliminaci\u00f3 de vermellors i<\/p>\n<p>couperosi amb l\u00e0ser m\u00e8dic<\/div>[vc_empty_space height=&#8221;15px&#8221;][\/vc_column_inner][\/vc_row_inner][vc_row_inner row_type=&#8221;row&#8221; type=&#8221;full_width&#8221; text_align=&#8221;left&#8221; css_animation=&#8221;&#8221;][vc_column_inner width=&#8221;1\/3&#8243;][vc_single_image image=&#8221;7797&#8243; img_size=&#8221;full&#8221; alignment=&#8221;center&#8221; onclick=&#8221;custom_link&#8221; qode_css_animation=&#8221;&#8221; qode_hover_animation=&#8221;darken&#8221; link=&#8221;https:\/\/www.canons.es\/ca\/eliminacion-de-puntos-rubi-con-laser-medico-2\/&#8221; img_link=&#8221;\/eliminacion-de-puntos-rubi-con-laser-medico-2\/&#8221;][vc_empty_space height=&#8221;15px&#8221;]<div class=\"custom_font_holder\" style=\"font-family: Raleway; font-size: 18px; line-height: 26px; font-style: normal; font-weight: 300; color: #1e70b3; text-decoration: none; text-align: center;\">Eliminaci\u00f3 de punts rub\u00ed<\/p>\n<p>amb l\u00e0ser m\u00e8dic<\/div>[vc_empty_space height=&#8221;15px&#8221;][\/vc_column_inner][vc_column_inner width=&#8221;1\/3&#8243;][vc_single_image image=&#8221;7784&#8243; img_size=&#8221;full&#8221; alignment=&#8221;center&#8221; onclick=&#8221;custom_link&#8221; qode_css_animation=&#8221;&#8221; qode_hover_animation=&#8221;darken&#8221; link=&#8221;https:\/\/www.canons.es\/ca\/hiperhidrosis-corporal\/&#8221; img_link=&#8221;\/hiperhidrosis-corporal\/&#8221;][vc_empty_space height=&#8221;15px&#8221;]<div class=\"custom_font_holder\" style=\"font-family: Raleway; font-size: 18px; line-height: 26px; font-style: normal; font-weight: 300; color: #1e70b3; text-decoration: none; text-align: center;\">Ter\u00e0pia neuromoduladora per<\/p>\n<p>hiperhidrosi axil\u00b7lar<\/div>[vc_empty_space height=&#8221;15px&#8221;][\/vc_column_inner][vc_column_inner width=&#8221;1\/3&#8243;][vc_single_image image=&#8221;11584&#8243; img_size=&#8221;full&#8221; alignment=&#8221;center&#8221; onclick=&#8221;custom_link&#8221; qode_css_animation=&#8221;&#8221; qode_hover_animation=&#8221;darken&#8221; link=&#8221;https:\/\/www.canons.es\/ca\/laser-hiperhidrosi-axilar\/&#8221; img_link=&#8221;\/laser-hiperhidrosi-axilar\/&#8221;][vc_empty_space height=&#8221;15px&#8221;]<div class=\"custom_font_holder\" style=\"font-family: Raleway; font-size: 18px; line-height: 26px; font-style: normal; font-weight: 300; color: #1e70b3; text-decoration: none; text-align: center;\">L\u00e0ser hiperhidrosi axil\u00b7lar<\/div>[vc_empty_space height=&#8221;15px&#8221;][\/vc_column_inner][\/vc_row_inner][vc_row_inner row_type=&#8221;row&#8221; type=&#8221;full_width&#8221; text_align=&#8221;left&#8221; css_animation=&#8221;&#8221;][vc_column_inner width=&#8221;1\/3&#8243;][vc_single_image image=&#8221;7787&#8243; img_size=&#8221;full&#8221; alignment=&#8221;center&#8221; onclick=&#8221;custom_link&#8221; qode_css_animation=&#8221;&#8221; qode_hover_animation=&#8221;darken&#8221; link=&#8221;https:\/\/www.canons.es\/ca\/mesoterapia-corporal-para-combatir-la-celulitis\/&#8221; img_link=&#8221;\/mesoterapia-corporal-para-combatir-la-celulitis\/&#8221;][vc_empty_space height=&#8221;15px&#8221;]<div class=\"custom_font_holder\" style=\"font-family: Raleway; font-size: 18px; line-height: 26px; font-style: normal; font-weight: 300; color: #1e70b3; text-decoration: none; text-align: center;\">Mesoter\u00e0pia corporal per<\/p>\n<p>combatre la cel\u00b7lulitis<\/div>[vc_empty_space height=&#8221;15px&#8221;][\/vc_column_inner][vc_column_inner width=&#8221;1\/3&#8243;][vc_single_image image=&#8221;12160&#8243; img_size=&#8221;full&#8221; alignment=&#8221;center&#8221; onclick=&#8221;custom_link&#8221; qode_css_animation=&#8221;&#8221; qode_hover_animation=&#8221;darken&#8221; link=&#8221;https:\/\/www.canons.es\/ca\/lifting-sin-cirugia-hilos-tensores\/&#8221; img_link=&#8221;\/lifting-sin-cirugia-hilos-tensores\/&#8221;][vc_empty_space height=&#8221;15px&#8221;]<div class=\"custom_font_holder\" style=\"font-family: Raleway; font-size: 18px; line-height: 26px; font-style: normal; font-weight: 300; color: #1e70b3; text-decoration: none; text-align: center;\">Lifting corporal<\/p>\n<p>amb fils tensors<\/div>[vc_empty_space height=&#8221;15px&#8221;][\/vc_column_inner][vc_column_inner width=&#8221;1\/3&#8243;][vc_single_image image=&#8221;18035&#8243; img_size=&#8221;full&#8221; alignment=&#8221;center&#8221; onclick=&#8221;custom_link&#8221; qode_css_animation=&#8221;&#8221; qode_hover_animation=&#8221;darken&#8221; link=&#8221;\/ca\/terapia-reafirmante-con-micro-agujas-endymed-intensif\/&#8221; img_link=&#8221;\/terapia-reafirmante-corporal-con-radiofrecuencia-endymed&#8221;][vc_empty_space height=&#8221;15px&#8221;]<div class=\"custom_font_holder\" style=\"font-family: Raleway; font-size: 18px; line-height: 26px; font-style: normal; font-weight: 300; color: #1e70b3; text-decoration: none; text-align: center;\">Ter\u00e0pia reafirmant corporal amb<\/p>\n<p>micro agulles EndyMed Intensif<\/div>[vc_empty_space height=&#8221;15px&#8221;][\/vc_column_inner][\/vc_row_inner][vc_row_inner row_type=&#8221;row&#8221; type=&#8221;full_width&#8221; text_align=&#8221;left&#8221; css_animation=&#8221;&#8221;][vc_column_inner width=&#8221;1\/3&#8243;][vc_single_image image=&#8221;17965&#8243; img_size=&#8221;full&#8221; alignment=&#8221;center&#8221; onclick=&#8221;custom_link&#8221; qode_css_animation=&#8221;&#8221; qode_hover_animation=&#8221;darken&#8221; link=&#8221;https:\/\/www.canons.es\/ca\/terapia-reafirmant-corporal-amb-radiofrequencia-endymed\/&#8221; img_link=&#8221;\/terapia-reafirmante-corporal-con-radiofrecuencia-endymed&#8221;][vc_empty_space height=&#8221;15px&#8221;]<div class=\"custom_font_holder\" style=\"font-family: Raleway; font-size: 18px; line-height: 26px; font-style: normal; font-weight: 300; color: #1e70b3; text-decoration: none; text-align: center;\">Ter\u00e0pia reafirmant corporal i anticel\u00b7lul\u00edtica<\/p>\n<p>amb radiofreq\u00fc\u00e8ncia EndyMed<\/div>[vc_empty_space height=&#8221;15px&#8221;][\/vc_column_inner][vc_column_inner width=&#8221;1\/3&#8243;][vc_single_image image=&#8221;18267&#8243; img_size=&#8221;245&#215;178&#8243; alignment=&#8221;center&#8221; onclick=&#8221;custom_link&#8221; qode_css_animation=&#8221;&#8221; qode_hover_animation=&#8221;darken&#8221; link=&#8221;\/ca\/remodelacio-muscular-amb-trusculpt-flex\/&#8221; img_link=&#8221;\/esclerosis-quimica-de-varices\/&#8221;][vc_empty_space height=&#8221;15px&#8221;]<div class=\"custom_font_holder\" style=\"font-family: Raleway; font-size: 18px; line-height: 26px; font-style: normal; font-weight: 300; color: #1e70b3; text-decoration: none; text-align: center;\">Remodelaci\u00f3 muscular amb Trusculpt\u00ae Flex<\/div>[vc_empty_space height=&#8221;15px&#8221;][\/vc_column_inner][vc_column_inner width=&#8221;1\/3&#8243;][vc_single_image image=&#8221;7782&#8243; img_size=&#8221;full&#8221; alignment=&#8221;center&#8221; onclick=&#8221;custom_link&#8221; qode_css_animation=&#8221;&#8221; qode_hover_animation=&#8221;darken&#8221; link=&#8221;https:\/\/www.canons.es\/ca\/esclerosis-quimica-de-varices\/&#8221; img_link=&#8221;\/esclerosis-quimica-de-varices\/&#8221;][vc_empty_space height=&#8221;15px&#8221;]<div class=\"custom_font_holder\" style=\"font-family: Raleway; font-size: 18px; line-height: 26px; font-style: normal; font-weight: 300; color: #1e70b3; text-decoration: none; text-align: center;\">Esclerosi qu\u00edmica de varius<\/div>[vc_empty_space height=&#8221;15px&#8221;][\/vc_column_inner][\/vc_row_inner][vc_row_inner row_type=&#8221;row&#8221; type=&#8221;full_width&#8221; text_align=&#8221;left&#8221; css_animation=&#8221;&#8221;][vc_column_inner width=&#8221;1\/3&#8243;][vc_single_image image=&#8221;7781&#8243; img_size=&#8221;full&#8221; alignment=&#8221;center&#8221; onclick=&#8221;custom_link&#8221; qode_css_animation=&#8221;&#8221; qode_hover_animation=&#8221;darken&#8221; link=&#8221;https:\/\/www.canons.es\/ca\/eliminacion-de-aranas-vasculares-o-microvarices-con-laser-medico\/&#8221; img_link=&#8221;\/eliminacion-de-aranas-vasculares-o-microvarices-con-laser-medico\/&#8221;][vc_empty_space height=&#8221;15px&#8221;]<div class=\"custom_font_holder\" style=\"font-family: Raleway; font-size: 18px; line-height: 26px; font-style: normal; font-weight: 300; color: #1e70b3; text-decoration: none; text-align: center;\">Eliminaci\u00f3 d&#8217;aranyes vasculars<\/p>\n<p>o microvarius amb l\u00e0ser m\u00e8dic<\/div>[vc_empty_space height=&#8221;15px&#8221;][\/vc_column_inner][vc_column_inner width=&#8221;1\/3&#8243;][vc_single_image image=&#8221;12707&#8243; img_size=&#8221;full&#8221; alignment=&#8221;center&#8221; onclick=&#8221;custom_link&#8221; qode_css_animation=&#8221;&#8221; qode_hover_animation=&#8221;darken&#8221; link=&#8221;https:\/\/www.canons.es\/ca\/medicina-estetica-preparto\/&#8221; img_link=&#8221;\/medicina-estetica-preparto\/&#8221;][vc_empty_space height=&#8221;15px&#8221;]<div class=\"custom_font_holder\" style=\"font-family: Raleway; font-size: 18px; line-height: 26px; font-style: normal; font-weight: 300; color: #1e70b3; text-decoration: none; text-align: center;\">Medicina est\u00e8tica pre-part<\/div>[vc_empty_space height=&#8221;15px&#8221;][\/vc_column_inner][vc_column_inner width=&#8221;1\/3&#8243;][vc_single_image image=&#8221;12720&#8243; img_size=&#8221;full&#8221; alignment=&#8221;center&#8221; onclick=&#8221;custom_link&#8221; qode_css_animation=&#8221;&#8221; qode_hover_animation=&#8221;darken&#8221; link=&#8221;https:\/\/www.canons.es\/ca\/medicina-estetica-postparto\/&#8221; img_link=&#8221;\/medicina-estetica-postparto\/&#8221;][vc_empty_space height=&#8221;15px&#8221;]<div class=\"custom_font_holder\" style=\"font-family: Raleway; font-size: 18px; line-height: 26px; font-style: normal; font-weight: 300; color: #1e70b3; text-decoration: none; text-align: center;\">Medicina est\u00e8tica post-part<\/div>[vc_empty_space height=&#8221;50px&#8221;][\/vc_column_inner][\/vc_row_inner][\/vc_column][\/vc_row]<\/p>\n<\/div><!-- AddThis Advanced Settings generic via filter on the_content --><!-- AddThis Share Buttons generic via filter on the_content -->","protected":false},"excerpt":{"rendered":"<p>[vc_row css_animation=&#8221;&#8221; row_type=&#8221;row&#8221; use_row_as_full_screen_section=&#8221;no&#8221; type=&#8221;full_width&#8221; angled_section=&#8221;no&#8221; text_align=&#8221;left&#8221; background_image_as_pattern=&#8221;without_pattern&#8221;][vc_column][vc_empty_space height=&#8221;10px&#8221;][vc_empty_space height=&#8221;40px&#8221;][\/vc_column][\/vc_row][vc_row css_animation=&#8221;&#8221; row_type=&#8221;row&#8221; use_row_as_full_screen_section=&#8221;no&#8221; type=&#8221;full_width&#8221; angled_section=&#8221;no&#8221; text_align=&#8221;left&#8221; background_image_as_pattern=&#8221;without_pattern&#8221; section_type=&#8221;full-width&#8221;][vc_column width=&#8221;1\/2&#8243;][vc_single_image image=&#8221;7757&#8243; img_size=&#8221;full&#8221; alignment=&#8221;center&#8221; qode_css_animation=&#8221;&#8221;][\/vc_column][vc_column width=&#8221;1\/2&#8243;][vc_empty_space height=&#8221;50px&#8221;][vc_column_text]L\u2019agitat i estresant ritme de vida que portem pot passar factura al nostre cos, desencadenant en ansietat, malalties cardiovasculars, l\u2019aparici\u00f3 de&#8230;<!-- AddThis Advanced Settings generic via filter on get_the_excerpt --><!-- AddThis Share Buttons generic via filter on get_the_excerpt --><\/p>\n","protected":false},"author":25,"featured_media":14813,"parent":0,"menu_order":0,"comment_status":"open","ping_status":"open","template":"","meta":{"footnotes":""},"class_list":["post-9584","page","type-page","status-publish","has-post-thumbnail","hentry"],"yoast_head":"<!-- This site is optimized with the Yoast SEO Premium plugin v26.9 (Yoast SEO v27.4) - https:\/\/yoast.com\/product\/yoast-seo-premium-wordpress\/ -->\n<title>MEDICINA EST\u00c9TICA CORPORAL - Cl\u00ednica C\u00e0nons | Cirurgia i Medicina Estetica a Barcelona, \u200b\u200bGranollers<\/title>\n<meta name=\"robots\" content=\"index, follow, max-snippet:-1, max-image-preview:large, max-video-preview:-1\" \/>\n<link rel=\"canonical\" href=\"https:\/\/www.canons.es\/ca\/medicina-estetica-corporal\/\" \/>\n<meta property=\"og:locale\" content=\"ca_ES\" \/>\n<meta property=\"og:type\" content=\"article\" \/>\n<meta property=\"og:title\" content=\"MEDICINA EST\u00c9TICA CORPORAL\" \/>\n<meta property=\"og:description\" content=\"[vc_row css_animation=&#8221;&#8221; row_type=&#8221;row&#8221; use_row_as_full_screen_section=&#8221;no&#8221; type=&#8221;full_width&#8221; angled_section=&#8221;no&#8221; text_align=&#8221;left&#8221; background_image_as_pattern=&#8221;without_pattern&#8221;][vc_column][vc_empty_space height=&#8221;10px&#8221;][vc_empty_space height=&#8221;40px&#8221;][\/vc_column][\/vc_row][vc_row css_animation=&#8221;&#8221; row_type=&#8221;row&#8221; use_row_as_full_screen_section=&#8221;no&#8221; type=&#8221;full_width&#8221; angled_section=&#8221;no&#8221; text_align=&#8221;left&#8221; background_image_as_pattern=&#8221;without_pattern&#8221; section_type=&#8221;full-width&#8221;][vc_column width=&#8221;1\/2&#8243;][vc_single_image image=&#8221;7757&#8243; img_size=&#8221;full&#8221; alignment=&#8221;center&#8221; qode_css_animation=&#8221;&#8221;][\/vc_column][vc_column width=&#8221;1\/2&#8243;][vc_empty_space height=&#8221;50px&#8221;][vc_column_text]L\u2019agitat i estresant ritme de vida que portem pot passar factura al nostre cos, desencadenant en ansietat, malalties cardiovasculars, l\u2019aparici\u00f3 de...\" \/>\n<meta property=\"og:url\" content=\"https:\/\/www.canons.es\/ca\/medicina-estetica-corporal\/\" \/>\n<meta property=\"og:site_name\" content=\"Cl\u00ednica C\u00e0nons | Cirurgia i Medicina Estetica a Barcelona, \u200b\u200bGranollers\" \/>\n<meta property=\"article:publisher\" content=\"https:\/\/www.facebook.com\/canonsclinics\/\" \/>\n<meta property=\"article:modified_time\" content=\"2022-03-09T14:50:15+00:00\" \/>\n<meta property=\"og:image\" content=\"https:\/\/www.canons.es\/wp-content\/uploads\/2015\/07\/clinica-medicina-corporal-barcelona.jpg\" \/>\n\t<meta property=\"og:image:width\" content=\"470\" \/>\n\t<meta property=\"og:image:height\" content=\"350\" \/>\n\t<meta property=\"og:image:type\" content=\"image\/jpeg\" \/>\n<meta name=\"twitter:card\" content=\"summary_large_image\" \/>\n<meta name=\"twitter:site\" content=\"@canonsclinics\" \/>\n<meta name=\"twitter:label1\" content=\"Temps estimat de lectura\" \/>\n\t<meta name=\"twitter:data1\" content=\"9 minuts\" \/>\n<script type=\"application\/ld+json\" class=\"yoast-schema-graph\">{\"@context\":\"https:\\\/\\\/schema.org\",\"@graph\":[{\"@type\":\"WebPage\",\"@id\":\"https:\\\/\\\/www.canons.es\\\/ca\\\/medicina-estetica-corporal\\\/\",\"url\":\"https:\\\/\\\/www.canons.es\\\/ca\\\/medicina-estetica-corporal\\\/\",\"name\":\"MEDICINA EST\u00c9TICA CORPORAL - Cl\u00ednica C\u00e0nons | Cirurgia i Medicina Estetica a Barcelona, \u200b\u200bGranollers\",\"isPartOf\":{\"@id\":\"https:\\\/\\\/www.canons.es\\\/#website\"},\"primaryImageOfPage\":{\"@id\":\"https:\\\/\\\/www.canons.es\\\/ca\\\/medicina-estetica-corporal\\\/#primaryimage\"},\"image\":{\"@id\":\"https:\\\/\\\/www.canons.es\\\/ca\\\/medicina-estetica-corporal\\\/#primaryimage\"},\"thumbnailUrl\":\"https:\\\/\\\/www.canons.es\\\/wp-content\\\/uploads\\\/2015\\\/07\\\/clinica-medicina-corporal-barcelona.jpg\",\"datePublished\":\"2015-07-17T09:56:46+00:00\",\"dateModified\":\"2022-03-09T14:50:15+00:00\",\"breadcrumb\":{\"@id\":\"https:\\\/\\\/www.canons.es\\\/ca\\\/medicina-estetica-corporal\\\/#breadcrumb\"},\"inLanguage\":\"ca\",\"potentialAction\":[{\"@type\":\"ReadAction\",\"target\":[\"https:\\\/\\\/www.canons.es\\\/ca\\\/medicina-estetica-corporal\\\/\"]}]},{\"@type\":\"ImageObject\",\"inLanguage\":\"ca\",\"@id\":\"https:\\\/\\\/www.canons.es\\\/ca\\\/medicina-estetica-corporal\\\/#primaryimage\",\"url\":\"https:\\\/\\\/www.canons.es\\\/wp-content\\\/uploads\\\/2015\\\/07\\\/clinica-medicina-corporal-barcelona.jpg\",\"contentUrl\":\"https:\\\/\\\/www.canons.es\\\/wp-content\\\/uploads\\\/2015\\\/07\\\/clinica-medicina-corporal-barcelona.jpg\",\"width\":470,\"height\":350,\"caption\":\"Medicina est\u00e9tica corporal en Barcelona y Granollers para mejorar la silueta con tratamientos personalizados en Canons Clinics\u00ae.\"},{\"@type\":\"BreadcrumbList\",\"@id\":\"https:\\\/\\\/www.canons.es\\\/ca\\\/medicina-estetica-corporal\\\/#breadcrumb\",\"itemListElement\":[{\"@type\":\"ListItem\",\"position\":1,\"name\":\"Portada\",\"item\":\"https:\\\/\\\/www.canons.es\\\/ca\\\/\"},{\"@type\":\"ListItem\",\"position\":2,\"name\":\"MEDICINA EST\u00c9TICA CORPORAL\"}]},{\"@type\":\"WebSite\",\"@id\":\"https:\\\/\\\/www.canons.es\\\/#website\",\"url\":\"https:\\\/\\\/www.canons.es\\\/\",\"name\":\"Cirug\u00eda Pl\u00e1stica y Est\u00e9tica Barcelona y Granollers | C\u00e0nons Clinics\",\"description\":\"\",\"publisher\":{\"@id\":\"https:\\\/\\\/www.canons.es\\\/#organization\"},\"potentialAction\":[{\"@type\":\"SearchAction\",\"target\":{\"@type\":\"EntryPoint\",\"urlTemplate\":\"https:\\\/\\\/www.canons.es\\\/?s={search_term_string}\"},\"query-input\":{\"@type\":\"PropertyValueSpecification\",\"valueRequired\":true,\"valueName\":\"search_term_string\"}}],\"inLanguage\":\"ca\"},{\"@type\":\"Organization\",\"@id\":\"https:\\\/\\\/www.canons.es\\\/#organization\",\"name\":\"Cirug\u00eda Pl\u00e1stica y Est\u00e9tica Barcelona y Granollers | C\u00e0nons Clinics\",\"url\":\"https:\\\/\\\/www.canons.es\\\/\",\"logo\":{\"@type\":\"ImageObject\",\"inLanguage\":\"ca\",\"@id\":\"https:\\\/\\\/www.canons.es\\\/#\\\/schema\\\/logo\\\/image\\\/\",\"url\":\"https:\\\/\\\/www.canons.es\\\/wp-content\\\/uploads\\\/2025\\\/04\\\/logo-canons-clinics.jpg\",\"contentUrl\":\"https:\\\/\\\/www.canons.es\\\/wp-content\\\/uploads\\\/2025\\\/04\\\/logo-canons-clinics.jpg\",\"width\":600,\"height\":139,\"caption\":\"Cirug\u00eda Pl\u00e1stica y Est\u00e9tica Barcelona y Granollers | C\u00e0nons Clinics\"},\"image\":{\"@id\":\"https:\\\/\\\/www.canons.es\\\/#\\\/schema\\\/logo\\\/image\\\/\"},\"sameAs\":[\"https:\\\/\\\/www.facebook.com\\\/canonsclinics\\\/\",\"https:\\\/\\\/x.com\\\/canonsclinics\",\"https:\\\/\\\/www.instagram.com\\\/canonsclinics\\\/\",\"https:\\\/\\\/www.youtube.com\\\/channel\\\/UCI1Ia6LjALyo1CuQ0_HwtfQ\",\"https:\\\/\\\/www.linkedin.com\\\/company\\\/canons-clinics\\\/\"]}]}<\/script>\n<!-- \/ Yoast SEO Premium plugin. -->","yoast_head_json":{"title":"MEDICINA EST\u00c9TICA CORPORAL - Cl\u00ednica C\u00e0nons | Cirurgia i Medicina Estetica a Barcelona, \u200b\u200bGranollers","robots":{"index":"index","follow":"follow","max-snippet":"max-snippet:-1","max-image-preview":"max-image-preview:large","max-video-preview":"max-video-preview:-1"},"canonical":"https:\/\/www.canons.es\/ca\/medicina-estetica-corporal\/","og_locale":"ca_ES","og_type":"article","og_title":"MEDICINA EST\u00c9TICA CORPORAL","og_description":"[vc_row css_animation=&#8221;&#8221; row_type=&#8221;row&#8221; use_row_as_full_screen_section=&#8221;no&#8221; type=&#8221;full_width&#8221; angled_section=&#8221;no&#8221; text_align=&#8221;left&#8221; background_image_as_pattern=&#8221;without_pattern&#8221;][vc_column][vc_empty_space height=&#8221;10px&#8221;][vc_empty_space height=&#8221;40px&#8221;][\/vc_column][\/vc_row][vc_row css_animation=&#8221;&#8221; row_type=&#8221;row&#8221; use_row_as_full_screen_section=&#8221;no&#8221; type=&#8221;full_width&#8221; angled_section=&#8221;no&#8221; text_align=&#8221;left&#8221; background_image_as_pattern=&#8221;without_pattern&#8221; section_type=&#8221;full-width&#8221;][vc_column width=&#8221;1\/2&#8243;][vc_single_image image=&#8221;7757&#8243; img_size=&#8221;full&#8221; alignment=&#8221;center&#8221; qode_css_animation=&#8221;&#8221;][\/vc_column][vc_column width=&#8221;1\/2&#8243;][vc_empty_space height=&#8221;50px&#8221;][vc_column_text]L\u2019agitat i estresant ritme de vida que portem pot passar factura al nostre cos, desencadenant en ansietat, malalties cardiovasculars, l\u2019aparici\u00f3 de...","og_url":"https:\/\/www.canons.es\/ca\/medicina-estetica-corporal\/","og_site_name":"Cl\u00ednica C\u00e0nons | Cirurgia i Medicina Estetica a Barcelona, \u200b\u200bGranollers","article_publisher":"https:\/\/www.facebook.com\/canonsclinics\/","article_modified_time":"2022-03-09T14:50:15+00:00","og_image":[{"width":470,"height":350,"url":"https:\/\/www.canons.es\/wp-content\/uploads\/2015\/07\/clinica-medicina-corporal-barcelona.jpg","type":"image\/jpeg"}],"twitter_card":"summary_large_image","twitter_site":"@canonsclinics","twitter_misc":{"Temps estimat de lectura":"9 minuts"},"schema":{"@context":"https:\/\/schema.org","@graph":[{"@type":"WebPage","@id":"https:\/\/www.canons.es\/ca\/medicina-estetica-corporal\/","url":"https:\/\/www.canons.es\/ca\/medicina-estetica-corporal\/","name":"MEDICINA EST\u00c9TICA CORPORAL - Cl\u00ednica C\u00e0nons | Cirurgia i Medicina Estetica a Barcelona, \u200b\u200bGranollers","isPartOf":{"@id":"https:\/\/www.canons.es\/#website"},"primaryImageOfPage":{"@id":"https:\/\/www.canons.es\/ca\/medicina-estetica-corporal\/#primaryimage"},"image":{"@id":"https:\/\/www.canons.es\/ca\/medicina-estetica-corporal\/#primaryimage"},"thumbnailUrl":"https:\/\/www.canons.es\/wp-content\/uploads\/2015\/07\/clinica-medicina-corporal-barcelona.jpg","datePublished":"2015-07-17T09:56:46+00:00","dateModified":"2022-03-09T14:50:15+00:00","breadcrumb":{"@id":"https:\/\/www.canons.es\/ca\/medicina-estetica-corporal\/#breadcrumb"},"inLanguage":"ca","potentialAction":[{"@type":"ReadAction","target":["https:\/\/www.canons.es\/ca\/medicina-estetica-corporal\/"]}]},{"@type":"ImageObject","inLanguage":"ca","@id":"https:\/\/www.canons.es\/ca\/medicina-estetica-corporal\/#primaryimage","url":"https:\/\/www.canons.es\/wp-content\/uploads\/2015\/07\/clinica-medicina-corporal-barcelona.jpg","contentUrl":"https:\/\/www.canons.es\/wp-content\/uploads\/2015\/07\/clinica-medicina-corporal-barcelona.jpg","width":470,"height":350,"caption":"Medicina est\u00e9tica corporal en Barcelona y Granollers para mejorar la silueta con tratamientos personalizados en Canons Clinics\u00ae."},{"@type":"BreadcrumbList","@id":"https:\/\/www.canons.es\/ca\/medicina-estetica-corporal\/#breadcrumb","itemListElement":[{"@type":"ListItem","position":1,"name":"Portada","item":"https:\/\/www.canons.es\/ca\/"},{"@type":"ListItem","position":2,"name":"MEDICINA EST\u00c9TICA CORPORAL"}]},{"@type":"WebSite","@id":"https:\/\/www.canons.es\/#website","url":"https:\/\/www.canons.es\/","name":"Cirug\u00eda Pl\u00e1stica y Est\u00e9tica Barcelona y Granollers | C\u00e0nons Clinics","description":"","publisher":{"@id":"https:\/\/www.canons.es\/#organization"},"potentialAction":[{"@type":"SearchAction","target":{"@type":"EntryPoint","urlTemplate":"https:\/\/www.canons.es\/?s={search_term_string}"},"query-input":{"@type":"PropertyValueSpecification","valueRequired":true,"valueName":"search_term_string"}}],"inLanguage":"ca"},{"@type":"Organization","@id":"https:\/\/www.canons.es\/#organization","name":"Cirug\u00eda Pl\u00e1stica y Est\u00e9tica Barcelona y Granollers | C\u00e0nons Clinics","url":"https:\/\/www.canons.es\/","logo":{"@type":"ImageObject","inLanguage":"ca","@id":"https:\/\/www.canons.es\/#\/schema\/logo\/image\/","url":"https:\/\/www.canons.es\/wp-content\/uploads\/2025\/04\/logo-canons-clinics.jpg","contentUrl":"https:\/\/www.canons.es\/wp-content\/uploads\/2025\/04\/logo-canons-clinics.jpg","width":600,"height":139,"caption":"Cirug\u00eda Pl\u00e1stica y Est\u00e9tica Barcelona y Granollers | C\u00e0nons Clinics"},"image":{"@id":"https:\/\/www.canons.es\/#\/schema\/logo\/image\/"},"sameAs":["https:\/\/www.facebook.com\/canonsclinics\/","https:\/\/x.com\/canonsclinics","https:\/\/www.instagram.com\/canonsclinics\/","https:\/\/www.youtube.com\/channel\/UCI1Ia6LjALyo1CuQ0_HwtfQ","https:\/\/www.linkedin.com\/company\/canons-clinics\/"]}]}},"_links":{"self":[{"href":"https:\/\/www.canons.es\/ca\/wp-json\/wp\/v2\/pages\/9584","targetHints":{"allow":["GET"]}}],"collection":[{"href":"https:\/\/www.canons.es\/ca\/wp-json\/wp\/v2\/pages"}],"about":[{"href":"https:\/\/www.canons.es\/ca\/wp-json\/wp\/v2\/types\/page"}],"author":[{"embeddable":true,"href":"https:\/\/www.canons.es\/ca\/wp-json\/wp\/v2\/users\/25"}],"replies":[{"embeddable":true,"href":"https:\/\/www.canons.es\/ca\/wp-json\/wp\/v2\/comments?post=9584"}],"version-history":[{"count":0,"href":"https:\/\/www.canons.es\/ca\/wp-json\/wp\/v2\/pages\/9584\/revisions"}],"wp:featuredmedia":[{"embeddable":true,"href":"https:\/\/www.canons.es\/ca\/wp-json\/wp\/v2\/media\/14813"}],"wp:attachment":[{"href":"https:\/\/www.canons.es\/ca\/wp-json\/wp\/v2\/media?parent=9584"}],"curies":[{"name":"wp","href":"https:\/\/api.w.org\/{rel}","templated":true}]}}