{"id":9489,"date":"2015-08-24T10:50:48","date_gmt":"2015-08-24T10:50:48","guid":{"rendered":"https:\/\/www.canons.es\/ca\/eliminacion-de-aranas-vasculares-o-microvarices-con-laser-medico\/"},"modified":"2019-12-12T10:41:45","modified_gmt":"2019-12-12T10:41:45","slug":"eliminacion-de-aranas-vasculares-o-microvarices-con-laser-medico","status":"publish","type":"page","link":"https:\/\/www.canons.es\/ca\/unitat-laser\/eliminacion-de-aranas-vasculares-o-microvarices-con-laser-medico\/","title":{"rendered":"Eliminaci\u00f3 de Aranyes Vasculars Facials amb L\u00e0ser M\u00e8dic"},"content":{"rendered":"<div class=\"wpb-content-wrapper\"><p>[vc_row css_animation=&#8221;&#8221; row_type=&#8221;row&#8221; use_row_as_full_screen_section=&#8221;no&#8221; type=&#8221;full_width&#8221; angled_section=&#8221;no&#8221; text_align=&#8221;left&#8221; background_image_as_pattern=&#8221;without_pattern&#8221; background_color=&#8221;#f9f9f9&#8243; section_type=&#8221;full-width&#8221;][vc_column][vc_empty_space height=&#8221;15px&#8221;]<div class=\"custom_font_holder\" style=\"font-family: Raleway; font-size: 35px; line-height: 26px; font-style: normal; font-weight: 300; color: #1e70b3; text-decoration: none; text-align: left;\">ELIMINACI\u00d3 DE MICROVARIUS AMB L\u00c0SER M\u00c8DIC<\/div>[vc_empty_space height=&#8221;40px&#8221;][vc_row_inner row_type=&#8221;row&#8221; type=&#8221;full_width&#8221; text_align=&#8221;left&#8221; css_animation=&#8221;&#8221;][vc_column_inner width=&#8221;1\/2&#8243;][vc_single_image image=&#8221;8779&#8243; img_size=&#8221;full&#8221; alignment=&#8221;center&#8221; qode_css_animation=&#8221;&#8221;][vc_empty_space height=&#8221;40px&#8221;][\/vc_column_inner][vc_column_inner width=&#8221;1\/2&#8243;][vc_column_text]<span lang=\"ca\" tabindex=\"0\">En Canons Clinics, centres especialitzats en Medicina i Cirurgia Est\u00e8tica, disposem <strong>d&#8217;efica\u00e7 aparatologia m\u00e8dica per a l&#8217;eliminaci\u00f3 d&#8217;aranyes vasculars<\/strong>, tant corporals com facials, mitjan\u00e7ant un potent feix de llum polsada Intensa i un sistema de L\u00e0ser M\u00e8dic cutera excel HR.<\/span>[\/vc_column_text][\/vc_column_inner][\/vc_row_inner][\/vc_column][\/vc_row][vc_row css_animation=&#8221;&#8221; row_type=&#8221;row&#8221; use_row_as_full_screen_section=&#8221;no&#8221; type=&#8221;full_width&#8221; angled_section=&#8221;no&#8221; text_align=&#8221;left&#8221; background_image_as_pattern=&#8221;without_pattern&#8221; section_type=&#8221;full-width&#8221;][vc_column][vc_empty_space][vc_accordion style=&#8221;accordion&#8221;][vc_accordion_tab title=&#8221;En qu\u00e8 consisteix l\u2019eliminaci\u00f3 d&#8217;Aranyes Vasculars amb L\u00e0ser M\u00e8dic?&#8221;][vc_column_text]<\/p>\n<div id=\"stcpDiv\">\n<p style=\"text-align: justify;\">En una primera visita transmetr\u00e0s al doctor quines hvarius et molesten m\u00e9s en funci\u00f3 del dolor i quins t&#8217;agradarien eliminar per est\u00e8tica.<\/p>\n<p>Posteriorment, i si no hi ha cap contraindicaci\u00f3, procedirem a la ter\u00e0pia l\u00e0ser. <span style=\"color: #6d98dc;\"><strong>Aplicarem una potent crema anest\u00e8sica<\/strong><\/span> que deixarem actuar aproximadament durant 5-10 min., posteriorment aplicarem un gel espec\u00edfic i el doctor procedir\u00e0 a esclerosar les aranyes vasculars amb el l\u00e0ser sense deixar cicatrius en la superf\u00edcie de la pell.<\/p>\n<\/div>\n<p>[\/vc_column_text][\/vc_accordion_tab][vc_accordion_tab title=&#8221;Quant duren les sessions i cada quan s\u00f3n les sessions?&#8221;][vc_column_text]<\/p>\n<div id=\"stcpDiv\">Les sessions poden <span style=\"color: #6d98dc;\"><strong>durar aproximadament uns 30 minuts<\/strong><\/span> i es realitzen segons indicaci\u00f3 m\u00e8dica normalment poden ser <span style=\"color: #6d98dc;\"><strong>quinzenalment o mensualment fins l\u2019erradicaci\u00f3 de les Aranyes Vasculars<\/strong><\/span>.<\/div>\n<p>[\/vc_column_text][\/vc_accordion_tab][vc_accordion_tab title=&#8221;La meva activitat di\u00e0ria es veur\u00e0 alterada?&#8221;][vc_column_text]<\/p>\n<div id=\"stcpDiv\"><span style=\"color: #6d98dc;\"><strong>Permet reprendre immediatament la teva activitat normal<\/strong><\/span> despr\u00e9s de cada sessi\u00f3.<\/div>\n<p>[\/vc_column_text][\/vc_accordion_tab][vc_accordion_tab title=&#8221;En quines \u00e8poques est\u00e0 m\u00e9s indicat?&#8221;][vc_column_text]<\/p>\n<p style=\"text-align: justify;\"><span style=\"color: #6d98dc;\"><strong>Es pot realitzar en qualsevol \u00e8poca de l&#8217;any<\/strong><\/span>, sempre i quan tinguis especial precauci\u00f3 amb les radiacions solars, aplicant-te protectors solars amb pantalla total.<\/p>\n<p>[\/vc_column_text][\/vc_accordion_tab][vc_accordion_tab title=&#8221;Es pot combinar amb l&#8217;esclerosi qu\u00edmica de varius?&#8221;][vc_column_text]<\/p>\n<div id=\"stcpDiv\">Aquest tractament \u00e9s complementari a la<span style=\"color: #6d98dc;\"><a style=\"color: #6d98dc;\" href=\"http:\/\/www.C\u00e0nons Clinics.es\/ca\/esclerosis-quimica-de-varices\/\"><strong> esclerosi qu\u00edmica de varius<\/strong><\/a><\/span>, s\u2019utilitza per <span style=\"color: #6d98dc;\"><strong>eliminar les varius amb di\u00e0metre superior a les aranyes vasculars que amb la laserter\u00e0pia ambulat\u00f2ria no s\u2019eliminen<\/strong><\/span>.<\/div>\n<p>[\/vc_column_text][\/vc_accordion_tab][vc_accordion_tab title=&#8221;Qu\u00e8 et recomanarem abans de cada sessi\u00f3?&#8221;][vc_column_text]<\/p>\n<div id=\"stcpDiv\"><span style=\"color: #6d98dc;\"><strong>Evitar l&#8217;exposici\u00f3 a les radiacions solars o bronzejar amb ultraviolats<\/strong><\/span>, com a m\u00ednim dues setmanes abans de cada sessi\u00f3. Paral\u00b7lelament, haur\u00e0s de seguir les pautes recomanades pel teu metge de despigmentants espec\u00edfics al teu fototipus de pell.<\/div>\n<p>[\/vc_column_text][\/vc_accordion_tab][vc_accordion_tab title=&#8221;\u00bfQu\u00e9 te recomendaremos despu\u00e9s de cada sesi\u00f3n?&#8221;][vc_column_text]<\/p>\n<div id=\"stcpDiv\" style=\"text-align: justify;\"><span style=\"color: #6d98dc;\"><strong>Evitar exposar-te a les radiacions solars o bronzejar-te amb ultraviolades<\/strong><\/span>, com a m\u00ednim durant els primers 45 dies posteriors a la sessi\u00f3. Tamb\u00e9 haur\u00e0s d&#8217;aplicar-te un tractament domiciliari espec\u00edfic i col\u00b7locar-te mitges de compressi\u00f3 vascular, segons t&#8217;indiqui el teu doctor, per accelerar el proc\u00e9s de reabsorci\u00f3 vascular.<\/div>\n<p>[\/vc_column_text][\/vc_accordion_tab][vc_accordion_tab title=&#8221;Podr\u00e9 combinar-ho amb altres ter\u00e0pies corporals?&#8221;][vc_column_text]<\/p>\n<div id=\"stcpDiv\" style=\"text-align: justify;\"><span style=\"color: #6d98dc;\"><strong>\u00c9s totalment compatible i combinable amb totes les ter\u00e0pies m\u00e8dico-est\u00e8tiques corporals<\/strong> <\/span>seguint les recomanacions pautades pels nostres metges especialistes en Medicina Est\u00e8tica de C\u00e0nons Clinics, aportant un tractament global de mans i escot amb l\u2019objectiu de millorar la imatge personal.<\/div>\n<div style=\"text-align: justify;\">No oblidem que aquesta nova plataforma Excel HR d Cutera act\u00faa\u00a0<span style=\"color: #6d98dc;\"><strong>fins i tot en pells de color<\/strong><\/span>, molt habituals al mercat anglosax\u00f3, i broncejades.<\/div>\n<p>[\/vc_column_text][\/vc_accordion_tab][vc_accordion_tab title=&#8221;Quines alteracions vasculars tamb\u00e9 pot eliminar?&#8221;][vc_column_text]<\/p>\n<ul>\n<li id=\"stcpDiv\">Vermellors cut\u00e0nies<\/li>\n<li><a href=\"http:\/\/www.C\u00e0nons Clinics.es\/ca\/eliminacion-de-rojeces-y-couperosi-con-laser-medico\/\">Couperosi facial<\/a><\/li>\n<li id=\"stcpDiv\">Eritemes cutanis<\/li>\n<li><a href=\"http:\/\/www.C\u00e0nons Clinics.es\/ca\/eliminacion-de-puntos-rubi-con-laser-medico-2\/\">Punts Rub\u00ed<\/a><\/li>\n<li>Angioma simple<\/li>\n<li>Hemangioma cirera<\/li>\n<li id=\"stcpDiv\">Taques vermelles de naixement<\/li>\n<\/ul>\n<p>[\/vc_column_text][\/vc_accordion_tab][\/vc_accordion][\/vc_column][\/vc_row]<\/p>\n<\/div><!-- AddThis Advanced Settings generic via filter on the_content --><!-- AddThis Share Buttons generic via filter on the_content -->","protected":false},"excerpt":{"rendered":"<p>[vc_row css_animation=&#8221;&#8221; row_type=&#8221;row&#8221; use_row_as_full_screen_section=&#8221;no&#8221; type=&#8221;full_width&#8221; angled_section=&#8221;no&#8221; text_align=&#8221;left&#8221; background_image_as_pattern=&#8221;without_pattern&#8221; background_color=&#8221;#f9f9f9&#8243; section_type=&#8221;full-width&#8221;][vc_column][vc_empty_space height=&#8221;15px&#8221;][vc_empty_space height=&#8221;40px&#8221;][vc_row_inner row_type=&#8221;row&#8221; type=&#8221;full_width&#8221; text_align=&#8221;left&#8221; css_animation=&#8221;&#8221;][vc_column_inner width=&#8221;1\/2&#8243;][vc_single_image image=&#8221;8779&#8243; img_size=&#8221;full&#8221; alignment=&#8221;center&#8221; qode_css_animation=&#8221;&#8221;][vc_empty_space height=&#8221;40px&#8221;][\/vc_column_inner][vc_column_inner width=&#8221;1\/2&#8243;][vc_column_text]En Canons Clinics, centres especialitzats en Medicina i Cirurgia Est\u00e8tica, disposem d&#8217;efica\u00e7 aparatologia m\u00e8dica per a l&#8217;eliminaci\u00f3 d&#8217;aranyes vasculars, tant corporals com facials,&#8230;<!-- AddThis Advanced Settings generic via filter on get_the_excerpt --><!-- AddThis Share Buttons generic via filter on get_the_excerpt --><\/p>\n","protected":false},"author":25,"featured_media":0,"parent":11377,"menu_order":0,"comment_status":"closed","ping_status":"closed","template":"","meta":{"footnotes":""},"class_list":["post-9489","page","type-page","status-publish","hentry"],"yoast_head":"<!-- This site is optimized with the Yoast SEO Premium plugin v26.9 (Yoast SEO v27.4) - https:\/\/yoast.com\/product\/yoast-seo-premium-wordpress\/ -->\n<title>Eliminaci\u00f3 de Aranyes Vasculars Facials amb L\u00e0ser M\u00e8dic - Cl\u00ednica C\u00e0nons | Cirurgia i Medicina Estetica a Barcelona, \u200b\u200bGranollers<\/title>\n<meta name=\"robots\" content=\"index, follow, max-snippet:-1, max-image-preview:large, max-video-preview:-1\" \/>\n<link rel=\"canonical\" href=\"https:\/\/www.canons.es\/unidad-laser-2\/eliminacion-de-aranas-vasculares-o-microvarices-con-laser-medico-2\/\" \/>\n<meta property=\"og:locale\" content=\"ca_ES\" \/>\n<meta property=\"og:type\" content=\"article\" \/>\n<meta property=\"og:title\" content=\"Eliminaci\u00f3 de Aranyes Vasculars Facials amb L\u00e0ser M\u00e8dic\" \/>\n<meta property=\"og:description\" content=\"[vc_row css_animation=&#8221;&#8221; row_type=&#8221;row&#8221; use_row_as_full_screen_section=&#8221;no&#8221; type=&#8221;full_width&#8221; angled_section=&#8221;no&#8221; text_align=&#8221;left&#8221; background_image_as_pattern=&#8221;without_pattern&#8221; background_color=&#8221;#f9f9f9&#8243; section_type=&#8221;full-width&#8221;][vc_column][vc_empty_space height=&#8221;15px&#8221;][vc_empty_space height=&#8221;40px&#8221;][vc_row_inner row_type=&#8221;row&#8221; type=&#8221;full_width&#8221; text_align=&#8221;left&#8221; css_animation=&#8221;&#8221;][vc_column_inner width=&#8221;1\/2&#8243;][vc_single_image image=&#8221;8779&#8243; img_size=&#8221;full&#8221; alignment=&#8221;center&#8221; qode_css_animation=&#8221;&#8221;][vc_empty_space height=&#8221;40px&#8221;][\/vc_column_inner][vc_column_inner width=&#8221;1\/2&#8243;][vc_column_text]En Canons Clinics, centres especialitzats en Medicina i Cirurgia Est\u00e8tica, disposem d&#8217;efica\u00e7 aparatologia m\u00e8dica per a l&#8217;eliminaci\u00f3 d&#8217;aranyes vasculars, tant corporals com facials,...\" \/>\n<meta property=\"og:url\" content=\"https:\/\/www.canons.es\/unidad-laser-2\/eliminacion-de-aranas-vasculares-o-microvarices-con-laser-medico-2\/\" \/>\n<meta property=\"og:site_name\" content=\"Cl\u00ednica C\u00e0nons | Cirurgia i Medicina Estetica a Barcelona, \u200b\u200bGranollers\" \/>\n<meta property=\"article:publisher\" content=\"https:\/\/www.facebook.com\/canonsclinics\/\" \/>\n<meta property=\"article:modified_time\" content=\"2019-12-12T10:41:45+00:00\" \/>\n<meta name=\"twitter:card\" content=\"summary_large_image\" \/>\n<meta name=\"twitter:site\" content=\"@canonsclinics\" \/>\n<meta name=\"twitter:label1\" content=\"Temps estimat de lectura\" \/>\n\t<meta name=\"twitter:data1\" content=\"4 minuts\" \/>\n<script type=\"application\/ld+json\" class=\"yoast-schema-graph\">{\"@context\":\"https:\\\/\\\/schema.org\",\"@graph\":[{\"@type\":\"WebPage\",\"@id\":\"https:\\\/\\\/www.canons.es\\\/unidad-laser-2\\\/eliminacion-de-aranas-vasculares-o-microvarices-con-laser-medico-2\\\/\",\"url\":\"https:\\\/\\\/www.canons.es\\\/unidad-laser-2\\\/eliminacion-de-aranas-vasculares-o-microvarices-con-laser-medico-2\\\/\",\"name\":\"Eliminaci\u00f3 de Aranyes Vasculars Facials amb L\u00e0ser M\u00e8dic - Cl\u00ednica C\u00e0nons | Cirurgia i Medicina Estetica a Barcelona, \u200b\u200bGranollers\",\"isPartOf\":{\"@id\":\"https:\\\/\\\/www.canons.es\\\/#website\"},\"datePublished\":\"2015-08-24T10:50:48+00:00\",\"dateModified\":\"2019-12-12T10:41:45+00:00\",\"breadcrumb\":{\"@id\":\"https:\\\/\\\/www.canons.es\\\/unidad-laser-2\\\/eliminacion-de-aranas-vasculares-o-microvarices-con-laser-medico-2\\\/#breadcrumb\"},\"inLanguage\":\"ca\",\"potentialAction\":[{\"@type\":\"ReadAction\",\"target\":[\"https:\\\/\\\/www.canons.es\\\/unidad-laser-2\\\/eliminacion-de-aranas-vasculares-o-microvarices-con-laser-medico-2\\\/\"]}]},{\"@type\":\"BreadcrumbList\",\"@id\":\"https:\\\/\\\/www.canons.es\\\/unidad-laser-2\\\/eliminacion-de-aranas-vasculares-o-microvarices-con-laser-medico-2\\\/#breadcrumb\",\"itemListElement\":[{\"@type\":\"ListItem\",\"position\":1,\"name\":\"Portada\",\"item\":\"https:\\\/\\\/www.canons.es\\\/ca\\\/\"},{\"@type\":\"ListItem\",\"position\":2,\"name\":\"UNITAT L\u00c0SER\",\"item\":\"https:\\\/\\\/www.canons.es\\\/unidad-laser-2\\\/\"},{\"@type\":\"ListItem\",\"position\":3,\"name\":\"Eliminaci\u00f3 de Aranyes Vasculars Facials amb L\u00e0ser M\u00e8dic\"}]},{\"@type\":\"WebSite\",\"@id\":\"https:\\\/\\\/www.canons.es\\\/#website\",\"url\":\"https:\\\/\\\/www.canons.es\\\/\",\"name\":\"Cirug\u00eda Pl\u00e1stica y Est\u00e9tica Barcelona y Granollers | C\u00e0nons Clinics\",\"description\":\"\",\"publisher\":{\"@id\":\"https:\\\/\\\/www.canons.es\\\/#organization\"},\"potentialAction\":[{\"@type\":\"SearchAction\",\"target\":{\"@type\":\"EntryPoint\",\"urlTemplate\":\"https:\\\/\\\/www.canons.es\\\/?s={search_term_string}\"},\"query-input\":{\"@type\":\"PropertyValueSpecification\",\"valueRequired\":true,\"valueName\":\"search_term_string\"}}],\"inLanguage\":\"ca\"},{\"@type\":\"Organization\",\"@id\":\"https:\\\/\\\/www.canons.es\\\/#organization\",\"name\":\"Cirug\u00eda Pl\u00e1stica y Est\u00e9tica Barcelona y Granollers | C\u00e0nons Clinics\",\"url\":\"https:\\\/\\\/www.canons.es\\\/\",\"logo\":{\"@type\":\"ImageObject\",\"inLanguage\":\"ca\",\"@id\":\"https:\\\/\\\/www.canons.es\\\/#\\\/schema\\\/logo\\\/image\\\/\",\"url\":\"https:\\\/\\\/www.canons.es\\\/wp-content\\\/uploads\\\/2025\\\/04\\\/logo-canons-clinics.jpg\",\"contentUrl\":\"https:\\\/\\\/www.canons.es\\\/wp-content\\\/uploads\\\/2025\\\/04\\\/logo-canons-clinics.jpg\",\"width\":600,\"height\":139,\"caption\":\"Cirug\u00eda Pl\u00e1stica y Est\u00e9tica Barcelona y Granollers | C\u00e0nons Clinics\"},\"image\":{\"@id\":\"https:\\\/\\\/www.canons.es\\\/#\\\/schema\\\/logo\\\/image\\\/\"},\"sameAs\":[\"https:\\\/\\\/www.facebook.com\\\/canonsclinics\\\/\",\"https:\\\/\\\/x.com\\\/canonsclinics\",\"https:\\\/\\\/www.instagram.com\\\/canonsclinics\\\/\",\"https:\\\/\\\/www.youtube.com\\\/channel\\\/UCI1Ia6LjALyo1CuQ0_HwtfQ\",\"https:\\\/\\\/www.linkedin.com\\\/company\\\/canons-clinics\\\/\"]}]}<\/script>\n<!-- \/ Yoast SEO Premium plugin. -->","yoast_head_json":{"title":"Eliminaci\u00f3 de Aranyes Vasculars Facials amb L\u00e0ser M\u00e8dic - Cl\u00ednica C\u00e0nons | Cirurgia i Medicina Estetica a Barcelona, \u200b\u200bGranollers","robots":{"index":"index","follow":"follow","max-snippet":"max-snippet:-1","max-image-preview":"max-image-preview:large","max-video-preview":"max-video-preview:-1"},"canonical":"https:\/\/www.canons.es\/unidad-laser-2\/eliminacion-de-aranas-vasculares-o-microvarices-con-laser-medico-2\/","og_locale":"ca_ES","og_type":"article","og_title":"Eliminaci\u00f3 de Aranyes Vasculars Facials amb L\u00e0ser M\u00e8dic","og_description":"[vc_row css_animation=&#8221;&#8221; row_type=&#8221;row&#8221; use_row_as_full_screen_section=&#8221;no&#8221; type=&#8221;full_width&#8221; angled_section=&#8221;no&#8221; text_align=&#8221;left&#8221; background_image_as_pattern=&#8221;without_pattern&#8221; background_color=&#8221;#f9f9f9&#8243; section_type=&#8221;full-width&#8221;][vc_column][vc_empty_space height=&#8221;15px&#8221;][vc_empty_space height=&#8221;40px&#8221;][vc_row_inner row_type=&#8221;row&#8221; type=&#8221;full_width&#8221; text_align=&#8221;left&#8221; css_animation=&#8221;&#8221;][vc_column_inner width=&#8221;1\/2&#8243;][vc_single_image image=&#8221;8779&#8243; img_size=&#8221;full&#8221; alignment=&#8221;center&#8221; qode_css_animation=&#8221;&#8221;][vc_empty_space height=&#8221;40px&#8221;][\/vc_column_inner][vc_column_inner width=&#8221;1\/2&#8243;][vc_column_text]En Canons Clinics, centres especialitzats en Medicina i Cirurgia Est\u00e8tica, disposem d&#8217;efica\u00e7 aparatologia m\u00e8dica per a l&#8217;eliminaci\u00f3 d&#8217;aranyes vasculars, tant corporals com facials,...","og_url":"https:\/\/www.canons.es\/unidad-laser-2\/eliminacion-de-aranas-vasculares-o-microvarices-con-laser-medico-2\/","og_site_name":"Cl\u00ednica C\u00e0nons | Cirurgia i Medicina Estetica a Barcelona, \u200b\u200bGranollers","article_publisher":"https:\/\/www.facebook.com\/canonsclinics\/","article_modified_time":"2019-12-12T10:41:45+00:00","twitter_card":"summary_large_image","twitter_site":"@canonsclinics","twitter_misc":{"Temps estimat de lectura":"4 minuts"},"schema":{"@context":"https:\/\/schema.org","@graph":[{"@type":"WebPage","@id":"https:\/\/www.canons.es\/unidad-laser-2\/eliminacion-de-aranas-vasculares-o-microvarices-con-laser-medico-2\/","url":"https:\/\/www.canons.es\/unidad-laser-2\/eliminacion-de-aranas-vasculares-o-microvarices-con-laser-medico-2\/","name":"Eliminaci\u00f3 de Aranyes Vasculars Facials amb L\u00e0ser M\u00e8dic - Cl\u00ednica C\u00e0nons | Cirurgia i Medicina Estetica a Barcelona, \u200b\u200bGranollers","isPartOf":{"@id":"https:\/\/www.canons.es\/#website"},"datePublished":"2015-08-24T10:50:48+00:00","dateModified":"2019-12-12T10:41:45+00:00","breadcrumb":{"@id":"https:\/\/www.canons.es\/unidad-laser-2\/eliminacion-de-aranas-vasculares-o-microvarices-con-laser-medico-2\/#breadcrumb"},"inLanguage":"ca","potentialAction":[{"@type":"ReadAction","target":["https:\/\/www.canons.es\/unidad-laser-2\/eliminacion-de-aranas-vasculares-o-microvarices-con-laser-medico-2\/"]}]},{"@type":"BreadcrumbList","@id":"https:\/\/www.canons.es\/unidad-laser-2\/eliminacion-de-aranas-vasculares-o-microvarices-con-laser-medico-2\/#breadcrumb","itemListElement":[{"@type":"ListItem","position":1,"name":"Portada","item":"https:\/\/www.canons.es\/ca\/"},{"@type":"ListItem","position":2,"name":"UNITAT L\u00c0SER","item":"https:\/\/www.canons.es\/unidad-laser-2\/"},{"@type":"ListItem","position":3,"name":"Eliminaci\u00f3 de Aranyes Vasculars Facials amb L\u00e0ser M\u00e8dic"}]},{"@type":"WebSite","@id":"https:\/\/www.canons.es\/#website","url":"https:\/\/www.canons.es\/","name":"Cirug\u00eda Pl\u00e1stica y Est\u00e9tica Barcelona y Granollers | C\u00e0nons Clinics","description":"","publisher":{"@id":"https:\/\/www.canons.es\/#organization"},"potentialAction":[{"@type":"SearchAction","target":{"@type":"EntryPoint","urlTemplate":"https:\/\/www.canons.es\/?s={search_term_string}"},"query-input":{"@type":"PropertyValueSpecification","valueRequired":true,"valueName":"search_term_string"}}],"inLanguage":"ca"},{"@type":"Organization","@id":"https:\/\/www.canons.es\/#organization","name":"Cirug\u00eda Pl\u00e1stica y Est\u00e9tica Barcelona y Granollers | C\u00e0nons Clinics","url":"https:\/\/www.canons.es\/","logo":{"@type":"ImageObject","inLanguage":"ca","@id":"https:\/\/www.canons.es\/#\/schema\/logo\/image\/","url":"https:\/\/www.canons.es\/wp-content\/uploads\/2025\/04\/logo-canons-clinics.jpg","contentUrl":"https:\/\/www.canons.es\/wp-content\/uploads\/2025\/04\/logo-canons-clinics.jpg","width":600,"height":139,"caption":"Cirug\u00eda Pl\u00e1stica y Est\u00e9tica Barcelona y Granollers | C\u00e0nons Clinics"},"image":{"@id":"https:\/\/www.canons.es\/#\/schema\/logo\/image\/"},"sameAs":["https:\/\/www.facebook.com\/canonsclinics\/","https:\/\/x.com\/canonsclinics","https:\/\/www.instagram.com\/canonsclinics\/","https:\/\/www.youtube.com\/channel\/UCI1Ia6LjALyo1CuQ0_HwtfQ","https:\/\/www.linkedin.com\/company\/canons-clinics\/"]}]}},"_links":{"self":[{"href":"https:\/\/www.canons.es\/ca\/wp-json\/wp\/v2\/pages\/9489","targetHints":{"allow":["GET"]}}],"collection":[{"href":"https:\/\/www.canons.es\/ca\/wp-json\/wp\/v2\/pages"}],"about":[{"href":"https:\/\/www.canons.es\/ca\/wp-json\/wp\/v2\/types\/page"}],"author":[{"embeddable":true,"href":"https:\/\/www.canons.es\/ca\/wp-json\/wp\/v2\/users\/25"}],"replies":[{"embeddable":true,"href":"https:\/\/www.canons.es\/ca\/wp-json\/wp\/v2\/comments?post=9489"}],"version-history":[{"count":0,"href":"https:\/\/www.canons.es\/ca\/wp-json\/wp\/v2\/pages\/9489\/revisions"}],"up":[{"embeddable":true,"href":"https:\/\/www.canons.es\/ca\/wp-json\/wp\/v2\/pages\/11377"}],"wp:attachment":[{"href":"https:\/\/www.canons.es\/ca\/wp-json\/wp\/v2\/media?parent=9489"}],"curies":[{"name":"wp","href":"https:\/\/api.w.org\/{rel}","templated":true}]}}