{"id":9129,"date":"2015-09-02T10:41:49","date_gmt":"2015-09-02T10:41:49","guid":{"rendered":"https:\/\/www.canons.es\/ca\/terapia-facial-estimuladora-de-colageno-con-ondas-de-choque\/"},"modified":"2019-11-21T16:26:56","modified_gmt":"2019-11-21T16:26:56","slug":"terapia-facial-estimuladora-de-colageno-con-ondas-de-choque","status":"publish","type":"page","link":"https:\/\/www.canons.es\/ca\/terapia-facial-estimuladora-de-colageno-con-ondas-de-choque\/","title":{"rendered":"Ter\u00e0pia Facial Estimuladora de Col\u00b7lagen amb Ones de Xoc"},"content":{"rendered":"<div class=\"wpb-content-wrapper\"><p>[vc_row css_animation=&#8221;&#8221; row_type=&#8221;row&#8221; use_row_as_full_screen_section=&#8221;no&#8221; type=&#8221;full_width&#8221; angled_section=&#8221;no&#8221; text_align=&#8221;left&#8221; background_image_as_pattern=&#8221;without_pattern&#8221; background_color=&#8221;#f7f7f7&#8243; section_type=&#8221;full-width&#8221;][vc_column][vc_empty_space height=&#8221;20px&#8221;]<div class=\"custom_font_holder\" style=\" font-size: 35px; line-height: 26px; font-style: normal; font-weight: 300; color: #1e70b3; text-decoration: none; text-align: left;\">TER\u00c0PIA ESTIMULADORA DE COL\u00b7L\u00c0GEN AMB ONES DE XOC<\/div>[vc_empty_space height=&#8221;40px&#8221;][vc_row_inner row_type=&#8221;row&#8221; type=&#8221;full_width&#8221; text_align=&#8221;left&#8221; css_animation=&#8221;&#8221;][vc_column_inner width=&#8221;1\/2&#8243;][vc_single_image image=&#8221;10645&#8243; img_size=&#8221;full&#8221; alignment=&#8221;center&#8221; qode_css_animation=&#8221;&#8221;][vc_empty_space height=&#8221;40px&#8221;][\/vc_column_inner][vc_column_inner width=&#8221;1\/2&#8243;][vc_column_text]<\/p>\n<p style=\"text-align: justify;\">A C\u00e0nons Clinics \u00a0disposem d&#8217;un nou i efica\u00e7 tractament amb <strong>ones de xoc o ac\u00fastiques per reafirmar i estimular el col\u00b7lagen facial.<\/strong><\/p>\n<p>Estudis recents han descobert que, en la medicina est\u00e8tica, \u00e9s un dels m\u00e8todes professionals no invasius m\u00e9s efica\u00e7os per millorar la circulaci\u00f3 de la sang i l&#8217;elasticitat de la pell.[\/vc_column_text][\/vc_column_inner][\/vc_row_inner][\/vc_column][\/vc_row][vc_row css_animation=&#8221;&#8221; row_type=&#8221;row&#8221; use_row_as_full_screen_section=&#8221;no&#8221; type=&#8221;full_width&#8221; angled_section=&#8221;no&#8221; text_align=&#8221;left&#8221; background_image_as_pattern=&#8221;without_pattern&#8221; section_type=&#8221;full-width&#8221;][vc_column][vc_empty_space][vc_accordion style=&#8221;accordion&#8221;][vc_accordion_tab title=&#8221;En qu\u00e8 consisteix i com es realitza?&#8221;][vc_column_text]<\/p>\n<p style=\"text-align: justify;\">En primer lloc, s&#8217;aplica un gel que permet la transmissi\u00f3 de les ones de xoc o ac\u00fastiques a la zona a tractar. A continuaci\u00f3, i mitjan\u00e7ant el cap\u00e7al d&#8217;un equip m\u00e8dic, s&#8217;introdueixen les ones d&#8217;alta freq\u00fc\u00e8ncia, que <span style=\"color: #6d98dc;\"><strong>reafirmen el teixit facial i estimulen la creaci\u00f3 de col\u00b7lagen<\/strong><\/span>.<\/p>\n<p>Aquest tractament aporta lluminositat i redueix l&#8217;aparici\u00f3 d&#8217;arrugues en el rostre, permetent tenir una pell m\u00e9s jove, llisa i tersa.<\/p>\n<p><strong><span style=\"color: #6d98dc;\">A\u00a0C\u00e0nons Clinics, cl\u00ednica de Cirurgia i Medicina Est\u00e8tica,<\/span> <span style=\"color: #6d98dc;\">treballem amb la tecnologia Awt Storz, una marca su\u00efssa Storz Medical, capdavantera al mercat dels aparells d&#8217;\u00faltima generaci\u00f3 amb aplicacions est\u00e8tiques<\/span>.<\/strong>[\/vc_column_text][\/vc_accordion_tab][vc_accordion_tab title=&#8221;Quins beneficis obtindr\u00e9 amb la ter\u00e0pia Storz Medical de ones de xoc o ac\u00fastiques?&#8221;][vc_row_inner row_type=&#8221;row&#8221; type=&#8221;full_width&#8221; text_align=&#8221;left&#8221; css_animation=&#8221;&#8221;][vc_column_inner][vc_column_text]<\/p>\n<ul>\n<li><span style=\"color: #6d98dc;\"><strong>Invasiva i indolora.<\/strong><\/span><\/li>\n<li><span style=\"color: #6d98dc;\"><strong>Apta per a tot tipus de pells<\/strong><\/span>, fins i tot les bronzejades.<\/li>\n<li>Protocol de tractament de<span style=\"color: #6d98dc;\"> <strong>nom\u00e9s 5 sessions per zona.<\/strong><\/span><\/li>\n<li>Sessions de curta durada (aproximadament<span style=\"color: #6d98dc;\"><strong> 20 minuts per zona<\/strong><\/span>).<\/li>\n<li>Segons l&#8217;estat del teixit, <strong><span style=\"color: #6d98dc;\">els resultats poden veure&#8217;s al final de la primera sessi\u00f3<\/span>.<\/strong><\/li>\n<\/ul>\n<p>[\/vc_column_text][\/vc_column_inner][\/vc_row_inner][\/vc_accordion_tab][vc_accordion_tab title=&#8221;Quins s\u00f3n els efectes?&#8221;][vc_column_text]<\/p>\n<ul>\n<li>Augment del flux sanguini.<\/li>\n<li>Prev\u00e9 l&#8217;envelliment.<\/li>\n<li>Estimula la producci\u00f3 de col\u00b7lagen.<\/li>\n<li>Atenua les arrugues.<\/li>\n<li>Repara i reafirma els teixits madurs o danyats.<\/li>\n<li>Millora l&#8217;elasticitat del teixit cutani.<\/li>\n<\/ul>\n<p>[\/vc_column_text][\/vc_accordion_tab][vc_accordion_tab title=&#8221;Quines zones podr\u00e9 tractar?&#8221;][vc_column_text]Amb aquest innovador tractament de medicina est\u00e8tica podr\u00e0s<span style=\"color: #6d98dc;\"><strong> reafirmar parts com a barbeta i cara<\/strong><\/span>.[\/vc_column_text][\/vc_accordion_tab][vc_accordion_tab title=&#8221;Quantes sessions es recomanen?&#8221;][vc_column_text]<\/p>\n<p style=\"text-align: justify;\">\u00c9s important que, com a m\u00ednim, <span style=\"color: #6d98dc;\"><strong>es realitzin 5 sessions<\/strong><\/span> per poder observar els primers canvis a\u00a0l&#8217;aspecte de la pell. Es recomana aplicar el tractament amb una <span style=\"color: #6d98dc;\"><strong>freq\u00fc\u00e8ncia d&#8217;1 a 2 sessions setmanals<\/strong><\/span>.<\/p>\n<p>[\/vc_column_text][\/vc_accordion_tab][vc_accordion_tab title=&#8221;Obtindr\u00e9 un resultat immediat?&#8221;][vc_column_text]<\/p>\n<p style=\"text-align: justify;\"><span style=\"color: #6d98dc;\"><strong>A la primera sessi\u00f3 ja podr\u00e0s veure resultats<\/strong><\/span>. Amb cada sessi\u00f3 es reduiran els signes de maduresa i s&#8217;apreciar\u00e0 millor la reafirmaci\u00f3 del teixit facial.<\/p>\n<p>[\/vc_column_text][\/vc_accordion_tab][vc_accordion_tab title=&#8221;Quines contraindicacions t\u00e9?&#8221;][vc_column_text]<\/p>\n<ul>\n<li>Malalties tumorals oncol\u00f2giques<\/li>\n<li>Malalties relacionades amb la coagulaci\u00f3<\/li>\n<li>Tractaments anticoagulants<\/li>\n<li>Patologies neurol\u00f2giques<\/li>\n<li>Embar\u00e0s i lact\u00e0ncia<\/li>\n<li>Ter\u00e0pia amb corticoides<\/li>\n<li>Inflamacions agudes<\/li>\n<\/ul>\n<p>[\/vc_column_text][\/vc_accordion_tab][vc_accordion_tab title=&#8221;\u00bfEs compatible con mis actividades de la vida diaria?&#8221;][vc_column_text]<\/p>\n<p style=\"text-align: justify;\">Aquest tractament de medicina est\u00e8tica permet una <span style=\"color: #6d98dc;\"><strong>incorporaci\u00f3 immediata a la vida quotidiana<\/strong><\/span>, sense necessitat de cures especials.<\/p>\n<p>[\/vc_column_text][\/vc_accordion_tab][vc_accordion_tab title=&#8221;Podr\u00e9 combinar-lo amb altres tractaments de medicina est\u00e8tica?&#8221;][vc_column_text]<\/p>\n<p style=\"text-align: justify;\">\u00c9s totalment <span style=\"color: #6d98dc;\"><strong>compatible amb totes les ter\u00e0pies de medicina est\u00e8tica<\/strong><\/span>, seguint les recomanacions pautades pels nostres metges especialistes segons cada cas en particular.<\/p>\n<p>[\/vc_column_text][\/vc_accordion_tab][\/vc_accordion][\/vc_column][\/vc_row]<\/p>\n<\/div><!-- AddThis Advanced Settings generic via filter on the_content --><!-- AddThis Share Buttons generic via filter on the_content -->","protected":false},"excerpt":{"rendered":"<p>[vc_row css_animation=&#8221;&#8221; row_type=&#8221;row&#8221; use_row_as_full_screen_section=&#8221;no&#8221; type=&#8221;full_width&#8221; angled_section=&#8221;no&#8221; text_align=&#8221;left&#8221; background_image_as_pattern=&#8221;without_pattern&#8221; background_color=&#8221;#f7f7f7&#8243; section_type=&#8221;full-width&#8221;][vc_column][vc_empty_space height=&#8221;20px&#8221;][vc_empty_space height=&#8221;40px&#8221;][vc_row_inner row_type=&#8221;row&#8221; type=&#8221;full_width&#8221; text_align=&#8221;left&#8221; css_animation=&#8221;&#8221;][vc_column_inner width=&#8221;1\/2&#8243;][vc_single_image image=&#8221;10645&#8243; img_size=&#8221;full&#8221; alignment=&#8221;center&#8221; qode_css_animation=&#8221;&#8221;][vc_empty_space height=&#8221;40px&#8221;][\/vc_column_inner][vc_column_inner width=&#8221;1\/2&#8243;][vc_column_text] A C\u00e0nons Clinics \u00a0disposem d&#8217;un nou i efica\u00e7 tractament amb ones de xoc o ac\u00fastiques per reafirmar i estimular el col\u00b7lagen facial&#8230;.<!-- AddThis Advanced Settings generic via filter on get_the_excerpt --><!-- AddThis Share Buttons generic via filter on get_the_excerpt --><\/p>\n","protected":false},"author":25,"featured_media":0,"parent":0,"menu_order":0,"comment_status":"closed","ping_status":"closed","template":"","meta":{"footnotes":""},"class_list":["post-9129","page","type-page","status-publish","hentry"],"yoast_head":"<!-- This site is optimized with the Yoast SEO Premium plugin v26.9 (Yoast SEO v27.4) - https:\/\/yoast.com\/product\/yoast-seo-premium-wordpress\/ -->\n<title>Ter\u00e0pia Facial Estimuladora de Col\u00b7lagen amb Ones de Xoc - Cl\u00ednica C\u00e0nons | Cirurgia i Medicina Estetica a Barcelona, \u200b\u200bGranollers<\/title>\n<meta name=\"robots\" content=\"index, follow, max-snippet:-1, max-image-preview:large, max-video-preview:-1\" \/>\n<link rel=\"canonical\" href=\"https:\/\/www.canons.es\/terapia-facial-estimuladora-de-colageno-con-ondas-de-choque\/\" \/>\n<meta property=\"og:locale\" content=\"ca_ES\" \/>\n<meta property=\"og:type\" content=\"article\" \/>\n<meta property=\"og:title\" content=\"Ter\u00e0pia Facial Estimuladora de Col\u00b7lagen amb Ones de Xoc\" \/>\n<meta property=\"og:description\" content=\"[vc_row css_animation=&#8221;&#8221; row_type=&#8221;row&#8221; use_row_as_full_screen_section=&#8221;no&#8221; type=&#8221;full_width&#8221; angled_section=&#8221;no&#8221; text_align=&#8221;left&#8221; background_image_as_pattern=&#8221;without_pattern&#8221; background_color=&#8221;#f7f7f7&#8243; section_type=&#8221;full-width&#8221;][vc_column][vc_empty_space height=&#8221;20px&#8221;][vc_empty_space height=&#8221;40px&#8221;][vc_row_inner row_type=&#8221;row&#8221; type=&#8221;full_width&#8221; text_align=&#8221;left&#8221; css_animation=&#8221;&#8221;][vc_column_inner width=&#8221;1\/2&#8243;][vc_single_image image=&#8221;10645&#8243; img_size=&#8221;full&#8221; alignment=&#8221;center&#8221; qode_css_animation=&#8221;&#8221;][vc_empty_space height=&#8221;40px&#8221;][\/vc_column_inner][vc_column_inner width=&#8221;1\/2&#8243;][vc_column_text] A C\u00e0nons Clinics \u00a0disposem d&#8217;un nou i efica\u00e7 tractament amb ones de xoc o ac\u00fastiques per reafirmar i estimular el col\u00b7lagen facial....\" \/>\n<meta property=\"og:url\" content=\"https:\/\/www.canons.es\/terapia-facial-estimuladora-de-colageno-con-ondas-de-choque\/\" \/>\n<meta property=\"og:site_name\" content=\"Cl\u00ednica C\u00e0nons | Cirurgia i Medicina Estetica a Barcelona, \u200b\u200bGranollers\" \/>\n<meta property=\"article:publisher\" content=\"https:\/\/www.facebook.com\/canonsclinics\/\" \/>\n<meta property=\"article:modified_time\" content=\"2019-11-21T16:26:56+00:00\" \/>\n<meta name=\"twitter:card\" content=\"summary_large_image\" \/>\n<meta name=\"twitter:site\" content=\"@canonsclinics\" \/>\n<meta name=\"twitter:label1\" content=\"Temps estimat de lectura\" \/>\n\t<meta name=\"twitter:data1\" content=\"4 minuts\" \/>\n<script type=\"application\/ld+json\" class=\"yoast-schema-graph\">{\"@context\":\"https:\\\/\\\/schema.org\",\"@graph\":[{\"@type\":\"WebPage\",\"@id\":\"https:\\\/\\\/www.canons.es\\\/terapia-facial-estimuladora-de-colageno-con-ondas-de-choque\\\/\",\"url\":\"https:\\\/\\\/www.canons.es\\\/terapia-facial-estimuladora-de-colageno-con-ondas-de-choque\\\/\",\"name\":\"Ter\u00e0pia Facial Estimuladora de Col\u00b7lagen amb Ones de Xoc - Cl\u00ednica C\u00e0nons | Cirurgia i Medicina Estetica a Barcelona, \u200b\u200bGranollers\",\"isPartOf\":{\"@id\":\"https:\\\/\\\/www.canons.es\\\/#website\"},\"datePublished\":\"2015-09-02T10:41:49+00:00\",\"dateModified\":\"2019-11-21T16:26:56+00:00\",\"breadcrumb\":{\"@id\":\"https:\\\/\\\/www.canons.es\\\/terapia-facial-estimuladora-de-colageno-con-ondas-de-choque\\\/#breadcrumb\"},\"inLanguage\":\"ca\",\"potentialAction\":[{\"@type\":\"ReadAction\",\"target\":[\"https:\\\/\\\/www.canons.es\\\/terapia-facial-estimuladora-de-colageno-con-ondas-de-choque\\\/\"]}]},{\"@type\":\"BreadcrumbList\",\"@id\":\"https:\\\/\\\/www.canons.es\\\/terapia-facial-estimuladora-de-colageno-con-ondas-de-choque\\\/#breadcrumb\",\"itemListElement\":[{\"@type\":\"ListItem\",\"position\":1,\"name\":\"Portada\",\"item\":\"https:\\\/\\\/www.canons.es\\\/ca\\\/\"},{\"@type\":\"ListItem\",\"position\":2,\"name\":\"Ter\u00e0pia Facial Estimuladora de Col\u00b7lagen amb Ones de Xoc\"}]},{\"@type\":\"WebSite\",\"@id\":\"https:\\\/\\\/www.canons.es\\\/#website\",\"url\":\"https:\\\/\\\/www.canons.es\\\/\",\"name\":\"Cirug\u00eda Pl\u00e1stica y Est\u00e9tica Barcelona y Granollers | C\u00e0nons Clinics\",\"description\":\"\",\"publisher\":{\"@id\":\"https:\\\/\\\/www.canons.es\\\/#organization\"},\"potentialAction\":[{\"@type\":\"SearchAction\",\"target\":{\"@type\":\"EntryPoint\",\"urlTemplate\":\"https:\\\/\\\/www.canons.es\\\/?s={search_term_string}\"},\"query-input\":{\"@type\":\"PropertyValueSpecification\",\"valueRequired\":true,\"valueName\":\"search_term_string\"}}],\"inLanguage\":\"ca\"},{\"@type\":\"Organization\",\"@id\":\"https:\\\/\\\/www.canons.es\\\/#organization\",\"name\":\"Cirug\u00eda Pl\u00e1stica y Est\u00e9tica Barcelona y Granollers | C\u00e0nons Clinics\",\"url\":\"https:\\\/\\\/www.canons.es\\\/\",\"logo\":{\"@type\":\"ImageObject\",\"inLanguage\":\"ca\",\"@id\":\"https:\\\/\\\/www.canons.es\\\/#\\\/schema\\\/logo\\\/image\\\/\",\"url\":\"https:\\\/\\\/www.canons.es\\\/wp-content\\\/uploads\\\/2025\\\/04\\\/logo-canons-clinics.jpg\",\"contentUrl\":\"https:\\\/\\\/www.canons.es\\\/wp-content\\\/uploads\\\/2025\\\/04\\\/logo-canons-clinics.jpg\",\"width\":600,\"height\":139,\"caption\":\"Cirug\u00eda Pl\u00e1stica y Est\u00e9tica Barcelona y Granollers | C\u00e0nons Clinics\"},\"image\":{\"@id\":\"https:\\\/\\\/www.canons.es\\\/#\\\/schema\\\/logo\\\/image\\\/\"},\"sameAs\":[\"https:\\\/\\\/www.facebook.com\\\/canonsclinics\\\/\",\"https:\\\/\\\/x.com\\\/canonsclinics\",\"https:\\\/\\\/www.instagram.com\\\/canonsclinics\\\/\",\"https:\\\/\\\/www.youtube.com\\\/channel\\\/UCI1Ia6LjALyo1CuQ0_HwtfQ\",\"https:\\\/\\\/www.linkedin.com\\\/company\\\/canons-clinics\\\/\"]}]}<\/script>\n<!-- \/ Yoast SEO Premium plugin. -->","yoast_head_json":{"title":"Ter\u00e0pia Facial Estimuladora de Col\u00b7lagen amb Ones de Xoc - Cl\u00ednica C\u00e0nons | Cirurgia i Medicina Estetica a Barcelona, \u200b\u200bGranollers","robots":{"index":"index","follow":"follow","max-snippet":"max-snippet:-1","max-image-preview":"max-image-preview:large","max-video-preview":"max-video-preview:-1"},"canonical":"https:\/\/www.canons.es\/terapia-facial-estimuladora-de-colageno-con-ondas-de-choque\/","og_locale":"ca_ES","og_type":"article","og_title":"Ter\u00e0pia Facial Estimuladora de Col\u00b7lagen amb Ones de Xoc","og_description":"[vc_row css_animation=&#8221;&#8221; row_type=&#8221;row&#8221; use_row_as_full_screen_section=&#8221;no&#8221; type=&#8221;full_width&#8221; angled_section=&#8221;no&#8221; text_align=&#8221;left&#8221; background_image_as_pattern=&#8221;without_pattern&#8221; background_color=&#8221;#f7f7f7&#8243; section_type=&#8221;full-width&#8221;][vc_column][vc_empty_space height=&#8221;20px&#8221;][vc_empty_space height=&#8221;40px&#8221;][vc_row_inner row_type=&#8221;row&#8221; type=&#8221;full_width&#8221; text_align=&#8221;left&#8221; css_animation=&#8221;&#8221;][vc_column_inner width=&#8221;1\/2&#8243;][vc_single_image image=&#8221;10645&#8243; img_size=&#8221;full&#8221; alignment=&#8221;center&#8221; qode_css_animation=&#8221;&#8221;][vc_empty_space height=&#8221;40px&#8221;][\/vc_column_inner][vc_column_inner width=&#8221;1\/2&#8243;][vc_column_text] A C\u00e0nons Clinics \u00a0disposem d&#8217;un nou i efica\u00e7 tractament amb ones de xoc o ac\u00fastiques per reafirmar i estimular el col\u00b7lagen facial....","og_url":"https:\/\/www.canons.es\/terapia-facial-estimuladora-de-colageno-con-ondas-de-choque\/","og_site_name":"Cl\u00ednica C\u00e0nons | Cirurgia i Medicina Estetica a Barcelona, \u200b\u200bGranollers","article_publisher":"https:\/\/www.facebook.com\/canonsclinics\/","article_modified_time":"2019-11-21T16:26:56+00:00","twitter_card":"summary_large_image","twitter_site":"@canonsclinics","twitter_misc":{"Temps estimat de lectura":"4 minuts"},"schema":{"@context":"https:\/\/schema.org","@graph":[{"@type":"WebPage","@id":"https:\/\/www.canons.es\/terapia-facial-estimuladora-de-colageno-con-ondas-de-choque\/","url":"https:\/\/www.canons.es\/terapia-facial-estimuladora-de-colageno-con-ondas-de-choque\/","name":"Ter\u00e0pia Facial Estimuladora de Col\u00b7lagen amb Ones de Xoc - Cl\u00ednica C\u00e0nons | Cirurgia i Medicina Estetica a Barcelona, \u200b\u200bGranollers","isPartOf":{"@id":"https:\/\/www.canons.es\/#website"},"datePublished":"2015-09-02T10:41:49+00:00","dateModified":"2019-11-21T16:26:56+00:00","breadcrumb":{"@id":"https:\/\/www.canons.es\/terapia-facial-estimuladora-de-colageno-con-ondas-de-choque\/#breadcrumb"},"inLanguage":"ca","potentialAction":[{"@type":"ReadAction","target":["https:\/\/www.canons.es\/terapia-facial-estimuladora-de-colageno-con-ondas-de-choque\/"]}]},{"@type":"BreadcrumbList","@id":"https:\/\/www.canons.es\/terapia-facial-estimuladora-de-colageno-con-ondas-de-choque\/#breadcrumb","itemListElement":[{"@type":"ListItem","position":1,"name":"Portada","item":"https:\/\/www.canons.es\/ca\/"},{"@type":"ListItem","position":2,"name":"Ter\u00e0pia Facial Estimuladora de Col\u00b7lagen amb Ones de Xoc"}]},{"@type":"WebSite","@id":"https:\/\/www.canons.es\/#website","url":"https:\/\/www.canons.es\/","name":"Cirug\u00eda Pl\u00e1stica y Est\u00e9tica Barcelona y Granollers | C\u00e0nons Clinics","description":"","publisher":{"@id":"https:\/\/www.canons.es\/#organization"},"potentialAction":[{"@type":"SearchAction","target":{"@type":"EntryPoint","urlTemplate":"https:\/\/www.canons.es\/?s={search_term_string}"},"query-input":{"@type":"PropertyValueSpecification","valueRequired":true,"valueName":"search_term_string"}}],"inLanguage":"ca"},{"@type":"Organization","@id":"https:\/\/www.canons.es\/#organization","name":"Cirug\u00eda Pl\u00e1stica y Est\u00e9tica Barcelona y Granollers | C\u00e0nons Clinics","url":"https:\/\/www.canons.es\/","logo":{"@type":"ImageObject","inLanguage":"ca","@id":"https:\/\/www.canons.es\/#\/schema\/logo\/image\/","url":"https:\/\/www.canons.es\/wp-content\/uploads\/2025\/04\/logo-canons-clinics.jpg","contentUrl":"https:\/\/www.canons.es\/wp-content\/uploads\/2025\/04\/logo-canons-clinics.jpg","width":600,"height":139,"caption":"Cirug\u00eda Pl\u00e1stica y Est\u00e9tica Barcelona y Granollers | C\u00e0nons Clinics"},"image":{"@id":"https:\/\/www.canons.es\/#\/schema\/logo\/image\/"},"sameAs":["https:\/\/www.facebook.com\/canonsclinics\/","https:\/\/x.com\/canonsclinics","https:\/\/www.instagram.com\/canonsclinics\/","https:\/\/www.youtube.com\/channel\/UCI1Ia6LjALyo1CuQ0_HwtfQ","https:\/\/www.linkedin.com\/company\/canons-clinics\/"]}]}},"_links":{"self":[{"href":"https:\/\/www.canons.es\/ca\/wp-json\/wp\/v2\/pages\/9129","targetHints":{"allow":["GET"]}}],"collection":[{"href":"https:\/\/www.canons.es\/ca\/wp-json\/wp\/v2\/pages"}],"about":[{"href":"https:\/\/www.canons.es\/ca\/wp-json\/wp\/v2\/types\/page"}],"author":[{"embeddable":true,"href":"https:\/\/www.canons.es\/ca\/wp-json\/wp\/v2\/users\/25"}],"replies":[{"embeddable":true,"href":"https:\/\/www.canons.es\/ca\/wp-json\/wp\/v2\/comments?post=9129"}],"version-history":[{"count":0,"href":"https:\/\/www.canons.es\/ca\/wp-json\/wp\/v2\/pages\/9129\/revisions"}],"wp:attachment":[{"href":"https:\/\/www.canons.es\/ca\/wp-json\/wp\/v2\/media?parent=9129"}],"curies":[{"name":"wp","href":"https:\/\/api.w.org\/{rel}","templated":true}]}}