{"id":8981,"date":"2015-07-10T11:31:32","date_gmt":"2015-07-10T11:31:32","guid":{"rendered":"https:\/\/www.canons.es\/ca\/dr-victor-hernandez-machado\/"},"modified":"2025-09-28T16:24:23","modified_gmt":"2025-09-28T16:24:23","slug":"dr-victor-hernandez-machado","status":"publish","type":"page","link":"https:\/\/www.canons.es\/ca\/equip-canons\/dr-victor-hernandez-machado\/","title":{"rendered":"Equip C\u00e0nons Clinics"},"content":{"rendered":"<div class=\"wpb-content-wrapper\"><p>[vc_row css_animation=&#8221;&#8221; row_type=&#8221;row&#8221; use_row_as_full_screen_section=&#8221;no&#8221; type=&#8221;full_width&#8221; angled_section=&#8221;no&#8221; text_align=&#8221;left&#8221; background_image_as_pattern=&#8221;without_pattern&#8221; section_type=&#8221;full-width&#8221;][vc_column width=&#8221;1\/2&#8243;][vc_single_image image=&#8221;7656&#8243; img_size=&#8221;full&#8221; qode_css_animation=&#8221;&#8221; css_animation=&#8221;fadeInLeft&#8221;][\/vc_column][vc_column width=&#8221;1\/2&#8243;][vc_column_text]<\/p>\n<h1 style=\"color: #6d98dc;\">Dr. V\u00edctor Hern\u00e0ndez Machado<\/h1>\n<p>[\/vc_column_text][vc_empty_space][vc_column_text css=&#8221;&#8221;]<\/p>\n<div id=\"stcpDiv\"><span style=\"color: #6d98dc;\"><strong>Membre del Col\u00b7legi de Metges de Barcelona n\u00b0 30493<br \/>\nEspecialista en Cirurgia Pl\u00e0stica, Reparadora i Est\u00e8tica<br \/>\n<\/strong><\/span><\/div>\n<div><span style=\"color: #6d98dc;\"><strong>Membre Numerari de la Societat Espanyola de Cirurgia Pl\u00e0stica, Reparadora i Est\u00e8tica des de 2001<\/strong><\/span><\/div>\n<div><span style=\"color: #6d98dc;\"><strong>Membre Titular d&#8217;ISAPS (Societat Internacional de Cirurgia Pl\u00e0stica Est\u00e8tica) des de 2005<\/strong><\/span><\/div>\n<div><span style=\"color: #6d98dc;\"><strong>Membre de la SELMQ (Societat Espanyola de L\u00e0ser M\u00e8dic i Quir\u00fargic) i membre de la seva Junta Directiva des del 2022, en curs<\/strong><\/span><\/div>\n<div><span style=\"color: #6d98dc;\"><strong>Secretari General de la SELMQ (Societat Espanyola de L\u00e0ser M\u00e8dic i Quir\u00fargic) des de 2023, en curs<\/strong><\/span><\/div>\n<p>[\/vc_column_text][vc_empty_space][vc_column_text css=&#8221;.vc_custom_1759074606435{margin-bottom: 30px !important;}&#8221;]<\/p>\n<h4><span style=\"color: #6d98dc;\">INFORMACI\u00d3 ACAD\u00c8MICA<\/span><\/h4>\n<ul>\n<li id=\"stcpDiv\" style=\"text-align: justify;\">Estudis b\u00e0sics de formaci\u00f3 universit\u00e0ria al Col\u00b7legi Sant Miquel, dels Missioners del Sagrat Cor de Jes\u00fas, Barcelona. Tercer any de batxillerat a l&#8217;American Institute of Stanley, Wisconsin (EUA). Curs preuniversitari al Col\u00b7legi Abat Oliva de Barcelona.<\/li>\n<li style=\"text-align: justify;\">Llicenciat en Medicina per la Universitat de Barcelona el 1994 (Annex 1), realitzant-lo a la Facultat de Medicina de l&#8217;Hospital Cl\u00ednic de Barcelona i fellowship a la School of Medicine de Madison (Universitat de Wisconsin, EUA).<\/li>\n<li style=\"text-align: justify;\">El 1996 va obtenir la pla\u00e7a MIR per estudiar medicina en l&#8217;especialitat de Cirurgia Pl\u00e0stica i Reparadora a l&#8217;Hospital Germans Trias i Pujol de Badalona, Espanya. Va finalitzar el 2001.<\/li>\n<\/ul>\n<p>[\/vc_column_text][\/vc_column][\/vc_row][vc_row css_animation=&#8221;&#8221; row_type=&#8221;row&#8221; use_row_as_full_screen_section=&#8221;no&#8221; type=&#8221;full_width&#8221; angled_section=&#8221;no&#8221; text_align=&#8221;left&#8221; background_image_as_pattern=&#8221;without_pattern&#8221; section_type=&#8221;full-width&#8221;][vc_column][vc_empty_space][vc_accordion style=&#8221;accordion&#8221;][vc_accordion_tab title=&#8221;EXPERI\u00c8NCIA PROFESSIONAL&#8221;][vc_column_text css=&#8221;&#8221;]<\/p>\n<div id=\"stcpDiv\">\n<ul>\n<li>Col\u00b7laboraci\u00f3 en el Servei de Cirurgia Pl\u00e0stica i Est\u00e8tica de l&#8217;Hospital General de Catalunya amb el Dr. V. Gonz\u00e1lez-Mestre durant els anys 1999 i 2000.<\/li>\n<li>Membre de l&#8217;equip m\u00e8dic del Centre de Barcelona Dermaclinic durant els anys 2000 i 2001.<\/li>\n<li>Metge Especialista del Servei de Cirurgia Pl\u00e0stica de l&#8217;Hospital Universitari Son Dureta de Palma de Mallorca des de 2001-2004.<\/li>\n<li>Docent especialista en el Departament de Cirurgia Pl\u00e0stica de la Policl\u00ednica Miramar, Palma de Mallorca, de 2001 a 2003.<\/li>\n<li>Responsable m\u00e8dic en Cirurgia Est\u00e8tica de la Corporaci\u00f3 Dermoest\u00e8tica Palma de Mallorca des de gener de 2004 fins a gener de 2005.<\/li>\n<li>Responsable del Servei M\u00e8dic del Grup Policl\u00ednic Pl\u00e0stic, Reparador i Est\u00e8tic des de gener de 2005, amb seu a l&#8217;Edifici Torreblanca de Sant Cugat del Vall\u00e8s, i centres a Cerdanyola, Ruby, Terrassa i Sabadell.<\/li>\n<li>Unitat M\u00e8dica Responsable de la Cl\u00ednica d&#8217;Est\u00e8tica Facial Novovisi\u00f3, Palma de Mallorca, des de gener de 2005 fins a gener de 2006.<\/li>\n<li>Responsable de la Unitat M\u00e8dica del Centre Pl\u00e0stic, Reconstructiu i Est\u00e8tic CG3 des del 2005 fins al 2006.<\/li>\n<li><strong>Director M\u00e8dic de C\u00e0nons Clinics<\/strong>, medicina est\u00e8tica i cirurgia des de setembre de 2005.<\/li>\n<\/ul>\n<\/div>\n<p>[\/vc_column_text][\/vc_accordion_tab][vc_accordion_tab title=&#8221;REUNIONS\/CONGRESSOS&#8221;][vc_column_text css=&#8221;&#8221;]<\/p>\n<ul>\n<li style=\"text-align: justify;\">Professor col\u00b7laborador amb la Facultat de Medicina de la U.A.B. en el Curs Monogr\u00e0fic de Doctorat: valoraci\u00f3 preoperat\u00f2ria, anest\u00e8sia, cirurgia i reanimaci\u00f3 en el pacient d&#8217;alt risc durant el mes de juny de 1999.<\/li>\n<li style=\"text-align: justify;\">Professor col\u00b7laborador amb la Facultat de Medicina de la U.A.B. en l&#8217;assignatura Cirurgia pl\u00e0stica, reparadora i est\u00e8tica de 6\u00e8 curs de Medicina durant el curs 1999-2000.<\/li>\n<li style=\"text-align: justify;\">Membre formador a l&#8217;Institut Balear d&#8217;Emerg\u00e8ncies S.L. en el Curs de cremades. Palma de Mallorca, 2001.<\/li>\n<li style=\"text-align: justify;\">Membre del Comit\u00e8 Organitzador del XXXVI Congr\u00e9s Nacional de la Societat Espanyola de Cirurgia Pl\u00e0stica, Reparadora i Est\u00e8tica (SECPRE) a Palma de Mallorca l&#8217;abril de 2001.<\/li>\n<li style=\"text-align: justify;\"><strong>Enfocament de contorn corporal 360\u00ba<\/strong>. Confer\u00e8ncia en l&#8217;esdeveniment virtual de la Societat Internacional de Cirurgia Pl\u00e0stica i Est\u00e8tica (ISAPS), 27 i 28 de mar\u00e7 de 2021.<\/li>\n<li style=\"text-align: justify;\">Ponent al F\u00f2rum Universitari Cl\u00ednic de Cutera. \u00ae <strong>Enfocament del Contorn Corporal 360\u00ba<\/strong>. 26 de novembre de 2021. Barcelona.<\/li>\n<li style=\"text-align: justify;\">Ponent a la Cimera 2022 organitzada per Institut BCN. &#8220;<strong>Flacidesa amb BCN Tensis i Radiofreq\u00fc\u00e8ncia<\/strong>&#8220;. 11 de novembre de 2022, Barcelona<\/li>\n<li style=\"text-align: justify;\">XXX Reuni\u00f3 Nacional de la Societat Espanyola de L\u00e0ser M\u00e8dic Quir\u00fargic (SELMQ) Moderador de la Sessi\u00f3 de <strong>Contorn Corporal<\/strong>. M\u00e0laga, 26 de maig de 2023.<\/li>\n<li style=\"text-align: justify;\">Ponent a la Trobada d&#8217;Usuaris d&#8217;Endymed 2023. &#8220;<strong>Aplicaci\u00f3 de f\u00e0rmacs mitjan\u00e7ant microneedling utilitzant endymed Intensif<\/strong>&#8220;.\u00a0 Madrid, 21 d&#8217;octubre de 2023<\/li>\n<li style=\"text-align: justify;\">Codirector del Curs Anual de Tardor de la Societat Nacional de Medicina L\u00e0ser. <strong>Abordatge no invasiu del contorn corporal mitjan\u00e7ant dispositius basats en energia<\/strong>, 25 de novembre 2023.<\/li>\n<li style=\"text-align: justify;\">Ponent a la <strong>Masterclass de Cirurgia Mamaria de Canons Clinics amb Implants Motiva<\/strong> per a residents espanyols de cirurgia pl\u00e0stica. Barcelona, 20 de juny de 2024<\/li>\n<li style=\"text-align: justify;\">XXXI Congr\u00e9s Nacional de la Societat Espanyola de L\u00e0ser M\u00e8dic Quir\u00fargic (SELMQ) Moderador de la Sessi\u00f3 de <strong>Contorn Corporal<\/strong>. M\u00e0laga, 27 de Juny de 2024.<\/li>\n<li style=\"text-align: justify;\">Ponent al 3r Congr\u00e9s Nacional de Ginecologia Funcional i Regenerativa. <strong>25 anys fent servir implants mamaris. Qu\u00e8 ha canviat?<\/strong> Val\u00e8ncia, 26 de setembre de 2024.<\/li>\n<li style=\"text-align: justify;\">Ponent convidat al 9th Annual International Scientific Conference of VSAPS (Societat Vietnamita de Cirurgia Pl\u00e0stica i Est\u00e8tica). Hanoi, Vietnam. 12 i 13 d&#8217;abril 2025\n<ul>\n<li style=\"text-align: justify;\"><strong>Breast augmentation with 4\u03bcm ergonomic implants. Towards total breast tissue preservation.<\/strong><\/li>\n<li style=\"text-align: justify;\"><strong>After 25 years of using breast implants what has changed?<\/strong><\/li>\n<\/ul>\n<\/li>\n<li style=\"text-align: justify;\">XXXII Congr\u00e9s de la Societat Espanyola de L\u00e0ser M\u00e8dic Quir\u00fargic. M\u00e0laga, 29 de maig 2025.\n<ul>\n<li style=\"text-align: justify;\"><strong>Moderador de la sessi\u00f3 de Contorn Corporal<\/strong>.<\/li>\n<li style=\"text-align: justify;\"><strong>Abordatge de l&#8217;\u00e0rea periorbit\u00e0ria combinant Jalupro Young Eyes\u00ae i EBD<\/strong>.<\/li>\n<\/ul>\n<\/li>\n<\/ul>\n<p>[\/vc_column_text][\/vc_accordion_tab][vc_accordion_tab title=&#8221;ESTUDIS&#8221;][vc_column_text css=&#8221;&#8221;]<\/p>\n<ul>\n<li id=\"stcpDiv\" style=\"text-align: justify;\">Investigador en l&#8217;<em>Estudi cl\u00ednic prospectiu per avaluar la seguretat i efic\u00e0cia del dispositiu Essence Joli360TM per al tractament i prevenci\u00f3 d&#8217;episodis d&#8217;acn\u00e9 vulgar lleu a moderat<\/em>. Finalitzat.<\/li>\n<\/ul>\n<p>[\/vc_column_text][\/vc_accordion_tab][\/vc_accordion][\/vc_column][\/vc_row]<\/p>\n<\/div><!-- AddThis Advanced Settings generic via filter on the_content --><!-- AddThis Share Buttons generic via filter on the_content -->","protected":false},"excerpt":{"rendered":"<p>[vc_row css_animation=&#8221;&#8221; row_type=&#8221;row&#8221; use_row_as_full_screen_section=&#8221;no&#8221; type=&#8221;full_width&#8221; angled_section=&#8221;no&#8221; text_align=&#8221;left&#8221; background_image_as_pattern=&#8221;without_pattern&#8221; section_type=&#8221;full-width&#8221;][vc_column width=&#8221;1\/2&#8243;][vc_single_image image=&#8221;7656&#8243; img_size=&#8221;full&#8221; qode_css_animation=&#8221;&#8221; css_animation=&#8221;fadeInLeft&#8221;][\/vc_column][vc_column width=&#8221;1\/2&#8243;][vc_column_text] Dr. V\u00edctor Hern\u00e0ndez Machado [\/vc_column_text][vc_empty_space][vc_column_text css=&#8221;&#8221;] Membre del Col\u00b7legi de Metges de Barcelona n\u00b0 30493 Especialista en Cirurgia Pl\u00e0stica, Reparadora i Est\u00e8tica Membre Numerari de la Societat Espanyola de Cirurgia&#8230;<!-- AddThis Advanced Settings generic via filter on get_the_excerpt --><!-- AddThis Share Buttons generic via filter on get_the_excerpt --><\/p>\n","protected":false},"author":25,"featured_media":0,"parent":8967,"menu_order":0,"comment_status":"closed","ping_status":"closed","template":"","meta":{"footnotes":""},"class_list":["post-8981","page","type-page","status-publish","hentry"],"yoast_head":"<!-- This site is optimized with the Yoast SEO Premium plugin v26.9 (Yoast SEO v27.4) - https:\/\/yoast.com\/product\/yoast-seo-premium-wordpress\/ -->\n<title>Equip C\u00e0nons Clinics - Cl\u00ednica C\u00e0nons | Cirurgia i Medicina Estetica a Barcelona, \u200b\u200bGranollers<\/title>\n<meta name=\"robots\" content=\"index, follow, max-snippet:-1, max-image-preview:large, max-video-preview:-1\" \/>\n<link rel=\"canonical\" href=\"https:\/\/www.canons.es\/equipo-canons\/dr-victor-hernandez-machado\/\" \/>\n<meta property=\"og:locale\" content=\"ca_ES\" \/>\n<meta property=\"og:type\" content=\"article\" \/>\n<meta property=\"og:title\" content=\"Equip C\u00e0nons Clinics\" \/>\n<meta property=\"og:description\" content=\"[vc_row css_animation=&#8221;&#8221; row_type=&#8221;row&#8221; use_row_as_full_screen_section=&#8221;no&#8221; type=&#8221;full_width&#8221; angled_section=&#8221;no&#8221; text_align=&#8221;left&#8221; background_image_as_pattern=&#8221;without_pattern&#8221; section_type=&#8221;full-width&#8221;][vc_column width=&#8221;1\/2&#8243;][vc_single_image image=&#8221;7656&#8243; img_size=&#8221;full&#8221; qode_css_animation=&#8221;&#8221; css_animation=&#8221;fadeInLeft&#8221;][\/vc_column][vc_column width=&#8221;1\/2&#8243;][vc_column_text] Dr. V\u00edctor Hern\u00e0ndez Machado [\/vc_column_text][vc_empty_space][vc_column_text css=&#8221;&#8221;] Membre del Col\u00b7legi de Metges de Barcelona n\u00b0 30493 Especialista en Cirurgia Pl\u00e0stica, Reparadora i Est\u00e8tica Membre Numerari de la Societat Espanyola de Cirurgia...\" \/>\n<meta property=\"og:url\" content=\"https:\/\/www.canons.es\/equipo-canons\/dr-victor-hernandez-machado\/\" \/>\n<meta property=\"og:site_name\" content=\"Cl\u00ednica C\u00e0nons | Cirurgia i Medicina Estetica a Barcelona, \u200b\u200bGranollers\" \/>\n<meta property=\"article:publisher\" content=\"https:\/\/www.facebook.com\/canonsclinics\/\" \/>\n<meta property=\"article:modified_time\" content=\"2025-09-28T16:24:23+00:00\" \/>\n<meta name=\"twitter:card\" content=\"summary_large_image\" \/>\n<meta name=\"twitter:site\" content=\"@canonsclinics\" \/>\n<meta name=\"twitter:label1\" content=\"Temps estimat de lectura\" \/>\n\t<meta name=\"twitter:data1\" content=\"5 minuts\" \/>\n<script type=\"application\/ld+json\" class=\"yoast-schema-graph\">{\"@context\":\"https:\\\/\\\/schema.org\",\"@graph\":[{\"@type\":\"WebPage\",\"@id\":\"https:\\\/\\\/www.canons.es\\\/equipo-canons\\\/dr-victor-hernandez-machado\\\/\",\"url\":\"https:\\\/\\\/www.canons.es\\\/equipo-canons\\\/dr-victor-hernandez-machado\\\/\",\"name\":\"Equip C\u00e0nons Clinics - Cl\u00ednica C\u00e0nons | Cirurgia i Medicina Estetica a Barcelona, \u200b\u200bGranollers\",\"isPartOf\":{\"@id\":\"https:\\\/\\\/www.canons.es\\\/#website\"},\"datePublished\":\"2015-07-10T11:31:32+00:00\",\"dateModified\":\"2025-09-28T16:24:23+00:00\",\"breadcrumb\":{\"@id\":\"https:\\\/\\\/www.canons.es\\\/equipo-canons\\\/dr-victor-hernandez-machado\\\/#breadcrumb\"},\"inLanguage\":\"ca\",\"potentialAction\":[{\"@type\":\"ReadAction\",\"target\":[\"https:\\\/\\\/www.canons.es\\\/equipo-canons\\\/dr-victor-hernandez-machado\\\/\"]}]},{\"@type\":\"BreadcrumbList\",\"@id\":\"https:\\\/\\\/www.canons.es\\\/equipo-canons\\\/dr-victor-hernandez-machado\\\/#breadcrumb\",\"itemListElement\":[{\"@type\":\"ListItem\",\"position\":1,\"name\":\"Portada\",\"item\":\"https:\\\/\\\/www.canons.es\\\/ca\\\/\"},{\"@type\":\"ListItem\",\"position\":2,\"name\":\"EQUIP C\u00c0NONS CLINICS\",\"item\":\"https:\\\/\\\/www.canons.es\\\/equipo-canons\\\/\"},{\"@type\":\"ListItem\",\"position\":3,\"name\":\"Equip C\u00e0nons Clinics\"}]},{\"@type\":\"WebSite\",\"@id\":\"https:\\\/\\\/www.canons.es\\\/#website\",\"url\":\"https:\\\/\\\/www.canons.es\\\/\",\"name\":\"Cirug\u00eda Pl\u00e1stica y Est\u00e9tica Barcelona y Granollers | C\u00e0nons Clinics\",\"description\":\"\",\"publisher\":{\"@id\":\"https:\\\/\\\/www.canons.es\\\/#organization\"},\"potentialAction\":[{\"@type\":\"SearchAction\",\"target\":{\"@type\":\"EntryPoint\",\"urlTemplate\":\"https:\\\/\\\/www.canons.es\\\/?s={search_term_string}\"},\"query-input\":{\"@type\":\"PropertyValueSpecification\",\"valueRequired\":true,\"valueName\":\"search_term_string\"}}],\"inLanguage\":\"ca\"},{\"@type\":\"Organization\",\"@id\":\"https:\\\/\\\/www.canons.es\\\/#organization\",\"name\":\"Cirug\u00eda Pl\u00e1stica y Est\u00e9tica Barcelona y Granollers | C\u00e0nons Clinics\",\"url\":\"https:\\\/\\\/www.canons.es\\\/\",\"logo\":{\"@type\":\"ImageObject\",\"inLanguage\":\"ca\",\"@id\":\"https:\\\/\\\/www.canons.es\\\/#\\\/schema\\\/logo\\\/image\\\/\",\"url\":\"https:\\\/\\\/www.canons.es\\\/wp-content\\\/uploads\\\/2025\\\/04\\\/logo-canons-clinics.jpg\",\"contentUrl\":\"https:\\\/\\\/www.canons.es\\\/wp-content\\\/uploads\\\/2025\\\/04\\\/logo-canons-clinics.jpg\",\"width\":600,\"height\":139,\"caption\":\"Cirug\u00eda Pl\u00e1stica y Est\u00e9tica Barcelona y Granollers | C\u00e0nons Clinics\"},\"image\":{\"@id\":\"https:\\\/\\\/www.canons.es\\\/#\\\/schema\\\/logo\\\/image\\\/\"},\"sameAs\":[\"https:\\\/\\\/www.facebook.com\\\/canonsclinics\\\/\",\"https:\\\/\\\/x.com\\\/canonsclinics\",\"https:\\\/\\\/www.instagram.com\\\/canonsclinics\\\/\",\"https:\\\/\\\/www.youtube.com\\\/channel\\\/UCI1Ia6LjALyo1CuQ0_HwtfQ\",\"https:\\\/\\\/www.linkedin.com\\\/company\\\/canons-clinics\\\/\"]}]}<\/script>\n<!-- \/ Yoast SEO Premium plugin. -->","yoast_head_json":{"title":"Equip C\u00e0nons Clinics - Cl\u00ednica C\u00e0nons | Cirurgia i Medicina Estetica a Barcelona, \u200b\u200bGranollers","robots":{"index":"index","follow":"follow","max-snippet":"max-snippet:-1","max-image-preview":"max-image-preview:large","max-video-preview":"max-video-preview:-1"},"canonical":"https:\/\/www.canons.es\/equipo-canons\/dr-victor-hernandez-machado\/","og_locale":"ca_ES","og_type":"article","og_title":"Equip C\u00e0nons Clinics","og_description":"[vc_row css_animation=&#8221;&#8221; row_type=&#8221;row&#8221; use_row_as_full_screen_section=&#8221;no&#8221; type=&#8221;full_width&#8221; angled_section=&#8221;no&#8221; text_align=&#8221;left&#8221; background_image_as_pattern=&#8221;without_pattern&#8221; section_type=&#8221;full-width&#8221;][vc_column width=&#8221;1\/2&#8243;][vc_single_image image=&#8221;7656&#8243; img_size=&#8221;full&#8221; qode_css_animation=&#8221;&#8221; css_animation=&#8221;fadeInLeft&#8221;][\/vc_column][vc_column width=&#8221;1\/2&#8243;][vc_column_text] Dr. V\u00edctor Hern\u00e0ndez Machado [\/vc_column_text][vc_empty_space][vc_column_text css=&#8221;&#8221;] Membre del Col\u00b7legi de Metges de Barcelona n\u00b0 30493 Especialista en Cirurgia Pl\u00e0stica, Reparadora i Est\u00e8tica Membre Numerari de la Societat Espanyola de Cirurgia...","og_url":"https:\/\/www.canons.es\/equipo-canons\/dr-victor-hernandez-machado\/","og_site_name":"Cl\u00ednica C\u00e0nons | Cirurgia i Medicina Estetica a Barcelona, \u200b\u200bGranollers","article_publisher":"https:\/\/www.facebook.com\/canonsclinics\/","article_modified_time":"2025-09-28T16:24:23+00:00","twitter_card":"summary_large_image","twitter_site":"@canonsclinics","twitter_misc":{"Temps estimat de lectura":"5 minuts"},"schema":{"@context":"https:\/\/schema.org","@graph":[{"@type":"WebPage","@id":"https:\/\/www.canons.es\/equipo-canons\/dr-victor-hernandez-machado\/","url":"https:\/\/www.canons.es\/equipo-canons\/dr-victor-hernandez-machado\/","name":"Equip C\u00e0nons Clinics - Cl\u00ednica C\u00e0nons | Cirurgia i Medicina Estetica a Barcelona, \u200b\u200bGranollers","isPartOf":{"@id":"https:\/\/www.canons.es\/#website"},"datePublished":"2015-07-10T11:31:32+00:00","dateModified":"2025-09-28T16:24:23+00:00","breadcrumb":{"@id":"https:\/\/www.canons.es\/equipo-canons\/dr-victor-hernandez-machado\/#breadcrumb"},"inLanguage":"ca","potentialAction":[{"@type":"ReadAction","target":["https:\/\/www.canons.es\/equipo-canons\/dr-victor-hernandez-machado\/"]}]},{"@type":"BreadcrumbList","@id":"https:\/\/www.canons.es\/equipo-canons\/dr-victor-hernandez-machado\/#breadcrumb","itemListElement":[{"@type":"ListItem","position":1,"name":"Portada","item":"https:\/\/www.canons.es\/ca\/"},{"@type":"ListItem","position":2,"name":"EQUIP C\u00c0NONS CLINICS","item":"https:\/\/www.canons.es\/equipo-canons\/"},{"@type":"ListItem","position":3,"name":"Equip C\u00e0nons Clinics"}]},{"@type":"WebSite","@id":"https:\/\/www.canons.es\/#website","url":"https:\/\/www.canons.es\/","name":"Cirug\u00eda Pl\u00e1stica y Est\u00e9tica Barcelona y Granollers | C\u00e0nons Clinics","description":"","publisher":{"@id":"https:\/\/www.canons.es\/#organization"},"potentialAction":[{"@type":"SearchAction","target":{"@type":"EntryPoint","urlTemplate":"https:\/\/www.canons.es\/?s={search_term_string}"},"query-input":{"@type":"PropertyValueSpecification","valueRequired":true,"valueName":"search_term_string"}}],"inLanguage":"ca"},{"@type":"Organization","@id":"https:\/\/www.canons.es\/#organization","name":"Cirug\u00eda Pl\u00e1stica y Est\u00e9tica Barcelona y Granollers | C\u00e0nons Clinics","url":"https:\/\/www.canons.es\/","logo":{"@type":"ImageObject","inLanguage":"ca","@id":"https:\/\/www.canons.es\/#\/schema\/logo\/image\/","url":"https:\/\/www.canons.es\/wp-content\/uploads\/2025\/04\/logo-canons-clinics.jpg","contentUrl":"https:\/\/www.canons.es\/wp-content\/uploads\/2025\/04\/logo-canons-clinics.jpg","width":600,"height":139,"caption":"Cirug\u00eda Pl\u00e1stica y Est\u00e9tica Barcelona y Granollers | C\u00e0nons Clinics"},"image":{"@id":"https:\/\/www.canons.es\/#\/schema\/logo\/image\/"},"sameAs":["https:\/\/www.facebook.com\/canonsclinics\/","https:\/\/x.com\/canonsclinics","https:\/\/www.instagram.com\/canonsclinics\/","https:\/\/www.youtube.com\/channel\/UCI1Ia6LjALyo1CuQ0_HwtfQ","https:\/\/www.linkedin.com\/company\/canons-clinics\/"]}]}},"_links":{"self":[{"href":"https:\/\/www.canons.es\/ca\/wp-json\/wp\/v2\/pages\/8981","targetHints":{"allow":["GET"]}}],"collection":[{"href":"https:\/\/www.canons.es\/ca\/wp-json\/wp\/v2\/pages"}],"about":[{"href":"https:\/\/www.canons.es\/ca\/wp-json\/wp\/v2\/types\/page"}],"author":[{"embeddable":true,"href":"https:\/\/www.canons.es\/ca\/wp-json\/wp\/v2\/users\/25"}],"replies":[{"embeddable":true,"href":"https:\/\/www.canons.es\/ca\/wp-json\/wp\/v2\/comments?post=8981"}],"version-history":[{"count":0,"href":"https:\/\/www.canons.es\/ca\/wp-json\/wp\/v2\/pages\/8981\/revisions"}],"up":[{"embeddable":true,"href":"https:\/\/www.canons.es\/ca\/wp-json\/wp\/v2\/pages\/8967"}],"wp:attachment":[{"href":"https:\/\/www.canons.es\/ca\/wp-json\/wp\/v2\/media?parent=8981"}],"curies":[{"name":"wp","href":"https:\/\/api.w.org\/{rel}","templated":true}]}}