{"id":18505,"date":"2020-10-29T10:05:35","date_gmt":"2020-10-29T10:05:35","guid":{"rendered":"https:\/\/www.canons.es\/?page_id=18505"},"modified":"2020-10-29T10:09:51","modified_gmt":"2020-10-29T10:09:51","slug":"prfc-pre-y-post-trasplante-capilar","status":"publish","type":"page","link":"https:\/\/www.canons.es\/ca\/trasplante-capilar-2\/prfc-pre-y-post-trasplante-capilar\/","title":{"rendered":"PRFC PRE I POST TRASPLANTAMENT CAPIL\u00b7LAR"},"content":{"rendered":"<div class=\"wpb-content-wrapper\"><p>[vc_row css_animation=&#8221;&#8221; row_type=&#8221;row&#8221; use_row_as_full_screen_section=&#8221;no&#8221; type=&#8221;full_width&#8221; angled_section=&#8221;no&#8221; text_align=&#8221;left&#8221; background_image_as_pattern=&#8221;without_pattern&#8221; background_color=&#8221;#f9f9f9&#8243;][vc_column][vc_empty_space height=&#8221;20px&#8221;]<div class=\"custom_font_holder\" style=\"font-family: Raleway; font-size: 35px; line-height: 26px; font-style: normal; font-weight: 300; color: #1e70b3; text-decoration: none; text-align: left;\">PRFC PREVENCI\u00d3 I TRACTAMENT CAIGUDA DEL CABELL<\/div>[vc_empty_space height=&#8221;40px&#8221;][vc_row_inner row_type=&#8221;row&#8221; type=&#8221;full_width&#8221; text_align=&#8221;left&#8221; css_animation=&#8221;&#8221;][vc_column_inner width=&#8221;1\/2&#8243;][vc_single_image image=&#8221;18500&#8243; img_size=&#8221;full&#8221; alignment=&#8221;center&#8221; qode_css_animation=&#8221;&#8221;][vc_empty_space height=&#8221;40px&#8221;][\/vc_column_inner][vc_column_inner width=&#8221;1\/2&#8243;][vc_column_text]<\/p>\n<p style=\"text-align: justify;\">Est\u00e0s decidit a recuperar el teu cabell? La millor soluci\u00f3 per garantir uns bons resultats en un trasplantament o empelt capil\u00b7lar, \u00e9s la ter\u00e0pia amb <strong>plasma ric en factors de creixement (PRFC)<\/strong>. Restableix l\u2019activitat del fol\u00b7licle pil\u00f3s amb m\u00e9s efectivitat i frena la caiguda dels cabells. El PRFC tamb\u00e9 es pot aplicar com a ter\u00e0pia preventiva a la p\u00e8rdua de cabell.<\/p>\n<p>[\/vc_column_text][\/vc_column_inner][\/vc_row_inner][\/vc_column][\/vc_row][vc_row css_animation=&#8221;&#8221; row_type=&#8221;row&#8221; use_row_as_full_screen_section=&#8221;no&#8221; type=&#8221;full_width&#8221; angled_section=&#8221;no&#8221; text_align=&#8221;left&#8221; background_image_as_pattern=&#8221;without_pattern&#8221; section_type=&#8221;full-width&#8221;][vc_column][vc_empty_space][vc_accordion style=&#8221;accordion&#8221;][vc_accordion_tab title=&#8221;QU\u00c8 \u00c9S EL PLASMA RIC EN FACTORS DE CREIXEMENT (PRFC) EN TRASPLANT CAPI\u00b7LAR?&#8221;][vc_column_text]El PRFC o plasma ric en factors de creixement \u00e9s un derivat sanguini extret del mateix pacient, que es col\u00b7loca al cuir cabellut a trav\u00e9s d\u2019injeccions.<\/p>\n<p>El PRFC s\u2019obt\u00e9 amb una m\u00e0quina que separa la porci\u00f3 l\u00edquida i s\u00f2lida de la sang. Amb un proc\u00e9s de centrifugat es divideix la sang en tres capes, una de les quals \u00e9s el PRFC, que cont\u00e9 cinc vegades m\u00e9s plaquetes que la sang sense centrifugar.<\/p>\n<p>Degut a la gran quantitat de factors de creixement que cont\u00e9, produeix una resposta beneficiosa pel fol\u00b7licle del cabell, estimulant el seu creixement.[\/vc_column_text][\/vc_accordion_tab][vc_accordion_tab title=&#8221;EN QU\u00c8 CONSISTEIX EL TRACTAMENT?&#8221;][vc_column_text]Les injeccions de PRFC s\u2019administren en funci\u00f3 de les caracter\u00edstiques del pacient i el criteri de l\u2019especialista. Hi ha pacients als que se\u2019ls subministra abans de comen\u00e7ar amb el proc\u00e9s de trasplantament capil\u00b7lar, altres a la meitat i altres a la seva finalitzaci\u00f3.<\/p>\n<p>Quan el fol\u00b7licle del cabell s\u2019implanta, sempre existeix un risc que alguns caiguin, degut al proc\u00e9s que pateix el fol\u00b7licle en ser desconnectat del seu subministrament de sang.<\/p>\n<p>El PRFC produeix una s\u00e8rie de funcions al fol\u00b7licle del cabell, que beneficien la implantaci\u00f3 \u2013evitant una p\u00e8rdua major- i promou la formaci\u00f3 de nous vasos sanguinis. Com a conseq\u00fc\u00e8ncia, es disminueix el risc de caiguda i s\u2019accelera el creixement del cabell.[\/vc_column_text][\/vc_accordion_tab][vc_accordion_tab title=&#8221;QUINS BENEFICIS T\u00c9?&#8221;][vc_column_text]<\/p>\n<ul>\n<li>Nutrici\u00f3 del fol\u00b7licle.<\/li>\n<li>Acceleraci\u00f3 del creixement capil\u00b7lar.<\/li>\n<li>Disminuci\u00f3 de la inflamaci\u00f3 despr\u00e9s del trasplantament capil\u00b7lar.<\/li>\n<li>Disminuci\u00f3 del risc d\u2019infeccions per la seva acci\u00f3 antimicrobiana.<\/li>\n<li>Millor qualitat i aspecte del cabell.<\/li>\n<\/ul>\n<p>[\/vc_column_text][\/vc_accordion_tab][vc_accordion_tab title=&#8221;LES MEVES ACTIVITATS DI\u00c0RIES ES VEURAN ALTERADES ?&#8221;][vc_column_text]Un cop finalitzat el tractament podr\u00e0s tornar a l\u2019activitat normal de forma immediata.[\/vc_column_text][\/vc_accordion_tab][vc_accordion_tab title=&#8221;QUAN ES NOTEN ELS RESULTATS?&#8221;][vc_column_text]<\/p>\n<p style=\"text-align: justify;\">En aquests casos els resultats, pel que fa a perman\u00e8ncia o viabilitat del fol\u00b7licle, solen apar\u00e8ixer a partir de la primera sessi\u00f3.<\/p>\n<p>[\/vc_column_text][\/vc_accordion_tab][vc_accordion_tab title=&#8221;QUANTES SESSIONS \u00c9S ACONSELLABLE REALITZAR?&#8221;][vc_column_text]Dep\u00e8n de cada pacient i cada cas concret, encara que solen subministrar-se entre 3 i 6 sessions de PRFC a l\u2019any.[\/vc_column_text][\/vc_accordion_tab][vc_accordion_tab title=&#8221;A PARTIR DE QUINA EDAT ES POT REALITZAR EL TRACTAMENT?&#8221;][vc_column_text]Qualsevol persona pot aplicar-se el PRFC despr\u00e9s de ser sotmesa a un trasplantament capil\u00b7lar. Especialment, aquelles persones amb p\u00e8rdues de cabell recents, amb un patr\u00f3 androgen\u00e8tic i amb l\u2019extensi\u00f3 de l\u2019alop\u00e8cia no massa extensa.[\/vc_column_text][\/vc_accordion_tab][vc_accordion_tab title=&#8221;T\u00c9 ALG\u00daN EFECTE SECUNDARI?&#8221;][vc_column_text]No, es tracta d\u2019un producte biol\u00f2gic obtingut del propi pacient.<\/p>\n<p>Per evitar possibles complicacions, sempre cal acudir a centres acreditats, ja que es necessita una certificaci\u00f3 especial per portar-ho a terme.[\/vc_column_text][\/vc_accordion_tab][\/vc_accordion][\/vc_column][\/vc_row]<\/p>\n<\/div><!-- AddThis Advanced Settings generic via filter on the_content --><!-- AddThis Share Buttons generic via filter on the_content -->","protected":false},"excerpt":{"rendered":"<p>[vc_row css_animation=&#8221;&#8221; row_type=&#8221;row&#8221; use_row_as_full_screen_section=&#8221;no&#8221; type=&#8221;full_width&#8221; angled_section=&#8221;no&#8221; text_align=&#8221;left&#8221; background_image_as_pattern=&#8221;without_pattern&#8221; background_color=&#8221;#f9f9f9&#8243;][vc_column][vc_empty_space height=&#8221;20px&#8221;][vc_empty_space height=&#8221;40px&#8221;][vc_row_inner row_type=&#8221;row&#8221; type=&#8221;full_width&#8221; text_align=&#8221;left&#8221; css_animation=&#8221;&#8221;][vc_column_inner width=&#8221;1\/2&#8243;][vc_single_image image=&#8221;18500&#8243; img_size=&#8221;full&#8221; alignment=&#8221;center&#8221; qode_css_animation=&#8221;&#8221;][vc_empty_space height=&#8221;40px&#8221;][\/vc_column_inner][vc_column_inner width=&#8221;1\/2&#8243;][vc_column_text] Est\u00e0s decidit a recuperar el teu cabell? La millor soluci\u00f3 per garantir uns bons resultats en un trasplantament o empelt capil\u00b7lar, \u00e9s la&#8230;<!-- AddThis Advanced Settings generic via filter on get_the_excerpt --><!-- AddThis Share Buttons generic via filter on get_the_excerpt --><\/p>\n","protected":false},"author":25,"featured_media":0,"parent":12417,"menu_order":0,"comment_status":"closed","ping_status":"closed","template":"","meta":{"footnotes":""},"class_list":["post-18505","page","type-page","status-publish","hentry"],"yoast_head":"<!-- This site is optimized with the Yoast SEO Premium plugin v26.9 (Yoast SEO v27.4) - https:\/\/yoast.com\/product\/yoast-seo-premium-wordpress\/ -->\n<title>PRFC PRE I POST TRASPLANTAMENT CAPIL\u00b7LAR - Cl\u00ednica C\u00e0nons | Cirurgia i Medicina Estetica a Barcelona, \u200b\u200bGranollers<\/title>\n<meta name=\"robots\" content=\"index, follow, max-snippet:-1, max-image-preview:large, max-video-preview:-1\" \/>\n<link rel=\"canonical\" href=\"https:\/\/www.canons.es\/trasplante-capilar-2\/prfc-pre-y-post-trasplante-capilar\/\" \/>\n<meta property=\"og:locale\" content=\"ca_ES\" \/>\n<meta property=\"og:type\" content=\"article\" \/>\n<meta property=\"og:title\" content=\"PRFC PRE I POST TRASPLANTAMENT CAPIL\u00b7LAR\" \/>\n<meta property=\"og:description\" content=\"[vc_row css_animation=&#8221;&#8221; row_type=&#8221;row&#8221; use_row_as_full_screen_section=&#8221;no&#8221; type=&#8221;full_width&#8221; angled_section=&#8221;no&#8221; text_align=&#8221;left&#8221; background_image_as_pattern=&#8221;without_pattern&#8221; background_color=&#8221;#f9f9f9&#8243;][vc_column][vc_empty_space height=&#8221;20px&#8221;][vc_empty_space height=&#8221;40px&#8221;][vc_row_inner row_type=&#8221;row&#8221; type=&#8221;full_width&#8221; text_align=&#8221;left&#8221; css_animation=&#8221;&#8221;][vc_column_inner width=&#8221;1\/2&#8243;][vc_single_image image=&#8221;18500&#8243; img_size=&#8221;full&#8221; alignment=&#8221;center&#8221; qode_css_animation=&#8221;&#8221;][vc_empty_space height=&#8221;40px&#8221;][\/vc_column_inner][vc_column_inner width=&#8221;1\/2&#8243;][vc_column_text] Est\u00e0s decidit a recuperar el teu cabell? La millor soluci\u00f3 per garantir uns bons resultats en un trasplantament o empelt capil\u00b7lar, \u00e9s la...\" \/>\n<meta property=\"og:url\" content=\"https:\/\/www.canons.es\/trasplante-capilar-2\/prfc-pre-y-post-trasplante-capilar\/\" \/>\n<meta property=\"og:site_name\" content=\"Cl\u00ednica C\u00e0nons | Cirurgia i Medicina Estetica a Barcelona, \u200b\u200bGranollers\" \/>\n<meta property=\"article:publisher\" content=\"https:\/\/www.facebook.com\/canonsclinics\/\" \/>\n<meta property=\"article:modified_time\" content=\"2020-10-29T10:09:51+00:00\" \/>\n<meta name=\"twitter:card\" content=\"summary_large_image\" \/>\n<meta name=\"twitter:site\" content=\"@canonsclinics\" \/>\n<meta name=\"twitter:label1\" content=\"Temps estimat de lectura\" \/>\n\t<meta name=\"twitter:data1\" content=\"4 minuts\" \/>\n<script type=\"application\/ld+json\" class=\"yoast-schema-graph\">{\"@context\":\"https:\\\/\\\/schema.org\",\"@graph\":[{\"@type\":\"WebPage\",\"@id\":\"https:\\\/\\\/www.canons.es\\\/trasplante-capilar-2\\\/prfc-pre-y-post-trasplante-capilar\\\/\",\"url\":\"https:\\\/\\\/www.canons.es\\\/trasplante-capilar-2\\\/prfc-pre-y-post-trasplante-capilar\\\/\",\"name\":\"PRFC PRE I POST TRASPLANTAMENT CAPIL\u00b7LAR - Cl\u00ednica C\u00e0nons | Cirurgia i Medicina Estetica a Barcelona, \u200b\u200bGranollers\",\"isPartOf\":{\"@id\":\"https:\\\/\\\/www.canons.es\\\/#website\"},\"datePublished\":\"2020-10-29T10:05:35+00:00\",\"dateModified\":\"2020-10-29T10:09:51+00:00\",\"breadcrumb\":{\"@id\":\"https:\\\/\\\/www.canons.es\\\/trasplante-capilar-2\\\/prfc-pre-y-post-trasplante-capilar\\\/#breadcrumb\"},\"inLanguage\":\"ca\",\"potentialAction\":[{\"@type\":\"ReadAction\",\"target\":[\"https:\\\/\\\/www.canons.es\\\/trasplante-capilar-2\\\/prfc-pre-y-post-trasplante-capilar\\\/\"]}]},{\"@type\":\"BreadcrumbList\",\"@id\":\"https:\\\/\\\/www.canons.es\\\/trasplante-capilar-2\\\/prfc-pre-y-post-trasplante-capilar\\\/#breadcrumb\",\"itemListElement\":[{\"@type\":\"ListItem\",\"position\":1,\"name\":\"Portada\",\"item\":\"https:\\\/\\\/www.canons.es\\\/ca\\\/\"},{\"@type\":\"ListItem\",\"position\":2,\"name\":\"TRASPLANT CAPIL\u00b7LAR\",\"item\":\"https:\\\/\\\/www.canons.es\\\/ca\\\/trasplante-capilar-2\\\/\"},{\"@type\":\"ListItem\",\"position\":3,\"name\":\"PRFC PRE I POST TRASPLANTAMENT CAPIL\u00b7LAR\"}]},{\"@type\":\"WebSite\",\"@id\":\"https:\\\/\\\/www.canons.es\\\/#website\",\"url\":\"https:\\\/\\\/www.canons.es\\\/\",\"name\":\"Cirug\u00eda Pl\u00e1stica y Est\u00e9tica Barcelona y Granollers | C\u00e0nons Clinics\",\"description\":\"\",\"publisher\":{\"@id\":\"https:\\\/\\\/www.canons.es\\\/#organization\"},\"potentialAction\":[{\"@type\":\"SearchAction\",\"target\":{\"@type\":\"EntryPoint\",\"urlTemplate\":\"https:\\\/\\\/www.canons.es\\\/?s={search_term_string}\"},\"query-input\":{\"@type\":\"PropertyValueSpecification\",\"valueRequired\":true,\"valueName\":\"search_term_string\"}}],\"inLanguage\":\"ca\"},{\"@type\":\"Organization\",\"@id\":\"https:\\\/\\\/www.canons.es\\\/#organization\",\"name\":\"Cirug\u00eda Pl\u00e1stica y Est\u00e9tica Barcelona y Granollers | C\u00e0nons Clinics\",\"url\":\"https:\\\/\\\/www.canons.es\\\/\",\"logo\":{\"@type\":\"ImageObject\",\"inLanguage\":\"ca\",\"@id\":\"https:\\\/\\\/www.canons.es\\\/#\\\/schema\\\/logo\\\/image\\\/\",\"url\":\"https:\\\/\\\/www.canons.es\\\/wp-content\\\/uploads\\\/2025\\\/04\\\/logo-canons-clinics.jpg\",\"contentUrl\":\"https:\\\/\\\/www.canons.es\\\/wp-content\\\/uploads\\\/2025\\\/04\\\/logo-canons-clinics.jpg\",\"width\":600,\"height\":139,\"caption\":\"Cirug\u00eda Pl\u00e1stica y Est\u00e9tica Barcelona y Granollers | C\u00e0nons Clinics\"},\"image\":{\"@id\":\"https:\\\/\\\/www.canons.es\\\/#\\\/schema\\\/logo\\\/image\\\/\"},\"sameAs\":[\"https:\\\/\\\/www.facebook.com\\\/canonsclinics\\\/\",\"https:\\\/\\\/x.com\\\/canonsclinics\",\"https:\\\/\\\/www.instagram.com\\\/canonsclinics\\\/\",\"https:\\\/\\\/www.youtube.com\\\/channel\\\/UCI1Ia6LjALyo1CuQ0_HwtfQ\",\"https:\\\/\\\/www.linkedin.com\\\/company\\\/canons-clinics\\\/\"]}]}<\/script>\n<!-- \/ Yoast SEO Premium plugin. -->","yoast_head_json":{"title":"PRFC PRE I POST TRASPLANTAMENT CAPIL\u00b7LAR - Cl\u00ednica C\u00e0nons | Cirurgia i Medicina Estetica a Barcelona, \u200b\u200bGranollers","robots":{"index":"index","follow":"follow","max-snippet":"max-snippet:-1","max-image-preview":"max-image-preview:large","max-video-preview":"max-video-preview:-1"},"canonical":"https:\/\/www.canons.es\/trasplante-capilar-2\/prfc-pre-y-post-trasplante-capilar\/","og_locale":"ca_ES","og_type":"article","og_title":"PRFC PRE I POST TRASPLANTAMENT CAPIL\u00b7LAR","og_description":"[vc_row css_animation=&#8221;&#8221; row_type=&#8221;row&#8221; use_row_as_full_screen_section=&#8221;no&#8221; type=&#8221;full_width&#8221; angled_section=&#8221;no&#8221; text_align=&#8221;left&#8221; background_image_as_pattern=&#8221;without_pattern&#8221; background_color=&#8221;#f9f9f9&#8243;][vc_column][vc_empty_space height=&#8221;20px&#8221;][vc_empty_space height=&#8221;40px&#8221;][vc_row_inner row_type=&#8221;row&#8221; type=&#8221;full_width&#8221; text_align=&#8221;left&#8221; css_animation=&#8221;&#8221;][vc_column_inner width=&#8221;1\/2&#8243;][vc_single_image image=&#8221;18500&#8243; img_size=&#8221;full&#8221; alignment=&#8221;center&#8221; qode_css_animation=&#8221;&#8221;][vc_empty_space height=&#8221;40px&#8221;][\/vc_column_inner][vc_column_inner width=&#8221;1\/2&#8243;][vc_column_text] Est\u00e0s decidit a recuperar el teu cabell? La millor soluci\u00f3 per garantir uns bons resultats en un trasplantament o empelt capil\u00b7lar, \u00e9s la...","og_url":"https:\/\/www.canons.es\/trasplante-capilar-2\/prfc-pre-y-post-trasplante-capilar\/","og_site_name":"Cl\u00ednica C\u00e0nons | Cirurgia i Medicina Estetica a Barcelona, \u200b\u200bGranollers","article_publisher":"https:\/\/www.facebook.com\/canonsclinics\/","article_modified_time":"2020-10-29T10:09:51+00:00","twitter_card":"summary_large_image","twitter_site":"@canonsclinics","twitter_misc":{"Temps estimat de lectura":"4 minuts"},"schema":{"@context":"https:\/\/schema.org","@graph":[{"@type":"WebPage","@id":"https:\/\/www.canons.es\/trasplante-capilar-2\/prfc-pre-y-post-trasplante-capilar\/","url":"https:\/\/www.canons.es\/trasplante-capilar-2\/prfc-pre-y-post-trasplante-capilar\/","name":"PRFC PRE I POST TRASPLANTAMENT CAPIL\u00b7LAR - Cl\u00ednica C\u00e0nons | Cirurgia i Medicina Estetica a Barcelona, \u200b\u200bGranollers","isPartOf":{"@id":"https:\/\/www.canons.es\/#website"},"datePublished":"2020-10-29T10:05:35+00:00","dateModified":"2020-10-29T10:09:51+00:00","breadcrumb":{"@id":"https:\/\/www.canons.es\/trasplante-capilar-2\/prfc-pre-y-post-trasplante-capilar\/#breadcrumb"},"inLanguage":"ca","potentialAction":[{"@type":"ReadAction","target":["https:\/\/www.canons.es\/trasplante-capilar-2\/prfc-pre-y-post-trasplante-capilar\/"]}]},{"@type":"BreadcrumbList","@id":"https:\/\/www.canons.es\/trasplante-capilar-2\/prfc-pre-y-post-trasplante-capilar\/#breadcrumb","itemListElement":[{"@type":"ListItem","position":1,"name":"Portada","item":"https:\/\/www.canons.es\/ca\/"},{"@type":"ListItem","position":2,"name":"TRASPLANT CAPIL\u00b7LAR","item":"https:\/\/www.canons.es\/ca\/trasplante-capilar-2\/"},{"@type":"ListItem","position":3,"name":"PRFC PRE I POST TRASPLANTAMENT CAPIL\u00b7LAR"}]},{"@type":"WebSite","@id":"https:\/\/www.canons.es\/#website","url":"https:\/\/www.canons.es\/","name":"Cirug\u00eda Pl\u00e1stica y Est\u00e9tica Barcelona y Granollers | C\u00e0nons Clinics","description":"","publisher":{"@id":"https:\/\/www.canons.es\/#organization"},"potentialAction":[{"@type":"SearchAction","target":{"@type":"EntryPoint","urlTemplate":"https:\/\/www.canons.es\/?s={search_term_string}"},"query-input":{"@type":"PropertyValueSpecification","valueRequired":true,"valueName":"search_term_string"}}],"inLanguage":"ca"},{"@type":"Organization","@id":"https:\/\/www.canons.es\/#organization","name":"Cirug\u00eda Pl\u00e1stica y Est\u00e9tica Barcelona y Granollers | C\u00e0nons Clinics","url":"https:\/\/www.canons.es\/","logo":{"@type":"ImageObject","inLanguage":"ca","@id":"https:\/\/www.canons.es\/#\/schema\/logo\/image\/","url":"https:\/\/www.canons.es\/wp-content\/uploads\/2025\/04\/logo-canons-clinics.jpg","contentUrl":"https:\/\/www.canons.es\/wp-content\/uploads\/2025\/04\/logo-canons-clinics.jpg","width":600,"height":139,"caption":"Cirug\u00eda Pl\u00e1stica y Est\u00e9tica Barcelona y Granollers | C\u00e0nons Clinics"},"image":{"@id":"https:\/\/www.canons.es\/#\/schema\/logo\/image\/"},"sameAs":["https:\/\/www.facebook.com\/canonsclinics\/","https:\/\/x.com\/canonsclinics","https:\/\/www.instagram.com\/canonsclinics\/","https:\/\/www.youtube.com\/channel\/UCI1Ia6LjALyo1CuQ0_HwtfQ","https:\/\/www.linkedin.com\/company\/canons-clinics\/"]}]}},"_links":{"self":[{"href":"https:\/\/www.canons.es\/ca\/wp-json\/wp\/v2\/pages\/18505","targetHints":{"allow":["GET"]}}],"collection":[{"href":"https:\/\/www.canons.es\/ca\/wp-json\/wp\/v2\/pages"}],"about":[{"href":"https:\/\/www.canons.es\/ca\/wp-json\/wp\/v2\/types\/page"}],"author":[{"embeddable":true,"href":"https:\/\/www.canons.es\/ca\/wp-json\/wp\/v2\/users\/25"}],"replies":[{"embeddable":true,"href":"https:\/\/www.canons.es\/ca\/wp-json\/wp\/v2\/comments?post=18505"}],"version-history":[{"count":0,"href":"https:\/\/www.canons.es\/ca\/wp-json\/wp\/v2\/pages\/18505\/revisions"}],"up":[{"embeddable":true,"href":"https:\/\/www.canons.es\/ca\/wp-json\/wp\/v2\/pages\/12417"}],"wp:attachment":[{"href":"https:\/\/www.canons.es\/ca\/wp-json\/wp\/v2\/media?parent=18505"}],"curies":[{"name":"wp","href":"https:\/\/api.w.org\/{rel}","templated":true}]}}