{"id":18428,"date":"2020-10-26T08:19:09","date_gmt":"2020-10-26T08:19:09","guid":{"rendered":"https:\/\/www.canons.es\/prfc-prevencion-y-tratamiento-caida-del-cabello\/"},"modified":"2020-10-29T09:19:37","modified_gmt":"2020-10-29T09:19:37","slug":"prfc-prevencion-y-tratamiento-caida-del-cabello","status":"publish","type":"page","link":"https:\/\/www.canons.es\/ca\/medicina-estetica-corporal\/prfc-prevencion-y-tratamiento-caida-del-cabello\/","title":{"rendered":"PRFC PREVENCI\u00d3 I TRACTAMENT CAIGUDA DEL CABELL"},"content":{"rendered":"<div class=\"wpb-content-wrapper\"><p>[vc_row css_animation=&#8221;&#8221; row_type=&#8221;row&#8221; use_row_as_full_screen_section=&#8221;no&#8221; type=&#8221;full_width&#8221; angled_section=&#8221;no&#8221; text_align=&#8221;left&#8221; background_image_as_pattern=&#8221;without_pattern&#8221; background_color=&#8221;#f9f9f9&#8243;][vc_column][vc_empty_space height=&#8221;20px&#8221;]<div class=\"custom_font_holder\" style=\"font-family: Raleway; font-size: 35px; line-height: 26px; font-style: normal; font-weight: 300; color: #1e70b3; text-decoration: none; text-align: left;\">PRFC PREVENCI\u00d3 I TRACTAMENT CAIGUDA DEL CABELL<\/div>[vc_empty_space height=&#8221;40px&#8221;][vc_row_inner row_type=&#8221;row&#8221; type=&#8221;full_width&#8221; text_align=&#8221;left&#8221; css_animation=&#8221;&#8221;][vc_column_inner width=&#8221;1\/2&#8243;][vc_single_image image=&#8221;18408&#8243; img_size=&#8221;full&#8221; alignment=&#8221;center&#8221; qode_css_animation=&#8221;&#8221;][vc_empty_space height=&#8221;40px&#8221;][\/vc_column_inner][vc_column_inner width=&#8221;1\/2&#8243;][vc_column_text]<\/p>\n<p style=\"text-align: justify;\"><strong>El plasma ric en factors de creixement (PRFC)<\/strong> cada vegada est\u00e0 m\u00e9s ben considerada com a tractament per diferents tipus de p\u00e8rdua de cabell. Aquesta ter\u00e0pia funciona pel creixement de nou cabell i per prevenir-ne la caiguda amb l\u2019estimulaci\u00f3 i regeneraci\u00f3 del fol\u00b7licle pil\u00f3s. El PRFC tamb\u00e9 es pot aplicar abans o despr\u00e9s d\u2019un trasplantament o empelt capil\u00b7lar.<\/p>\n<p>[\/vc_column_text][\/vc_column_inner][\/vc_row_inner][\/vc_column][\/vc_row][vc_row css_animation=&#8221;&#8221; row_type=&#8221;row&#8221; use_row_as_full_screen_section=&#8221;no&#8221; type=&#8221;full_width&#8221; angled_section=&#8221;no&#8221; text_align=&#8221;left&#8221; background_image_as_pattern=&#8221;without_pattern&#8221; section_type=&#8221;full-width&#8221;][vc_column][vc_empty_space][vc_accordion style=&#8221;accordion&#8221;][vc_accordion_tab title=&#8221;QU\u00c8 \u00c9S EL PLASMA RIC EN FACTORS DE CREIXEMENT (PRFC) EN TRASPLANT CAPI\u00b7LAR?&#8221;][vc_column_text]El PRFC o plasma ric en factors de creixement \u00e9s un derivat sanguini extret del mateix pacient, que es col\u00b7loca al cuir cabellut a trav\u00e9s d\u2019injeccions.<\/p>\n<p>El PRFC s\u2019obt\u00e9 amb una m\u00e0quina que separa la porci\u00f3 l\u00edquida i s\u00f2lida de la sang. Amb un proc\u00e9s de centrifugat es divideix la sang en tres capes, una de les quals \u00e9s el PRFC, que cont\u00e9 cinc vegades m\u00e9s plaquetes que la sang sense centrifugar.<\/p>\n<p>Degut a la gran quantitat de factors de creixement que cont\u00e9, produeix una resposta beneficiosa pel fol\u00b7licle del cabell, estimulant el seu creixement.[\/vc_column_text][\/vc_accordion_tab][vc_accordion_tab title=&#8221;EN QU\u00c8 CONSISTEIX EL TRACTAMENT?&#8221;][vc_column_text]Les injeccions de PRFC s\u2019administren en funci\u00f3 de les caracter\u00edstiques del pacient i el criteri de l\u2019especialista.<br \/>\nEl PRFC produeix una s\u00e8rie de funcions, evitant una p\u00e8rdua major de cabell i promou la formaci\u00f3 de nous vasos sanguinis. Com a conseq\u00fc\u00e8ncia, es disminueix el risc de caiguda i s\u2019accelera el creixement del cabell.[\/vc_column_text][\/vc_accordion_tab][vc_accordion_tab title=&#8221;QUINS BENEFICIS T\u00c9?&#8221;][vc_column_text]<\/p>\n<ul>\n<li>Nutrici\u00f3 del fol\u00b7licle.<\/li>\n<li>Acceleraci\u00f3 del creixement capil\u00b7lar.<\/li>\n<li>Disminuci\u00f3 del risc d\u2019infeccions per la seva acci\u00f3 antimicrobiana.<\/li>\n<li>Millor qualitat i aspecte del cabell.<\/li>\n<\/ul>\n<p>[\/vc_column_text][\/vc_accordion_tab][vc_accordion_tab title=&#8221;LES MEVES ACTIVITATS DI\u00c0RIES ES VEURAN ALTERADES ?&#8221;][vc_column_text]Un cop finalitzat el tractament podr\u00e0s tornar a l\u2019activitat normal de forma immediata.[\/vc_column_text][\/vc_accordion_tab][vc_accordion_tab title=&#8221;QUAN ES NOTEN ELS RESULTATS?&#8221;][vc_column_text]<\/p>\n<p style=\"text-align: justify;\">En aquests casos els resultats, pel que fa a perman\u00e8ncia o viabilitat del fol\u00b7licle, solen apar\u00e8ixer a partir de la primera sessi\u00f3.<\/p>\n<p>[\/vc_column_text][\/vc_accordion_tab][vc_accordion_tab title=&#8221;QUANTES SESSIONS \u00c9S ACONSELLABLE REALITZAR?&#8221;][vc_column_text]Dep\u00e8n de cada pacient i cada cas concret, encara que solen subministrar-se entre 3 i 6 sessions de PRFC a l\u2019any.[\/vc_column_text][\/vc_accordion_tab][vc_accordion_tab title=&#8221;A PARTIR DE QUINA EDAT ES POT REALITZAR EL TRACTAMENT?&#8221;][vc_column_text]Qualsevol persona pot aplicar-se el PRFC. Especialment, aquelles persones amb p\u00e8rdues de cabell recents, amb un patr\u00f3 androgen\u00e8tic i amb l\u2019extensi\u00f3 de l\u2019alop\u00e8cia no massa extensa.[\/vc_column_text][\/vc_accordion_tab][vc_accordion_tab title=&#8221;T\u00c9 ALG\u00daN EFECTE SECUNDARI?&#8221;][vc_column_text]No, es tracta d\u2019un producte biol\u00f2gic obtingut del propi pacient.<br \/>\nPer evitar possibles complicacions, sempre cal acudir a centres acreditats, ja que es necessita una certificaci\u00f3 especial per portar-ho a terme.[\/vc_column_text][\/vc_accordion_tab][\/vc_accordion][\/vc_column][\/vc_row]<\/p>\n<\/div><!-- AddThis Advanced Settings generic via filter on the_content --><!-- AddThis Share Buttons generic via filter on the_content -->","protected":false},"excerpt":{"rendered":"<p>[vc_row css_animation=&#8221;&#8221; row_type=&#8221;row&#8221; use_row_as_full_screen_section=&#8221;no&#8221; type=&#8221;full_width&#8221; angled_section=&#8221;no&#8221; text_align=&#8221;left&#8221; background_image_as_pattern=&#8221;without_pattern&#8221; background_color=&#8221;#f9f9f9&#8243;][vc_column][vc_empty_space height=&#8221;20px&#8221;][vc_empty_space height=&#8221;40px&#8221;][vc_row_inner row_type=&#8221;row&#8221; type=&#8221;full_width&#8221; text_align=&#8221;left&#8221; css_animation=&#8221;&#8221;][vc_column_inner width=&#8221;1\/2&#8243;][vc_single_image image=&#8221;18408&#8243; img_size=&#8221;full&#8221; alignment=&#8221;center&#8221; qode_css_animation=&#8221;&#8221;][vc_empty_space height=&#8221;40px&#8221;][\/vc_column_inner][vc_column_inner width=&#8221;1\/2&#8243;][vc_column_text] El plasma ric en factors de creixement (PRFC) cada vegada est\u00e0 m\u00e9s ben considerada com a tractament per diferents tipus de p\u00e8rdua de&#8230;<!-- AddThis Advanced Settings generic via filter on get_the_excerpt --><!-- AddThis Share Buttons generic via filter on get_the_excerpt --><\/p>\n","protected":false},"author":25,"featured_media":0,"parent":9584,"menu_order":0,"comment_status":"closed","ping_status":"closed","template":"","meta":{"footnotes":""},"class_list":["post-18428","page","type-page","status-publish","hentry"],"yoast_head":"<!-- This site is optimized with the Yoast SEO Premium plugin v26.9 (Yoast SEO v27.4) - https:\/\/yoast.com\/product\/yoast-seo-premium-wordpress\/ -->\n<title>PRFC PREVENCI\u00d3 I TRACTAMENT CAIGUDA DEL CABELL - Cl\u00ednica C\u00e0nons | Cirurgia i Medicina Estetica a Barcelona, \u200b\u200bGranollers<\/title>\n<meta name=\"robots\" content=\"index, follow, max-snippet:-1, max-image-preview:large, max-video-preview:-1\" \/>\n<link rel=\"canonical\" href=\"https:\/\/www.canons.es\/ca\/medicina-estetica-corporal\/prfc-prevencion-y-tratamiento-caida-del-cabello\/\" \/>\n<meta property=\"og:locale\" content=\"ca_ES\" \/>\n<meta property=\"og:type\" content=\"article\" \/>\n<meta property=\"og:title\" content=\"PRFC PREVENCI\u00d3 I TRACTAMENT CAIGUDA DEL CABELL\" \/>\n<meta property=\"og:description\" content=\"[vc_row css_animation=&#8221;&#8221; row_type=&#8221;row&#8221; use_row_as_full_screen_section=&#8221;no&#8221; type=&#8221;full_width&#8221; angled_section=&#8221;no&#8221; text_align=&#8221;left&#8221; background_image_as_pattern=&#8221;without_pattern&#8221; background_color=&#8221;#f9f9f9&#8243;][vc_column][vc_empty_space height=&#8221;20px&#8221;][vc_empty_space height=&#8221;40px&#8221;][vc_row_inner row_type=&#8221;row&#8221; type=&#8221;full_width&#8221; text_align=&#8221;left&#8221; css_animation=&#8221;&#8221;][vc_column_inner width=&#8221;1\/2&#8243;][vc_single_image image=&#8221;18408&#8243; img_size=&#8221;full&#8221; alignment=&#8221;center&#8221; qode_css_animation=&#8221;&#8221;][vc_empty_space height=&#8221;40px&#8221;][\/vc_column_inner][vc_column_inner width=&#8221;1\/2&#8243;][vc_column_text] El plasma ric en factors de creixement (PRFC) cada vegada est\u00e0 m\u00e9s ben considerada com a tractament per diferents tipus de p\u00e8rdua de...\" \/>\n<meta property=\"og:url\" content=\"https:\/\/www.canons.es\/ca\/medicina-estetica-corporal\/prfc-prevencion-y-tratamiento-caida-del-cabello\/\" \/>\n<meta property=\"og:site_name\" content=\"Cl\u00ednica C\u00e0nons | Cirurgia i Medicina Estetica a Barcelona, \u200b\u200bGranollers\" \/>\n<meta property=\"article:publisher\" content=\"https:\/\/www.facebook.com\/canonsclinics\/\" \/>\n<meta property=\"article:modified_time\" content=\"2020-10-29T09:19:37+00:00\" \/>\n<meta name=\"twitter:card\" content=\"summary_large_image\" \/>\n<meta name=\"twitter:site\" content=\"@canonsclinics\" \/>\n<meta name=\"twitter:label1\" content=\"Temps estimat de lectura\" \/>\n\t<meta name=\"twitter:data1\" content=\"4 minuts\" \/>\n<script type=\"application\/ld+json\" class=\"yoast-schema-graph\">{\"@context\":\"https:\\\/\\\/schema.org\",\"@graph\":[{\"@type\":\"WebPage\",\"@id\":\"https:\\\/\\\/www.canons.es\\\/ca\\\/medicina-estetica-corporal\\\/prfc-prevencion-y-tratamiento-caida-del-cabello\\\/\",\"url\":\"https:\\\/\\\/www.canons.es\\\/ca\\\/medicina-estetica-corporal\\\/prfc-prevencion-y-tratamiento-caida-del-cabello\\\/\",\"name\":\"PRFC PREVENCI\u00d3 I TRACTAMENT CAIGUDA DEL CABELL - Cl\u00ednica C\u00e0nons | Cirurgia i Medicina Estetica a Barcelona, \u200b\u200bGranollers\",\"isPartOf\":{\"@id\":\"https:\\\/\\\/www.canons.es\\\/#website\"},\"datePublished\":\"2020-10-26T08:19:09+00:00\",\"dateModified\":\"2020-10-29T09:19:37+00:00\",\"breadcrumb\":{\"@id\":\"https:\\\/\\\/www.canons.es\\\/ca\\\/medicina-estetica-corporal\\\/prfc-prevencion-y-tratamiento-caida-del-cabello\\\/#breadcrumb\"},\"inLanguage\":\"ca\",\"potentialAction\":[{\"@type\":\"ReadAction\",\"target\":[\"https:\\\/\\\/www.canons.es\\\/ca\\\/medicina-estetica-corporal\\\/prfc-prevencion-y-tratamiento-caida-del-cabello\\\/\"]}]},{\"@type\":\"BreadcrumbList\",\"@id\":\"https:\\\/\\\/www.canons.es\\\/ca\\\/medicina-estetica-corporal\\\/prfc-prevencion-y-tratamiento-caida-del-cabello\\\/#breadcrumb\",\"itemListElement\":[{\"@type\":\"ListItem\",\"position\":1,\"name\":\"Portada\",\"item\":\"https:\\\/\\\/www.canons.es\\\/ca\\\/\"},{\"@type\":\"ListItem\",\"position\":2,\"name\":\"MEDICINA EST\u00c9TICA CORPORAL\",\"item\":\"https:\\\/\\\/www.canons.es\\\/ca\\\/medicina-estetica-corporal\\\/\"},{\"@type\":\"ListItem\",\"position\":3,\"name\":\"PRFC PREVENCI\u00d3 I TRACTAMENT CAIGUDA DEL CABELL\"}]},{\"@type\":\"WebSite\",\"@id\":\"https:\\\/\\\/www.canons.es\\\/#website\",\"url\":\"https:\\\/\\\/www.canons.es\\\/\",\"name\":\"Cirug\u00eda Pl\u00e1stica y Est\u00e9tica Barcelona y Granollers | C\u00e0nons Clinics\",\"description\":\"\",\"publisher\":{\"@id\":\"https:\\\/\\\/www.canons.es\\\/#organization\"},\"potentialAction\":[{\"@type\":\"SearchAction\",\"target\":{\"@type\":\"EntryPoint\",\"urlTemplate\":\"https:\\\/\\\/www.canons.es\\\/?s={search_term_string}\"},\"query-input\":{\"@type\":\"PropertyValueSpecification\",\"valueRequired\":true,\"valueName\":\"search_term_string\"}}],\"inLanguage\":\"ca\"},{\"@type\":\"Organization\",\"@id\":\"https:\\\/\\\/www.canons.es\\\/#organization\",\"name\":\"Cirug\u00eda Pl\u00e1stica y Est\u00e9tica Barcelona y Granollers | C\u00e0nons Clinics\",\"url\":\"https:\\\/\\\/www.canons.es\\\/\",\"logo\":{\"@type\":\"ImageObject\",\"inLanguage\":\"ca\",\"@id\":\"https:\\\/\\\/www.canons.es\\\/#\\\/schema\\\/logo\\\/image\\\/\",\"url\":\"https:\\\/\\\/www.canons.es\\\/wp-content\\\/uploads\\\/2025\\\/04\\\/logo-canons-clinics.jpg\",\"contentUrl\":\"https:\\\/\\\/www.canons.es\\\/wp-content\\\/uploads\\\/2025\\\/04\\\/logo-canons-clinics.jpg\",\"width\":600,\"height\":139,\"caption\":\"Cirug\u00eda Pl\u00e1stica y Est\u00e9tica Barcelona y Granollers | C\u00e0nons Clinics\"},\"image\":{\"@id\":\"https:\\\/\\\/www.canons.es\\\/#\\\/schema\\\/logo\\\/image\\\/\"},\"sameAs\":[\"https:\\\/\\\/www.facebook.com\\\/canonsclinics\\\/\",\"https:\\\/\\\/x.com\\\/canonsclinics\",\"https:\\\/\\\/www.instagram.com\\\/canonsclinics\\\/\",\"https:\\\/\\\/www.youtube.com\\\/channel\\\/UCI1Ia6LjALyo1CuQ0_HwtfQ\",\"https:\\\/\\\/www.linkedin.com\\\/company\\\/canons-clinics\\\/\"]}]}<\/script>\n<!-- \/ Yoast SEO Premium plugin. -->","yoast_head_json":{"title":"PRFC PREVENCI\u00d3 I TRACTAMENT CAIGUDA DEL CABELL - Cl\u00ednica C\u00e0nons | Cirurgia i Medicina Estetica a Barcelona, \u200b\u200bGranollers","robots":{"index":"index","follow":"follow","max-snippet":"max-snippet:-1","max-image-preview":"max-image-preview:large","max-video-preview":"max-video-preview:-1"},"canonical":"https:\/\/www.canons.es\/ca\/medicina-estetica-corporal\/prfc-prevencion-y-tratamiento-caida-del-cabello\/","og_locale":"ca_ES","og_type":"article","og_title":"PRFC PREVENCI\u00d3 I TRACTAMENT CAIGUDA DEL CABELL","og_description":"[vc_row css_animation=&#8221;&#8221; row_type=&#8221;row&#8221; use_row_as_full_screen_section=&#8221;no&#8221; type=&#8221;full_width&#8221; angled_section=&#8221;no&#8221; text_align=&#8221;left&#8221; background_image_as_pattern=&#8221;without_pattern&#8221; background_color=&#8221;#f9f9f9&#8243;][vc_column][vc_empty_space height=&#8221;20px&#8221;][vc_empty_space height=&#8221;40px&#8221;][vc_row_inner row_type=&#8221;row&#8221; type=&#8221;full_width&#8221; text_align=&#8221;left&#8221; css_animation=&#8221;&#8221;][vc_column_inner width=&#8221;1\/2&#8243;][vc_single_image image=&#8221;18408&#8243; img_size=&#8221;full&#8221; alignment=&#8221;center&#8221; qode_css_animation=&#8221;&#8221;][vc_empty_space height=&#8221;40px&#8221;][\/vc_column_inner][vc_column_inner width=&#8221;1\/2&#8243;][vc_column_text] El plasma ric en factors de creixement (PRFC) cada vegada est\u00e0 m\u00e9s ben considerada com a tractament per diferents tipus de p\u00e8rdua de...","og_url":"https:\/\/www.canons.es\/ca\/medicina-estetica-corporal\/prfc-prevencion-y-tratamiento-caida-del-cabello\/","og_site_name":"Cl\u00ednica C\u00e0nons | Cirurgia i Medicina Estetica a Barcelona, \u200b\u200bGranollers","article_publisher":"https:\/\/www.facebook.com\/canonsclinics\/","article_modified_time":"2020-10-29T09:19:37+00:00","twitter_card":"summary_large_image","twitter_site":"@canonsclinics","twitter_misc":{"Temps estimat de lectura":"4 minuts"},"schema":{"@context":"https:\/\/schema.org","@graph":[{"@type":"WebPage","@id":"https:\/\/www.canons.es\/ca\/medicina-estetica-corporal\/prfc-prevencion-y-tratamiento-caida-del-cabello\/","url":"https:\/\/www.canons.es\/ca\/medicina-estetica-corporal\/prfc-prevencion-y-tratamiento-caida-del-cabello\/","name":"PRFC PREVENCI\u00d3 I TRACTAMENT CAIGUDA DEL CABELL - Cl\u00ednica C\u00e0nons | Cirurgia i Medicina Estetica a Barcelona, \u200b\u200bGranollers","isPartOf":{"@id":"https:\/\/www.canons.es\/#website"},"datePublished":"2020-10-26T08:19:09+00:00","dateModified":"2020-10-29T09:19:37+00:00","breadcrumb":{"@id":"https:\/\/www.canons.es\/ca\/medicina-estetica-corporal\/prfc-prevencion-y-tratamiento-caida-del-cabello\/#breadcrumb"},"inLanguage":"ca","potentialAction":[{"@type":"ReadAction","target":["https:\/\/www.canons.es\/ca\/medicina-estetica-corporal\/prfc-prevencion-y-tratamiento-caida-del-cabello\/"]}]},{"@type":"BreadcrumbList","@id":"https:\/\/www.canons.es\/ca\/medicina-estetica-corporal\/prfc-prevencion-y-tratamiento-caida-del-cabello\/#breadcrumb","itemListElement":[{"@type":"ListItem","position":1,"name":"Portada","item":"https:\/\/www.canons.es\/ca\/"},{"@type":"ListItem","position":2,"name":"MEDICINA EST\u00c9TICA CORPORAL","item":"https:\/\/www.canons.es\/ca\/medicina-estetica-corporal\/"},{"@type":"ListItem","position":3,"name":"PRFC PREVENCI\u00d3 I TRACTAMENT CAIGUDA DEL CABELL"}]},{"@type":"WebSite","@id":"https:\/\/www.canons.es\/#website","url":"https:\/\/www.canons.es\/","name":"Cirug\u00eda Pl\u00e1stica y Est\u00e9tica Barcelona y Granollers | C\u00e0nons Clinics","description":"","publisher":{"@id":"https:\/\/www.canons.es\/#organization"},"potentialAction":[{"@type":"SearchAction","target":{"@type":"EntryPoint","urlTemplate":"https:\/\/www.canons.es\/?s={search_term_string}"},"query-input":{"@type":"PropertyValueSpecification","valueRequired":true,"valueName":"search_term_string"}}],"inLanguage":"ca"},{"@type":"Organization","@id":"https:\/\/www.canons.es\/#organization","name":"Cirug\u00eda Pl\u00e1stica y Est\u00e9tica Barcelona y Granollers | C\u00e0nons Clinics","url":"https:\/\/www.canons.es\/","logo":{"@type":"ImageObject","inLanguage":"ca","@id":"https:\/\/www.canons.es\/#\/schema\/logo\/image\/","url":"https:\/\/www.canons.es\/wp-content\/uploads\/2025\/04\/logo-canons-clinics.jpg","contentUrl":"https:\/\/www.canons.es\/wp-content\/uploads\/2025\/04\/logo-canons-clinics.jpg","width":600,"height":139,"caption":"Cirug\u00eda Pl\u00e1stica y Est\u00e9tica Barcelona y Granollers | C\u00e0nons Clinics"},"image":{"@id":"https:\/\/www.canons.es\/#\/schema\/logo\/image\/"},"sameAs":["https:\/\/www.facebook.com\/canonsclinics\/","https:\/\/x.com\/canonsclinics","https:\/\/www.instagram.com\/canonsclinics\/","https:\/\/www.youtube.com\/channel\/UCI1Ia6LjALyo1CuQ0_HwtfQ","https:\/\/www.linkedin.com\/company\/canons-clinics\/"]}]}},"_links":{"self":[{"href":"https:\/\/www.canons.es\/ca\/wp-json\/wp\/v2\/pages\/18428","targetHints":{"allow":["GET"]}}],"collection":[{"href":"https:\/\/www.canons.es\/ca\/wp-json\/wp\/v2\/pages"}],"about":[{"href":"https:\/\/www.canons.es\/ca\/wp-json\/wp\/v2\/types\/page"}],"author":[{"embeddable":true,"href":"https:\/\/www.canons.es\/ca\/wp-json\/wp\/v2\/users\/25"}],"replies":[{"embeddable":true,"href":"https:\/\/www.canons.es\/ca\/wp-json\/wp\/v2\/comments?post=18428"}],"version-history":[{"count":0,"href":"https:\/\/www.canons.es\/ca\/wp-json\/wp\/v2\/pages\/18428\/revisions"}],"up":[{"embeddable":true,"href":"https:\/\/www.canons.es\/ca\/wp-json\/wp\/v2\/pages\/9584"}],"wp:attachment":[{"href":"https:\/\/www.canons.es\/ca\/wp-json\/wp\/v2\/media?parent=18428"}],"curies":[{"name":"wp","href":"https:\/\/api.w.org\/{rel}","templated":true}]}}