{"id":13397,"date":"2018-05-24T10:27:01","date_gmt":"2018-05-24T10:27:01","guid":{"rendered":"https:\/\/www.canons.es\/ca\/especialidades-medicas-y-profesionales-de-la-salud\/"},"modified":"2019-04-10T07:45:12","modified_gmt":"2019-04-10T07:45:12","slug":"especialitats-mediques-i-professionals-de-la-salut","status":"publish","type":"page","link":"https:\/\/www.canons.es\/ca\/especialitats-mediques-i-professionals-de-la-salut\/","title":{"rendered":"ESPECIALITATS M\u00c8DIQUES I PROFESSIONALS DE LA SALUT"},"content":{"rendered":"<div class=\"wpb-content-wrapper\"><p>[vc_row css_animation=&#8221;&#8221; row_type=&#8221;row&#8221; use_row_as_full_screen_section=&#8221;no&#8221; type=&#8221;full_width&#8221; angled_section=&#8221;no&#8221; text_align=&#8221;left&#8221; background_image_as_pattern=&#8221;without_pattern&#8221;][vc_column][vc_empty_space height=&#8221;10px&#8221;]<div class=\"custom_font_holder\" style=\"font-family: Raleway; font-size: 35px; line-height: 26px; font-style: normal; font-weight: 300; color: #1e70b3; text-decoration: none; text-align: left;\">ESPECIALITATS M\u00c8DIQUES I PROFESSIONALS DE LA SALUT<\/div>[vc_empty_space height=&#8221;40px&#8221;][\/vc_column][\/vc_row][vc_row css_animation=&#8221;&#8221; row_type=&#8221;row&#8221; use_row_as_full_screen_section=&#8221;no&#8221; type=&#8221;full_width&#8221; angled_section=&#8221;no&#8221; text_align=&#8221;left&#8221; background_image_as_pattern=&#8221;without_pattern&#8221;][vc_column width=&#8221;1\/2&#8243;][vc_single_image image=&#8221;13439&#8243; img_size=&#8221;full&#8221; alignment=&#8221;center&#8221; qode_css_animation=&#8221;&#8221;][vc_empty_space height=&#8221;40px&#8221;][\/vc_column][vc_column width=&#8221;1\/2&#8243;][vc_column_text]<span lang=\"ca\" tabindex=\"0\">En Canons Clinics seguim creixent i estem oberts a altres <strong>especialitats m\u00e8diques i de salut<\/strong> per cobrir les necessitats dels nostres pacients, de manera que en els nostres centres tamb\u00e9 disposem de professionals especialitzats en dermatologia, urologia, psicologia, osteopatia i naturopatia, entre d&#8217;altres.<\/span><\/p>\n<p><span lang=\"ca\" tabindex=\"0\">En Canons Clinics volem que et sentis com a casa. El nostre equip de professionals t&#8217;oferir\u00e0 una <strong>atenci\u00f3 personalitzada<\/strong> per fer-te sentir c\u00f2mode i acompanyat en tot moment. Mitjan\u00e7ant la direcci\u00f3 m\u00e8dica del <strong>Dr. V\u00edctor Hern\u00e0ndez Machado<\/strong>, el nostre equip d&#8217;experts t&#8217;assessorar\u00e0 en la primera visita i valorar\u00e0 els tractaments o procediments m\u00e9s adequats per a tu. En Canons Clinics et proporcionem una informaci\u00f3 vera\u00e7 i completa, sense crear-te falses expectatives i sempre amb les m\u00e0ximes garanties de salut.<\/span>[\/vc_column_text][\/vc_column][\/vc_row][vc_row css_animation=&#8221;&#8221; row_type=&#8221;row&#8221; use_row_as_full_screen_section=&#8221;no&#8221; type=&#8221;full_width&#8221; angled_section=&#8221;no&#8221; text_align=&#8221;left&#8221; background_image_as_pattern=&#8221;without_pattern&#8221; background_color=&#8221;#f9f9f9&#8243; section_type=&#8221;full-width&#8221;][vc_column][vc_empty_space][vc_row_inner row_type=&#8221;row&#8221; type=&#8221;full_width&#8221; text_align=&#8221;left&#8221; css_animation=&#8221;&#8221;][vc_column_inner width=&#8221;1\/3&#8243;][vc_single_image image=&#8221;13389&#8243; img_size=&#8221;full&#8221; alignment=&#8221;center&#8221; qode_css_animation=&#8221;&#8221; qode_hover_animation=&#8221;darken&#8221;][vc_empty_space height=&#8221;15px&#8221;]<div class=\"custom_font_holder\" style=\"font-family: Raleway; font-size: 18px; line-height: 26px; font-style: normal; font-weight: 300; color: #1e70b3; text-decoration: none; text-align: center;\">Dermatologia i Venereologia<\/div>[vc_empty_space height=&#8221;15px&#8221;][\/vc_column_inner][vc_column_inner width=&#8221;1\/3&#8243;][vc_single_image image=&#8221;13219&#8243; img_size=&#8221;full&#8221; alignment=&#8221;center&#8221; qode_css_animation=&#8221;&#8221; qode_hover_animation=&#8221;darken&#8221;][vc_empty_space height=&#8221;15px&#8221;]<div class=\"custom_font_holder\" style=\"font-family: Raleway; font-size: 18px; line-height: 26px; font-style: normal; font-weight: 300; color: #1e70b3; text-decoration: none; text-align: center;\">Urologia i Andrologia<\/div>[vc_empty_space height=&#8221;15px&#8221;][\/vc_column_inner][vc_column_inner width=&#8221;1\/3&#8243;][vc_single_image image=&#8221;13393&#8243; img_size=&#8221;full&#8221; alignment=&#8221;center&#8221; qode_css_animation=&#8221;&#8221; qode_hover_animation=&#8221;darken&#8221;][vc_empty_space height=&#8221;15px&#8221;]<div class=\"custom_font_holder\" style=\"font-family: Raleway; font-size: 18px; line-height: 26px; font-style: normal; font-weight: 300; color: #1e70b3; text-decoration: none; text-align: center;\">Psicologia<\/div>[vc_empty_space height=&#8221;15px&#8221;][\/vc_column_inner][\/vc_row_inner][vc_row_inner row_type=&#8221;row&#8221; type=&#8221;full_width&#8221; text_align=&#8221;left&#8221; css_animation=&#8221;&#8221;][vc_column_inner width=&#8221;1\/3&#8243;][vc_single_image image=&#8221;13392&#8243; img_size=&#8221;full&#8221; alignment=&#8221;center&#8221; qode_css_animation=&#8221;&#8221; qode_hover_animation=&#8221;darken&#8221;][vc_empty_space height=&#8221;15px&#8221;]<div class=\"custom_font_holder\" style=\"font-family: Raleway; font-size: 18px; line-height: 26px; font-style: normal; font-weight: 300; color: #1e70b3; text-decoration: none; text-align: center;\">Fisioter\u00e0pia i Osteopatia<\/div>[vc_empty_space height=&#8221;50px&#8221;][\/vc_column_inner][vc_column_inner width=&#8221;1\/3&#8243;][vc_single_image image=&#8221;13440&#8243; img_size=&#8221;full&#8221; alignment=&#8221;center&#8221; qode_css_animation=&#8221;&#8221; qode_hover_animation=&#8221;darken&#8221;][vc_empty_space height=&#8221;15px&#8221;]<div class=\"custom_font_holder\" style=\"font-family: Raleway; font-size: 18px; line-height: 26px; font-style: normal; font-weight: 300; color: #1e70b3; text-decoration: none; text-align: center;\">Naturopatia<\/div>[vc_empty_space height=&#8221;50px&#8221;][\/vc_column_inner][vc_column_inner width=&#8221;1\/3&#8243;][vc_single_image image=&#8221;13390&#8243; img_size=&#8221;full&#8221; alignment=&#8221;center&#8221; qode_css_animation=&#8221;&#8221; qode_hover_animation=&#8221;darken&#8221;][vc_empty_space height=&#8221;15px&#8221;]<div class=\"custom_font_holder\" style=\"font-family: Raleway; font-size: 18px; line-height: 26px; font-style: normal; font-weight: 300; color: #1e70b3; text-decoration: none; text-align: center;\">Endocrinologia<\/div>[vc_empty_space height=&#8221;50px&#8221;][\/vc_column_inner][\/vc_row_inner][\/vc_column][\/vc_row]<\/p>\n<\/div><!-- AddThis Advanced Settings generic via filter on the_content --><!-- AddThis Share Buttons generic via filter on the_content -->","protected":false},"excerpt":{"rendered":"<p>[vc_row css_animation=&#8221;&#8221; row_type=&#8221;row&#8221; use_row_as_full_screen_section=&#8221;no&#8221; type=&#8221;full_width&#8221; angled_section=&#8221;no&#8221; text_align=&#8221;left&#8221; background_image_as_pattern=&#8221;without_pattern&#8221;][vc_column][vc_empty_space height=&#8221;10px&#8221;][vc_empty_space height=&#8221;40px&#8221;][\/vc_column][\/vc_row][vc_row css_animation=&#8221;&#8221; row_type=&#8221;row&#8221; use_row_as_full_screen_section=&#8221;no&#8221; type=&#8221;full_width&#8221; angled_section=&#8221;no&#8221; text_align=&#8221;left&#8221; background_image_as_pattern=&#8221;without_pattern&#8221;][vc_column width=&#8221;1\/2&#8243;][vc_single_image image=&#8221;13439&#8243; img_size=&#8221;full&#8221; alignment=&#8221;center&#8221; qode_css_animation=&#8221;&#8221;][vc_empty_space height=&#8221;40px&#8221;][\/vc_column][vc_column width=&#8221;1\/2&#8243;][vc_column_text]En Canons Clinics seguim creixent i estem oberts a altres especialitats m\u00e8diques i de salut per cobrir les necessitats dels nostres pacients,&#8230;<!-- AddThis Advanced Settings generic via filter on get_the_excerpt --><!-- AddThis Share Buttons generic via filter on get_the_excerpt --><\/p>\n","protected":false},"author":25,"featured_media":0,"parent":0,"menu_order":0,"comment_status":"closed","ping_status":"closed","template":"","meta":{"footnotes":""},"class_list":["post-13397","page","type-page","status-publish","hentry"],"yoast_head":"<!-- This site is optimized with the Yoast SEO Premium plugin v26.9 (Yoast SEO v27.4) - https:\/\/yoast.com\/product\/yoast-seo-premium-wordpress\/ -->\n<title>ESPECIALITATS M\u00c8DIQUES I PROFESSIONALS DE LA SALUT - Cl\u00ednica C\u00e0nons | Cirurgia i Medicina Estetica a Barcelona, \u200b\u200bGranollers<\/title>\n<meta name=\"robots\" content=\"index, follow, max-snippet:-1, max-image-preview:large, max-video-preview:-1\" \/>\n<link rel=\"canonical\" href=\"https:\/\/www.canons.es\/especialidades-medicas-y-profesionales-de-la-salud\/\" \/>\n<meta property=\"og:locale\" content=\"ca_ES\" \/>\n<meta property=\"og:type\" content=\"article\" \/>\n<meta property=\"og:title\" content=\"ESPECIALITATS M\u00c8DIQUES I PROFESSIONALS DE LA SALUT\" \/>\n<meta property=\"og:description\" content=\"[vc_row css_animation=&#8221;&#8221; row_type=&#8221;row&#8221; use_row_as_full_screen_section=&#8221;no&#8221; type=&#8221;full_width&#8221; angled_section=&#8221;no&#8221; text_align=&#8221;left&#8221; background_image_as_pattern=&#8221;without_pattern&#8221;][vc_column][vc_empty_space height=&#8221;10px&#8221;][vc_empty_space height=&#8221;40px&#8221;][\/vc_column][\/vc_row][vc_row css_animation=&#8221;&#8221; row_type=&#8221;row&#8221; use_row_as_full_screen_section=&#8221;no&#8221; type=&#8221;full_width&#8221; angled_section=&#8221;no&#8221; text_align=&#8221;left&#8221; background_image_as_pattern=&#8221;without_pattern&#8221;][vc_column width=&#8221;1\/2&#8243;][vc_single_image image=&#8221;13439&#8243; img_size=&#8221;full&#8221; alignment=&#8221;center&#8221; qode_css_animation=&#8221;&#8221;][vc_empty_space height=&#8221;40px&#8221;][\/vc_column][vc_column width=&#8221;1\/2&#8243;][vc_column_text]En Canons Clinics seguim creixent i estem oberts a altres especialitats m\u00e8diques i de salut per cobrir les necessitats dels nostres pacients,...\" \/>\n<meta property=\"og:url\" content=\"https:\/\/www.canons.es\/especialidades-medicas-y-profesionales-de-la-salud\/\" \/>\n<meta property=\"og:site_name\" content=\"Cl\u00ednica C\u00e0nons | Cirurgia i Medicina Estetica a Barcelona, \u200b\u200bGranollers\" \/>\n<meta property=\"article:publisher\" content=\"https:\/\/www.facebook.com\/canonsclinics\/\" \/>\n<meta property=\"article:modified_time\" content=\"2019-04-10T07:45:12+00:00\" \/>\n<meta name=\"twitter:card\" content=\"summary_large_image\" \/>\n<meta name=\"twitter:site\" content=\"@canonsclinics\" \/>\n<meta name=\"twitter:label1\" content=\"Temps estimat de lectura\" \/>\n\t<meta name=\"twitter:data1\" content=\"4 minuts\" \/>\n<script type=\"application\/ld+json\" class=\"yoast-schema-graph\">{\"@context\":\"https:\\\/\\\/schema.org\",\"@graph\":[{\"@type\":\"WebPage\",\"@id\":\"https:\\\/\\\/www.canons.es\\\/especialidades-medicas-y-profesionales-de-la-salud\\\/\",\"url\":\"https:\\\/\\\/www.canons.es\\\/especialidades-medicas-y-profesionales-de-la-salud\\\/\",\"name\":\"ESPECIALITATS M\u00c8DIQUES I PROFESSIONALS DE LA SALUT - Cl\u00ednica C\u00e0nons | Cirurgia i Medicina Estetica a Barcelona, \u200b\u200bGranollers\",\"isPartOf\":{\"@id\":\"https:\\\/\\\/www.canons.es\\\/#website\"},\"datePublished\":\"2018-05-24T10:27:01+00:00\",\"dateModified\":\"2019-04-10T07:45:12+00:00\",\"breadcrumb\":{\"@id\":\"https:\\\/\\\/www.canons.es\\\/especialidades-medicas-y-profesionales-de-la-salud\\\/#breadcrumb\"},\"inLanguage\":\"ca\",\"potentialAction\":[{\"@type\":\"ReadAction\",\"target\":[\"https:\\\/\\\/www.canons.es\\\/especialidades-medicas-y-profesionales-de-la-salud\\\/\"]}]},{\"@type\":\"BreadcrumbList\",\"@id\":\"https:\\\/\\\/www.canons.es\\\/especialidades-medicas-y-profesionales-de-la-salud\\\/#breadcrumb\",\"itemListElement\":[{\"@type\":\"ListItem\",\"position\":1,\"name\":\"Portada\",\"item\":\"https:\\\/\\\/www.canons.es\\\/ca\\\/\"},{\"@type\":\"ListItem\",\"position\":2,\"name\":\"ESPECIALITATS M\u00c8DIQUES I PROFESSIONALS DE LA SALUT\"}]},{\"@type\":\"WebSite\",\"@id\":\"https:\\\/\\\/www.canons.es\\\/#website\",\"url\":\"https:\\\/\\\/www.canons.es\\\/\",\"name\":\"Cirug\u00eda Pl\u00e1stica y Est\u00e9tica Barcelona y Granollers | C\u00e0nons Clinics\",\"description\":\"\",\"publisher\":{\"@id\":\"https:\\\/\\\/www.canons.es\\\/#organization\"},\"potentialAction\":[{\"@type\":\"SearchAction\",\"target\":{\"@type\":\"EntryPoint\",\"urlTemplate\":\"https:\\\/\\\/www.canons.es\\\/?s={search_term_string}\"},\"query-input\":{\"@type\":\"PropertyValueSpecification\",\"valueRequired\":true,\"valueName\":\"search_term_string\"}}],\"inLanguage\":\"ca\"},{\"@type\":\"Organization\",\"@id\":\"https:\\\/\\\/www.canons.es\\\/#organization\",\"name\":\"Cirug\u00eda Pl\u00e1stica y Est\u00e9tica Barcelona y Granollers | C\u00e0nons Clinics\",\"url\":\"https:\\\/\\\/www.canons.es\\\/\",\"logo\":{\"@type\":\"ImageObject\",\"inLanguage\":\"ca\",\"@id\":\"https:\\\/\\\/www.canons.es\\\/#\\\/schema\\\/logo\\\/image\\\/\",\"url\":\"https:\\\/\\\/www.canons.es\\\/wp-content\\\/uploads\\\/2025\\\/04\\\/logo-canons-clinics.jpg\",\"contentUrl\":\"https:\\\/\\\/www.canons.es\\\/wp-content\\\/uploads\\\/2025\\\/04\\\/logo-canons-clinics.jpg\",\"width\":600,\"height\":139,\"caption\":\"Cirug\u00eda Pl\u00e1stica y Est\u00e9tica Barcelona y Granollers | C\u00e0nons Clinics\"},\"image\":{\"@id\":\"https:\\\/\\\/www.canons.es\\\/#\\\/schema\\\/logo\\\/image\\\/\"},\"sameAs\":[\"https:\\\/\\\/www.facebook.com\\\/canonsclinics\\\/\",\"https:\\\/\\\/x.com\\\/canonsclinics\",\"https:\\\/\\\/www.instagram.com\\\/canonsclinics\\\/\",\"https:\\\/\\\/www.youtube.com\\\/channel\\\/UCI1Ia6LjALyo1CuQ0_HwtfQ\",\"https:\\\/\\\/www.linkedin.com\\\/company\\\/canons-clinics\\\/\"]}]}<\/script>\n<!-- \/ Yoast SEO Premium plugin. -->","yoast_head_json":{"title":"ESPECIALITATS M\u00c8DIQUES I PROFESSIONALS DE LA SALUT - Cl\u00ednica C\u00e0nons | Cirurgia i Medicina Estetica a Barcelona, \u200b\u200bGranollers","robots":{"index":"index","follow":"follow","max-snippet":"max-snippet:-1","max-image-preview":"max-image-preview:large","max-video-preview":"max-video-preview:-1"},"canonical":"https:\/\/www.canons.es\/especialidades-medicas-y-profesionales-de-la-salud\/","og_locale":"ca_ES","og_type":"article","og_title":"ESPECIALITATS M\u00c8DIQUES I PROFESSIONALS DE LA SALUT","og_description":"[vc_row css_animation=&#8221;&#8221; row_type=&#8221;row&#8221; use_row_as_full_screen_section=&#8221;no&#8221; type=&#8221;full_width&#8221; angled_section=&#8221;no&#8221; text_align=&#8221;left&#8221; background_image_as_pattern=&#8221;without_pattern&#8221;][vc_column][vc_empty_space height=&#8221;10px&#8221;][vc_empty_space height=&#8221;40px&#8221;][\/vc_column][\/vc_row][vc_row css_animation=&#8221;&#8221; row_type=&#8221;row&#8221; use_row_as_full_screen_section=&#8221;no&#8221; type=&#8221;full_width&#8221; angled_section=&#8221;no&#8221; text_align=&#8221;left&#8221; background_image_as_pattern=&#8221;without_pattern&#8221;][vc_column width=&#8221;1\/2&#8243;][vc_single_image image=&#8221;13439&#8243; img_size=&#8221;full&#8221; alignment=&#8221;center&#8221; qode_css_animation=&#8221;&#8221;][vc_empty_space height=&#8221;40px&#8221;][\/vc_column][vc_column width=&#8221;1\/2&#8243;][vc_column_text]En Canons Clinics seguim creixent i estem oberts a altres especialitats m\u00e8diques i de salut per cobrir les necessitats dels nostres pacients,...","og_url":"https:\/\/www.canons.es\/especialidades-medicas-y-profesionales-de-la-salud\/","og_site_name":"Cl\u00ednica C\u00e0nons | Cirurgia i Medicina Estetica a Barcelona, \u200b\u200bGranollers","article_publisher":"https:\/\/www.facebook.com\/canonsclinics\/","article_modified_time":"2019-04-10T07:45:12+00:00","twitter_card":"summary_large_image","twitter_site":"@canonsclinics","twitter_misc":{"Temps estimat de lectura":"4 minuts"},"schema":{"@context":"https:\/\/schema.org","@graph":[{"@type":"WebPage","@id":"https:\/\/www.canons.es\/especialidades-medicas-y-profesionales-de-la-salud\/","url":"https:\/\/www.canons.es\/especialidades-medicas-y-profesionales-de-la-salud\/","name":"ESPECIALITATS M\u00c8DIQUES I PROFESSIONALS DE LA SALUT - Cl\u00ednica C\u00e0nons | Cirurgia i Medicina Estetica a Barcelona, \u200b\u200bGranollers","isPartOf":{"@id":"https:\/\/www.canons.es\/#website"},"datePublished":"2018-05-24T10:27:01+00:00","dateModified":"2019-04-10T07:45:12+00:00","breadcrumb":{"@id":"https:\/\/www.canons.es\/especialidades-medicas-y-profesionales-de-la-salud\/#breadcrumb"},"inLanguage":"ca","potentialAction":[{"@type":"ReadAction","target":["https:\/\/www.canons.es\/especialidades-medicas-y-profesionales-de-la-salud\/"]}]},{"@type":"BreadcrumbList","@id":"https:\/\/www.canons.es\/especialidades-medicas-y-profesionales-de-la-salud\/#breadcrumb","itemListElement":[{"@type":"ListItem","position":1,"name":"Portada","item":"https:\/\/www.canons.es\/ca\/"},{"@type":"ListItem","position":2,"name":"ESPECIALITATS M\u00c8DIQUES I PROFESSIONALS DE LA SALUT"}]},{"@type":"WebSite","@id":"https:\/\/www.canons.es\/#website","url":"https:\/\/www.canons.es\/","name":"Cirug\u00eda Pl\u00e1stica y Est\u00e9tica Barcelona y Granollers | C\u00e0nons Clinics","description":"","publisher":{"@id":"https:\/\/www.canons.es\/#organization"},"potentialAction":[{"@type":"SearchAction","target":{"@type":"EntryPoint","urlTemplate":"https:\/\/www.canons.es\/?s={search_term_string}"},"query-input":{"@type":"PropertyValueSpecification","valueRequired":true,"valueName":"search_term_string"}}],"inLanguage":"ca"},{"@type":"Organization","@id":"https:\/\/www.canons.es\/#organization","name":"Cirug\u00eda Pl\u00e1stica y Est\u00e9tica Barcelona y Granollers | C\u00e0nons Clinics","url":"https:\/\/www.canons.es\/","logo":{"@type":"ImageObject","inLanguage":"ca","@id":"https:\/\/www.canons.es\/#\/schema\/logo\/image\/","url":"https:\/\/www.canons.es\/wp-content\/uploads\/2025\/04\/logo-canons-clinics.jpg","contentUrl":"https:\/\/www.canons.es\/wp-content\/uploads\/2025\/04\/logo-canons-clinics.jpg","width":600,"height":139,"caption":"Cirug\u00eda Pl\u00e1stica y Est\u00e9tica Barcelona y Granollers | C\u00e0nons Clinics"},"image":{"@id":"https:\/\/www.canons.es\/#\/schema\/logo\/image\/"},"sameAs":["https:\/\/www.facebook.com\/canonsclinics\/","https:\/\/x.com\/canonsclinics","https:\/\/www.instagram.com\/canonsclinics\/","https:\/\/www.youtube.com\/channel\/UCI1Ia6LjALyo1CuQ0_HwtfQ","https:\/\/www.linkedin.com\/company\/canons-clinics\/"]}]}},"_links":{"self":[{"href":"https:\/\/www.canons.es\/ca\/wp-json\/wp\/v2\/pages\/13397","targetHints":{"allow":["GET"]}}],"collection":[{"href":"https:\/\/www.canons.es\/ca\/wp-json\/wp\/v2\/pages"}],"about":[{"href":"https:\/\/www.canons.es\/ca\/wp-json\/wp\/v2\/types\/page"}],"author":[{"embeddable":true,"href":"https:\/\/www.canons.es\/ca\/wp-json\/wp\/v2\/users\/25"}],"replies":[{"embeddable":true,"href":"https:\/\/www.canons.es\/ca\/wp-json\/wp\/v2\/comments?post=13397"}],"version-history":[{"count":0,"href":"https:\/\/www.canons.es\/ca\/wp-json\/wp\/v2\/pages\/13397\/revisions"}],"wp:attachment":[{"href":"https:\/\/www.canons.es\/ca\/wp-json\/wp\/v2\/media?parent=13397"}],"curies":[{"name":"wp","href":"https:\/\/api.w.org\/{rel}","templated":true}]}}