{"id":12129,"date":"2016-12-23T11:11:31","date_gmt":"2016-12-23T11:11:31","guid":{"rendered":"https:\/\/www.canons.es\/ca\/eliminacion-manchas-lentigos-solares-laser-medico-luz-pulsada\/"},"modified":"2016-12-23T11:15:18","modified_gmt":"2016-12-23T11:15:18","slug":"eliminacion-manchas-lentigos-solares-laser-medico-luz-pulsada","status":"publish","type":"page","link":"https:\/\/www.canons.es\/ca\/medicina-estetica-facial\/eliminacion-manchas-lentigos-solares-laser-medico-luz-pulsada\/","title":{"rendered":"Eliminaci\u00f3n de Manchas y L\u00e9ntigos Solares con L\u00e1ser M\u00e9dico de Luz Pulsada"},"content":{"rendered":"<div class=\"wpb-content-wrapper\"><p>[vc_row section_type=&#8221;full-width&#8221; background_color=&#8221;#f7f7f7&#8243;][vc_column][vc_empty_space height=&#8221;40px&#8221;][vc_row_inner][vc_column_inner width=&#8221;1\/2&#8243;][vc_single_image image=&#8221;8729&#8243; img_link_large=&#8221;&#8221;][\/vc_column_inner][vc_column_inner width=&#8221;1\/2&#8243;][vc_column_text]<\/p>\n<p style=\"text-align: justify;\">A les nostres cl\u00edniques de\u00a0Cirurgia i Medicina Est\u00e8tica t\u2019oferim els\u00a0<strong>tractaments despigmentants\u00a0definitius<\/strong> per eliminar les\u00a0taques i lentigens solars de la pell.<\/p>\n<p style=\"text-align: justify;\">Es tracta de les ter\u00e0pies m\u00e9s efectives per eliminar les taques i lent\u00edgens solars de la zona facial, del coll i de l&#8217;escot, alhora que rejoveneix i il\u00b7lumina la zona.<\/p>\n<p>[\/vc_column_text][\/vc_column_inner][\/vc_row_inner][\/vc_column][\/vc_row][vc_row section_type=&#8221;full-width&#8221;][vc_column][vc_empty_space][vc_accordion][vc_accordion_tab title=&#8221;En qu\u00e8 consisteix el L\u00e0ser M\u00e8dic de Llum Polsada per a l\u2019eliminaci\u00f3 de taques?&#8221;][vc_column_text]<\/p>\n<p style=\"text-align: justify;\">En aquest tractament de Medicina Est\u00e8tica Facial actua una efica\u00e7 energia que penetra en el nivell de la pell on es troba la melanina. D\u2019aquesta manera, <strong>millora enormement el fotoenvelliment cutani i l\u2019aspecte de les pells danyades a causa de l\u2019exposici\u00f3 solar.\u00a0<\/strong><\/p>\n<p>[\/vc_column_text][\/vc_accordion_tab][vc_accordion_tab title=&#8221;Per qu\u00e8 apareixen les taques solars a la pell?&#8221;][vc_column_text]<\/p>\n<ul>\n<li><strong>Exposici\u00f3 excessiva a les radiacions solars<\/strong><\/li>\n<li>La <strong>gen\u00e8tica<\/strong> individual<\/li>\n<li>L\u2019<strong>edat biol\u00f2gica<\/strong><\/li>\n<li>Els <strong>canvis hormonals<\/strong><\/li>\n<li>L\u2019\u00fas de <strong>medicaments<\/strong><\/li>\n<li>L\u2019aplicaci\u00f3 de <strong>perfums o cosm\u00e8tics<\/strong> no adequats<\/li>\n<\/ul>\n<p>[\/vc_column_text][\/vc_accordion_tab][vc_accordion_tab title=&#8221;Quins s\u00f3n els beneficis del L\u00e0ser M\u00e8dic per a l\u2019eliminaci\u00f3 de taques a la pell?&#8221;][vc_column_text]<\/p>\n<ul>\n<li style=\"text-align: justify;\">S\u2019<strong>eliminaran les taques pigmentadas<\/strong> cut\u00e0nies i els lentigens solars.<\/li>\n<li style=\"text-align: justify;\"><strong>Millorar\u00e0s visiblement la qualitat cut\u00e0nia de les zones tractades<\/strong> ja que aporta regeneraci\u00f3 cut\u00e0nia i lluminositat.<\/li>\n<li style=\"text-align: justify;\"><strong>Rejovenir\u00e0s el teu aspecte.<\/strong><\/li>\n<\/ul>\n<p>[\/vc_column_text][\/vc_accordion_tab][vc_accordion_tab title=&#8221;En quins casos est\u00e0 indicat el tractament de medicina est\u00e8tica?&#8221;][vc_column_text]<\/p>\n<p style=\"text-align: justify;\">\u00c9s apte tant per a homes com per a dones que vulguin <strong>donar un aspecte m\u00e9s juvenil a la seva pell, eliminant les taques i lentigens solars<\/strong> que apareixen a la nostra pell, ja sigui per factors biol\u00f2gics com per l\u2019exposici\u00f3 al sol.<\/p>\n<p>[\/vc_column_text][\/vc_accordion_tab][vc_accordion_tab title=&#8221;Podr\u00e9 veure alguna simulaci\u00f3 en 3D abans del tractament despigmentant?&#8221;][vc_column_text]<\/p>\n<p style=\"text-align: justify;\">A les nostres cl\u00edniques de Medicina Est\u00e8tica C\u00e0nons Clinics oferim als nostres clients la <strong>possibilitat que vegin quins seran els resultats dels nostres tractaments de bellesa en 3-D amb el programa E-Stetix.<\/strong><\/p>\n<p style=\"text-align: justify;\">Amb aquest sistema podr\u00e0s fer-te una idea, sempre aproximada, dels resultats, ja que intervenen gran varietat de factors.<\/p>\n<p>[\/vc_column_text][\/vc_accordion_tab][vc_accordion_tab title=&#8221;Quantes sessins em faran falta?&#8221;][vc_column_text]Normalment s\u2019aconsellen<strong> entre 2 i 3 sessions mensuals o bimensuals<\/strong>, depenent dels resultats desitjats.<\/p>\n<p>Posteriorment, et recomanarem una sessi\u00f3 anual de manteniment a nivell de prevenci\u00f3.[\/vc_column_text][\/vc_accordion_tab][vc_accordion_tab title=&#8221;En quines \u00e8poques s&#8217;indica el L\u00e0ser M\u00e8dic d\u2019Eliminaci\u00f3 de Taques?&#8221;][vc_column_text]<\/p>\n<p style=\"text-align: justify;\">Pot realitzar-se en qualsevol \u00e8poca de l\u2019any, sempre que es tingui especial <strong>precauci\u00f3 amb les radiacions solars<\/strong>, aplicant-te protectors solars amb pantalla total.<\/p>\n<p>[\/vc_column_text][\/vc_accordion_tab][vc_accordion_tab title=&#8221;Qu\u00e8 et recomanarem abans de cada sessi\u00f3?&#8221;][vc_column_text]<\/p>\n<p style=\"text-align: justify;\">DosDues setmanes abans de realitzar qualsevol tractament despigmentant has d\u2019<strong>evitar exposar-te a les radiacions solars o bronzejar-te amb ultraviolades<\/strong>. Paral\u00b7lelament, <strong>haur\u00e0s de seguir les pautes recomanades pel teu metge pel que fa a productes despigmentants espec\u00edfics al teu tipus de pell.<\/strong><\/p>\n<p>[\/vc_column_text][\/vc_accordion_tab][vc_accordion_tab title=&#8221;Qu\u00e8 et recomanarem despr\u00e9s de cada sessi\u00f3?&#8221;][vc_column_text]<\/p>\n<p style=\"text-align: justify;\"><strong>Evita exposar-te a les radiacions solars<\/strong> o bronzejar-te amb ultraviolades, com a m\u00ednim, durant els primers 45 dies posteriors a la sessi\u00f3. Tamb\u00e9, haur\u00e0s de seguir un<strong> tractament despigmentant a casa<\/strong> i regeneradors epid\u00e8rmics.<\/p>\n<p style=\"text-align: justify;\">No oblidem que aquesta nova plataforma Excel HR d Cutera \u00e9s fins i tot <strong>per a\u00a0pells de color<\/strong>, molt habituals al mercat anglosax\u00f3, i broceadas.<\/p>\n<p>[\/vc_column_text][\/vc_accordion_tab][vc_accordion_tab title=&#8221;Podr\u00e9 combinar-ho amb altres ter\u00e0pies facials?&#8221;][vc_column_text]<\/p>\n<p style=\"text-align: justify;\"><strong>Pot combinar-se amb qualsevol altre tractament<\/strong> de Medicina Est\u00e8tica Facial, sempre seguint les recomanacions pautades pels nostres metges.<\/p>\n<p>[\/vc_column_text][\/vc_accordion_tab][\/vc_accordion][\/vc_column][\/vc_row]<\/p>\n<\/div><!-- AddThis Advanced Settings generic via filter on the_content --><!-- AddThis Share Buttons generic via filter on the_content -->","protected":false},"excerpt":{"rendered":"<p>[vc_row section_type=&#8221;full-width&#8221; background_color=&#8221;#f7f7f7&#8243;][vc_column][vc_empty_space height=&#8221;40px&#8221;][vc_row_inner][vc_column_inner width=&#8221;1\/2&#8243;][vc_single_image image=&#8221;8729&#8243; img_link_large=&#8221;&#8221;][\/vc_column_inner][vc_column_inner width=&#8221;1\/2&#8243;][vc_column_text] A les nostres cl\u00edniques de\u00a0Cirurgia i Medicina Est\u00e8tica t\u2019oferim els\u00a0tractaments despigmentants\u00a0definitius per eliminar les\u00a0taques i lentigens solars de la pell. Es tracta de les ter\u00e0pies m\u00e9s efectives per eliminar les taques i lent\u00edgens solars de la zona&#8230;<!-- AddThis Advanced Settings generic via filter on get_the_excerpt --><!-- AddThis Share Buttons generic via filter on get_the_excerpt --><\/p>\n","protected":false},"author":25,"featured_media":0,"parent":9094,"menu_order":0,"comment_status":"closed","ping_status":"closed","template":"","meta":{"footnotes":""},"class_list":["post-12129","page","type-page","status-publish","hentry"],"yoast_head":"<!-- This site is optimized with the Yoast SEO Premium plugin v26.9 (Yoast SEO v27.4) - https:\/\/yoast.com\/product\/yoast-seo-premium-wordpress\/ -->\n<title>Eliminaci\u00f3n de Manchas y L\u00e9ntigos Solares con L\u00e1ser M\u00e9dico de Luz Pulsada - Cl\u00ednica C\u00e0nons | Cirurgia i Medicina Estetica a Barcelona, \u200b\u200bGranollers<\/title>\n<meta name=\"robots\" content=\"index, follow, max-snippet:-1, max-image-preview:large, max-video-preview:-1\" \/>\n<link rel=\"canonical\" href=\"https:\/\/www.canons.es\/medicina-estetica-facial-2\/eliminacion-manchas-lentigos-solares-laser-medico-luz-pulsada\/\" \/>\n<meta property=\"og:locale\" content=\"ca_ES\" \/>\n<meta property=\"og:type\" content=\"article\" \/>\n<meta property=\"og:title\" content=\"Eliminaci\u00f3n de Manchas y L\u00e9ntigos Solares con L\u00e1ser M\u00e9dico de Luz Pulsada\" \/>\n<meta property=\"og:description\" content=\"[vc_row section_type=&#8221;full-width&#8221; background_color=&#8221;#f7f7f7&#8243;][vc_column][vc_empty_space height=&#8221;40px&#8221;][vc_row_inner][vc_column_inner width=&#8221;1\/2&#8243;][vc_single_image image=&#8221;8729&#8243; img_link_large=&#8221;&#8221;][\/vc_column_inner][vc_column_inner width=&#8221;1\/2&#8243;][vc_column_text] A les nostres cl\u00edniques de\u00a0Cirurgia i Medicina Est\u00e8tica t\u2019oferim els\u00a0tractaments despigmentants\u00a0definitius per eliminar les\u00a0taques i lentigens solars de la pell. Es tracta de les ter\u00e0pies m\u00e9s efectives per eliminar les taques i lent\u00edgens solars de la zona...\" \/>\n<meta property=\"og:url\" content=\"https:\/\/www.canons.es\/medicina-estetica-facial-2\/eliminacion-manchas-lentigos-solares-laser-medico-luz-pulsada\/\" \/>\n<meta property=\"og:site_name\" content=\"Cl\u00ednica C\u00e0nons | Cirurgia i Medicina Estetica a Barcelona, \u200b\u200bGranollers\" \/>\n<meta property=\"article:publisher\" content=\"https:\/\/www.facebook.com\/canonsclinics\/\" \/>\n<meta property=\"article:modified_time\" content=\"2016-12-23T11:15:18+00:00\" \/>\n<meta name=\"twitter:card\" content=\"summary_large_image\" \/>\n<meta name=\"twitter:site\" content=\"@canonsclinics\" \/>\n<meta name=\"twitter:label1\" content=\"Temps estimat de lectura\" \/>\n\t<meta name=\"twitter:data1\" content=\"4 minuts\" \/>\n<script type=\"application\/ld+json\" class=\"yoast-schema-graph\">{\"@context\":\"https:\\\/\\\/schema.org\",\"@graph\":[{\"@type\":\"WebPage\",\"@id\":\"https:\\\/\\\/www.canons.es\\\/medicina-estetica-facial-2\\\/eliminacion-manchas-lentigos-solares-laser-medico-luz-pulsada\\\/\",\"url\":\"https:\\\/\\\/www.canons.es\\\/medicina-estetica-facial-2\\\/eliminacion-manchas-lentigos-solares-laser-medico-luz-pulsada\\\/\",\"name\":\"Eliminaci\u00f3n de Manchas y L\u00e9ntigos Solares con L\u00e1ser M\u00e9dico de Luz Pulsada - Cl\u00ednica C\u00e0nons | Cirurgia i Medicina Estetica a Barcelona, \u200b\u200bGranollers\",\"isPartOf\":{\"@id\":\"https:\\\/\\\/www.canons.es\\\/#website\"},\"datePublished\":\"2016-12-23T11:11:31+00:00\",\"dateModified\":\"2016-12-23T11:15:18+00:00\",\"breadcrumb\":{\"@id\":\"https:\\\/\\\/www.canons.es\\\/medicina-estetica-facial-2\\\/eliminacion-manchas-lentigos-solares-laser-medico-luz-pulsada\\\/#breadcrumb\"},\"inLanguage\":\"ca\",\"potentialAction\":[{\"@type\":\"ReadAction\",\"target\":[\"https:\\\/\\\/www.canons.es\\\/medicina-estetica-facial-2\\\/eliminacion-manchas-lentigos-solares-laser-medico-luz-pulsada\\\/\"]}]},{\"@type\":\"BreadcrumbList\",\"@id\":\"https:\\\/\\\/www.canons.es\\\/medicina-estetica-facial-2\\\/eliminacion-manchas-lentigos-solares-laser-medico-luz-pulsada\\\/#breadcrumb\",\"itemListElement\":[{\"@type\":\"ListItem\",\"position\":1,\"name\":\"Portada\",\"item\":\"https:\\\/\\\/www.canons.es\\\/ca\\\/\"},{\"@type\":\"ListItem\",\"position\":2,\"name\":\"MEDICINA EST\u00c8TICA FACIAL\",\"item\":\"https:\\\/\\\/www.canons.es\\\/ca\\\/medicina-estetica-facial\\\/\"},{\"@type\":\"ListItem\",\"position\":3,\"name\":\"Eliminaci\u00f3n de Manchas y L\u00e9ntigos Solares con L\u00e1ser M\u00e9dico de Luz Pulsada\"}]},{\"@type\":\"WebSite\",\"@id\":\"https:\\\/\\\/www.canons.es\\\/#website\",\"url\":\"https:\\\/\\\/www.canons.es\\\/\",\"name\":\"Cirug\u00eda Pl\u00e1stica y Est\u00e9tica Barcelona y Granollers | C\u00e0nons Clinics\",\"description\":\"\",\"publisher\":{\"@id\":\"https:\\\/\\\/www.canons.es\\\/#organization\"},\"potentialAction\":[{\"@type\":\"SearchAction\",\"target\":{\"@type\":\"EntryPoint\",\"urlTemplate\":\"https:\\\/\\\/www.canons.es\\\/?s={search_term_string}\"},\"query-input\":{\"@type\":\"PropertyValueSpecification\",\"valueRequired\":true,\"valueName\":\"search_term_string\"}}],\"inLanguage\":\"ca\"},{\"@type\":\"Organization\",\"@id\":\"https:\\\/\\\/www.canons.es\\\/#organization\",\"name\":\"Cirug\u00eda Pl\u00e1stica y Est\u00e9tica Barcelona y Granollers | C\u00e0nons Clinics\",\"url\":\"https:\\\/\\\/www.canons.es\\\/\",\"logo\":{\"@type\":\"ImageObject\",\"inLanguage\":\"ca\",\"@id\":\"https:\\\/\\\/www.canons.es\\\/#\\\/schema\\\/logo\\\/image\\\/\",\"url\":\"https:\\\/\\\/www.canons.es\\\/wp-content\\\/uploads\\\/2025\\\/04\\\/logo-canons-clinics.jpg\",\"contentUrl\":\"https:\\\/\\\/www.canons.es\\\/wp-content\\\/uploads\\\/2025\\\/04\\\/logo-canons-clinics.jpg\",\"width\":600,\"height\":139,\"caption\":\"Cirug\u00eda Pl\u00e1stica y Est\u00e9tica Barcelona y Granollers | C\u00e0nons Clinics\"},\"image\":{\"@id\":\"https:\\\/\\\/www.canons.es\\\/#\\\/schema\\\/logo\\\/image\\\/\"},\"sameAs\":[\"https:\\\/\\\/www.facebook.com\\\/canonsclinics\\\/\",\"https:\\\/\\\/x.com\\\/canonsclinics\",\"https:\\\/\\\/www.instagram.com\\\/canonsclinics\\\/\",\"https:\\\/\\\/www.youtube.com\\\/channel\\\/UCI1Ia6LjALyo1CuQ0_HwtfQ\",\"https:\\\/\\\/www.linkedin.com\\\/company\\\/canons-clinics\\\/\"]}]}<\/script>\n<!-- \/ Yoast SEO Premium plugin. -->","yoast_head_json":{"title":"Eliminaci\u00f3n de Manchas y L\u00e9ntigos Solares con L\u00e1ser M\u00e9dico de Luz Pulsada - Cl\u00ednica C\u00e0nons | Cirurgia i Medicina Estetica a Barcelona, \u200b\u200bGranollers","robots":{"index":"index","follow":"follow","max-snippet":"max-snippet:-1","max-image-preview":"max-image-preview:large","max-video-preview":"max-video-preview:-1"},"canonical":"https:\/\/www.canons.es\/medicina-estetica-facial-2\/eliminacion-manchas-lentigos-solares-laser-medico-luz-pulsada\/","og_locale":"ca_ES","og_type":"article","og_title":"Eliminaci\u00f3n de Manchas y L\u00e9ntigos Solares con L\u00e1ser M\u00e9dico de Luz Pulsada","og_description":"[vc_row section_type=&#8221;full-width&#8221; background_color=&#8221;#f7f7f7&#8243;][vc_column][vc_empty_space height=&#8221;40px&#8221;][vc_row_inner][vc_column_inner width=&#8221;1\/2&#8243;][vc_single_image image=&#8221;8729&#8243; img_link_large=&#8221;&#8221;][\/vc_column_inner][vc_column_inner width=&#8221;1\/2&#8243;][vc_column_text] A les nostres cl\u00edniques de\u00a0Cirurgia i Medicina Est\u00e8tica t\u2019oferim els\u00a0tractaments despigmentants\u00a0definitius per eliminar les\u00a0taques i lentigens solars de la pell. Es tracta de les ter\u00e0pies m\u00e9s efectives per eliminar les taques i lent\u00edgens solars de la zona...","og_url":"https:\/\/www.canons.es\/medicina-estetica-facial-2\/eliminacion-manchas-lentigos-solares-laser-medico-luz-pulsada\/","og_site_name":"Cl\u00ednica C\u00e0nons | Cirurgia i Medicina Estetica a Barcelona, \u200b\u200bGranollers","article_publisher":"https:\/\/www.facebook.com\/canonsclinics\/","article_modified_time":"2016-12-23T11:15:18+00:00","twitter_card":"summary_large_image","twitter_site":"@canonsclinics","twitter_misc":{"Temps estimat de lectura":"4 minuts"},"schema":{"@context":"https:\/\/schema.org","@graph":[{"@type":"WebPage","@id":"https:\/\/www.canons.es\/medicina-estetica-facial-2\/eliminacion-manchas-lentigos-solares-laser-medico-luz-pulsada\/","url":"https:\/\/www.canons.es\/medicina-estetica-facial-2\/eliminacion-manchas-lentigos-solares-laser-medico-luz-pulsada\/","name":"Eliminaci\u00f3n de Manchas y L\u00e9ntigos Solares con L\u00e1ser M\u00e9dico de Luz Pulsada - Cl\u00ednica C\u00e0nons | Cirurgia i Medicina Estetica a Barcelona, \u200b\u200bGranollers","isPartOf":{"@id":"https:\/\/www.canons.es\/#website"},"datePublished":"2016-12-23T11:11:31+00:00","dateModified":"2016-12-23T11:15:18+00:00","breadcrumb":{"@id":"https:\/\/www.canons.es\/medicina-estetica-facial-2\/eliminacion-manchas-lentigos-solares-laser-medico-luz-pulsada\/#breadcrumb"},"inLanguage":"ca","potentialAction":[{"@type":"ReadAction","target":["https:\/\/www.canons.es\/medicina-estetica-facial-2\/eliminacion-manchas-lentigos-solares-laser-medico-luz-pulsada\/"]}]},{"@type":"BreadcrumbList","@id":"https:\/\/www.canons.es\/medicina-estetica-facial-2\/eliminacion-manchas-lentigos-solares-laser-medico-luz-pulsada\/#breadcrumb","itemListElement":[{"@type":"ListItem","position":1,"name":"Portada","item":"https:\/\/www.canons.es\/ca\/"},{"@type":"ListItem","position":2,"name":"MEDICINA EST\u00c8TICA FACIAL","item":"https:\/\/www.canons.es\/ca\/medicina-estetica-facial\/"},{"@type":"ListItem","position":3,"name":"Eliminaci\u00f3n de Manchas y L\u00e9ntigos Solares con L\u00e1ser M\u00e9dico de Luz Pulsada"}]},{"@type":"WebSite","@id":"https:\/\/www.canons.es\/#website","url":"https:\/\/www.canons.es\/","name":"Cirug\u00eda Pl\u00e1stica y Est\u00e9tica Barcelona y Granollers | C\u00e0nons Clinics","description":"","publisher":{"@id":"https:\/\/www.canons.es\/#organization"},"potentialAction":[{"@type":"SearchAction","target":{"@type":"EntryPoint","urlTemplate":"https:\/\/www.canons.es\/?s={search_term_string}"},"query-input":{"@type":"PropertyValueSpecification","valueRequired":true,"valueName":"search_term_string"}}],"inLanguage":"ca"},{"@type":"Organization","@id":"https:\/\/www.canons.es\/#organization","name":"Cirug\u00eda Pl\u00e1stica y Est\u00e9tica Barcelona y Granollers | C\u00e0nons Clinics","url":"https:\/\/www.canons.es\/","logo":{"@type":"ImageObject","inLanguage":"ca","@id":"https:\/\/www.canons.es\/#\/schema\/logo\/image\/","url":"https:\/\/www.canons.es\/wp-content\/uploads\/2025\/04\/logo-canons-clinics.jpg","contentUrl":"https:\/\/www.canons.es\/wp-content\/uploads\/2025\/04\/logo-canons-clinics.jpg","width":600,"height":139,"caption":"Cirug\u00eda Pl\u00e1stica y Est\u00e9tica Barcelona y Granollers | C\u00e0nons Clinics"},"image":{"@id":"https:\/\/www.canons.es\/#\/schema\/logo\/image\/"},"sameAs":["https:\/\/www.facebook.com\/canonsclinics\/","https:\/\/x.com\/canonsclinics","https:\/\/www.instagram.com\/canonsclinics\/","https:\/\/www.youtube.com\/channel\/UCI1Ia6LjALyo1CuQ0_HwtfQ","https:\/\/www.linkedin.com\/company\/canons-clinics\/"]}]}},"_links":{"self":[{"href":"https:\/\/www.canons.es\/ca\/wp-json\/wp\/v2\/pages\/12129","targetHints":{"allow":["GET"]}}],"collection":[{"href":"https:\/\/www.canons.es\/ca\/wp-json\/wp\/v2\/pages"}],"about":[{"href":"https:\/\/www.canons.es\/ca\/wp-json\/wp\/v2\/types\/page"}],"author":[{"embeddable":true,"href":"https:\/\/www.canons.es\/ca\/wp-json\/wp\/v2\/users\/25"}],"replies":[{"embeddable":true,"href":"https:\/\/www.canons.es\/ca\/wp-json\/wp\/v2\/comments?post=12129"}],"version-history":[{"count":0,"href":"https:\/\/www.canons.es\/ca\/wp-json\/wp\/v2\/pages\/12129\/revisions"}],"up":[{"embeddable":true,"href":"https:\/\/www.canons.es\/ca\/wp-json\/wp\/v2\/pages\/9094"}],"wp:attachment":[{"href":"https:\/\/www.canons.es\/ca\/wp-json\/wp\/v2\/media?parent=12129"}],"curies":[{"name":"wp","href":"https:\/\/api.w.org\/{rel}","templated":true}]}}