{"id":11595,"date":"2016-05-11T10:57:48","date_gmt":"2016-05-11T10:57:48","guid":{"rendered":"https:\/\/www.canons.es\/ca\/laser-miradry-hiperhidrosi-axilar\/"},"modified":"2019-12-11T16:21:37","modified_gmt":"2019-12-11T16:21:37","slug":"laser-hiperhidrosi-axilar","status":"publish","type":"page","link":"https:\/\/www.canons.es\/ca\/unitat-laser\/laser-hiperhidrosi-axilar\/","title":{"rendered":"L\u00e1ser Hiperhidrosi Axilar"},"content":{"rendered":"<div class=\"wpb-content-wrapper\"><p>[vc_row css_animation=&#8221;&#8221; row_type=&#8221;row&#8221; use_row_as_full_screen_section=&#8221;no&#8221; type=&#8221;full_width&#8221; angled_section=&#8221;no&#8221; text_align=&#8221;left&#8221; background_image_as_pattern=&#8221;without_pattern&#8221; background_color=&#8221;#f7f7f7&#8243;][vc_column][vc_empty_space height=&#8221;20px&#8221;]<div class=\"custom_font_holder\" style=\"font-family: Raleway; font-size: 35px; line-height: 26px; font-style: normal; font-weight: 300; color: #1e70b3; text-decoration: none; text-align: left;\">L\u00c0SER HIPERHIDROSI AXILAR<\/div>[vc_empty_space height=&#8221;40px&#8221;][vc_row_inner row_type=&#8221;row&#8221; type=&#8221;full_width&#8221; text_align=&#8221;left&#8221; css_animation=&#8221;&#8221;][vc_column_inner width=&#8221;1\/2&#8243;][vc_single_image image=&#8221;11582&#8243; img_size=&#8221;full&#8221; alignment=&#8221;center&#8221; qode_css_animation=&#8221;&#8221;][vc_empty_space height=&#8221;40px&#8221;][\/vc_column_inner][vc_column_inner width=&#8221;1\/2&#8243;][vc_column_text]<\/p>\n<p style=\"text-align: justify;\">La sudoraci\u00f3 ens ajuda a regular la temperatura corporal. Per\u00f2 hi ha persones que pateixen d&#8217;exc\u00e9s de sudoraci\u00f3 i s\u00f3n diagnosticades de hiperhidrosis, que consisteix en una alteraci\u00f3 cr\u00f2nica del sistema nervi\u00f3s simp\u00e0tic que produeix un exc\u00e9s de sudoraci\u00f3 i limita el dia a dia de les persones que ho pateixen condicionant les activitats de la vida di\u00e0ria principalment a nivell psicosocial.<strong> Les zones amb m\u00e9s freq\u00fc\u00e8ncia afectades de hiperhidrosis s\u00f3n el palmell de les mans, la planta dels peus i les aixelles.<\/strong><\/p>\n<p>El l\u00e0ser per a la hiperdrosi corporal\u00a0\u00e9s la <strong>soluci\u00f3 l\u00e0ser definitiva ambulatoria per reduir significativament solament l&#8217;excessiva sudoraci\u00f3 de les aixelles<\/strong>, ja que provoca una atr\u00f2fia estructural de les gl\u00e0ndules sudor\u00edparas evitant la seva regeneraci\u00f3.[\/vc_column_text][\/vc_column_inner][\/vc_row_inner][\/vc_column][\/vc_row][vc_row css_animation=&#8221;&#8221; row_type=&#8221;row&#8221; use_row_as_full_screen_section=&#8221;no&#8221; type=&#8221;full_width&#8221; angled_section=&#8221;no&#8221; text_align=&#8221;left&#8221; background_image_as_pattern=&#8221;without_pattern&#8221; section_type=&#8221;full-width&#8221;][vc_column][vc_empty_space][vc_accordion style=&#8221;accordion&#8221;][vc_accordion_tab title=&#8221;Qu\u00e8 \u00e9s el l\u00e0ser per la hiperdsudoraci\u00f3 axilar?&#8221;][vc_column_text]<\/p>\n<p style=\"text-align: justify;\">El l\u00e0ser proporciona una <span style=\"color: #6d98dc;\"><strong>soluci\u00f3 segura i r\u00e0pida per reduir significativament la suor de les aixelles<\/strong><\/span> aprovada per la FDA americana i cl\u00ednicament provada.<\/p>\n<p>Diversos estudis cl\u00ednics americans demostren que el l\u00e0ser\u00a0<span style=\"color: #6d98dc;\"><strong>disminueix l&#8217;exc\u00e9s de sudoraci\u00f3 axil\u00b7lar<\/strong><\/span> de manera que les persones tractades resulten altament satisfetes ja que la ter\u00e0pia els proporciona de forma directa un augment de la qualitat de vida personal.[\/vc_column_text][\/vc_accordion_tab][vc_accordion_tab title=&#8221;Qui \u00e9s el candidat ideal?&#8221;][vc_column_text]Podran ser tractats tant homes com a dones <span style=\"color: #6d98dc;\"><strong>diagnosticats de hiperhidrosis axil\u00b7lar<\/strong><\/span> o b\u00e9 sudoraci\u00f3 axil\u00b7lar excessiva que se senten condicionats en la majoria de les seves activitats quotidiana i que els impedeixen actuar amb normalitat a nivell laboral, social, afectiu&#8230;[\/vc_column_text][\/vc_accordion_tab][vc_accordion_tab title=&#8221;Quines zones podr\u00e9 tractar?&#8221;][vc_column_text]<\/p>\n<div id=\"stcpDiv\" style=\"text-align: justify;\">\n<p><span style=\"color: #6d98dc;\"><strong>Nom\u00e9s podr\u00e0 tractar-se la zona axil\u00b7lar<\/strong><\/span>. No es podran tractar altres zones del cos com les mans, els peus, el front o els genolls.<\/p>\n<\/div>\n<p>[\/vc_column_text][\/vc_accordion_tab][vc_accordion_tab title=&#8221;Com actua el l\u00e0ser per a la suor excessiva d&#8217;axil\u00b7les?&#8221;][vc_column_text]<\/p>\n<div id=\"stcpDiv\" style=\"text-align: justify;\">\n<p>Utilitza una <span style=\"color: #6d98dc;\"><strong>tecnologia no invasiva<\/strong><\/span> que emet una energia l\u00e0ser que s&#8217;aplica directament fins a arribar a les estructures de les gl\u00e0ndules sudor\u00edparas axil\u00b7lars, de manera que amb les freq\u00fc\u00e8ncies adequades atr\u00f2fia progressivament les gl\u00e0ndules sudor\u00edparas axil\u00b7lars de forma definitiva i permanent, impedint la secreci\u00f3 de suor. Simult\u00e0niament, aplica un sistema de refrigeraci\u00f3 que protegeix l&#8217;epidermis i la dermis superior evitant aix\u00ed possibles cremades per l&#8217;alta energia aplicada.<\/p>\n<p>En definitiva, <span style=\"color: #6d98dc;\"><strong>les gl\u00e0ndules sudor\u00edparas axil\u00b7lars tractades no tornaran a cr\u00e9ixer de manera que ja no produiran m\u00e9s exc\u00e9s de sudoraci\u00f3<\/strong><\/span>.<\/p>\n<\/div>\n<p>[\/vc_column_text][\/vc_accordion_tab][vc_accordion_tab title=&#8221;Quant dura i amb quina freq\u00fc\u00e8ncia ha d&#8217;efectuar-se la ter\u00e0pia?&#8221;][vc_column_text]<\/p>\n<div id=\"stcpDiv\">\n<p style=\"text-align: justify;\"><span style=\"color: #6d98dc;\"><strong>Es recomanaran 1 o 2 sessions d&#8217;aquest tractament per acabar amb la suor excessiva a les axil\u00b7les<\/strong><\/span>, amb un interval de 6 mesos aproximadament, per maximitzar la qualitat i la durada dels resultats. Cada tractament generalment dura al voltant de 45 minuts, aproximadament.<\/p>\n<\/div>\n<p>[\/vc_column_text][\/vc_accordion_tab][vc_accordion_tab title=&#8221;Quins seran els resultats?&#8221;][vc_column_text]<\/p>\n<div style=\"text-align: justify;\">\n<p>La majoria de les persones tractades <span style=\"color: #6d98dc;\"><strong>reporten una reducci\u00f3 duradora de la suor axil\u00b7lar en la seva primera sessi\u00f3<\/strong><\/span>.<\/p>\n<p>Diversos estudis han demostrat que aconsegueix una <span style=\"color: #6d98dc;\"><strong>reducci\u00f3 mitjana de suor de l&#8217;aixella del 82%<\/strong><\/span>. No obstant aix\u00f2, igual que en qualsevol altre tractament m\u00e8dic, els resultats poden variar depenent de cada persona.<\/p>\n<\/div>\n<p>[\/vc_column_text][\/vc_accordion_tab][vc_accordion_tab title=&#8221;Els efectes s\u00f3n duraders?&#8221;][vc_column_text]S\u00ed, ja que el l\u00e0ser per la Hiperdrosi Axil\u00b7lar\u00a0atrofia les gl\u00e0ndules sudor\u00edparas, de manera que <span style=\"color: #6d98dc;\"><strong>impedeix que les gl\u00e0ndules sudor\u00edparas tornin a cr\u00e9ixer o regenerar-se<\/strong><\/span>, la qual cosa implica una reducci\u00f3 significativa i duradora de la suor axil\u00b7lar.[\/vc_column_text][\/vc_accordion_tab][vc_accordion_tab title=&#8221;T\u00e9 alg\u00fan efecte secundari?&#8221;][vc_column_text]<\/p>\n<p style=\"text-align: justify;\">\u00c9s normal que <span style=\"color: #6d98dc;\"><strong>durant les primeres hores post-ter\u00e0pia aparegui algun dolor o inflor localitzat<\/strong><\/span> que, en general, desapareix en poques setmanes. Algunes persones poden experimentar una lleu alteraci\u00f3 de la sensibilitat o formigueig temporal en petites \u00e0rees de la pell tractada o part superior del bra\u00e7, que desapareixer\u00e0 gradualment.<\/p>\n<p>[\/vc_column_text][\/vc_accordion_tab][vc_accordion_tab title=&#8221;Com ser\u00e0 la tornada a la normalitat?&#8221;][vc_column_text]<\/p>\n<p style=\"text-align: justify;\">La<span style=\"color: #6d98dc;\"><strong> incorporaci\u00f3 a les activitats de la vida di\u00e0ria \u00e9s immediata<\/strong><\/span>. Com a molt el doctor et recomanar\u00e0 un antiinflamatorio i analg\u00e9sico per evitar possibles mol\u00e8sties alhora, que et recomanar\u00e0 aplicar fred local durant les 24 hores posteriors a la ter\u00e0pia.<\/p>\n<p>[\/vc_column_text][\/vc_accordion_tab][\/vc_accordion][\/vc_column][\/vc_row]<\/p>\n<\/div><!-- AddThis Advanced Settings generic via filter on the_content --><!-- AddThis Share Buttons generic via filter on the_content -->","protected":false},"excerpt":{"rendered":"<p>[vc_row css_animation=&#8221;&#8221; row_type=&#8221;row&#8221; use_row_as_full_screen_section=&#8221;no&#8221; type=&#8221;full_width&#8221; angled_section=&#8221;no&#8221; text_align=&#8221;left&#8221; background_image_as_pattern=&#8221;without_pattern&#8221; background_color=&#8221;#f7f7f7&#8243;][vc_column][vc_empty_space height=&#8221;20px&#8221;][vc_empty_space height=&#8221;40px&#8221;][vc_row_inner row_type=&#8221;row&#8221; type=&#8221;full_width&#8221; text_align=&#8221;left&#8221; css_animation=&#8221;&#8221;][vc_column_inner width=&#8221;1\/2&#8243;][vc_single_image image=&#8221;11582&#8243; img_size=&#8221;full&#8221; alignment=&#8221;center&#8221; qode_css_animation=&#8221;&#8221;][vc_empty_space height=&#8221;40px&#8221;][\/vc_column_inner][vc_column_inner width=&#8221;1\/2&#8243;][vc_column_text] La sudoraci\u00f3 ens ajuda a regular la temperatura corporal. Per\u00f2 hi ha persones que pateixen d&#8217;exc\u00e9s de sudoraci\u00f3 i s\u00f3n diagnosticades de hiperhidrosis,&#8230;<!-- AddThis Advanced Settings generic via filter on get_the_excerpt --><!-- AddThis Share Buttons generic via filter on get_the_excerpt --><\/p>\n","protected":false},"author":25,"featured_media":0,"parent":11377,"menu_order":0,"comment_status":"closed","ping_status":"closed","template":"","meta":{"footnotes":""},"class_list":["post-11595","page","type-page","status-publish","hentry"],"yoast_head":"<!-- This site is optimized with the Yoast SEO Premium plugin v26.9 (Yoast SEO v27.4) - https:\/\/yoast.com\/product\/yoast-seo-premium-wordpress\/ -->\n<title>L\u00e1ser Hiperhidrosi Axilar - Cl\u00ednica C\u00e0nons | Cirurgia i Medicina Estetica a Barcelona, \u200b\u200bGranollers<\/title>\n<meta name=\"robots\" content=\"index, follow, max-snippet:-1, max-image-preview:large, max-video-preview:-1\" \/>\n<link rel=\"canonical\" href=\"https:\/\/www.canons.es\/unidad-laser-2\/laser-hiperhidrosi-axilar-2\/\" \/>\n<meta property=\"og:locale\" content=\"ca_ES\" \/>\n<meta property=\"og:type\" content=\"article\" \/>\n<meta property=\"og:title\" content=\"L\u00e1ser Hiperhidrosi Axilar\" \/>\n<meta property=\"og:description\" content=\"[vc_row css_animation=&#8221;&#8221; row_type=&#8221;row&#8221; use_row_as_full_screen_section=&#8221;no&#8221; type=&#8221;full_width&#8221; angled_section=&#8221;no&#8221; text_align=&#8221;left&#8221; background_image_as_pattern=&#8221;without_pattern&#8221; background_color=&#8221;#f7f7f7&#8243;][vc_column][vc_empty_space height=&#8221;20px&#8221;][vc_empty_space height=&#8221;40px&#8221;][vc_row_inner row_type=&#8221;row&#8221; type=&#8221;full_width&#8221; text_align=&#8221;left&#8221; css_animation=&#8221;&#8221;][vc_column_inner width=&#8221;1\/2&#8243;][vc_single_image image=&#8221;11582&#8243; img_size=&#8221;full&#8221; alignment=&#8221;center&#8221; qode_css_animation=&#8221;&#8221;][vc_empty_space height=&#8221;40px&#8221;][\/vc_column_inner][vc_column_inner width=&#8221;1\/2&#8243;][vc_column_text] La sudoraci\u00f3 ens ajuda a regular la temperatura corporal. Per\u00f2 hi ha persones que pateixen d&#8217;exc\u00e9s de sudoraci\u00f3 i s\u00f3n diagnosticades de hiperhidrosis,...\" \/>\n<meta property=\"og:url\" content=\"https:\/\/www.canons.es\/unidad-laser-2\/laser-hiperhidrosi-axilar-2\/\" \/>\n<meta property=\"og:site_name\" content=\"Cl\u00ednica C\u00e0nons | Cirurgia i Medicina Estetica a Barcelona, \u200b\u200bGranollers\" \/>\n<meta property=\"article:publisher\" content=\"https:\/\/www.facebook.com\/canonsclinics\/\" \/>\n<meta property=\"article:modified_time\" content=\"2019-12-11T16:21:37+00:00\" \/>\n<meta name=\"twitter:card\" content=\"summary_large_image\" \/>\n<meta name=\"twitter:site\" content=\"@canonsclinics\" \/>\n<meta name=\"twitter:label1\" content=\"Temps estimat de lectura\" \/>\n\t<meta name=\"twitter:data1\" content=\"5 minuts\" \/>\n<script type=\"application\/ld+json\" class=\"yoast-schema-graph\">{\"@context\":\"https:\\\/\\\/schema.org\",\"@graph\":[{\"@type\":\"WebPage\",\"@id\":\"https:\\\/\\\/www.canons.es\\\/unidad-laser-2\\\/laser-hiperhidrosi-axilar-2\\\/\",\"url\":\"https:\\\/\\\/www.canons.es\\\/unidad-laser-2\\\/laser-hiperhidrosi-axilar-2\\\/\",\"name\":\"L\u00e1ser Hiperhidrosi Axilar - Cl\u00ednica C\u00e0nons | Cirurgia i Medicina Estetica a Barcelona, \u200b\u200bGranollers\",\"isPartOf\":{\"@id\":\"https:\\\/\\\/www.canons.es\\\/#website\"},\"datePublished\":\"2016-05-11T10:57:48+00:00\",\"dateModified\":\"2019-12-11T16:21:37+00:00\",\"breadcrumb\":{\"@id\":\"https:\\\/\\\/www.canons.es\\\/unidad-laser-2\\\/laser-hiperhidrosi-axilar-2\\\/#breadcrumb\"},\"inLanguage\":\"ca\",\"potentialAction\":[{\"@type\":\"ReadAction\",\"target\":[\"https:\\\/\\\/www.canons.es\\\/unidad-laser-2\\\/laser-hiperhidrosi-axilar-2\\\/\"]}]},{\"@type\":\"BreadcrumbList\",\"@id\":\"https:\\\/\\\/www.canons.es\\\/unidad-laser-2\\\/laser-hiperhidrosi-axilar-2\\\/#breadcrumb\",\"itemListElement\":[{\"@type\":\"ListItem\",\"position\":1,\"name\":\"Portada\",\"item\":\"https:\\\/\\\/www.canons.es\\\/ca\\\/\"},{\"@type\":\"ListItem\",\"position\":2,\"name\":\"UNITAT L\u00c0SER\",\"item\":\"https:\\\/\\\/www.canons.es\\\/unidad-laser-2\\\/\"},{\"@type\":\"ListItem\",\"position\":3,\"name\":\"L\u00e1ser Hiperhidrosi Axilar\"}]},{\"@type\":\"WebSite\",\"@id\":\"https:\\\/\\\/www.canons.es\\\/#website\",\"url\":\"https:\\\/\\\/www.canons.es\\\/\",\"name\":\"Cirug\u00eda Pl\u00e1stica y Est\u00e9tica Barcelona y Granollers | C\u00e0nons Clinics\",\"description\":\"\",\"publisher\":{\"@id\":\"https:\\\/\\\/www.canons.es\\\/#organization\"},\"potentialAction\":[{\"@type\":\"SearchAction\",\"target\":{\"@type\":\"EntryPoint\",\"urlTemplate\":\"https:\\\/\\\/www.canons.es\\\/?s={search_term_string}\"},\"query-input\":{\"@type\":\"PropertyValueSpecification\",\"valueRequired\":true,\"valueName\":\"search_term_string\"}}],\"inLanguage\":\"ca\"},{\"@type\":\"Organization\",\"@id\":\"https:\\\/\\\/www.canons.es\\\/#organization\",\"name\":\"Cirug\u00eda Pl\u00e1stica y Est\u00e9tica Barcelona y Granollers | C\u00e0nons Clinics\",\"url\":\"https:\\\/\\\/www.canons.es\\\/\",\"logo\":{\"@type\":\"ImageObject\",\"inLanguage\":\"ca\",\"@id\":\"https:\\\/\\\/www.canons.es\\\/#\\\/schema\\\/logo\\\/image\\\/\",\"url\":\"https:\\\/\\\/www.canons.es\\\/wp-content\\\/uploads\\\/2025\\\/04\\\/logo-canons-clinics.jpg\",\"contentUrl\":\"https:\\\/\\\/www.canons.es\\\/wp-content\\\/uploads\\\/2025\\\/04\\\/logo-canons-clinics.jpg\",\"width\":600,\"height\":139,\"caption\":\"Cirug\u00eda Pl\u00e1stica y Est\u00e9tica Barcelona y Granollers | C\u00e0nons Clinics\"},\"image\":{\"@id\":\"https:\\\/\\\/www.canons.es\\\/#\\\/schema\\\/logo\\\/image\\\/\"},\"sameAs\":[\"https:\\\/\\\/www.facebook.com\\\/canonsclinics\\\/\",\"https:\\\/\\\/x.com\\\/canonsclinics\",\"https:\\\/\\\/www.instagram.com\\\/canonsclinics\\\/\",\"https:\\\/\\\/www.youtube.com\\\/channel\\\/UCI1Ia6LjALyo1CuQ0_HwtfQ\",\"https:\\\/\\\/www.linkedin.com\\\/company\\\/canons-clinics\\\/\"]}]}<\/script>\n<!-- \/ Yoast SEO Premium plugin. -->","yoast_head_json":{"title":"L\u00e1ser Hiperhidrosi Axilar - Cl\u00ednica C\u00e0nons | Cirurgia i Medicina Estetica a Barcelona, \u200b\u200bGranollers","robots":{"index":"index","follow":"follow","max-snippet":"max-snippet:-1","max-image-preview":"max-image-preview:large","max-video-preview":"max-video-preview:-1"},"canonical":"https:\/\/www.canons.es\/unidad-laser-2\/laser-hiperhidrosi-axilar-2\/","og_locale":"ca_ES","og_type":"article","og_title":"L\u00e1ser Hiperhidrosi Axilar","og_description":"[vc_row css_animation=&#8221;&#8221; row_type=&#8221;row&#8221; use_row_as_full_screen_section=&#8221;no&#8221; type=&#8221;full_width&#8221; angled_section=&#8221;no&#8221; text_align=&#8221;left&#8221; background_image_as_pattern=&#8221;without_pattern&#8221; background_color=&#8221;#f7f7f7&#8243;][vc_column][vc_empty_space height=&#8221;20px&#8221;][vc_empty_space height=&#8221;40px&#8221;][vc_row_inner row_type=&#8221;row&#8221; type=&#8221;full_width&#8221; text_align=&#8221;left&#8221; css_animation=&#8221;&#8221;][vc_column_inner width=&#8221;1\/2&#8243;][vc_single_image image=&#8221;11582&#8243; img_size=&#8221;full&#8221; alignment=&#8221;center&#8221; qode_css_animation=&#8221;&#8221;][vc_empty_space height=&#8221;40px&#8221;][\/vc_column_inner][vc_column_inner width=&#8221;1\/2&#8243;][vc_column_text] La sudoraci\u00f3 ens ajuda a regular la temperatura corporal. Per\u00f2 hi ha persones que pateixen d&#8217;exc\u00e9s de sudoraci\u00f3 i s\u00f3n diagnosticades de hiperhidrosis,...","og_url":"https:\/\/www.canons.es\/unidad-laser-2\/laser-hiperhidrosi-axilar-2\/","og_site_name":"Cl\u00ednica C\u00e0nons | Cirurgia i Medicina Estetica a Barcelona, \u200b\u200bGranollers","article_publisher":"https:\/\/www.facebook.com\/canonsclinics\/","article_modified_time":"2019-12-11T16:21:37+00:00","twitter_card":"summary_large_image","twitter_site":"@canonsclinics","twitter_misc":{"Temps estimat de lectura":"5 minuts"},"schema":{"@context":"https:\/\/schema.org","@graph":[{"@type":"WebPage","@id":"https:\/\/www.canons.es\/unidad-laser-2\/laser-hiperhidrosi-axilar-2\/","url":"https:\/\/www.canons.es\/unidad-laser-2\/laser-hiperhidrosi-axilar-2\/","name":"L\u00e1ser Hiperhidrosi Axilar - Cl\u00ednica C\u00e0nons | Cirurgia i Medicina Estetica a Barcelona, \u200b\u200bGranollers","isPartOf":{"@id":"https:\/\/www.canons.es\/#website"},"datePublished":"2016-05-11T10:57:48+00:00","dateModified":"2019-12-11T16:21:37+00:00","breadcrumb":{"@id":"https:\/\/www.canons.es\/unidad-laser-2\/laser-hiperhidrosi-axilar-2\/#breadcrumb"},"inLanguage":"ca","potentialAction":[{"@type":"ReadAction","target":["https:\/\/www.canons.es\/unidad-laser-2\/laser-hiperhidrosi-axilar-2\/"]}]},{"@type":"BreadcrumbList","@id":"https:\/\/www.canons.es\/unidad-laser-2\/laser-hiperhidrosi-axilar-2\/#breadcrumb","itemListElement":[{"@type":"ListItem","position":1,"name":"Portada","item":"https:\/\/www.canons.es\/ca\/"},{"@type":"ListItem","position":2,"name":"UNITAT L\u00c0SER","item":"https:\/\/www.canons.es\/unidad-laser-2\/"},{"@type":"ListItem","position":3,"name":"L\u00e1ser Hiperhidrosi Axilar"}]},{"@type":"WebSite","@id":"https:\/\/www.canons.es\/#website","url":"https:\/\/www.canons.es\/","name":"Cirug\u00eda Pl\u00e1stica y Est\u00e9tica Barcelona y Granollers | C\u00e0nons Clinics","description":"","publisher":{"@id":"https:\/\/www.canons.es\/#organization"},"potentialAction":[{"@type":"SearchAction","target":{"@type":"EntryPoint","urlTemplate":"https:\/\/www.canons.es\/?s={search_term_string}"},"query-input":{"@type":"PropertyValueSpecification","valueRequired":true,"valueName":"search_term_string"}}],"inLanguage":"ca"},{"@type":"Organization","@id":"https:\/\/www.canons.es\/#organization","name":"Cirug\u00eda Pl\u00e1stica y Est\u00e9tica Barcelona y Granollers | C\u00e0nons Clinics","url":"https:\/\/www.canons.es\/","logo":{"@type":"ImageObject","inLanguage":"ca","@id":"https:\/\/www.canons.es\/#\/schema\/logo\/image\/","url":"https:\/\/www.canons.es\/wp-content\/uploads\/2025\/04\/logo-canons-clinics.jpg","contentUrl":"https:\/\/www.canons.es\/wp-content\/uploads\/2025\/04\/logo-canons-clinics.jpg","width":600,"height":139,"caption":"Cirug\u00eda Pl\u00e1stica y Est\u00e9tica Barcelona y Granollers | C\u00e0nons Clinics"},"image":{"@id":"https:\/\/www.canons.es\/#\/schema\/logo\/image\/"},"sameAs":["https:\/\/www.facebook.com\/canonsclinics\/","https:\/\/x.com\/canonsclinics","https:\/\/www.instagram.com\/canonsclinics\/","https:\/\/www.youtube.com\/channel\/UCI1Ia6LjALyo1CuQ0_HwtfQ","https:\/\/www.linkedin.com\/company\/canons-clinics\/"]}]}},"_links":{"self":[{"href":"https:\/\/www.canons.es\/ca\/wp-json\/wp\/v2\/pages\/11595","targetHints":{"allow":["GET"]}}],"collection":[{"href":"https:\/\/www.canons.es\/ca\/wp-json\/wp\/v2\/pages"}],"about":[{"href":"https:\/\/www.canons.es\/ca\/wp-json\/wp\/v2\/types\/page"}],"author":[{"embeddable":true,"href":"https:\/\/www.canons.es\/ca\/wp-json\/wp\/v2\/users\/25"}],"replies":[{"embeddable":true,"href":"https:\/\/www.canons.es\/ca\/wp-json\/wp\/v2\/comments?post=11595"}],"version-history":[{"count":0,"href":"https:\/\/www.canons.es\/ca\/wp-json\/wp\/v2\/pages\/11595\/revisions"}],"up":[{"embeddable":true,"href":"https:\/\/www.canons.es\/ca\/wp-json\/wp\/v2\/pages\/11377"}],"wp:attachment":[{"href":"https:\/\/www.canons.es\/ca\/wp-json\/wp\/v2\/media?parent=11595"}],"curies":[{"name":"wp","href":"https:\/\/api.w.org\/{rel}","templated":true}]}}