{"id":10106,"date":"2015-09-17T15:14:13","date_gmt":"2015-09-17T15:14:13","guid":{"rendered":"https:\/\/www.canons.es\/ca\/revision-de-cicatrices\/"},"modified":"2019-08-19T13:25:45","modified_gmt":"2019-08-19T13:25:45","slug":"revisio-de-cicatrius","status":"publish","type":"page","link":"https:\/\/www.canons.es\/ca\/cirurgia-dermatologica\/revisio-de-cicatrius\/","title":{"rendered":"REVISI\u00d3 DE CICATRIUS"},"content":{"rendered":"<div class=\"wpb-content-wrapper\"><p>[vc_row css_animation=&#8221;&#8221; row_type=&#8221;row&#8221; use_row_as_full_screen_section=&#8221;no&#8221; type=&#8221;full_width&#8221; angled_section=&#8221;no&#8221; text_align=&#8221;left&#8221; background_image_as_pattern=&#8221;without_pattern&#8221; background_color=&#8221;#f7f7f7&#8243; section_type=&#8221;full-width&#8221;][vc_column][vc_empty_space height=&#8221;20px&#8221;]<div class=\"custom_font_holder\" style=\"font-family: Raleway; font-size: 35px; line-height: 26px; font-style: normal; font-weight: 300; color: #1e70b3; text-decoration: none; text-align: left;\">REVISI\u00d3 DE CICATRIUS<\/div>[vc_empty_space height=&#8221;40px&#8221;][vc_row_inner row_type=&#8221;row&#8221; type=&#8221;full_width&#8221; text_align=&#8221;left&#8221; css_animation=&#8221;&#8221;][vc_column_inner width=&#8221;1\/2&#8243;][vc_single_image image=&#8221;8274&#8243; img_size=&#8221;full&#8221; alignment=&#8221;center&#8221; qode_css_animation=&#8221;&#8221;][vc_empty_space height=&#8221;40px&#8221;][\/vc_column_inner][vc_column_inner width=&#8221;1\/2&#8243;][vc_column_text]\u00c9s una cirurgia \u00fanicament indicada\u00a0<strong>per millorar o reduir l\u2019aparen\u00e7a de cicatrius<\/strong>. Igualment, restaura la funci\u00f3 i corregeix els canvis en la pell ocasionats per una ferida, una lesi\u00f3 o una cirurgia pr\u00e8via.[\/vc_column_text][\/vc_column_inner][\/vc_row_inner][\/vc_column][\/vc_row][vc_row css_animation=&#8221;&#8221; row_type=&#8221;row&#8221; use_row_as_full_screen_section=&#8221;no&#8221; type=&#8221;full_width&#8221; angled_section=&#8221;no&#8221; text_align=&#8221;left&#8221; background_image_as_pattern=&#8221;without_pattern&#8221; section_type=&#8221;full-width&#8221;][vc_column][vc_empty_space][vc_accordion style=&#8221;accordion&#8221;][vc_accordion_tab title=&#8221;EN QU\u00c8 CONSISTEIX?&#8221; title_color=&#8221;#3f3f3f&#8221;][vc_column_text]El teixit cicatricial es forma a posteriori d\u2019una lesi\u00f3 o, d\u2019una cirurgia. El grau de cicatritzaci\u00f3 pot estar determinat per la grand\u00e0ria, la profunditat i la localitzaci\u00f3 de la ferida, per l\u2019edat de la persona, l\u2019her\u00e8ncia i caracter\u00edstiques cut\u00e0nies.<\/p>\n<p><strong><span style=\"color: #6d98dc;\">\u00c9s una cirurgia \u00fanicament indicada per millorar o reduir l\u2019aparen\u00e7a de cicatrius. Igualment, restaura la funci\u00f3 i corregeix els canvis en la pell ocasionats per una ferida, una lesi\u00f3 o una cirurgia pr\u00e8via<\/span>.<\/strong><\/p>\n<p>Depenent de la magnitud de la cirurgia, la revisi\u00f3 de cicatrius es pot fer en cirurgia ambulat\u00f2ria amb anest\u00e8sia local.<\/p>\n<p>El moment de practicar la revisi\u00f3 de la cicatriu no sempre \u00e9s clar. Les cicatrius s\u2019encongeixen i es tornen menys not\u00f2ries a mesura que passa el temps. Es pot esperar per a la revisi\u00f3 quir\u00fargica fins que la cicatriu s\u2019aclareixi en color, la qual cosa pot ser des de diversos mesos o, fins i tot un any despr\u00e9s que la ferida hagi curat.[\/vc_column_text][\/vc_accordion_tab][vc_accordion_tab title=&#8221;QUINES S\u00d3N LES INDICACIONS EN LA REVISI\u00d3 DE CICATRIUS?&#8221; title_color=&#8221;#3f3f3f&#8221;][vc_column_text]<\/p>\n<ul>\n<li>Les cicatrius queloidees que tenen un proc\u00e9s de cicatritzaci\u00f3 anormal m\u00e9s gruixuda i, d\u2019un color i textura diferents a la resta de la pell. Els queloides s\u2019estenen m\u00e9s enll\u00e0 de la vora de la ferida amb ampli gruix i efecte arrugat.<\/li>\n<li>Les cicatrius que estan situades en un angle que dificulten la mobilitzaci\u00f3 i exerceixen una tensi\u00f3 anormal en la pell.<\/li>\n<li>Les cicatrius que s\u2019hagin engrossit.<\/li>\n<li>Les cicatrius que causen distorsi\u00f3 en trets facials.<\/li>\n<\/ul>\n<p>[\/vc_column_text][\/vc_accordion_tab][vc_accordion_tab title=&#8221;QUINES T\u00c8CNIQUES UTILIZAREM PER MILLORAR L\u2019APAREN\u00c7A DE CICATRIUS?&#8221; title_color=&#8221;#3f3f3f&#8221;][vc_column_text]<\/p>\n<ul>\n<li>Es pot <strong><span style=\"color: #6d98dc;\">extirpar la cicatriu del tot i tancar la nova ferida amb molta cura<\/span>\u00a0<\/strong>amb una sutura intrad\u00e8rmica el m\u00e9s fina possible.<\/li>\n<li>La\u00a0<span style=\"color: #6d98dc;\"><strong>dermoabrasi\u00f3 implica extreure les capes superiors de la pell amb un raspall de filferro especial<\/strong><\/span>. La nova pell creix sobre aquesta \u00e0rea. La dermoabrasi\u00f3 pot utilitzar-se per suavitzar la superf\u00edcie de la pell o, reduir les irregularitats.<\/li>\n<li>Les lesions massives poden produir p\u00e8rdua d\u2019una gran \u00e0rea de pell i poden formar cicatrius hipertr\u00f2fiques. Aquests tipus de cicatrius poden restringir el moviment de m\u00fasculs, articulacions i tendons.\u00a0<strong><span style=\"color: #6d98dc;\">La cirurgia elimina el teixit cicatricial extra i implica una s\u00e8rie de petits talls en ambd\u00f3s costats del lloc de la cicatriu, les quals creen penjolls de pell en forma de V, anomenada pl\u00e0stia en Z<\/span>.<\/strong>\u00a0El resultat \u00e9s una cicatriu prima, menys not\u00f2ria, pel fet que la forma com la ferida tanca despr\u00e9s d\u2019una pl\u00e0stia en Z segueix molt de prop els plecs naturals de la pell.<\/li>\n<li>Els ingerts de pell impliquen\u00a0<strong><span style=\"color: #6d98dc;\">prendre una capa de pell prima d\u2019una altra part del cos i col\u00b7locar sobre l\u2019\u00e0rea lesionada<\/span>.<\/strong><\/li>\n<li>La\u00a0<span style=\"color: #6d98dc;\"><strong>cirurgia de penjoll de pell implica passar una capa sencera de pell de gruix total, juntament amb greix, nervis, vasos sanguinis i m\u00fascul d\u2019una part sana del cos al lloc de la lesi\u00f3<\/strong><\/span>. Aquesta t\u00e8cnica s\u2019utilitza quan s\u2019ha perdut una quantitat considerable de pell a la lesi\u00f3 original, quan una cicatriu prima no ha curat o quan la preocupaci\u00f3 principal \u00e9s millorar la funci\u00f3.<\/li>\n<li>L\u2019expansi\u00f3 del teixit s\u2019utilitza per a la pell que ha resultat danyada a causa d\u2019agressions, defectes i lesions cong\u00e8nites.<strong>\u00a0<span style=\"color: #6d98dc;\">S\u2019insereix un globus de silicona sota la pell i gradualment s\u2019omple amb aigua salada. Aix\u00f2 estira la pell, la qual creix amb el temps<\/span>.<\/strong><\/li>\n<\/ul>\n<p>[\/vc_column_text][\/vc_accordion_tab][vc_accordion_tab title=&#8221;QUIN SER\u00c0 EL TRACTAMENT A SEGUIR?&#8221; title_color=&#8221;#3f3f3f&#8221;][vc_column_text]Per a una revisi\u00f3 de queloide,<span style=\"color: #6d98dc;\">\u00a0<\/span><strong><span style=\"color: #6d98dc;\">es pot col\u00b7locar un embenat el\u00e0stic sobre l\u2019\u00e0rea despr\u00e9s de l\u2019operaci\u00f3 per prevenir la reaparici\u00f3 del queloide<\/span>.<\/strong><\/p>\n<p>Per altres tipus de revisi\u00f3 de cicatriu, s\u2019aplica un ap\u00f2sit suau. Les sutures es retiren generalment en 3 o 4 dies per a l\u2019\u00e0rea facial i de 5 a 7 dies per incisions en altres parts del cos.<\/p>\n<p>El moment de retornar a les activitats normals i a la feina dep\u00e8n del tipus, grau i localitzaci\u00f3 de la cirurgia. La majoria de les persones poden reprendre les activitats normals poc despr\u00e9s de l\u2019operaci\u00f3. Generalment, el teu cirugi\u00e0 et recomanar\u00e0 que evitis activitats que estirin i puguin dilatar la nova cicatriu.<\/p>\n<p>Si l\u2019articulaci\u00f3 presenta rigidesa prolongada, pot necessitar fisioter\u00e0pia, a m\u00e9s de la cirurgia, per restablir la funci\u00f3 completa.<\/p>\n<p>S\u2019haur\u00e0 d\u2019evitar l\u2019exposici\u00f3 solar durant diversos mesos despr\u00e9s de la cirurgia.\u00a0<strong><span style=\"color: #6d98dc;\">Haur\u00e0s de fer servir cremes amb pantalla total i\/o un ap\u00f2sit opac per impedir que el sol penetri en la cicatriu que est\u00e0 sanant<\/span>.<\/strong>[\/vc_column_text][\/vc_accordion_tab][vc_accordion_tab title=&#8221;QUIN \u00c9S EL PRON\u00d2STIC?&#8221; title_color=&#8221;#3f3f3f&#8221;][vc_column_text]<\/p>\n<p style=\"text-align: justify;\"><strong><span style=\"color: #6d98dc;\">Haurem de tenir en compte que no es poden eliminar cicatrius completament<\/span>.<\/strong>\u00a0Quant millori la cicatriu dependr\u00e0 de la seva direcci\u00f3 i mida, de l\u2019edat de la persona, del tipus i color de pell, igual que de factors hereditaris que poden afectar el proc\u00e9s curatiu.<\/p>\n<p>[\/vc_column_text][\/vc_accordion_tab][vc_accordion_tab title=&#8221;QUINES PRECAUCIONS HAUR\u00c9 PRENDRE?&#8221; title_color=&#8221;#3f3f3f&#8221;][vc_column_text]<\/p>\n<p style=\"text-align: justify;\">Amb l\u2019objectiu de limitar el risc de sagnat i hematomes haur\u00e0s d\u2019evitar prendre en els <span style=\"color: #6d98dc;\"><strong>7 dies previs\u00a0al procediment<\/strong><\/span> antiagregants plaquetaris com Aspirina, Dipiridamol, Ticlopidina \u2026 com tamb\u00e9, en els 3 dies previs prendre antiinflamatoris no estero\u00efdals amb efecte antiagregant com Ibuprof\u00e8, Diclofenac, Indometacina, Piroxicam, Naprox\u00e8\u2026<\/p>\n<p>[\/vc_column_text][\/vc_accordion_tab][vc_accordion_tab title=&#8221;Altres opcions de tractament&#8221;][vc_column_text]Informa&#8217;t sobre el tractament amb <b><a style=\"color: #6d98dc;\" href=\"\/ca\/terapia-de-plasma-fraccionado-plasmage\/\">Plasmage<\/a><\/b>[\/vc_column_text][\/vc_accordion_tab][\/vc_accordion][\/vc_column][\/vc_row]<\/p>\n<\/div><!-- AddThis Advanced Settings generic via filter on the_content --><!-- AddThis Share Buttons generic via filter on the_content -->","protected":false},"excerpt":{"rendered":"<p>[vc_row css_animation=&#8221;&#8221; row_type=&#8221;row&#8221; use_row_as_full_screen_section=&#8221;no&#8221; type=&#8221;full_width&#8221; angled_section=&#8221;no&#8221; text_align=&#8221;left&#8221; background_image_as_pattern=&#8221;without_pattern&#8221; background_color=&#8221;#f7f7f7&#8243; section_type=&#8221;full-width&#8221;][vc_column][vc_empty_space height=&#8221;20px&#8221;][vc_empty_space height=&#8221;40px&#8221;][vc_row_inner row_type=&#8221;row&#8221; type=&#8221;full_width&#8221; text_align=&#8221;left&#8221; css_animation=&#8221;&#8221;][vc_column_inner width=&#8221;1\/2&#8243;][vc_single_image image=&#8221;8274&#8243; img_size=&#8221;full&#8221; alignment=&#8221;center&#8221; qode_css_animation=&#8221;&#8221;][vc_empty_space height=&#8221;40px&#8221;][\/vc_column_inner][vc_column_inner width=&#8221;1\/2&#8243;][vc_column_text]\u00c9s una cirurgia \u00fanicament indicada\u00a0per millorar o reduir l\u2019aparen\u00e7a de cicatrius. Igualment, restaura la funci\u00f3 i corregeix els canvis en la pell ocasionats&#8230;<!-- AddThis Advanced Settings generic via filter on get_the_excerpt --><!-- AddThis Share Buttons generic via filter on get_the_excerpt --><\/p>\n","protected":false},"author":25,"featured_media":14914,"parent":10021,"menu_order":0,"comment_status":"closed","ping_status":"closed","template":"","meta":{"footnotes":""},"class_list":["post-10106","page","type-page","status-publish","has-post-thumbnail","hentry"],"yoast_head":"<!-- This site is optimized with the Yoast SEO Premium plugin v26.9 (Yoast SEO v27.4) - https:\/\/yoast.com\/product\/yoast-seo-premium-wordpress\/ -->\n<title>REVISI\u00d3 DE CICATRIUS - Cl\u00ednica C\u00e0nons | Cirurgia i Medicina Estetica a Barcelona, \u200b\u200bGranollers<\/title>\n<meta name=\"robots\" content=\"index, follow, max-snippet:-1, max-image-preview:large, max-video-preview:-1\" \/>\n<link rel=\"canonical\" href=\"https:\/\/www.canons.es\/cirugia-dermatologica-2\/revision-de-cicatrices\/\" \/>\n<meta property=\"og:locale\" content=\"ca_ES\" \/>\n<meta property=\"og:type\" content=\"article\" \/>\n<meta property=\"og:title\" content=\"REVISI\u00d3 DE CICATRIUS\" \/>\n<meta property=\"og:description\" content=\"[vc_row css_animation=&#8221;&#8221; row_type=&#8221;row&#8221; use_row_as_full_screen_section=&#8221;no&#8221; type=&#8221;full_width&#8221; angled_section=&#8221;no&#8221; text_align=&#8221;left&#8221; background_image_as_pattern=&#8221;without_pattern&#8221; background_color=&#8221;#f7f7f7&#8243; section_type=&#8221;full-width&#8221;][vc_column][vc_empty_space height=&#8221;20px&#8221;][vc_empty_space height=&#8221;40px&#8221;][vc_row_inner row_type=&#8221;row&#8221; type=&#8221;full_width&#8221; text_align=&#8221;left&#8221; css_animation=&#8221;&#8221;][vc_column_inner width=&#8221;1\/2&#8243;][vc_single_image image=&#8221;8274&#8243; img_size=&#8221;full&#8221; alignment=&#8221;center&#8221; qode_css_animation=&#8221;&#8221;][vc_empty_space height=&#8221;40px&#8221;][\/vc_column_inner][vc_column_inner width=&#8221;1\/2&#8243;][vc_column_text]\u00c9s una cirurgia \u00fanicament indicada\u00a0per millorar o reduir l\u2019aparen\u00e7a de cicatrius. Igualment, restaura la funci\u00f3 i corregeix els canvis en la pell ocasionats...\" \/>\n<meta property=\"og:url\" content=\"https:\/\/www.canons.es\/cirugia-dermatologica-2\/revision-de-cicatrices\/\" \/>\n<meta property=\"og:site_name\" content=\"Cl\u00ednica C\u00e0nons | Cirurgia i Medicina Estetica a Barcelona, \u200b\u200bGranollers\" \/>\n<meta property=\"article:publisher\" content=\"https:\/\/www.facebook.com\/canonsclinics\/\" \/>\n<meta property=\"article:modified_time\" content=\"2019-08-19T13:25:45+00:00\" \/>\n<meta property=\"og:image\" content=\"https:\/\/www.canons.es\/wp-content\/uploads\/2015\/09\/revision-de-cicatrices.jpg\" \/>\n\t<meta property=\"og:image:width\" content=\"456\" \/>\n\t<meta property=\"og:image:height\" content=\"254\" \/>\n\t<meta property=\"og:image:type\" content=\"image\/jpeg\" \/>\n<meta name=\"twitter:card\" content=\"summary_large_image\" \/>\n<meta name=\"twitter:site\" content=\"@canonsclinics\" \/>\n<meta name=\"twitter:label1\" content=\"Temps estimat de lectura\" \/>\n\t<meta name=\"twitter:data1\" content=\"6 minuts\" \/>\n<script type=\"application\/ld+json\" class=\"yoast-schema-graph\">{\"@context\":\"https:\\\/\\\/schema.org\",\"@graph\":[{\"@type\":\"WebPage\",\"@id\":\"https:\\\/\\\/www.canons.es\\\/cirugia-dermatologica-2\\\/revision-de-cicatrices\\\/\",\"url\":\"https:\\\/\\\/www.canons.es\\\/cirugia-dermatologica-2\\\/revision-de-cicatrices\\\/\",\"name\":\"REVISI\u00d3 DE CICATRIUS - Cl\u00ednica C\u00e0nons | Cirurgia i Medicina Estetica a Barcelona, \u200b\u200bGranollers\",\"isPartOf\":{\"@id\":\"https:\\\/\\\/www.canons.es\\\/#website\"},\"primaryImageOfPage\":{\"@id\":\"https:\\\/\\\/www.canons.es\\\/cirugia-dermatologica-2\\\/revision-de-cicatrices\\\/#primaryimage\"},\"image\":{\"@id\":\"https:\\\/\\\/www.canons.es\\\/cirugia-dermatologica-2\\\/revision-de-cicatrices\\\/#primaryimage\"},\"thumbnailUrl\":\"https:\\\/\\\/www.canons.es\\\/wp-content\\\/uploads\\\/2015\\\/09\\\/revision-de-cicatrices.jpg\",\"datePublished\":\"2015-09-17T15:14:13+00:00\",\"dateModified\":\"2019-08-19T13:25:45+00:00\",\"breadcrumb\":{\"@id\":\"https:\\\/\\\/www.canons.es\\\/cirugia-dermatologica-2\\\/revision-de-cicatrices\\\/#breadcrumb\"},\"inLanguage\":\"ca\",\"potentialAction\":[{\"@type\":\"ReadAction\",\"target\":[\"https:\\\/\\\/www.canons.es\\\/cirugia-dermatologica-2\\\/revision-de-cicatrices\\\/\"]}]},{\"@type\":\"ImageObject\",\"inLanguage\":\"ca\",\"@id\":\"https:\\\/\\\/www.canons.es\\\/cirugia-dermatologica-2\\\/revision-de-cicatrices\\\/#primaryimage\",\"url\":\"https:\\\/\\\/www.canons.es\\\/wp-content\\\/uploads\\\/2015\\\/09\\\/revision-de-cicatrices.jpg\",\"contentUrl\":\"https:\\\/\\\/www.canons.es\\\/wp-content\\\/uploads\\\/2015\\\/09\\\/revision-de-cicatrices.jpg\",\"width\":456,\"height\":254,\"caption\":\"Revisi\u00f3n de cicatrices en Barcelona y Granollers con valoraci\u00f3n m\u00e9dica y tratamientos personalizados para mejorar su aspecto y evoluci\u00f3n.\"},{\"@type\":\"BreadcrumbList\",\"@id\":\"https:\\\/\\\/www.canons.es\\\/cirugia-dermatologica-2\\\/revision-de-cicatrices\\\/#breadcrumb\",\"itemListElement\":[{\"@type\":\"ListItem\",\"position\":1,\"name\":\"Portada\",\"item\":\"https:\\\/\\\/www.canons.es\\\/ca\\\/\"},{\"@type\":\"ListItem\",\"position\":2,\"name\":\"CIRURGIA DERMATOL\u00d2GICA\",\"item\":\"https:\\\/\\\/www.canons.es\\\/ca\\\/cirurgia-dermatologica\\\/\"},{\"@type\":\"ListItem\",\"position\":3,\"name\":\"REVISI\u00d3 DE CICATRIUS\"}]},{\"@type\":\"WebSite\",\"@id\":\"https:\\\/\\\/www.canons.es\\\/#website\",\"url\":\"https:\\\/\\\/www.canons.es\\\/\",\"name\":\"Cirug\u00eda Pl\u00e1stica y Est\u00e9tica Barcelona y Granollers | C\u00e0nons Clinics\",\"description\":\"\",\"publisher\":{\"@id\":\"https:\\\/\\\/www.canons.es\\\/#organization\"},\"potentialAction\":[{\"@type\":\"SearchAction\",\"target\":{\"@type\":\"EntryPoint\",\"urlTemplate\":\"https:\\\/\\\/www.canons.es\\\/?s={search_term_string}\"},\"query-input\":{\"@type\":\"PropertyValueSpecification\",\"valueRequired\":true,\"valueName\":\"search_term_string\"}}],\"inLanguage\":\"ca\"},{\"@type\":\"Organization\",\"@id\":\"https:\\\/\\\/www.canons.es\\\/#organization\",\"name\":\"Cirug\u00eda Pl\u00e1stica y Est\u00e9tica Barcelona y Granollers | C\u00e0nons Clinics\",\"url\":\"https:\\\/\\\/www.canons.es\\\/\",\"logo\":{\"@type\":\"ImageObject\",\"inLanguage\":\"ca\",\"@id\":\"https:\\\/\\\/www.canons.es\\\/#\\\/schema\\\/logo\\\/image\\\/\",\"url\":\"https:\\\/\\\/www.canons.es\\\/wp-content\\\/uploads\\\/2025\\\/04\\\/logo-canons-clinics.jpg\",\"contentUrl\":\"https:\\\/\\\/www.canons.es\\\/wp-content\\\/uploads\\\/2025\\\/04\\\/logo-canons-clinics.jpg\",\"width\":600,\"height\":139,\"caption\":\"Cirug\u00eda Pl\u00e1stica y Est\u00e9tica Barcelona y Granollers | C\u00e0nons Clinics\"},\"image\":{\"@id\":\"https:\\\/\\\/www.canons.es\\\/#\\\/schema\\\/logo\\\/image\\\/\"},\"sameAs\":[\"https:\\\/\\\/www.facebook.com\\\/canonsclinics\\\/\",\"https:\\\/\\\/x.com\\\/canonsclinics\",\"https:\\\/\\\/www.instagram.com\\\/canonsclinics\\\/\",\"https:\\\/\\\/www.youtube.com\\\/channel\\\/UCI1Ia6LjALyo1CuQ0_HwtfQ\",\"https:\\\/\\\/www.linkedin.com\\\/company\\\/canons-clinics\\\/\"]}]}<\/script>\n<!-- \/ Yoast SEO Premium plugin. -->","yoast_head_json":{"title":"REVISI\u00d3 DE CICATRIUS - Cl\u00ednica C\u00e0nons | Cirurgia i Medicina Estetica a Barcelona, \u200b\u200bGranollers","robots":{"index":"index","follow":"follow","max-snippet":"max-snippet:-1","max-image-preview":"max-image-preview:large","max-video-preview":"max-video-preview:-1"},"canonical":"https:\/\/www.canons.es\/cirugia-dermatologica-2\/revision-de-cicatrices\/","og_locale":"ca_ES","og_type":"article","og_title":"REVISI\u00d3 DE CICATRIUS","og_description":"[vc_row css_animation=&#8221;&#8221; row_type=&#8221;row&#8221; use_row_as_full_screen_section=&#8221;no&#8221; type=&#8221;full_width&#8221; angled_section=&#8221;no&#8221; text_align=&#8221;left&#8221; background_image_as_pattern=&#8221;without_pattern&#8221; background_color=&#8221;#f7f7f7&#8243; section_type=&#8221;full-width&#8221;][vc_column][vc_empty_space height=&#8221;20px&#8221;][vc_empty_space height=&#8221;40px&#8221;][vc_row_inner row_type=&#8221;row&#8221; type=&#8221;full_width&#8221; text_align=&#8221;left&#8221; css_animation=&#8221;&#8221;][vc_column_inner width=&#8221;1\/2&#8243;][vc_single_image image=&#8221;8274&#8243; img_size=&#8221;full&#8221; alignment=&#8221;center&#8221; qode_css_animation=&#8221;&#8221;][vc_empty_space height=&#8221;40px&#8221;][\/vc_column_inner][vc_column_inner width=&#8221;1\/2&#8243;][vc_column_text]\u00c9s una cirurgia \u00fanicament indicada\u00a0per millorar o reduir l\u2019aparen\u00e7a de cicatrius. Igualment, restaura la funci\u00f3 i corregeix els canvis en la pell ocasionats...","og_url":"https:\/\/www.canons.es\/cirugia-dermatologica-2\/revision-de-cicatrices\/","og_site_name":"Cl\u00ednica C\u00e0nons | Cirurgia i Medicina Estetica a Barcelona, \u200b\u200bGranollers","article_publisher":"https:\/\/www.facebook.com\/canonsclinics\/","article_modified_time":"2019-08-19T13:25:45+00:00","og_image":[{"width":456,"height":254,"url":"https:\/\/www.canons.es\/wp-content\/uploads\/2015\/09\/revision-de-cicatrices.jpg","type":"image\/jpeg"}],"twitter_card":"summary_large_image","twitter_site":"@canonsclinics","twitter_misc":{"Temps estimat de lectura":"6 minuts"},"schema":{"@context":"https:\/\/schema.org","@graph":[{"@type":"WebPage","@id":"https:\/\/www.canons.es\/cirugia-dermatologica-2\/revision-de-cicatrices\/","url":"https:\/\/www.canons.es\/cirugia-dermatologica-2\/revision-de-cicatrices\/","name":"REVISI\u00d3 DE CICATRIUS - Cl\u00ednica C\u00e0nons | Cirurgia i Medicina Estetica a Barcelona, \u200b\u200bGranollers","isPartOf":{"@id":"https:\/\/www.canons.es\/#website"},"primaryImageOfPage":{"@id":"https:\/\/www.canons.es\/cirugia-dermatologica-2\/revision-de-cicatrices\/#primaryimage"},"image":{"@id":"https:\/\/www.canons.es\/cirugia-dermatologica-2\/revision-de-cicatrices\/#primaryimage"},"thumbnailUrl":"https:\/\/www.canons.es\/wp-content\/uploads\/2015\/09\/revision-de-cicatrices.jpg","datePublished":"2015-09-17T15:14:13+00:00","dateModified":"2019-08-19T13:25:45+00:00","breadcrumb":{"@id":"https:\/\/www.canons.es\/cirugia-dermatologica-2\/revision-de-cicatrices\/#breadcrumb"},"inLanguage":"ca","potentialAction":[{"@type":"ReadAction","target":["https:\/\/www.canons.es\/cirugia-dermatologica-2\/revision-de-cicatrices\/"]}]},{"@type":"ImageObject","inLanguage":"ca","@id":"https:\/\/www.canons.es\/cirugia-dermatologica-2\/revision-de-cicatrices\/#primaryimage","url":"https:\/\/www.canons.es\/wp-content\/uploads\/2015\/09\/revision-de-cicatrices.jpg","contentUrl":"https:\/\/www.canons.es\/wp-content\/uploads\/2015\/09\/revision-de-cicatrices.jpg","width":456,"height":254,"caption":"Revisi\u00f3n de cicatrices en Barcelona y Granollers con valoraci\u00f3n m\u00e9dica y tratamientos personalizados para mejorar su aspecto y evoluci\u00f3n."},{"@type":"BreadcrumbList","@id":"https:\/\/www.canons.es\/cirugia-dermatologica-2\/revision-de-cicatrices\/#breadcrumb","itemListElement":[{"@type":"ListItem","position":1,"name":"Portada","item":"https:\/\/www.canons.es\/ca\/"},{"@type":"ListItem","position":2,"name":"CIRURGIA DERMATOL\u00d2GICA","item":"https:\/\/www.canons.es\/ca\/cirurgia-dermatologica\/"},{"@type":"ListItem","position":3,"name":"REVISI\u00d3 DE CICATRIUS"}]},{"@type":"WebSite","@id":"https:\/\/www.canons.es\/#website","url":"https:\/\/www.canons.es\/","name":"Cirug\u00eda Pl\u00e1stica y Est\u00e9tica Barcelona y Granollers | C\u00e0nons Clinics","description":"","publisher":{"@id":"https:\/\/www.canons.es\/#organization"},"potentialAction":[{"@type":"SearchAction","target":{"@type":"EntryPoint","urlTemplate":"https:\/\/www.canons.es\/?s={search_term_string}"},"query-input":{"@type":"PropertyValueSpecification","valueRequired":true,"valueName":"search_term_string"}}],"inLanguage":"ca"},{"@type":"Organization","@id":"https:\/\/www.canons.es\/#organization","name":"Cirug\u00eda Pl\u00e1stica y Est\u00e9tica Barcelona y Granollers | C\u00e0nons Clinics","url":"https:\/\/www.canons.es\/","logo":{"@type":"ImageObject","inLanguage":"ca","@id":"https:\/\/www.canons.es\/#\/schema\/logo\/image\/","url":"https:\/\/www.canons.es\/wp-content\/uploads\/2025\/04\/logo-canons-clinics.jpg","contentUrl":"https:\/\/www.canons.es\/wp-content\/uploads\/2025\/04\/logo-canons-clinics.jpg","width":600,"height":139,"caption":"Cirug\u00eda Pl\u00e1stica y Est\u00e9tica Barcelona y Granollers | C\u00e0nons Clinics"},"image":{"@id":"https:\/\/www.canons.es\/#\/schema\/logo\/image\/"},"sameAs":["https:\/\/www.facebook.com\/canonsclinics\/","https:\/\/x.com\/canonsclinics","https:\/\/www.instagram.com\/canonsclinics\/","https:\/\/www.youtube.com\/channel\/UCI1Ia6LjALyo1CuQ0_HwtfQ","https:\/\/www.linkedin.com\/company\/canons-clinics\/"]}]}},"_links":{"self":[{"href":"https:\/\/www.canons.es\/ca\/wp-json\/wp\/v2\/pages\/10106","targetHints":{"allow":["GET"]}}],"collection":[{"href":"https:\/\/www.canons.es\/ca\/wp-json\/wp\/v2\/pages"}],"about":[{"href":"https:\/\/www.canons.es\/ca\/wp-json\/wp\/v2\/types\/page"}],"author":[{"embeddable":true,"href":"https:\/\/www.canons.es\/ca\/wp-json\/wp\/v2\/users\/25"}],"replies":[{"embeddable":true,"href":"https:\/\/www.canons.es\/ca\/wp-json\/wp\/v2\/comments?post=10106"}],"version-history":[{"count":0,"href":"https:\/\/www.canons.es\/ca\/wp-json\/wp\/v2\/pages\/10106\/revisions"}],"up":[{"embeddable":true,"href":"https:\/\/www.canons.es\/ca\/wp-json\/wp\/v2\/pages\/10021"}],"wp:featuredmedia":[{"embeddable":true,"href":"https:\/\/www.canons.es\/ca\/wp-json\/wp\/v2\/media\/14914"}],"wp:attachment":[{"href":"https:\/\/www.canons.es\/ca\/wp-json\/wp\/v2\/media?parent=10106"}],"curies":[{"name":"wp","href":"https:\/\/api.w.org\/{rel}","templated":true}]}}